{"id":3103,"date":"2024-04-26T14:14:58","date_gmt":"2024-04-26T14:14:58","guid":{"rendered":"https:\/\/www.laescueladelagua.com\/?page_id=3103"},"modified":"2025-05-26T11:29:11","modified_gmt":"2025-05-26T11:29:11","slug":"acreditacion-de-competencias","status":"publish","type":"page","link":"https:\/\/www.laescueladelagua.com\/ca\/formacion-para-la-cualificacion-profesional\/acreditacion-de-competencias\/","title":{"rendered":"Acreditaci\u00f3 de Compet\u00e8ncies Professionals"},"content":{"rendered":"<h4>Qu\u00e8 \u00e9s lacreditaci\u00f3 de compet\u00e8ncies?<\/h4>\n<p>Acredita oficialment les compet\u00e8ncies professionals que has adquirit mitjan\u00e7ant la teva experi\u00e8ncia laboral.<\/p>\n<p>Aquest proc\u00e9s et permet\u00a0<strong>acreditar est\u00e0ndards de compet\u00e8ncia que formen part d&#039;un certificat professional.<\/strong><\/p>\n<p>Pots acreditar les compet\u00e8ncies professionals recollides al Cat\u00e0leg Nacional d&#039;Est\u00e0ndards de Compet\u00e8ncies Professionals.<\/p>\n<p><img decoding=\"async\" class=\"alignnone size-medium wp-image-3104\" src=\"\/wp-content\/uploads\/2024\/04\/acreditacion-competencias-300x110.jpg\" alt=\"\" width=\"300\" height=\"110\" \/><\/p>","protected":false},"excerpt":{"rendered":"<p>Qu\u00e8 \u00e9s lacreditaci\u00f3 de compet\u00e8ncies? Acredita oficialment les compet\u00e8ncies professionals que has adquirit mitjan\u00e7ant la teva experi\u00e8ncia laboral. Aquest proc\u00e9s us permet acreditar est\u00e0ndards de compet\u00e8ncia que formen part d&#039;un Certificat Professional. Pots acreditar les compet\u00e8ncies professionals recollides al Cat\u00e0leg Nacional d&#039;Est\u00e0ndards de Compet\u00e8ncies Professionals.<\/p>","protected":false},"author":6,"featured_media":4164,"parent":1035,"menu_order":3,"comment_status":"closed","ping_status":"closed","template":"template_fpdual.php","meta":{"footnotes":""},"class_list":["post-3103","page","type-page","status-publish","has-post-thumbnail","hentry"],"yoast_head":"<!-- This site is optimized with the Yoast SEO plugin v24.5 - https:\/\/yoast.com\/wordpress\/plugins\/seo\/ -->\r\n<title>Acreditaci\u00f3n de Competencias Profesionales - Escuela del agua<\/title>\r\n<meta name=\"description\" content=\"Acreditaci\u00f3n de Competencias Profesionales\" \/>\r\n<meta name=\"robots\" content=\"index, follow, max-snippet:-1, max-image-preview:large, max-video-preview:-1\" \/>\r\n<link rel=\"canonical\" href=\"https:\/\/www.laescueladelagua.com\/ca\/formacion-para-la-cualificacion-profesional\/acreditacion-de-competencias\/\" \/>\r\n<meta property=\"og:locale\" content=\"ca_ES\" \/>\r\n<meta property=\"og:type\" content=\"article\" \/>\r\n<meta property=\"og:title\" content=\"Acreditaci\u00f3n de Competencias Profesionales - Escuela del agua\" \/>\r\n<meta property=\"og:description\" content=\"Acreditaci\u00f3n de Competencias Profesionales\" \/>\r\n<meta property=\"og:url\" content=\"https:\/\/www.laescueladelagua.com\/ca\/formacion-para-la-cualificacion-profesional\/acreditacion-de-competencias\/\" \/>\r\n<meta property=\"og:site_name\" content=\"Escuela del agua\" \/>\r\n<meta property=\"article:modified_time\" content=\"2025-05-26T11:29:11+00:00\" \/>\r\n<meta property=\"og:image\" content=\"https:\/\/www.laescueladelagua.com\/wp-content\/uploads\/2025\/04\/Veolia-operarios1.png\" \/>\r\n\t<meta property=\"og:image:width\" content=\"1598\" \/>\r\n\t<meta property=\"og:image:height\" content=\"951\" \/>\r\n\t<meta property=\"og:image:type\" content=\"image\/png\" \/>\r\n<meta name=\"twitter:card\" content=\"summary_large_image\" \/>\r\n<meta name=\"twitter:label1\" content=\"Temps estimat de lectura\" \/>\n\t<meta name=\"twitter:data1\" content=\"1 minut\" \/>\r\n<script type=\"application\/ld+json\" class=\"yoast-schema-graph\">{\"@context\":\"https:\/\/schema.org\",\"@graph\":[{\"@type\":\"WebPage\",\"@id\":\"https:\/\/www.laescueladelagua.com\/en\/formacion-para-la-cualificacion-profesional\/acreditacion-de-competencias\/\",\"url\":\"https:\/\/www.laescueladelagua.com\/en\/formacion-para-la-cualificacion-profesional\/acreditacion-de-competencias\/\",\"name\":\"Acreditaci\u00f3n de Competencias Profesionales - Escuela del agua\",\"isPartOf\":{\"@id\":\"https:\/\/wapwebedapro01.azurewebsites.net\/#website\"},\"primaryImageOfPage\":{\"@id\":\"https:\/\/www.laescueladelagua.com\/en\/formacion-para-la-cualificacion-profesional\/acreditacion-de-competencias\/#primaryimage\"},\"image\":{\"@id\":\"https:\/\/www.laescueladelagua.com\/en\/formacion-para-la-cualificacion-profesional\/acreditacion-de-competencias\/#primaryimage\"},\"thumbnailUrl\":\"\/wp-content\/uploads\/2025\/04\/Veolia-operarios1.png\",\"datePublished\":\"2024-04-26T14:14:58+00:00\",\"dateModified\":\"2025-05-26T11:29:11+00:00\",\"description\":\"Acreditaci\u00f3n de Competencias Profesionales\",\"breadcrumb\":{\"@id\":\"https:\/\/www.laescueladelagua.com\/en\/formacion-para-la-cualificacion-profesional\/acreditacion-de-competencias\/#breadcrumb\"},\"inLanguage\":\"ca\",\"potentialAction\":[{\"@type\":\"ReadAction\",\"target\":[\"https:\/\/www.laescueladelagua.com\/en\/formacion-para-la-cualificacion-profesional\/acreditacion-de-competencias\/\"]}]},{\"@type\":\"ImageObject\",\"inLanguage\":\"ca\",\"@id\":\"https:\/\/www.laescueladelagua.com\/en\/formacion-para-la-cualificacion-profesional\/acreditacion-de-competencias\/#primaryimage\",\"url\":\"\/wp-content\/uploads\/2025\/04\/Veolia-operarios1.png\",\"contentUrl\":\"\/wp-content\/uploads\/2025\/04\/Veolia-operarios1.png\",\"width\":1598,\"height\":951},{\"@type\":\"BreadcrumbList\",\"@id\":\"https:\/\/www.laescueladelagua.com\/en\/formacion-para-la-cualificacion-profesional\/acreditacion-de-competencias\/#breadcrumb\",\"itemListElement\":[{\"@type\":\"ListItem\",\"position\":1,\"name\":\"Home\",\"item\":\"https:\/\/wapwebedapro01.azurewebsites.net\/\"},{\"@type\":\"ListItem\",\"position\":2,\"name\":\"Formaci\u00f3n para la cualificaci\u00f3n profesional\",\"item\":\"https:\/\/www.laescueladelagua.com\/en\/formacion-para-la-cualificacion-profesional\/\"},{\"@type\":\"ListItem\",\"position\":3,\"name\":\"Acreditaci\u00f3n de Competencias Profesionales\"}]},{\"@type\":\"WebSite\",\"@id\":\"https:\/\/wapwebedapro01.azurewebsites.net\/#website\",\"url\":\"https:\/\/wapwebedapro01.azurewebsites.net\/\",\"name\":\"Escuela del agua\",\"description\":\"\",\"publisher\":{\"@id\":\"https:\/\/wapwebedapro01.azurewebsites.net\/#organization\"},\"potentialAction\":[{\"@type\":\"SearchAction\",\"target\":{\"@type\":\"EntryPoint\",\"urlTemplate\":\"https:\/\/wapwebedapro01.azurewebsites.net\/?s={search_term_string}\"},\"query-input\":{\"@type\":\"PropertyValueSpecification\",\"valueRequired\":true,\"valueName\":\"search_term_string\"}}],\"inLanguage\":\"ca\"},{\"@type\":\"Organization\",\"@id\":\"https:\/\/wapwebedapro01.azurewebsites.net\/#organization\",\"name\":\"Escuela del agua\",\"url\":\"https:\/\/wapwebedapro01.azurewebsites.net\/\",\"logo\":{\"@type\":\"ImageObject\",\"inLanguage\":\"ca\",\"@id\":\"https:\/\/wapwebedapro01.azurewebsites.net\/#\/schema\/logo\/image\/\",\"url\":\"\/wp-content\/uploads\/2023\/08\/logo_EscueladelAgua_mod.1.1_150px.png\",\"contentUrl\":\"\/wp-content\/uploads\/2023\/08\/logo_EscueladelAgua_mod.1.1_150px.png\",\"width\":150,\"height\":90,\"caption\":\"Escuela del agua\"},\"image\":{\"@id\":\"https:\/\/wapwebedapro01.azurewebsites.net\/#\/schema\/logo\/image\/\"}}]}<\/script>\r\n<!-- \/ Yoast SEO plugin. -->","yoast_head_json":{"title":"Acreditaci\u00f3n de Competencias Profesionales - Escuela del agua","description":"Acreditaci\u00f3n de Competencias Profesionales","robots":{"index":"index","follow":"follow","max-snippet":"max-snippet:-1","max-image-preview":"max-image-preview:large","max-video-preview":"max-video-preview:-1"},"canonical":"https:\/\/www.laescueladelagua.com\/ca\/formacion-para-la-cualificacion-profesional\/acreditacion-de-competencias\/","og_locale":"ca_ES","og_type":"article","og_title":"Acreditaci\u00f3n de Competencias Profesionales - Escuela del agua","og_description":"Acreditaci\u00f3n de Competencias Profesionales","og_url":"https:\/\/www.laescueladelagua.com\/ca\/formacion-para-la-cualificacion-profesional\/acreditacion-de-competencias\/","og_site_name":"Escuela del agua","article_modified_time":"2025-05-26T11:29:11+00:00","og_image":[{"width":1598,"height":951,"url":"https:\/\/www.laescueladelagua.com\/wp-content\/uploads\/2025\/04\/Veolia-operarios1.png","type":"image\/png"}],"twitter_card":"summary_large_image","twitter_misc":{"Temps estimat de lectura":"1 minut"},"schema":{"@context":"https:\/\/schema.org","@graph":[{"@type":"WebPage","@id":"https:\/\/www.laescueladelagua.com\/en\/formacion-para-la-cualificacion-profesional\/acreditacion-de-competencias\/","url":"https:\/\/www.laescueladelagua.com\/en\/formacion-para-la-cualificacion-profesional\/acreditacion-de-competencias\/","name":"Acreditaci\u00f3n de Competencias Profesionales - Escuela del agua","isPartOf":{"@id":"https:\/\/wapwebedapro01.azurewebsites.net\/#website"},"primaryImageOfPage":{"@id":"https:\/\/www.laescueladelagua.com\/en\/formacion-para-la-cualificacion-profesional\/acreditacion-de-competencias\/#primaryimage"},"image":{"@id":"https:\/\/www.laescueladelagua.com\/en\/formacion-para-la-cualificacion-profesional\/acreditacion-de-competencias\/#primaryimage"},"thumbnailUrl":"\/wp-content\/uploads\/2025\/04\/Veolia-operarios1.png","datePublished":"2024-04-26T14:14:58+00:00","dateModified":"2025-05-26T11:29:11+00:00","description":"Acreditaci\u00f3n de Competencias Profesionales","breadcrumb":{"@id":"https:\/\/www.laescueladelagua.com\/en\/formacion-para-la-cualificacion-profesional\/acreditacion-de-competencias\/#breadcrumb"},"inLanguage":"ca","potentialAction":[{"@type":"ReadAction","target":["https:\/\/www.laescueladelagua.com\/en\/formacion-para-la-cualificacion-profesional\/acreditacion-de-competencias\/"]}]},{"@type":"ImageObject","inLanguage":"ca","@id":"https:\/\/www.laescueladelagua.com\/en\/formacion-para-la-cualificacion-profesional\/acreditacion-de-competencias\/#primaryimage","url":"\/wp-content\/uploads\/2025\/04\/Veolia-operarios1.png","contentUrl":"\/wp-content\/uploads\/2025\/04\/Veolia-operarios1.png","width":1598,"height":951},{"@type":"BreadcrumbList","@id":"https:\/\/www.laescueladelagua.com\/en\/formacion-para-la-cualificacion-profesional\/acreditacion-de-competencias\/#breadcrumb","itemListElement":[{"@type":"ListItem","position":1,"name":"Home","item":"https:\/\/wapwebedapro01.azurewebsites.net\/"},{"@type":"ListItem","position":2,"name":"Formaci\u00f3n para la cualificaci\u00f3n profesional","item":"https:\/\/www.laescueladelagua.com\/en\/formacion-para-la-cualificacion-profesional\/"},{"@type":"ListItem","position":3,"name":"Acreditaci\u00f3n de Competencias Profesionales"}]},{"@type":"WebSite","@id":"https:\/\/wapwebedapro01.azurewebsites.net\/#website","url":"https:\/\/wapwebedapro01.azurewebsites.net\/","name":"Escuela del agua","description":"","publisher":{"@id":"https:\/\/wapwebedapro01.azurewebsites.net\/#organization"},"potentialAction":[{"@type":"SearchAction","target":{"@type":"EntryPoint","urlTemplate":"https:\/\/wapwebedapro01.azurewebsites.net\/?s={search_term_string}"},"query-input":{"@type":"PropertyValueSpecification","valueRequired":true,"valueName":"search_term_string"}}],"inLanguage":"ca"},{"@type":"Organization","@id":"https:\/\/wapwebedapro01.azurewebsites.net\/#organization","name":"Escuela del agua","url":"https:\/\/wapwebedapro01.azurewebsites.net\/","logo":{"@type":"ImageObject","inLanguage":"ca","@id":"https:\/\/wapwebedapro01.azurewebsites.net\/#\/schema\/logo\/image\/","url":"\/wp-content\/uploads\/2023\/08\/logo_EscueladelAgua_mod.1.1_150px.png","contentUrl":"\/wp-content\/uploads\/2023\/08\/logo_EscueladelAgua_mod.1.1_150px.png","width":150,"height":90,"caption":"Escuela del agua"},"image":{"@id":"https:\/\/wapwebedapro01.azurewebsites.net\/#\/schema\/logo\/image\/"}}]}},"meta_box":{"category-home-subtitle":"","category-home-header-image":[],"category-home-intro":"","category-home-category":"","category-home-subcategory":"","category-home-carousel":"","category-home-categories-carousel":[],"contacta-title":"","contacta-text":"","contacta-image":[],"fpdual-subtitle":"","fpdual-image":[{"width":150,"height":150,"file":"2025\/04\/Veolia-operarios1.png","filesize":1805433,"sizes":{"medium":{"file":"Veolia-operarios1-300x179.png","width":300,"height":179,"mime-type":"image\/png","filesize":90708,"url":"\/wp-content\/uploads\/2025\/04\/Veolia-operarios1-300x179.png"},"large":{"file":"Veolia-operarios1-1024x609.png","width":1024,"height":609,"mime-type":"image\/png","filesize":849007,"url":"\/wp-content\/uploads\/2025\/04\/Veolia-operarios1-1024x609.png"},"thumbnail":{"file":"Veolia-operarios1-150x150.png","width":150,"height":150,"mime-type":"image\/png","filesize":42012,"url":"\/wp-content\/uploads\/2025\/04\/Veolia-operarios1-150x150.png"},"medium_large":{"file":"Veolia-operarios1-768x457.png","width":768,"height":457,"mime-type":"image\/png","filesize":506494,"url":"\/wp-content\/uploads\/2025\/04\/Veolia-operarios1-768x457.png"},"1536x1536":{"file":"Veolia-operarios1-1536x914.png","width":1536,"height":914,"mime-type":"image\/png","filesize":1732039,"url":"\/wp-content\/uploads\/2025\/04\/Veolia-operarios1-1536x914.png"},"trp-custom-language-flag":{"file":"Veolia-operarios1-18x12.png","width":18,"height":12,"mime-type":"image\/png","filesize":790,"url":"\/wp-content\/uploads\/2025\/04\/Veolia-operarios1-18x12.png"},"woocommerce_thumbnail":{"file":"Veolia-operarios1-300x300.png","width":300,"height":300,"mime-type":"image\/png","filesize":155282,"uncropped":false,"url":"\/wp-content\/uploads\/2025\/04\/Veolia-operarios1-300x300.png"},"woocommerce_single":{"file":"Veolia-operarios1-600x357.png","width":600,"height":357,"mime-type":"image\/png","filesize":324778,"url":"\/wp-content\/uploads\/2025\/04\/Veolia-operarios1-600x357.png"},"woocommerce_gallery_thumbnail":{"file":"Veolia-operarios1-100x100.png","width":100,"height":100,"mime-type":"image\/png","filesize":19982,"url":"\/wp-content\/uploads\/2025\/04\/Veolia-operarios1-100x100.png"}},"image_meta":{"aperture":"0","credit":"","camera":"","caption":"","created_timestamp":"0","copyright":"","focal_length":"0","iso":"0","shutter_speed":"0","title":"","orientation":"0","keywords":[]},"ID":"4164","name":"Veolia-operarios1.png","path":"C:\\home\\site\\wwwroot\/wp-content\/uploads\/2025\/04\/Veolia-operarios1.png","url":"\/wp-content\/uploads\/2025\/04\/Veolia-operarios1-150x150.png","full_url":"\/wp-content\/uploads\/2025\/04\/Veolia-operarios1.png","title":"Veolia operarios1","caption":"","description":"","alt":"","srcset":"\/wp-content\/uploads\/2025\/04\/Veolia-operarios1-150x150.png 150w, \/wp-content\/uploads\/2025\/04\/Veolia-operarios1-300x300.png 300w, \/wp-content\/uploads\/2025\/04\/Veolia-operarios1-100x100.png 100w"}],"fpdual-text":"<p><strong>\u00bfQu\u00e9 es una acreditaci\u00f3n y por qu\u00e9 tengo que acreditarme?<\/strong><\/p>\n<p>&nbsp;<\/p>\n<p>Las acreditaciones profesionales son <strong>certificados oficiales con validez estatal<\/strong> que sirven para reconocer las competencias adquiridas a trav\u00e9s de tu experiencia profesional o formaci\u00f3n no reglada. Avalan los conocimientos, habilidades y aptitudes necesarias para ejercer una actividad seg\u00fan las exigencias del mercado laboral.<\/p>\n<p>Puedes acreditar cualquier Competencia Profesional recogida en el <a href=\"https:\/\/incual.educacion.gob.es\/bdc\">Cat\u00e1logo Nacional de Est\u00e1ndares de Competencias Profesionales<\/a> y cada una de ellas se compone de varias <strong>unidades de competencia<\/strong> (UC), la m\u00ednima acreditable. La suma de unidades de competencia da lugar a una <strong>cualificaci\u00f3n profesional<\/strong>.<\/p>\n<p>Obtener una acreditaci\u00f3n mejora tu curr\u00edculum, ampl\u00eda tus oportunidades laborales y orienta sobre futuras formaciones. Para las empresas, este servicio garantiza la contrataci\u00f3n de profesionales cualificados, optimizando la selecci\u00f3n de talento y contribuyendo a la profesionalizaci\u00f3n del sector.<\/p>\n<p>En el sector del abastecimiento, el <a href=\"https:\/\/www.boe.es\/buscar\/act.php?id=BOE-A-2023-628\"><strong>Real Decreto 3\/2023<\/strong><\/a> exige una cualificaci\u00f3n m\u00ednima para operadores de plantas de potabilizaci\u00f3n, dep\u00f3sitos y redes de distribuci\u00f3n en zonas de abastecimiento.<\/p>\n<p>&nbsp;<\/p>\n","fpdual-first-block-title":"\u00bfA qu\u00e9 cualificaciones se presentan nuestros profesionales?","fpdual-first-block-text":"<p><a href=\"https:\/\/incual.educacion.gob.es\/documents\/20195\/94271\/ENA191_2_RV+-+Q_Documento+publicado\/9ee544f2-a4a7-47aa-a34c-a9fab1fd3d43\"><strong>Cualificaci\u00f3n Profesional Montaje y mantenimiento de redes <\/strong><\/a>(ENA 191-2)<\/p>\n<ul>\n<li>UC0606-2: Replantear redes de distribuci\u00f3n de agua y saneamiento\n<ul>\n<li>Formaci\u00f3n asociada : <a href=\"https:\/\/www.laescueladelagua.com\/ca\/programa\/cualificacion-profesional\/replanteo-de-redes\/replanteo-de-redes-de-agua-potable\/\">Replanteo de redes de agua potable<\/a>, <a href=\"https:\/\/www.laescueladelagua.com\/ca\/programa\/cualificacion-profesional\/replanteo-de-redes\/replanteo-de-redes-de-saneamiento\/\">Replanteo de redes de de saneamiento\u00a0<\/a><\/li>\n<\/ul>\n<\/li>\n<li>UC0607-2: Montar redes de distribuci\u00f3n de agua y saneamiento\n<ul>\n<li>Formaci\u00f3n asociada: <a href=\"https:\/\/www.laescueladelagua.com\/ca\/programa\/cualificacion-profesional\/montaje-de-redes\/montaje-de-redes-de-agua-potable\/\">Montaje de redes de agua potable<\/a>, <a href=\"https:\/\/www.laescueladelagua.com\/ca\/programa\/cualificacion-profesional\/montaje-de-redes\/montaje-de-redes-de-saneamiento\/\">Montaje de redes de saneamiento\u00a0<\/a><\/li>\n<\/ul>\n<\/li>\n<li>UC0608-2: Poner en servicio y operar redes de distribuci\u00f3n de agua y saneamiento\n<ul>\n<li>Formaci\u00f3n asociada: <a href=\"https:\/\/www.laescueladelagua.com\/ca\/programa\/cualificacion-profesional\/funcionamiento-y-operacion\/puesta-en-servicio-y-operacion-de-redes\/\">Puesta en servicio y operaci\u00f3n\u00a0<\/a><\/li>\n<\/ul>\n<\/li>\n<li>UC0609-2: Mantener redes de distribuci\u00f3n de agua y saneamiento\n<ul>\n<li>Formaci\u00f3n asociada: <a href=\"https:\/\/www.laescueladelagua.com\/ca\/programa\/cualificacion-profesional\/mantenimiento-de-redes\/mantenimiento-preventivo-de-redes\/\">Mantenimiento preventivo de redes<\/a>, <a href=\"https:\/\/www.laescueladelagua.com\/ca\/programa\/cualificacion-profesional\/mantenimiento-de-redes\/mantenimiento-correctivo-de-redes\/\">Mantenimiento correctivo de redes\u00a0<\/a><\/li>\n<\/ul>\n<\/li>\n<\/ul>\n<p>&nbsp;<\/p>\n<p><strong><a href=\"https:\/\/incual.educacion.gob.es\/documents\/20195\/94271\/SEA026_2+-+Q_Documento+publicado\/11e2913d-e66c-4a24-8d0c-d4b04bfa353b\">Cualificaci\u00f3n Profesional Operaci\u00f3n de estaciones de tratamiento de Aguas<\/a> <\/strong>(SEA026_2)<\/p>\n<ul>\n<li>UC0073_2: Operar los procesos de tratamiento y depuraci\u00f3n de agua\n<ul>\n<li>Formaci\u00f3n asociada: <a href=\"https:\/\/www.laescueladelagua.com\/ca\/programa\/cualificacion-profesional\/funcionamiento-y-operacion\/funcionamiento-y-operacion-de-edar\/\">Funcionamiento y operaci\u00f3n de EDAR<\/a>, <a href=\"https:\/\/www.laescueladelagua.com\/ca\/programa\/cualificacion-profesional\/funcionamiento-y-operacion\/funcionamiento-y-operacion-de-etap\/\">Funcionamiento y operaci\u00f3n de ETAP<\/a><\/li>\n<\/ul>\n<\/li>\n<li>UC0074_2 Realizar las operaciones de mantenimiento de equipos e instalaciones de planta de tratamiento\n<ul>\n<li>Formaci\u00f3n asociada: <a href=\"https:\/\/www.laescueladelagua.com\/ca\/programa\/cualificacion-profesional\/equipos-mecanicos-y-electronicos\/mantenimiento-preventivo-de-equipos-y-procesos-de-edar-y-etap\/\">Mantenimiento preventivo de equipos y procesos de estaciones de agua potable y aguas residuales<\/a>, <a href=\"https:\/\/www.laescueladelagua.com\/ca\/programa\/cualificacion-profesional\/equipos-mecanicos-y-electronicos\/reparacion-de-equipos-mecanicos-y-electricos-de-edar-y-etap\/\">Reparaci\u00f3n de equipos mec\u00e1nicos y el\u00e9ctricos de estaciones agua potable y aguas residuales\u00a0<\/a><\/li>\n<\/ul>\n<\/li>\n<li>UC 2519_2 Adoptar las medidas de prevenci\u00f3n de riesgos laborales en el puesto de trabajo<\/li>\n<\/ul>\n<p>&nbsp;<\/p>\n<p><strong><a href=\"https:\/\/incual.educacion.gob.es\/documents\/20195\/94271\/ENA262_3_RV+-+Q_Documento+publicado\/30b28441-92b2-4c89-9f67-34510af18b0e\">Cualificaci\u00f3n Profesional Organizaci\u00f3n y control del montaje y mantenimiento de redes e instalaciones de agua y saneamiento<\/a>\u00a0<\/strong>(ENA 262-3)<\/p>\n<ul>\n<li>UC0838-3 Colaborar en la planificaci\u00f3n de la ejecuci\u00f3n de obras de redes e instalaciones de abastecimiento y distribuci\u00f3n de agua y saneamiento<\/li>\n<li>UC0839_3 Controlar el desarrollo de obras de redes e instalaciones de abastecimiento y distribuci\u00f3n de agua y saneamiento<\/li>\n<li>UC0840_3 Supervisar la puesta en servicio de redes e instalaciones de abastecimiento y distribuci\u00f3n de agua y saneamiento<\/li>\n<li>UC0841_3 Organizar el mantenimiento de instalaciones de abastecimiento y distribuci\u00f3n de agua y saneamiento<\/li>\n<\/ul>\n<p>&nbsp;<\/p>\n<p><a href=\"https:\/\/incual.educacion.gob.es\/documents\/20195\/94271\/SEA492_2_RV_19+-+Q_Documento+publicado.pdf\/78548173-fa66-40c7-b496-d678f15cac22\"><strong>Cualificaci\u00f3n Profesional Mantenimiento higi\u00e9nico\u2010sanitario de instalaciones susceptibles de proliferaci\u00f3n de Legionella y otros organismos nocivos y su diseminaci\u00f3n por aerosolizaci\u00f3n<\/strong><\/a> (SEA492_2)<\/p>\n<ul>\n<li>UC1610_2: Preparar y trasladar equipos y productos para la limpieza, desinfecci\u00f3n y mantenimiento de instalaciones susceptibles de proliferaci\u00f3n de microorganismos nocivos y su diseminaci\u00f3n por aerosolizaci\u00f3n<\/li>\n<li>UC1611_2: Realizar el mantenimiento higi\u00e9nico-sanitario de instalaciones susceptibles de proliferaci\u00f3n de microorganismos nocivos y su diseminaci\u00f3n por aerosolizaci\u00f3n<\/li>\n<li>UC1612_2: Colaborar en la gesti\u00f3n de prevenci\u00f3n de riesgos laborales en el \u00e1mbito de la aplicaci\u00f3n de biocidas<\/li>\n<\/ul>\n<p>&nbsp;<\/p>\n<p><a href=\"https:\/\/incual.educacion.gob.es\/documents\/20195\/94271\/sea028_2_rv+-+q_documento+publicado\/d796e348-6ce6-4864-a189-94bb653b63d5\"><strong>Cualificaci\u00f3n Profesional Servicio para el Control de Plagas<\/strong><\/a> (SEA028_2)<\/p>\n<ul>\n<li>UC0078_2: Preparar y transportar medios y productos para el control de plagas.<\/li>\n<li>UC0079_2 Aplicar medios y productos para el control de plagas.<\/li>\n<li>UC0075_2 Adoptar las medidas de prevenci\u00f3n de riesgos laborales en el puesto de trabajo.<\/li>\n<\/ul>\n<p>&nbsp;<\/p>\n<p>&nbsp;<\/p>\n","fpdual-first-block-list-title":"","fpdual-first-block-list":[],"fpdual-second-block-title":"\u00bfC\u00f3mo te ayudamos desde Escuela del Agua?","fpdual-second-block-text":"<p>El Servicio de Acreditaciones de la Escuela del Agua gestiona el proceso de acreditaciones en las distintas Comunidades Aut\u00f3nomas en las que estamos presentes. Nuestras principales funciones son:<\/p>\n<ul>\n<li>Coordinar el\u00a0 proceso de acreditaci\u00f3n de las personas operarias.<\/li>\n<li>Realizar un mapeo de la situaci\u00f3n de los diferentes equipos del Grupo.<\/li>\n<li>Desplegar la campa\u00f1a integral de diagn\u00f3stico para las personas participantes.<\/li>\n<li>Brindar apoyo y asistencia personalizada a los operarios y responsables durante el proceso.<\/li>\n<li>Proporcionar recursos de formaci\u00f3n y orientaci\u00f3n profesional personalizada para garantizar el mayor \u00e9xito.<\/li>\n<li>Actuar como <a href=\"https:\/\/fp.gencat.cat\/ca\/acreditacioZ\/em-vull-acreditar\/cercador-punts-informacio\/\"><strong>punto de informaci\u00f3n y orientaci\u00f3n.<\/strong><\/a><\/li>\n<li>Gestionar las personas asesoras y evaluadoras del Grupo dentro del proceso<\/li>\n<\/ul>\n<p dir=\"ltr\">Este servicio nos permite trabajar para cumplir con los requisitos normativos del Real Decreto 3\/2023.<\/p>\n<p><span id=\"docs-internal-guid-6773550b-7fff-d0bb-a8fc-c8a4a0c1d22f\">\u00a0<\/span><\/p>\n","fpdual-second-block-list-title":"","fpdual-second-block-list":[],"fpdual-centers-title":"Busca tu Comunidad Aut\u00f3noma","fpdual-centers-intro":"","fpdual-centers":[{"image":["3111"],"title":"CATALUNYA","text":"<span style=\"font-family: OpenSansRegular, Helvetica, Arial, sans-serif; font-size: 13.3333px;\">\u00a0<\/span>","location":"CATALUNYA","url":"https:\/\/fp.gencat.cat\/ca\/acreditacio\/index.html#googtrans(ca|es)"},{"image":["3112"],"title":"GALICIA","location":"GALICIA","url":"https:\/\/www.edu.xunta.gal\/fp\/acredita"},{"image":["3272"],"title":"COMUNIDAD VALENCIANA","location":"COMUNIDAD VALENCIANA","url":"https:\/\/ceice.gva.es\/es\/web\/cualificaciones-profesionales\/inscripcio-al-procediment"},{"image":["3308"],"title":"ILLES BALEARS ","location":"ILLES BALEARS ","url":"https:\/\/www.caib.es\/sites\/iqpib\/es\/acamo_me_acredito\/"},{"image":["3309"],"title":"ARAG\u00d3N ","location":"ARAG\u00d3N","url":"https:\/\/www.peacaragon.es\/"},{"image":["4148"],"title":"ANDALUC\u00cdA","location":"ANDALUC\u00cdA","url":"https:\/\/www.juntadeandalucia.es\/educacion\/portales\/web\/iacp"},{"image":["4149"],"title":"CANARIAS","location":"CANARIAS","url":"https:\/\/www.gobiernodecanarias.org\/empleo\/sce\/principal\/areas_tematicas\/formacion_acreditacion\/acreditacion_exp_profesional.html"},{"image":["4150"],"title":"CANTABRIA","location":"CANTABRIA","url":"https:\/\/acreditacantabria.es\/"},{"image":["4151"],"title":"CASTILLA - LA MANCHA","location":"CASTILLA - LA MANCHA","url":"http:\/\/pop.jccm.es\/?id=425"},{"image":["4152"],"title":"CASTILLA Y LE\u00d3N","location":"CASTILLA Y LE\u00d3N","url":"https:\/\/www.educa.jcyl.es\/adultos\/es\/acreditacion-competencias-profesionales"},{"image":["4153"],"title":"COMUNIDAD DE MADRID","location":"COMUNIDAD DE MADRID","url":"https:\/\/www.comunidad.madrid\/servicios\/empleo\/acreditacion-experiencia-laboral"},{"image":["4160"],"title":"NAVARRA","location":"NAVARRA","url":"https:\/\/www.navarra.es\/es\/tramites\/on\/-\/line\/Acreditacion-de-la-competencia-profesional1"},{"image":["4155"],"title":"EXTREMADURA","location":"EXTREMADURA","url":"https:\/\/www.educarex.es\/ieca\/peac.html"},{"image":["4156"],"title":"LA RIOJA","location":"LA RIOJA","url":"https:\/\/www.acreditalarioja.org\/"},{"image":["4157"],"title":"PA\u00cdS VASCO","location":"PA\u00cdS VASCO","url":"https:\/\/ivac-eei.eus\/es\/reconocimiento-competencias\/"},{"image":["4158"],"title":"ASTURIAS","location":"ASTURIAS","url":"https:\/\/trabajastur.asturias.es\/acredita-tus-competencias"},{"image":["4159"],"title":"MURCIA","location":"MURCIA","url":"https:\/\/icuam.es\/prear\/"}],"fpdual-contact-active":"yes","fpdual-contact-title":"","fpdual-contact-text":"","fpdual-contact-list":[],"fpdual-contact-media":"image","fpdual-contact-image":[{"width":150,"height":150,"file":"2025\/05\/No-favorable.png","filesize":194332,"sizes":{"medium":{"file":"No-favorable-300x212.png","width":300,"height":212,"mime-type":"image\/png","filesize":19877,"url":"\/wp-content\/uploads\/2025\/05\/No-favorable-300x212.png"},"large":{"file":"No-favorable-1024x724.png","width":1024,"height":724,"mime-type":"image\/png","filesize":127926,"url":"\/wp-content\/uploads\/2025\/05\/No-favorable-1024x724.png"},"thumbnail":{"file":"No-favorable-150x150.png","width":150,"height":150,"mime-type":"image\/png","filesize":10598,"url":"\/wp-content\/uploads\/2025\/05\/No-favorable-150x150.png"},"medium_large":{"file":"No-favorable-768x543.png","width":768,"height":543,"mime-type":"image\/png","filesize":82865,"url":"\/wp-content\/uploads\/2025\/05\/No-favorable-768x543.png"},"1536x1536":{"file":"No-favorable-1536x1086.png","width":1536,"height":1086,"mime-type":"image\/png","filesize":223728,"url":"\/wp-content\/uploads\/2025\/05\/No-favorable-1536x1086.png"},"2048x2048":{"file":"No-favorable-2048x1448.png","width":2048,"height":1448,"mime-type":"image\/png","filesize":336506,"url":"\/wp-content\/uploads\/2025\/05\/No-favorable-2048x1448.png"},"trp-custom-language-flag":{"file":"No-favorable-18x12.png","width":18,"height":12,"mime-type":"image\/png","filesize":423,"url":"\/wp-content\/uploads\/2025\/05\/No-favorable-18x12.png"},"woocommerce_thumbnail":{"file":"No-favorable-300x300.png","width":300,"height":300,"mime-type":"image\/png","filesize":31580,"uncropped":false,"url":"\/wp-content\/uploads\/2025\/05\/No-favorable-300x300.png"},"woocommerce_single":{"file":"No-favorable-600x424.png","width":600,"height":424,"mime-type":"image\/png","filesize":58062,"url":"\/wp-content\/uploads\/2025\/05\/No-favorable-600x424.png"},"woocommerce_gallery_thumbnail":{"file":"No-favorable-100x100.png","width":100,"height":100,"mime-type":"image\/png","filesize":5394,"url":"\/wp-content\/uploads\/2025\/05\/No-favorable-100x100.png"}},"image_meta":{"aperture":"0","credit":"","camera":"","caption":"","created_timestamp":"0","copyright":"","focal_length":"0","iso":"0","shutter_speed":"0","title":"","orientation":"0","keywords":[]},"ID":"4243","name":"No-favorable.png","path":"C:\\home\\site\\wwwroot\/wp-content\/uploads\/2025\/05\/No-favorable.png","url":"\/wp-content\/uploads\/2025\/05\/No-favorable-150x150.png","full_url":"\/wp-content\/uploads\/2025\/05\/No-favorable.png","title":"No favorable","caption":"","description":"","alt":"","srcset":"\/wp-content\/uploads\/2025\/05\/No-favorable-150x150.png 150w, \/wp-content\/uploads\/2025\/05\/No-favorable-300x300.png 300w, \/wp-content\/uploads\/2025\/05\/No-favorable-100x100.png 100w"}],"fpdual-contact-video":"https:\/\/youtube.com\/shorts\/hIX__sPxH_w?feature=share","global-excerpt":"","oprofesional-centers-title":"","oprofesional-centers-intro":"","oprofesional-centers":[],"paginas-interiores-subtitle":""},"_links":{"self":[{"href":"https:\/\/www.laescueladelagua.com\/ca\/wp-json\/wp\/v2\/pages\/3103","targetHints":{"allow":["GET"]}}],"collection":[{"href":"https:\/\/www.laescueladelagua.com\/ca\/wp-json\/wp\/v2\/pages"}],"about":[{"href":"https:\/\/www.laescueladelagua.com\/ca\/wp-json\/wp\/v2\/types\/page"}],"author":[{"embeddable":true,"href":"https:\/\/www.laescueladelagua.com\/ca\/wp-json\/wp\/v2\/users\/6"}],"replies":[{"embeddable":true,"href":"https:\/\/www.laescueladelagua.com\/ca\/wp-json\/wp\/v2\/comments?post=3103"}],"version-history":[{"count":3,"href":"https:\/\/www.laescueladelagua.com\/ca\/wp-json\/wp\/v2\/pages\/3103\/revisions"}],"predecessor-version":[{"id":3166,"href":"https:\/\/www.laescueladelagua.com\/ca\/wp-json\/wp\/v2\/pages\/3103\/revisions\/3166"}],"up":[{"embeddable":true,"href":"https:\/\/www.laescueladelagua.com\/ca\/wp-json\/wp\/v2\/pages\/1035"}],"wp:featuredmedia":[{"embeddable":true,"href":"https:\/\/www.laescueladelagua.com\/ca\/wp-json\/wp\/v2\/media\/4164"}],"wp:attachment":[{"href":"https:\/\/www.laescueladelagua.com\/ca\/wp-json\/wp\/v2\/media?parent=3103"}],"curies":[{"name":"wp","href":"https:\/\/api.w.org\/{rel}","templated":true}]}}