{"id":989,"date":"2023-07-04T11:39:15","date_gmt":"2023-07-04T11:39:15","guid":{"rendered":"https:\/\/www.laescueladelagua.com\/?page_id=989"},"modified":"2026-04-27T10:44:01","modified_gmt":"2026-04-27T10:44:01","slug":"politica-de-privacidad","status":"publish","type":"page","link":"https:\/\/www.laescueladelagua.com\/ca\/politica-de-privacidad\/","title":{"rendered":"Pol\u00edtica de privadesa"},"content":{"rendered":"<p>Escuela del Agua es una marca comercial bajo la cual Veolia Spain SL\u00a0 ofrece servicios de formaci\u00f3n, consultor\u00eda y divulgaci\u00f3n del sector del agua y el medio ambiente.<\/p>\n<p>En compliment del que disposa el Reglament (UE) 2016\/679, de 27 d&#039;abril, de protecci\u00f3 de dades i la Llei Org\u00e0nica 3\/2018, de 5 de desembre, de protecci\u00f3 de dades personals i garantia dels drets digitals, et oferim a continuaci\u00f3 la informaci\u00f3 relativa al tractament de les teves dades personals obtingudes o recollides a trav\u00e9s del present lloc web.<\/p>\n<h3>1. Qui \u00e9s el responsable del tractament?<\/h3>\n<p>El tratamiento de los datos personales recabados a trav\u00e9s del sitio web www.laescueladelagua.com ser\u00e1 responsabilidad de Veolia Spain SL (en adelante, \u00abVEOLIA\u00bb), con NIF B-63152664 y domicilio social Complejo Empresarial Parque Norte, C. de Serrano Galvache, 56, Cdad. Lineal, 28033 Madrid<\/p>\n<h3>2. Amb quina finalitat i base legitimadora es tractaran les vostres dades personals? Durant quant de temps?<\/h3>\n<p>El simple fet de visitar la web i navegar per les diferents seccions no requereix que ens facilitis cap dada de car\u00e0cter personal o que et registris com a usuari. No obstant aix\u00f2, us recordem que es podran instal\u00b7lar cookies al vostre dispositiu d&#039;acc\u00e9s d&#039;acord amb el que disposa la nostra pol\u00edtica de cookies. Pots obtenir m\u00e9s detalls sobre les cookies que utilitzem, la configuraci\u00f3 del teu consentiment i com les pots desactivar a la nostra <a href=\"https:\/\/www.laescueladelagua.com\/ca\/politica-de-cookies\/\">pol\u00edtica de cookies<\/a>.<\/p>\n<p>Si sol\u00b7licites informaci\u00f3 o demanes que et remetem el nostre newsletter, o si sol\u00b7licites informaci\u00f3 sobre algun dels nostres cursos, et demanarem que ens facilitis les teves dades d&#039;identitat i de contacte (m\u00f2bil i email) per poder contactar-te i adre\u00e7ar-nos a tu per facilitar-te la informaci\u00f3 que hagis sol\u00b7licitat.<\/p>\n<p>En el cas que decideixis realitzar alguns dels cursos que oferim, se&#039;t sol\u00b7licitaran dades d&#039;identitat (nom i cognoms, DNI o passaport) i de contacte (domicili, email, tel\u00e8fon, etc.), dades econ\u00f2miques (compte bancari, a cas que assumeixis personalment el pagament del curs), dades d&#039;educaci\u00f3 i professi\u00f3 (curr\u00edculum vitae, expedient acad\u00e8mic), carta de recomanaci\u00f3 (opcional) i, si escau, una fotografia.<\/p>\n<p>Durant la realitzaci\u00f3 dels cursos et sol\u00b7licitarem dades addicionals en diferents ocasions, informant-te en tot moment de per qu\u00e8 les utilitzarem (organitzaci\u00f3 de visites i viatges, assist\u00e8ncia a confer\u00e8ncies, etc.).<\/p>\n<p>El tractament de les dades personals recollides en completar els diferents formularis es basa en (i) el consentiment (art. 6.1.a del RGPD) o, si escau, (ii) que el tractament \u00e9s necessari per a l&#039;execuci\u00f3 d&#039;un contracte a el que linteressat \u00e9s part o per a laplicaci\u00f3 a petici\u00f3 daquest de mesures precontractuals en el cas que sol\u00b7licitis la inscripci\u00f3 en algun dels cursos (art. 6.1.b del RGPD).<\/p>\n<p>Durant el curs podrem enviar-te per qualsevol mitj\u00e0, incl\u00f2s el correu electr\u00f2nic que hagis informat, informaci\u00f3 relativa al curs en qu\u00e8 participes. esdeveniments relacionats, canvis dhoraris dactivitats i novetats en la programaci\u00f3 o relatius al pla destudis. Aquests missatges s\u00f3n necessaris per a la correcta execuci\u00f3 del servei contractat.<\/p>\n<p>En el caso de que completes alguna de las encuestas puestas a tu disposici\u00f3n en la web para recabar tu percepci\u00f3n o satisfacci\u00f3n sobre los cursos, la web o espacios colaborativos de la Escuela del Agua o del Campus, tus datos ser\u00e1n tratados en base al inter\u00e9s leg\u00edtimo del responsable en conocer tu opini\u00f3n para mejorar nuestros servicios o nuestros espacios de colaboraci\u00f3n.<\/p>\n<p>Trataremos tus datos con la finalidad de enviarte peri\u00f3dicamente incluso por medios electr\u00f3nicos,, informaci\u00f3n sobre nuevos programas formativos y actividades si has consentido expresamente. Recuerda que puedes revocar tu consentimiento en todo momento por cualquiera de los medios indicados en el apartado \u00bfCu\u00e1les son tus derechos?.<\/p>\n<p>Les dades personals es conservaran durant el temps necessari per complir la finalitat per a la qual es van demanar. Posteriorment, es conservaran bloquejats durant un per\u00edode addicional per poder respondre davant d&#039;eventuals responsabilitats legals. Transcorregut aquest per\u00edode, les dades personals seran eliminades de manera definitiva.<\/p>\n<h3>3. Quines mesures de seguretat han estat implantades per protegir les dades personals?<\/h3>\n<p>VEOLIA tratar\u00e1 los datos personales de manera absolutamente confidencial. Asimismo, ha aplicado medidas t\u00e9cnicas y organizativas adecuadas para garantizar su seguridad y evitar su destrucci\u00f3n, p\u00e9rdida, acceso il\u00edcito o alteraci\u00f3n il\u00edcita. A la hora de determinar estas medidas, se han tenido en cuenta criterios como el alcance, el contexto y los fines del tratamiento, el estado de la t\u00e9cnica y los riesgos existentes.<\/p>\n<h3>4. Amb qui compartim les teves dades?<\/h3>\n<p>Los distintos departamentos de VEOLIA implicados en la tramitaci\u00f3n de tu petici\u00f3n pueden acceder a tus datos de car\u00e1cter personal para gestionarla correctamente.<br \/>\nAdem\u00e1s, VEOLIA utiliza proveedores de servicios para algunas tareas. Estos proveedores de servicios, que act\u00faan como encargados del tratamiento de VEOLIA , pueden cambiar con el tiempo. En todo caso, VEOLIA garantiza a trav\u00e9s de la firma de acuerdos (entre otros medios) que cumplen con medidas de seguridad apropiadas y que siguen sus instrucciones en el tratamiento de los datos personales a los que acceden.<\/p>\n<p>Por eficiencia del servicio, algunos de nuestros proveedores est\u00e1n ubicados en pa\u00edses situados fuera del Espacio Econ\u00f3mico Europeo (EEE) o, estando ubicados en el EEE, comparten la informaci\u00f3n con otras entidades ubicadas fuera de dicho territorio. VEOLIA garantiza que:<\/p>\n<ul>\n<li>Les transfer\u00e8ncies es fan a pa\u00efsos sobre els quals la Comissi\u00f3 Europea ha declarat que proporcionen un nivell de protecci\u00f3 equiparable a l&#039;europeu.<\/li>\n<li>En abs\u00e8ncia de la declaraci\u00f3 d&#039;adequaci\u00f3 esmentada, s&#039;han signat les cl\u00e0usules contractuals tipus aprovades per la Comissi\u00f3.<\/li>\n<\/ul>\n<p>Pots consultar aquesta informaci\u00f3 a la p\u00e0gina de la <a href=\"https:\/\/www.aepd.es\/es\/derechos-y-deberes\/cumple-tus-deberes\/medidas-de-cumplimiento\/transferencias-internacionales\" target=\"_blank\" rel=\"noopener\">AEPD<\/a>.<br \/>\nPara m\u00e1s informaci\u00f3n sobre esta materia, puedes contactar con el delegado de protecci\u00f3n de datos de VEOLIA en <b><a href=\"mailto:dpo.es@veolia.com\" target=\"_blank\" rel=\"noopener\">dpo.es@veolia.com<\/a><\/b><\/p>\n<h3>5. A qui comuniquem les teves dades?<\/h3>\n<p>VEOLIA podr\u00e1 comunicar tus datos personales a terceros cuando lo consientas expresamente, cuando sea necesario para la correcta ejecuci\u00f3n del servicio solicitado o cuando est\u00e9 obligada por disposici\u00f3n legal.<br \/>\nQuan sigui necessari el teu consentiment per comunicar les teves dades personals a tercers, als formularis de recollida de dades t&#039;informarem de la finalitat del tractament, de les dades objecte de comunicaci\u00f3 i de la identitat o sectors d&#039;activitat dels possibles cessionaris de les teves dades personals .<br \/>\nEn cas que el curs en qu\u00e8 participes estigui organitzat amb alguna altra instituci\u00f3, les teves dades seran enviades a aquesta per a la correcta gesti\u00f3 del curs. Si fas pr\u00e0ctiques, podrem facilitar les teves dades a les empreses on les desenvolupar\u00e0s<br \/>\nI, si escau, al Ministeri d&#039;Educaci\u00f3. En compliment de la normativa vigent, quan correspongui, comunicarem les vostres dades al Ministeri d&#039;Educaci\u00f3 ia diferents administracions p\u00fabliques.<br \/>\nVEOLIA tambi\u00e9n podr\u00eda estar obligada a comunicar tus datos personales cuando le venga impuesto por una disposici\u00f3n legal o en el caso de que fuera requerida por la Administraci\u00f3n p\u00fablica o por las fuerzas y cuerpos de seguridad del Estado.<\/p>\n<h3>6. Quins s\u00f3n els teus drets?<\/h3>\n<p>Disposes dels seg\u00fcents drets en mat\u00e8ria de protecci\u00f3 de dades:<\/p>\n<ul>\n<li>Dret d&#039;acc\u00e9s: consisteix a consultar quines dades personals tenim sobre vosaltres.<\/li>\n<li>Dret de rectificaci\u00f3: consisteix a modificar les dades personals que tenim quan siguin inexactes o incomplets.<\/li>\n<li>Dret d&#039;oposici\u00f3: consisteix a sol\u00b7licitar que no tractem les dades personals per a algunes finalitats concretes.<\/li>\n<li>Dret de supressi\u00f3: consisteix a sol\u00b7licitar que eliminem les dades personals.<\/li>\n<li>Dret de limitaci\u00f3: consisteix a sol\u00b7licitar que limitem el tractament de les dades personals, en determinades circumst\u00e0ncies.<\/li>\n<li>Dret de portabilitat: consisteix a sol\u00b7licitar que t&#039;entreguem en un format inform\u00e0tic la informaci\u00f3 que tenim sobre tu o que la transmetem a un altre responsable.<\/li>\n<li>Dret a presentar una reclamaci\u00f3 davant de l&#039;autoritat competent: consisteix a presentar una reclamaci\u00f3 davant de l&#039;Ag\u00e8ncia Espanyola de Protecci\u00f3 de Dades (<a href=\"http:\/\/www.aepd.es\" target=\"_blank\" rel=\"noopener\">www.aepd.es<\/a>).<\/li>\n<\/ul>\n<p>Puedes ejercer tus derechos contactando con el Delegado de Protecci\u00f3n de Datos de VEOLIA por correo electr\u00f3nico en la direcci\u00f3n <b><a href=\"mailto:dpo.es@veolia.com\" target=\"_blank\" rel=\"noopener\">dpo.es@veolia.com<\/a><\/b> o b\u00e9 remetent una carta a Passeig de la Zona Franca 48, 08038, Barcelona amb la refer\u00e8ncia \u201cProtecci\u00f3 de dades\u201d.<\/p>\n<p>Recordeu que podeu retirar el vostre consentiment en qualsevol moment usant aquests mateixos mitjans de contacte. Aix\u00f2 no afectar\u00e0 la licitud del tractament dut a terme fins a la seva retirada.<\/p>\n<p>El sol\u00b7licitant haur\u00e0 d&#039;estar suficientment identificat a la sol\u00b7licitud, que haur\u00e0 d&#039;estar signada. Si la sol\u00b7licitud la formula un tercer, caldr\u00e0 acreditar oportunament la representaci\u00f3 atorgada per fer-ho. Quan el responsable del tractament tingui dubtes raonables en relaci\u00f3 amb la identitat de la persona f\u00edsica que cursa la sol\u00b7licitud, podr\u00e0 sol\u00b7licitar que es faciliti la informaci\u00f3 addicional necess\u00e0ria per confirmar-ne la identitat.<\/p>\n<h3>7. Xarxes socials<\/h3>\n<p>Como norma general, los perfiles corporativos de VEOLIA en redes sociales (Twitter, YouTube, LinkedIn, Instagram, etc.) tienen un car\u00e1cter meramente informativo. Si nos facilitas datos a trav\u00e9s de mensajes privados en redes sociales con motivo de una consulta o petici\u00f3n formulada a trav\u00e9s de ese medio, los datos personales facilitados ser\u00e1n utilizados exclusivamente para atender la petici\u00f3n efectuada, en los t\u00e9rminos expuestos en esta pol\u00edtica. Te recordamos que no debes incluir datos personales tuyos o de terceros (como emails, nombre, tel\u00e9fono o n\u00famero de contrato) a trav\u00e9s de mensajes abiertos en ninguna red social. Si no est\u00e1s seguro de si terceras personas pueden leer tu mensaje, te aconsejamos que nos contactes por otro canal.<\/p>\n<h3>8. Llocs enlla\u00e7ats<\/h3>\n<p>Al lloc web <a href=\"\/ca\/\">laescoladelagua.com<\/a> puedes encontrar distintos enlaces a plataformas y p\u00e1ginas gestionadas por terceras entidades sobre las que VEOLIA no tiene ninguna responsabilidad. Estas p\u00e1ginas disponen en su caso de su propia pol\u00edtica de privacidad en la que se detalla la entidad responsable del tratamiento de los datos y las finalidades de este.<\/p>\n<h3>9. Actualitzaci\u00f3 daquesta pol\u00edtica<\/h3>\n<p>VEOLIA puede revisar esta pol\u00edtica en cualquier momento. Recuerda revisarla cada cierto tiempo. En el caso de que las modificaciones conlleven un cambio sustancial en el tratamiento de tus datos o se requiera tu consentimiento para alg\u00fan nuevo tratamiento, se te informar\u00e1 acerca de esos cambios con el fin de recabar nuevamente tu consentimiento en aquellos casos en que fuese necesario.<\/p>\n<p>Pol\u00edtica de privadesa revisada el 10 de gener de 2023.<\/p>","protected":false},"excerpt":{"rendered":"<p>Escuela del Agua es una marca comercial bajo la cual Veolia Spain SL\u00a0 ofrece servicios de formaci\u00f3n, consultor\u00eda y divulgaci\u00f3n del sector del agua y el medio ambiente. En cumplimiento de lo dispuesto en el Reglamento (UE) 2016\/679, de 27 de abril, de protecci\u00f3n de datos y la Ley Org\u00e1nica 3\/2018, de 5 de diciembre, [&hellip;]<\/p>","protected":false},"author":1,"featured_media":0,"parent":0,"menu_order":0,"comment_status":"closed","ping_status":"closed","template":"template_legals.php","meta":{"footnotes":""},"class_list":["post-989","page","type-page","status-publish","hentry"],"yoast_head":"<!-- This site is optimized with the Yoast SEO plugin v24.5 - https:\/\/yoast.com\/wordpress\/plugins\/seo\/ -->\r\n<title>Pol\u00edtica de privacidad - Escuela del agua<\/title>\r\n<meta name=\"robots\" content=\"index, follow, max-snippet:-1, max-image-preview:large, max-video-preview:-1\" \/>\r\n<link rel=\"canonical\" href=\"https:\/\/www.laescueladelagua.com\/ca\/politica-de-privacidad\/\" \/>\r\n<meta property=\"og:locale\" content=\"ca_ES\" \/>\r\n<meta property=\"og:type\" content=\"article\" \/>\r\n<meta property=\"og:title\" content=\"Pol\u00edtica de privacidad - Escuela del agua\" \/>\r\n<meta property=\"og:description\" content=\"Escuela del Agua es una marca comercial bajo la cual Veolia Spain SL\u00a0 ofrece servicios de formaci\u00f3n, consultor\u00eda y divulgaci\u00f3n del sector del agua y el medio ambiente. En cumplimiento de lo dispuesto en el Reglamento (UE) 2016\/679, de 27 de abril, de protecci\u00f3n de datos y la Ley Org\u00e1nica 3\/2018, de 5 de diciembre, [&hellip;]\" \/>\r\n<meta property=\"og:url\" content=\"https:\/\/www.laescueladelagua.com\/ca\/politica-de-privacidad\/\" \/>\r\n<meta property=\"og:site_name\" content=\"Escuela del agua\" \/>\r\n<meta property=\"article:modified_time\" content=\"2026-04-27T10:44:01+00:00\" \/>\r\n<meta property=\"og:image\" content=\"https:\/\/www.laescueladelagua.com\/wp-content\/uploads\/2023\/07\/logo_EscueladelAgua_mod.1.1.png\" \/>\r\n\t<meta property=\"og:image:width\" content=\"1904\" \/>\r\n\t<meta property=\"og:image:height\" content=\"1148\" \/>\r\n\t<meta property=\"og:image:type\" content=\"image\/png\" \/>\r\n<meta name=\"twitter:card\" content=\"summary_large_image\" \/>\r\n<meta name=\"twitter:label1\" content=\"Temps estimat de lectura\" \/>\n\t<meta name=\"twitter:data1\" content=\"8 minuts\" \/>\r\n<script type=\"application\/ld+json\" class=\"yoast-schema-graph\">{\"@context\":\"https:\/\/schema.org\",\"@graph\":[{\"@type\":\"WebPage\",\"@id\":\"https:\/\/www.laescueladelagua.com\/politica-de-privacidad\/\",\"url\":\"https:\/\/www.laescueladelagua.com\/politica-de-privacidad\/\",\"name\":\"Pol\u00edtica de privacidad - Escuela del agua\",\"isPartOf\":{\"@id\":\"https:\/\/wapwebedapro01.azurewebsites.net\/#website\"},\"datePublished\":\"2023-07-04T11:39:15+00:00\",\"dateModified\":\"2026-04-27T10:44:01+00:00\",\"breadcrumb\":{\"@id\":\"https:\/\/www.laescueladelagua.com\/politica-de-privacidad\/#breadcrumb\"},\"inLanguage\":\"ca\",\"potentialAction\":[{\"@type\":\"ReadAction\",\"target\":[\"https:\/\/www.laescueladelagua.com\/politica-de-privacidad\/\"]}]},{\"@type\":\"BreadcrumbList\",\"@id\":\"https:\/\/www.laescueladelagua.com\/politica-de-privacidad\/#breadcrumb\",\"itemListElement\":[{\"@type\":\"ListItem\",\"position\":1,\"name\":\"Home\",\"item\":\"https:\/\/wapwebedapro01.azurewebsites.net\/\"},{\"@type\":\"ListItem\",\"position\":2,\"name\":\"Pol\u00edtica de privacidad\"}]},{\"@type\":\"WebSite\",\"@id\":\"https:\/\/wapwebedapro01.azurewebsites.net\/#website\",\"url\":\"https:\/\/wapwebedapro01.azurewebsites.net\/\",\"name\":\"Escuela del agua\",\"description\":\"\",\"publisher\":{\"@id\":\"https:\/\/wapwebedapro01.azurewebsites.net\/#organization\"},\"potentialAction\":[{\"@type\":\"SearchAction\",\"target\":{\"@type\":\"EntryPoint\",\"urlTemplate\":\"https:\/\/wapwebedapro01.azurewebsites.net\/?s={search_term_string}\"},\"query-input\":{\"@type\":\"PropertyValueSpecification\",\"valueRequired\":true,\"valueName\":\"search_term_string\"}}],\"inLanguage\":\"ca\"},{\"@type\":\"Organization\",\"@id\":\"https:\/\/wapwebedapro01.azurewebsites.net\/#organization\",\"name\":\"Escuela del agua\",\"url\":\"https:\/\/wapwebedapro01.azurewebsites.net\/\",\"logo\":{\"@type\":\"ImageObject\",\"inLanguage\":\"ca\",\"@id\":\"https:\/\/wapwebedapro01.azurewebsites.net\/#\/schema\/logo\/image\/\",\"url\":\"\/wp-content\/uploads\/2023\/08\/logo_EscueladelAgua_mod.1.1_150px.png\",\"contentUrl\":\"\/wp-content\/uploads\/2023\/08\/logo_EscueladelAgua_mod.1.1_150px.png\",\"width\":150,\"height\":90,\"caption\":\"Escuela del agua\"},\"image\":{\"@id\":\"https:\/\/wapwebedapro01.azurewebsites.net\/#\/schema\/logo\/image\/\"}}]}<\/script>\r\n<!-- \/ Yoast SEO plugin. -->","yoast_head_json":{"title":"Pol\u00edtica de privacidad - Escuela del agua","robots":{"index":"index","follow":"follow","max-snippet":"max-snippet:-1","max-image-preview":"max-image-preview:large","max-video-preview":"max-video-preview:-1"},"canonical":"https:\/\/www.laescueladelagua.com\/ca\/politica-de-privacidad\/","og_locale":"ca_ES","og_type":"article","og_title":"Pol\u00edtica de privacidad - Escuela del agua","og_description":"Escuela del Agua es una marca comercial bajo la cual Veolia Spain SL\u00a0 ofrece servicios de formaci\u00f3n, consultor\u00eda y divulgaci\u00f3n del sector del agua y el medio ambiente. En cumplimiento de lo dispuesto en el Reglamento (UE) 2016\/679, de 27 de abril, de protecci\u00f3n de datos y la Ley Org\u00e1nica 3\/2018, de 5 de diciembre, [&hellip;]","og_url":"https:\/\/www.laescueladelagua.com\/ca\/politica-de-privacidad\/","og_site_name":"Escuela del agua","article_modified_time":"2026-04-27T10:44:01+00:00","og_image":[{"width":1904,"height":1148,"url":"https:\/\/www.laescueladelagua.com\/wp-content\/uploads\/2023\/07\/logo_EscueladelAgua_mod.1.1.png","type":"image\/png"}],"twitter_card":"summary_large_image","twitter_misc":{"Temps estimat de lectura":"8 minuts"},"schema":{"@context":"https:\/\/schema.org","@graph":[{"@type":"WebPage","@id":"https:\/\/www.laescueladelagua.com\/politica-de-privacidad\/","url":"https:\/\/www.laescueladelagua.com\/politica-de-privacidad\/","name":"Pol\u00edtica de privacidad - Escuela del agua","isPartOf":{"@id":"https:\/\/wapwebedapro01.azurewebsites.net\/#website"},"datePublished":"2023-07-04T11:39:15+00:00","dateModified":"2026-04-27T10:44:01+00:00","breadcrumb":{"@id":"https:\/\/www.laescueladelagua.com\/politica-de-privacidad\/#breadcrumb"},"inLanguage":"ca","potentialAction":[{"@type":"ReadAction","target":["https:\/\/www.laescueladelagua.com\/politica-de-privacidad\/"]}]},{"@type":"BreadcrumbList","@id":"https:\/\/www.laescueladelagua.com\/politica-de-privacidad\/#breadcrumb","itemListElement":[{"@type":"ListItem","position":1,"name":"Home","item":"https:\/\/wapwebedapro01.azurewebsites.net\/"},{"@type":"ListItem","position":2,"name":"Pol\u00edtica de privacidad"}]},{"@type":"WebSite","@id":"https:\/\/wapwebedapro01.azurewebsites.net\/#website","url":"https:\/\/wapwebedapro01.azurewebsites.net\/","name":"Escuela del agua","description":"","publisher":{"@id":"https:\/\/wapwebedapro01.azurewebsites.net\/#organization"},"potentialAction":[{"@type":"SearchAction","target":{"@type":"EntryPoint","urlTemplate":"https:\/\/wapwebedapro01.azurewebsites.net\/?s={search_term_string}"},"query-input":{"@type":"PropertyValueSpecification","valueRequired":true,"valueName":"search_term_string"}}],"inLanguage":"ca"},{"@type":"Organization","@id":"https:\/\/wapwebedapro01.azurewebsites.net\/#organization","name":"Escuela del agua","url":"https:\/\/wapwebedapro01.azurewebsites.net\/","logo":{"@type":"ImageObject","inLanguage":"ca","@id":"https:\/\/wapwebedapro01.azurewebsites.net\/#\/schema\/logo\/image\/","url":"\/wp-content\/uploads\/2023\/08\/logo_EscueladelAgua_mod.1.1_150px.png","contentUrl":"\/wp-content\/uploads\/2023\/08\/logo_EscueladelAgua_mod.1.1_150px.png","width":150,"height":90,"caption":"Escuela del agua"},"image":{"@id":"https:\/\/wapwebedapro01.azurewebsites.net\/#\/schema\/logo\/image\/"}}]}},"meta_box":{"category-home-subtitle":"","category-home-header-image":[],"category-home-intro":"","category-home-category":"","category-home-subcategory":"","category-home-carousel":"","category-home-categories-carousel":[],"contacta-title":"","contacta-text":"","contacta-image":[],"fpdual-subtitle":"","fpdual-image":[],"fpdual-text":"","fpdual-first-block-title":"","fpdual-first-block-text":"","fpdual-first-block-list-title":"","fpdual-first-block-list":[],"fpdual-second-block-title":"","fpdual-second-block-text":"","fpdual-second-block-list-title":"","fpdual-second-block-list":[],"fpdual-centers-title":"","fpdual-centers-intro":"","fpdual-centers":[],"fpdual-contact-active":"","fpdual-contact-title":"","fpdual-contact-text":"","fpdual-contact-list":[],"fpdual-contact-media":"","fpdual-contact-image":[],"fpdual-contact-video":"","global-excerpt":"","oprofesional-centers-title":"","oprofesional-centers-intro":"","oprofesional-centers":[],"paginas-interiores-subtitle":""},"_links":{"self":[{"href":"https:\/\/www.laescueladelagua.com\/ca\/wp-json\/wp\/v2\/pages\/989","targetHints":{"allow":["GET"]}}],"collection":[{"href":"https:\/\/www.laescueladelagua.com\/ca\/wp-json\/wp\/v2\/pages"}],"about":[{"href":"https:\/\/www.laescueladelagua.com\/ca\/wp-json\/wp\/v2\/types\/page"}],"author":[{"embeddable":true,"href":"https:\/\/www.laescueladelagua.com\/ca\/wp-json\/wp\/v2\/users\/1"}],"replies":[{"embeddable":true,"href":"https:\/\/www.laescueladelagua.com\/ca\/wp-json\/wp\/v2\/comments?post=989"}],"version-history":[{"count":13,"href":"https:\/\/www.laescueladelagua.com\/ca\/wp-json\/wp\/v2\/pages\/989\/revisions"}],"predecessor-version":[{"id":4516,"href":"https:\/\/www.laescueladelagua.com\/ca\/wp-json\/wp\/v2\/pages\/989\/revisions\/4516"}],"wp:attachment":[{"href":"https:\/\/www.laescueladelagua.com\/ca\/wp-json\/wp\/v2\/media?parent=989"}],"curies":[{"name":"wp","href":"https:\/\/api.w.org\/{rel}","templated":true}]}}