{"id":2683,"date":"2024-03-08T10:17:24","date_gmt":"2024-03-08T10:17:24","guid":{"rendered":"https:\/\/www.laescueladelagua.com\/?post_type=product&#038;p=2683"},"modified":"2025-06-03T10:56:39","modified_gmt":"2025-06-03T10:56:39","slug":"generacion-de-energia-a-partir-de-residuos","status":"publish","type":"product","link":"https:\/\/www.laescueladelagua.com\/ca\/programa\/programas\/executive-education\/generacion-de-energia-a-partir-de-residuos\/","title":{"rendered":"Generaci\u00f3 d&#039;energia a partir de residus i aig\u00fces residuals"},"content":{"rendered":"","protected":false},"excerpt":{"rendered":"","protected":false},"featured_media":2684,"comment_status":"open","ping_status":"closed","template":"","meta":[],"product_cat":[20,34],"product_tag":[79,84],"class_list":{"0":"post-2683","1":"product","2":"type-product","3":"status-publish","4":"has-post-thumbnail","6":"product_cat-executive-education","7":"product_cat-aquaseminar","8":"product_tag-gratuito","9":"product_tag-plazas-cerradas","11":"first","12":"instock","13":"shipping-taxable","14":"purchasable","15":"product-type-simple"},"yoast_head":"<!-- This site is optimized with the Yoast SEO plugin v24.5 - https:\/\/yoast.com\/wordpress\/plugins\/seo\/ -->\r\n<title>Generaci\u00f3n de energ\u00eda a partir de residuos y aguas residuales - Escuela del agua<\/title>\r\n<meta name=\"robots\" content=\"index, follow, max-snippet:-1, max-image-preview:large, max-video-preview:-1\" \/>\r\n<link rel=\"canonical\" href=\"https:\/\/www.laescueladelagua.com\/ca\/programa\/programas\/executive-education\/generacion-de-energia-a-partir-de-residuos\/\" \/>\r\n<meta property=\"og:locale\" content=\"ca_ES\" \/>\r\n<meta property=\"og:type\" content=\"article\" \/>\r\n<meta property=\"og:title\" content=\"Generaci\u00f3n de energ\u00eda a partir de residuos y aguas residuales - Escuela del agua\" \/>\r\n<meta property=\"og:url\" content=\"https:\/\/www.laescueladelagua.com\/ca\/programa\/programas\/executive-education\/generacion-de-energia-a-partir-de-residuos\/\" \/>\r\n<meta property=\"og:site_name\" content=\"Escuela del agua\" \/>\r\n<meta property=\"article:modified_time\" content=\"2025-06-03T10:56:39+00:00\" \/>\r\n<meta property=\"og:image\" content=\"https:\/\/www.laescueladelagua.com\/wp-content\/uploads\/2024\/03\/IMG-20240306-WA0000.jpg\" \/>\r\n\t<meta property=\"og:image:width\" content=\"1600\" \/>\r\n\t<meta property=\"og:image:height\" content=\"1200\" \/>\r\n\t<meta property=\"og:image:type\" content=\"image\/jpeg\" \/>\r\n<meta name=\"twitter:card\" content=\"summary_large_image\" \/>\r\n<meta name=\"twitter:label1\" content=\"Temps estimat de lectura\" \/>\n\t<meta name=\"twitter:data1\" content=\"1 minut\" \/>\r\n<script type=\"application\/ld+json\" class=\"yoast-schema-graph\">{\"@context\":\"https:\/\/schema.org\",\"@graph\":[{\"@type\":\"WebPage\",\"@id\":\"https:\/\/www.laescueladelagua.com\/programa\/programas\/executive-education\/generacion-de-energia-a-partir-de-residuos\/\",\"url\":\"https:\/\/www.laescueladelagua.com\/programa\/programas\/executive-education\/generacion-de-energia-a-partir-de-residuos\/\",\"name\":\"Generaci\u00f3n de energ\u00eda a partir de residuos y aguas residuales - Escuela del agua\",\"isPartOf\":{\"@id\":\"https:\/\/wapwebedapro01.azurewebsites.net\/#website\"},\"primaryImageOfPage\":{\"@id\":\"https:\/\/www.laescueladelagua.com\/programa\/programas\/executive-education\/generacion-de-energia-a-partir-de-residuos\/#primaryimage\"},\"image\":{\"@id\":\"https:\/\/www.laescueladelagua.com\/programa\/programas\/executive-education\/generacion-de-energia-a-partir-de-residuos\/#primaryimage\"},\"thumbnailUrl\":\"\/wp-content\/uploads\/2024\/03\/IMG-20240306-WA0000.jpg\",\"datePublished\":\"2024-03-08T10:17:24+00:00\",\"dateModified\":\"2025-06-03T10:56:39+00:00\",\"breadcrumb\":{\"@id\":\"https:\/\/www.laescueladelagua.com\/programa\/programas\/executive-education\/generacion-de-energia-a-partir-de-residuos\/#breadcrumb\"},\"inLanguage\":\"ca\",\"potentialAction\":[{\"@type\":\"ReadAction\",\"target\":[\"https:\/\/www.laescueladelagua.com\/programa\/programas\/executive-education\/generacion-de-energia-a-partir-de-residuos\/\"]}]},{\"@type\":\"ImageObject\",\"inLanguage\":\"ca\",\"@id\":\"https:\/\/www.laescueladelagua.com\/programa\/programas\/executive-education\/generacion-de-energia-a-partir-de-residuos\/#primaryimage\",\"url\":\"\/wp-content\/uploads\/2024\/03\/IMG-20240306-WA0000.jpg\",\"contentUrl\":\"\/wp-content\/uploads\/2024\/03\/IMG-20240306-WA0000.jpg\",\"width\":1600,\"height\":1200},{\"@type\":\"BreadcrumbList\",\"@id\":\"https:\/\/www.laescueladelagua.com\/programa\/programas\/executive-education\/generacion-de-energia-a-partir-de-residuos\/#breadcrumb\",\"itemListElement\":[{\"@type\":\"ListItem\",\"position\":1,\"name\":\"Home\",\"item\":\"https:\/\/wapwebedapro01.azurewebsites.net\/\"},{\"@type\":\"ListItem\",\"position\":2,\"name\":\"Todos los programas\",\"item\":\"https:\/\/www.laescueladelagua.com\/todos-los-programas\/\"},{\"@type\":\"ListItem\",\"position\":3,\"name\":\"Generaci\u00f3n de energ\u00eda a partir de residuos y aguas residuales\"}]},{\"@type\":\"WebSite\",\"@id\":\"https:\/\/wapwebedapro01.azurewebsites.net\/#website\",\"url\":\"https:\/\/wapwebedapro01.azurewebsites.net\/\",\"name\":\"Escuela del agua\",\"description\":\"\",\"publisher\":{\"@id\":\"https:\/\/wapwebedapro01.azurewebsites.net\/#organization\"},\"potentialAction\":[{\"@type\":\"SearchAction\",\"target\":{\"@type\":\"EntryPoint\",\"urlTemplate\":\"https:\/\/wapwebedapro01.azurewebsites.net\/?s={search_term_string}\"},\"query-input\":{\"@type\":\"PropertyValueSpecification\",\"valueRequired\":true,\"valueName\":\"search_term_string\"}}],\"inLanguage\":\"ca\"},{\"@type\":\"Organization\",\"@id\":\"https:\/\/wapwebedapro01.azurewebsites.net\/#organization\",\"name\":\"Escuela del agua\",\"url\":\"https:\/\/wapwebedapro01.azurewebsites.net\/\",\"logo\":{\"@type\":\"ImageObject\",\"inLanguage\":\"ca\",\"@id\":\"https:\/\/wapwebedapro01.azurewebsites.net\/#\/schema\/logo\/image\/\",\"url\":\"\/wp-content\/uploads\/2023\/08\/logo_EscueladelAgua_mod.1.1_150px.png\",\"contentUrl\":\"\/wp-content\/uploads\/2023\/08\/logo_EscueladelAgua_mod.1.1_150px.png\",\"width\":150,\"height\":90,\"caption\":\"Escuela del agua\"},\"image\":{\"@id\":\"https:\/\/wapwebedapro01.azurewebsites.net\/#\/schema\/logo\/image\/\"}}]}<\/script>\r\n<!-- \/ Yoast SEO plugin. -->","yoast_head_json":{"title":"Generaci\u00f3n de energ\u00eda a partir de residuos y aguas residuales - Escuela del agua","robots":{"index":"index","follow":"follow","max-snippet":"max-snippet:-1","max-image-preview":"max-image-preview:large","max-video-preview":"max-video-preview:-1"},"canonical":"https:\/\/www.laescueladelagua.com\/ca\/programa\/programas\/executive-education\/generacion-de-energia-a-partir-de-residuos\/","og_locale":"ca_ES","og_type":"article","og_title":"Generaci\u00f3n de energ\u00eda a partir de residuos y aguas residuales - Escuela del agua","og_url":"https:\/\/www.laescueladelagua.com\/ca\/programa\/programas\/executive-education\/generacion-de-energia-a-partir-de-residuos\/","og_site_name":"Escuela del agua","article_modified_time":"2025-06-03T10:56:39+00:00","og_image":[{"width":1600,"height":1200,"url":"https:\/\/www.laescueladelagua.com\/wp-content\/uploads\/2024\/03\/IMG-20240306-WA0000.jpg","type":"image\/jpeg"}],"twitter_card":"summary_large_image","twitter_misc":{"Temps estimat de lectura":"1 minut"},"schema":{"@context":"https:\/\/schema.org","@graph":[{"@type":"WebPage","@id":"https:\/\/www.laescueladelagua.com\/programa\/programas\/executive-education\/generacion-de-energia-a-partir-de-residuos\/","url":"https:\/\/www.laescueladelagua.com\/programa\/programas\/executive-education\/generacion-de-energia-a-partir-de-residuos\/","name":"Generaci\u00f3n de energ\u00eda a partir de residuos y aguas residuales - Escuela del agua","isPartOf":{"@id":"https:\/\/wapwebedapro01.azurewebsites.net\/#website"},"primaryImageOfPage":{"@id":"https:\/\/www.laescueladelagua.com\/programa\/programas\/executive-education\/generacion-de-energia-a-partir-de-residuos\/#primaryimage"},"image":{"@id":"https:\/\/www.laescueladelagua.com\/programa\/programas\/executive-education\/generacion-de-energia-a-partir-de-residuos\/#primaryimage"},"thumbnailUrl":"\/wp-content\/uploads\/2024\/03\/IMG-20240306-WA0000.jpg","datePublished":"2024-03-08T10:17:24+00:00","dateModified":"2025-06-03T10:56:39+00:00","breadcrumb":{"@id":"https:\/\/www.laescueladelagua.com\/programa\/programas\/executive-education\/generacion-de-energia-a-partir-de-residuos\/#breadcrumb"},"inLanguage":"ca","potentialAction":[{"@type":"ReadAction","target":["https:\/\/www.laescueladelagua.com\/programa\/programas\/executive-education\/generacion-de-energia-a-partir-de-residuos\/"]}]},{"@type":"ImageObject","inLanguage":"ca","@id":"https:\/\/www.laescueladelagua.com\/programa\/programas\/executive-education\/generacion-de-energia-a-partir-de-residuos\/#primaryimage","url":"\/wp-content\/uploads\/2024\/03\/IMG-20240306-WA0000.jpg","contentUrl":"\/wp-content\/uploads\/2024\/03\/IMG-20240306-WA0000.jpg","width":1600,"height":1200},{"@type":"BreadcrumbList","@id":"https:\/\/www.laescueladelagua.com\/programa\/programas\/executive-education\/generacion-de-energia-a-partir-de-residuos\/#breadcrumb","itemListElement":[{"@type":"ListItem","position":1,"name":"Home","item":"https:\/\/wapwebedapro01.azurewebsites.net\/"},{"@type":"ListItem","position":2,"name":"Todos los programas","item":"https:\/\/www.laescueladelagua.com\/todos-los-programas\/"},{"@type":"ListItem","position":3,"name":"Generaci\u00f3n de energ\u00eda a partir de residuos y aguas residuales"}]},{"@type":"WebSite","@id":"https:\/\/wapwebedapro01.azurewebsites.net\/#website","url":"https:\/\/wapwebedapro01.azurewebsites.net\/","name":"Escuela del agua","description":"","publisher":{"@id":"https:\/\/wapwebedapro01.azurewebsites.net\/#organization"},"potentialAction":[{"@type":"SearchAction","target":{"@type":"EntryPoint","urlTemplate":"https:\/\/wapwebedapro01.azurewebsites.net\/?s={search_term_string}"},"query-input":{"@type":"PropertyValueSpecification","valueRequired":true,"valueName":"search_term_string"}}],"inLanguage":"ca"},{"@type":"Organization","@id":"https:\/\/wapwebedapro01.azurewebsites.net\/#organization","name":"Escuela del agua","url":"https:\/\/wapwebedapro01.azurewebsites.net\/","logo":{"@type":"ImageObject","inLanguage":"ca","@id":"https:\/\/wapwebedapro01.azurewebsites.net\/#\/schema\/logo\/image\/","url":"\/wp-content\/uploads\/2023\/08\/logo_EscueladelAgua_mod.1.1_150px.png","contentUrl":"\/wp-content\/uploads\/2023\/08\/logo_EscueladelAgua_mod.1.1_150px.png","width":150,"height":90,"caption":"Escuela del agua"},"image":{"@id":"https:\/\/wapwebedapro01.azurewebsites.net\/#\/schema\/logo\/image\/"}}]}},"meta_box":{"datos-curso-code":"Gener_energ_a_partir_residuos_aguas_resil_2024","datos-curso-register":"no","datos-curso-methodology":"Semipresencial","datos-curso-profile":["T\u00e9cnico"],"datos-curso-mode":[],"datos-curso-public":[],"datos-curso-date":"Pr\u00f3ximamente","datos-curso-pdf":[],"datos-curso-logo":[],"related-link":[2674,2688],"tab-presentacion-active":"yes","tab-presentacion-tab-name":"Presentaci\u00f3n","tab-presentacion-intro":"<p>La Escuela del Agua c\u00f3mo participante en el proyecto <a href=\"https:\/\/3-loe.eu\/\">3LoE<\/a>, ha organizado el curso \"<span style=\"font-weight: 400\">Generaci\u00f3n de energ\u00eda a partir de de residuos y aguas residuales<\/span>\" de 80 horas de <b>autoaprendizaje,<\/b><span style=\"font-weight: 400\"> mediante realizaci\u00f3n de ejercicios de aplicaci\u00f3n de los conocimientos te\u00f3ricos adquiridos en los m\u00f3dulos sumando <strong>una sesi\u00f3n presencial de un d\u00eda en Madrid.<\/strong><\/span><\/p>\n<p><span style=\"font-weight: 400\">El objetivo principal de este programa es adquirir conocimientos sobre los aspectos generales en generaci\u00f3n, infraestructuras y uso de la energ\u00eda en la Uni\u00f3n Europea. Aprender\u00e1s las nuevas tecnolog\u00edas de tratamiento de aguas residuales y residuos, y su valorizaci\u00f3n energ\u00e9tica.<\/span><\/p>\n<p><span style=\"font-weight: 400\">Conocer\u00e1s la legislaci\u00f3n y normativa nacional y europea en el \u00e1mbito de la gesti\u00f3n de residuos y del tratamiento de las aguas residuales para promover la eficiencia energ\u00e9tica en la empresa, contribuyendo a la mejora del desarrollo medioambiental y la econom\u00eda circular.<\/span><\/p>\n<p><img class=\"alignnone wp-image-1326\" src=\"\/wp-content\/uploads\/2023\/07\/3loe-e1690443128219-300x216.jpg\" alt=\"\" width=\"188\" height=\"135\" \/><img class=\"alignnone size-medium wp-image-2704\" src=\"\/wp-content\/uploads\/2024\/03\/Erasmus-logo-300x86.jpg\" alt=\"\" width=\"300\" height=\"86\" \/><\/p>\n","tab-presentacion-first-block-active":"yes","tab-presentacion-first-block-title":"DIRIGIDO A:","tab-presentacion-first-block-intro":"<ul>\n<li><span style=\"font-weight: 400\">Directivos y t\u00e9cnicos de peque\u00f1as y medianas empresas de cualquier \u00e1mbito<\/span><\/li>\n<li><span style=\"font-weight: 400\">Profesionales del sector y consultores en el campo de la energ\u00eda<\/span><\/li>\n<li><span style=\"font-weight: 400\">Alumnos interesados en adquirir o ampliar conocimientos en el \u00e1mbito de la generaci\u00f3n de energ\u00eda verde.<\/span><\/li>\n<\/ul>\n","tab-presentacion-first-block-list":[],"tab-presentacion-second-block-active":"yes","tab-presentacion-second-block-title":"ADQUISICI\u00d3N DE COMPETENCIAS:","tab-presentacion-second-block-intro":"<p><span style=\"font-weight: 400\">Con la realizaci\u00f3n del curso, obtendr\u00e1s las competencias siguientes:<\/span><\/p>\n<ul>\n<li style=\"font-weight: 400\"><span style=\"font-weight: 400\">Competencias en consultor\u00eda y c\u00e1lculo de producci\u00f3n de energ\u00eda a partir de aguas residuales y residuos, y posibles usos de la energ\u00eda producida<\/span><\/li>\n<li style=\"font-weight: 400\"><span style=\"font-weight: 400\">Conocimiento de los requisitos medioambientales a nivel nacional e internacional<\/span><\/li>\n<li style=\"font-weight: 400\"><span style=\"font-weight: 400\">Capacidad de an\u00e1lisis del potencial de generaci\u00f3n de energ\u00eda de una empresa<\/span><\/li>\n<li style=\"font-weight: 400\"><span style=\"font-weight: 400\">Conciencia de la importancia de la generaci\u00f3n de energ\u00eda sostenible y su relevancia para el cambio clim\u00e1tico antropog\u00e9nico<\/span><\/li>\n<li style=\"font-weight: 400\"><span style=\"font-weight: 400\">Visi\u00f3n de la oportunidad de generaci\u00f3n de energ\u00eda sostenible en las peque\u00f1as y medianas empresas<\/span><\/li>\n<li style=\"font-weight: 400\"><span style=\"font-weight: 400\">Conocimiento del sector, tendencias actuales y futuras. Habilidades comunicativas en el \u00e1mbito medioambiental<\/span><\/li>\n<li style=\"font-weight: 400\"><span style=\"font-weight: 400\">Capacidad para investigar y ampliar conocimientos en el campo de la generaci\u00f3n de energ\u00eda verde<\/span><\/li>\n<li style=\"font-weight: 400\"><span style=\"font-weight: 400\">Adquisici\u00f3n de habilidades para dise\u00f1ar soluciones y m\u00e9todos t\u00e9cnicos de trabajo relacionados con la generaci\u00f3n de energ\u00eda sostenible<\/span><\/li>\n<li style=\"font-weight: 400\"><span style=\"font-weight: 400\">Capacidad de interpretar los requisitos medioambientales y convertirlos en acciones para su implementaci\u00f3n<\/span><\/li>\n<li style=\"font-weight: 400\"><span style=\"font-weight: 400\">Conocimiento de los principios fundamentales de la producci\u00f3n de energ\u00eda orientada a reducir los gases de efecto invernadero en el contexto del cambio clim\u00e1tico antropog\u00e9nico<\/span><\/li>\n<li style=\"font-weight: 400\"><span style=\"font-weight: 400\">Comprensi\u00f3n de los conceptos fundamentales de la gesti\u00f3n energ\u00e9tica nacional e internacional en materia de aguas residuales y residuos\u00a0\u00a0<\/span><\/li>\n<\/ul>\n","tab-presentacion-second-block-list":[],"tab-presentacion-third-block-active":"no","tab-presentacion-third-block-title":"","tab-presentacion-third-block-text":"","tab-presentacion-third-block-list":[],"tab-presentacion-third-block-media":"empty","tab-presentacion-third-block-image":[],"tab-presentacion-third-block-video":"","tab-programa-active":"yes","tab-programa-tab-name":"Programa","tab-programa-intro-1":"","tab-programa-content":[],"tab-programa-intro-2":"<p>El programa est\u00e1 dise\u00f1ado para que sea mayoritariamente online, mediante la resoluci\u00f3n de retos. Contempla una jornada presencial durante las \u00faltimas semanas en Madrid.<\/p>\n<p><strong>Jornada presencial:<\/strong><\/p>\n<p><strong>Dia:<\/strong> Mi\u00e9rcoles 29 de Mayo de 2024<br \/>\n<strong>Horario:<\/strong>\u00a09.00 - 17:30h. Pausa caf\u00e9 y comida incluidas<br \/>\n<strong>Lugar:<\/strong> Veolia Madrid<br \/>\nCalle Santa Leonor, 39 - 28037 Madrid<\/p>\n","tab-programa-first-block-active":"yes","tab-programa-first-block-title":"","tab-programa-first-block-content":[{"dropdown":[{"title":"M\u00f3dulo I: Introducci\u00f3n a la generaci\u00f3n de energ\u00eda","text":"<ul>\r\n \t<li style=\"font-weight: 400;\" aria-level=\"1\"><span style=\"font-weight: 400;\">Introducci\u00f3n a la generaci\u00f3n de energ\u00eda<\/span><\/li>\r\n \t<li style=\"font-weight: 400;\" aria-level=\"1\"><span style=\"font-weight: 400;\">Tipolog\u00eda de energ\u00edas seg\u00fan las fuentes que las genera<\/span><\/li>\r\n \t<li style=\"font-weight: 400;\" aria-level=\"1\"><span style=\"font-weight: 400;\">Energ\u00edas f\u00f3siles frente a renovables<\/span><\/li>\r\n \t<li style=\"font-weight: 400;\" aria-level=\"1\"><span style=\"font-weight: 400;\">Infraestructura energ\u00e9tica en la Uni\u00f3n Europea<\/span><\/li>\r\n \t<li style=\"font-weight: 400;\" aria-level=\"1\"><span style=\"font-weight: 400;\">Estrategia energ\u00e9tica en la Uni\u00f3n Europea: pol\u00edticas, objetivos, acciones y normativas<\/span><\/li>\r\n<\/ul>"},{"title":"M\u00f3dulo II: Conceptos b\u00e1sicos sobre agua residual y residuos","text":"<ul>\r\n \t<li style=\"font-weight: 400;\" aria-level=\"1\"><span style=\"font-weight: 400;\">Normativas y legislaci\u00f3n europea y nacional en materia de gesti\u00f3n de residuos\u00a0<\/span><\/li>\r\n \t<li style=\"font-weight: 400;\" aria-level=\"1\"><span style=\"font-weight: 400;\">Tipolog\u00edas de residuos: municipales, biosanitarios y peligrosos\u00a0<\/span><\/li>\r\n \t<li style=\"font-weight: 400;\" aria-level=\"1\"><span style=\"font-weight: 400;\">Tratamiento Mec\u00e1nico (procesos\/tecnolog\u00edas)\u00a0<\/span><\/li>\r\n \t<li style=\"font-weight: 400;\" aria-level=\"1\"><span style=\"font-weight: 400;\">Tratamiento Biol\u00f3gico (procesos\/tecnolog\u00edas)\u00a0<\/span><\/li>\r\n \t<li style=\"font-weight: 400;\" aria-level=\"1\"><span style=\"font-weight: 400;\">Tratamiento T\u00e9rmico (procesos\/tecnolog\u00edas)\u00a0<\/span><\/li>\r\n \t<li style=\"font-weight: 400;\" aria-level=\"1\"><span style=\"font-weight: 400;\">Dep\u00f3sito en vertedero\u00a0<\/span><\/li>\r\n \t<li style=\"font-weight: 400;\" aria-level=\"1\"><span style=\"font-weight: 400;\">Tratamiento de residuos biosanitarios\u00a0<\/span><\/li>\r\n \t<li style=\"font-weight: 400;\" aria-level=\"1\"><span style=\"font-weight: 400;\">Tratamientos frecuentes de residuos peligrosos<\/span><\/li>\r\n<\/ul>"},{"title":"M\u00f3dulo III: Generaci\u00f3n de energ\u00eda a partir de aguas residuales y residuo","text":"<ul>\r\n \t<li style=\"font-weight: 400;\" aria-level=\"1\"><span style=\"font-weight: 400;\">Directiva europea relativa al uso de energ\u00eda procedente de fuentes renovables.<\/span><\/li>\r\n \t<li style=\"font-weight: 400;\" aria-level=\"1\"><span style=\"font-weight: 400;\">Tipos de tecnolog\u00edas de valorizaci\u00f3n energ\u00e9tica de los residuos y de las aguas residuales.<\/span><\/li>\r\n \t<li style=\"font-weight: 400;\" aria-level=\"1\"><span style=\"font-weight: 400;\">Tecnolog\u00edas de tratamiento t\u00e9rmico.<\/span><\/li>\r\n \t<li style=\"font-weight: 400;\" aria-level=\"1\"><span style=\"font-weight: 400;\">Tecnolog\u00edas de digesti\u00f3n anaer\u00f3bica.<\/span><\/li>\r\n \t<li style=\"font-weight: 400;\" aria-level=\"1\"><span style=\"font-weight: 400;\">Valorizaci\u00f3n energ\u00e9tica de los residuos mediante utilizaci\u00f3n como combustible alternativo en instalaciones t\u00e9rmicas.<\/span><\/li>\r\n \t<li style=\"font-weight: 400;\" aria-level=\"1\"><span style=\"font-weight: 400;\">Tecnolog\u00edas de cogeneraci\u00f3n.<\/span><\/li>\r\n \t<li style=\"font-weight: 400;\" aria-level=\"1\"><span style=\"font-weight: 400;\">Biog\u00e1s. Normativa. Tecnolog\u00edas de generaci\u00f3n.<\/span><\/li>\r\n \t<li style=\"font-weight: 400;\" aria-level=\"1\"><span style=\"font-weight: 400;\">El biogas en el PNIEC<\/span><\/li>\r\n \t<li style=\"font-weight: 400;\" aria-level=\"1\"><span style=\"font-weight: 400;\">Upgrading de biogas<\/span><\/li>\r\n \t<li style=\"font-weight: 400;\" aria-level=\"1\"><span style=\"font-weight: 400;\">Potencial de la valorizaci\u00f3n energ\u00e9tica de los residuos a nivel nacional.<\/span><\/li>\r\n<\/ul>"}]}],"tab-programa-second-block-active":"no","tab-programa-second-block-title":"","tab-programa-second-block-text":"","tab-programa-second-block-list":[],"tab-programa-second-block-media":"image","tab-programa-second-block-image":[],"tab-programa-second-block-video":"","tab-equipo-docente-active":"yes","tab-equipo-docente-tab-name":"Equipo docente","tab-equipo-docente-intro":"","tab-equipo-docente-first-block-active":"yes","tab-equipo-docente-first-block-title":"EXPERTOS EN LA MATERIA","tab-equipo-docente-first-block-team":[{"name":"\u00c1lvaro Dorao","text":"<div>Ingeniero de Minas por la UPM en la especialidad de Energ\u00eda y combustibles. PDD por la EOI.<\/div>\r\n<div>22 a\u00f1os de experiencia en el sector medioambiental y especializado en la gesti\u00f3n de\u00a0residuos.<\/div>\r\n<div>Siempre vinculado al sector privado en empresas como SACYR y Ferrovial y desarrollando proyectos tanto a nivel nacional como internacional.<\/div>\r\n<div>Actualmente en Veolia como Director de Desarrollo de Residuos Municipales.<\/div>","image":["2786"]},{"name":"Beatriz Castillo","text":"<p style=\"font-weight: 400;\"><em>Licenciada en Ciencias Ambientales por la Universidad Aut\u00f3noma de Madrid, M\u00e1ster en ingenier\u00eda y gesti\u00f3n medioambiental por la EOI y PGD por IE. Cuenta con 24 a\u00f1os de experiencia en el sector ambiental.\u00a0<\/em><\/p>\r\n<p style=\"font-weight: 400;\"><em>Fue adjunta\u00a0a la Direcci\u00f3n del Centro de Competencia Ambiental de Ferrovial Servicios, que agrupaba la ingenier\u00eda, I+D y desarrollo de soluciones para la gesti\u00f3n de residuos municipales, comerciales e industriales.<\/em><\/p>\r\n<p style=\"font-weight: 400;\"><em>Ocup\u00f3 despu\u00e9s el cargo de Directora General de Sostenibilidad y Cambio Clim\u00e1tico de la Consejer\u00eda de Medio Ambiente de la Comunidad de Madrid. Actualmente es Adjunta a la Direcci\u00f3n de Desarrollo de Residuos de Veolia Espa\u00f1a.<\/em><\/p>\r\n<p style=\"font-weight: 400;\"><em>Entre otras actividades docentes y formativas, es profesora en distintos Programas de Gesti\u00f3n de Residuos. Participa adem\u00e1s habitualmente como ponente en congresos, seminarios y jornadas, y representa a su empresa en distintas Asociaciones nacionales y europeas sectoriales en materia de gesti\u00f3n de residuos y econom\u00eda circular.<\/em><\/p>"},{"name":"Antonio Ponce","text":"Profesional de los \u00e1mbitos industrial y de la gesti\u00f3n y remediaci\u00f3n ambiental. Profundos conocimientos del mercado nacional, de procedimientos de actuaci\u00f3n en empresas industriales y de servicios, as\u00ed como de los requisitos legales aplicables. Responsable de diversos proyectos de puesta en marcha de instalaciones de tratamiento de residuos y de remediaci\u00f3n ambiental. Ponente en numerosos foros y actividades formativas sobre estas materias.","image":["2787"]}],"tab-equipo-docente-second-block-active":"no","tab-equipo-docente-second-block-title":"","tab-equipo-docente-second-block-text":"","tab-equipo-docente-second-block-list":[],"tab-equipo-docente-second-block-media":"image","tab-equipo-docente-second-block-image":[],"tab-equipo-docente-second-block-video":"","tab-admision-active":"yes","tab-admision-tab-name":"Admisi\u00f3n y datos b\u00e1sicos","tab-admision-first-block-active":"yes","tab-admision-first-block-title":"","tab-admision-first-block-info":[{"data":"inicio","text":"Pr\u00f3ximamente "},{"data":"duracion","text":"80 horas"},{"data":"idioma","text":"Espa\u00f1ol"},{"data":"importe","text":"Gratuito"},{"data":"metodologia","text":"Sempresencial"},{"data":"lugar","text":"Madrid - Sede Veolia: Calle Santa Leonor, 39 - 28037 Madrid"},{"data":"cierre","text":"Jornada presencial en Madrid el Mi\u00e9rcoles 29 de Mayo"}],"tab-admision-first-block-additional-info":[],"tab-admision-second-block-active":"no","tab-custom-active":"no","tab-custom-tab-name":"Presentaci\u00f3n","tab-custom-intro":"","tab-custom-first-block-active":"yes","tab-custom-first-block-title":"","tab-custom-first-block-intro":"","tab-custom-first-block-list":[],"tab-custom-second-block-active":"yes","tab-custom-second-block-title":"","tab-custom-second-block-intro":"","tab-custom-second-block-list":[],"tab-custom-third-block-active":"yes","tab-custom-third-block-title":"","tab-custom-third-block-text":"","tab-custom-third-block-list":[],"tab-custom-third-block-media":"empty","tab-custom-third-block-image":[],"tab-custom-third-block-video":"","tab-campus-online-active":"no","tab-campus-online-tab-name":"Campus Online","tab-ayudas-estudio-active":"no","tab-ayudas-estudio-tab-name":"Ayudas al estudio"},"_links":{"self":[{"href":"https:\/\/www.laescueladelagua.com\/ca\/wp-json\/wp\/v2\/product\/2683","targetHints":{"allow":["GET"]}}],"collection":[{"href":"https:\/\/www.laescueladelagua.com\/ca\/wp-json\/wp\/v2\/product"}],"about":[{"href":"https:\/\/www.laescueladelagua.com\/ca\/wp-json\/wp\/v2\/types\/product"}],"replies":[{"embeddable":true,"href":"https:\/\/www.laescueladelagua.com\/ca\/wp-json\/wp\/v2\/comments?post=2683"}],"version-history":[{"count":2,"href":"https:\/\/www.laescueladelagua.com\/ca\/wp-json\/wp\/v2\/product\/2683\/revisions"}],"predecessor-version":[{"id":2686,"href":"https:\/\/www.laescueladelagua.com\/ca\/wp-json\/wp\/v2\/product\/2683\/revisions\/2686"}],"wp:featuredmedia":[{"embeddable":true,"href":"https:\/\/www.laescueladelagua.com\/ca\/wp-json\/wp\/v2\/media\/2684"}],"wp:attachment":[{"href":"https:\/\/www.laescueladelagua.com\/ca\/wp-json\/wp\/v2\/media?parent=2683"}],"wp:term":[{"taxonomy":"product_cat","embeddable":true,"href":"https:\/\/www.laescueladelagua.com\/ca\/wp-json\/wp\/v2\/product_cat?post=2683"},{"taxonomy":"product_tag","embeddable":true,"href":"https:\/\/www.laescueladelagua.com\/ca\/wp-json\/wp\/v2\/product_tag?post=2683"}],"curies":[{"name":"wp","href":"https:\/\/api.w.org\/{rel}","templated":true}]}}