{"id":2744,"date":"2024-03-20T21:44:49","date_gmt":"2024-03-20T21:44:49","guid":{"rendered":"https:\/\/www.laescueladelagua.com\/?post_type=product&#038;p=2744"},"modified":"2025-06-03T10:52:57","modified_gmt":"2025-06-03T10:52:57","slug":"abordo-emergencia-climatica-impacto-ciclo-agua","status":"publish","type":"product","link":"https:\/\/www.laescueladelagua.com\/ca\/programa\/programas\/executive-education\/abordo-emergencia-climatica-impacto-ciclo-agua\/","title":{"rendered":"Abordant l&#039;Emerg\u00e8ncia Clim\u00e0tica i el seu Impacte al Cicle de l&#039;Aigua: Enfocaments Pr\u00e0ctics i Solucions Innovadores"},"content":{"rendered":"","protected":false},"excerpt":{"rendered":"","protected":false},"featured_media":2756,"comment_status":"open","ping_status":"closed","template":"","meta":[],"product_cat":[20,34],"product_tag":[79,84],"class_list":{"0":"post-2744","1":"product","2":"type-product","3":"status-publish","4":"has-post-thumbnail","6":"product_cat-executive-education","7":"product_cat-aquaseminar","8":"product_tag-gratuito","9":"product_tag-plazas-cerradas","11":"first","12":"instock","13":"shipping-taxable","14":"purchasable","15":"product-type-simple"},"yoast_head":"<!-- This site is optimized with the Yoast SEO plugin v24.5 - https:\/\/yoast.com\/wordpress\/plugins\/seo\/ -->\r\n<title>Abordando la Emergencia Clim\u00e1tica y su Impacto en el Ciclo del Agua: Enfoques Pr\u00e1cticos y Soluciones Innovadoras - Escuela del agua<\/title>\r\n<meta name=\"robots\" content=\"index, follow, max-snippet:-1, max-image-preview:large, max-video-preview:-1\" \/>\r\n<link rel=\"canonical\" href=\"https:\/\/www.laescueladelagua.com\/ca\/programa\/programas\/executive-education\/abordo-emergencia-climatica-impacto-ciclo-agua\/\" \/>\r\n<meta property=\"og:locale\" content=\"ca_ES\" \/>\r\n<meta property=\"og:type\" content=\"article\" \/>\r\n<meta property=\"og:title\" content=\"Abordando la Emergencia Clim\u00e1tica y su Impacto en el Ciclo del Agua: Enfoques Pr\u00e1cticos y Soluciones Innovadoras - Escuela del agua\" \/>\r\n<meta property=\"og:url\" content=\"https:\/\/www.laescueladelagua.com\/ca\/programa\/programas\/executive-education\/abordo-emergencia-climatica-impacto-ciclo-agua\/\" \/>\r\n<meta property=\"og:site_name\" content=\"Escuela del agua\" \/>\r\n<meta property=\"article:modified_time\" content=\"2025-06-03T10:52:57+00:00\" \/>\r\n<meta property=\"og:image\" content=\"https:\/\/www.laescueladelagua.com\/wp-content\/uploads\/2024\/03\/suez_296192.jpg\" \/>\r\n\t<meta property=\"og:image:width\" content=\"700\" \/>\r\n\t<meta property=\"og:image:height\" content=\"467\" \/>\r\n\t<meta property=\"og:image:type\" content=\"image\/jpeg\" \/>\r\n<meta name=\"twitter:card\" content=\"summary_large_image\" \/>\r\n<meta name=\"twitter:label1\" content=\"Temps estimat de lectura\" \/>\n\t<meta name=\"twitter:data1\" content=\"1 minut\" \/>\r\n<script type=\"application\/ld+json\" class=\"yoast-schema-graph\">{\"@context\":\"https:\/\/schema.org\",\"@graph\":[{\"@type\":\"WebPage\",\"@id\":\"https:\/\/www.laescueladelagua.com\/programa\/programas\/executive-education\/abordo-emergencia-climatica-impacto-ciclo-agua\/\",\"url\":\"https:\/\/www.laescueladelagua.com\/programa\/programas\/executive-education\/abordo-emergencia-climatica-impacto-ciclo-agua\/\",\"name\":\"Abordando la Emergencia Clim\u00e1tica y su Impacto en el Ciclo del Agua: Enfoques Pr\u00e1cticos y Soluciones Innovadoras - Escuela del agua\",\"isPartOf\":{\"@id\":\"https:\/\/wapwebedapro01.azurewebsites.net\/#website\"},\"primaryImageOfPage\":{\"@id\":\"https:\/\/www.laescueladelagua.com\/programa\/programas\/executive-education\/abordo-emergencia-climatica-impacto-ciclo-agua\/#primaryimage\"},\"image\":{\"@id\":\"https:\/\/www.laescueladelagua.com\/programa\/programas\/executive-education\/abordo-emergencia-climatica-impacto-ciclo-agua\/#primaryimage\"},\"thumbnailUrl\":\"\/wp-content\/uploads\/2024\/03\/suez_296192.jpg\",\"datePublished\":\"2024-03-20T21:44:49+00:00\",\"dateModified\":\"2025-06-03T10:52:57+00:00\",\"breadcrumb\":{\"@id\":\"https:\/\/www.laescueladelagua.com\/programa\/programas\/executive-education\/abordo-emergencia-climatica-impacto-ciclo-agua\/#breadcrumb\"},\"inLanguage\":\"ca\",\"potentialAction\":[{\"@type\":\"ReadAction\",\"target\":[\"https:\/\/www.laescueladelagua.com\/programa\/programas\/executive-education\/abordo-emergencia-climatica-impacto-ciclo-agua\/\"]}]},{\"@type\":\"ImageObject\",\"inLanguage\":\"ca\",\"@id\":\"https:\/\/www.laescueladelagua.com\/programa\/programas\/executive-education\/abordo-emergencia-climatica-impacto-ciclo-agua\/#primaryimage\",\"url\":\"\/wp-content\/uploads\/2024\/03\/suez_296192.jpg\",\"contentUrl\":\"\/wp-content\/uploads\/2024\/03\/suez_296192.jpg\",\"width\":700,\"height\":467,\"caption\":\"L\u2019iconographie de SUEZ vise \u00e0 mettre en valeur notre engagement : prot\u00e9ger et restaurer le capital naturel. L\u2019environnement sera sublim\u00e9 et sera le premier point de contact avec l\u2019univers visuel du Groupe. Cette iconographie devra \u00eatre notamment en page de couverture et d\u2019ouverture de tous nos m\u00e9dias (interne, externe, m\u00e9tiers). L\u2019humain, en mouvement ou en interaction avec la nature, a aussi sa place au c\u0153ur de l\u2019environnement et de l\u2019iconographie de SUEZ. Visuel .jpg aux dimensions web corporate Sitecore (2000 x 1125) disponible au t\u00e9l\u00e9chargement.\"},{\"@type\":\"BreadcrumbList\",\"@id\":\"https:\/\/www.laescueladelagua.com\/programa\/programas\/executive-education\/abordo-emergencia-climatica-impacto-ciclo-agua\/#breadcrumb\",\"itemListElement\":[{\"@type\":\"ListItem\",\"position\":1,\"name\":\"Home\",\"item\":\"https:\/\/wapwebedapro01.azurewebsites.net\/\"},{\"@type\":\"ListItem\",\"position\":2,\"name\":\"Todos los programas\",\"item\":\"https:\/\/www.laescueladelagua.com\/todos-los-programas\/\"},{\"@type\":\"ListItem\",\"position\":3,\"name\":\"Abordando la Emergencia Clim\u00e1tica y su Impacto en el Ciclo del Agua: Enfoques Pr\u00e1cticos y Soluciones Innovadoras\"}]},{\"@type\":\"WebSite\",\"@id\":\"https:\/\/wapwebedapro01.azurewebsites.net\/#website\",\"url\":\"https:\/\/wapwebedapro01.azurewebsites.net\/\",\"name\":\"Escuela del agua\",\"description\":\"\",\"publisher\":{\"@id\":\"https:\/\/wapwebedapro01.azurewebsites.net\/#organization\"},\"potentialAction\":[{\"@type\":\"SearchAction\",\"target\":{\"@type\":\"EntryPoint\",\"urlTemplate\":\"https:\/\/wapwebedapro01.azurewebsites.net\/?s={search_term_string}\"},\"query-input\":{\"@type\":\"PropertyValueSpecification\",\"valueRequired\":true,\"valueName\":\"search_term_string\"}}],\"inLanguage\":\"ca\"},{\"@type\":\"Organization\",\"@id\":\"https:\/\/wapwebedapro01.azurewebsites.net\/#organization\",\"name\":\"Escuela del agua\",\"url\":\"https:\/\/wapwebedapro01.azurewebsites.net\/\",\"logo\":{\"@type\":\"ImageObject\",\"inLanguage\":\"ca\",\"@id\":\"https:\/\/wapwebedapro01.azurewebsites.net\/#\/schema\/logo\/image\/\",\"url\":\"\/wp-content\/uploads\/2023\/08\/logo_EscueladelAgua_mod.1.1_150px.png\",\"contentUrl\":\"\/wp-content\/uploads\/2023\/08\/logo_EscueladelAgua_mod.1.1_150px.png\",\"width\":150,\"height\":90,\"caption\":\"Escuela del agua\"},\"image\":{\"@id\":\"https:\/\/wapwebedapro01.azurewebsites.net\/#\/schema\/logo\/image\/\"}}]}<\/script>\r\n<!-- \/ Yoast SEO plugin. -->","yoast_head_json":{"title":"Abordando la Emergencia Clim\u00e1tica y su Impacto en el Ciclo del Agua: Enfoques Pr\u00e1cticos y Soluciones Innovadoras - Escuela del agua","robots":{"index":"index","follow":"follow","max-snippet":"max-snippet:-1","max-image-preview":"max-image-preview:large","max-video-preview":"max-video-preview:-1"},"canonical":"https:\/\/www.laescueladelagua.com\/ca\/programa\/programas\/executive-education\/abordo-emergencia-climatica-impacto-ciclo-agua\/","og_locale":"ca_ES","og_type":"article","og_title":"Abordando la Emergencia Clim\u00e1tica y su Impacto en el Ciclo del Agua: Enfoques Pr\u00e1cticos y Soluciones Innovadoras - Escuela del agua","og_url":"https:\/\/www.laescueladelagua.com\/ca\/programa\/programas\/executive-education\/abordo-emergencia-climatica-impacto-ciclo-agua\/","og_site_name":"Escuela del agua","article_modified_time":"2025-06-03T10:52:57+00:00","og_image":[{"width":700,"height":467,"url":"https:\/\/www.laescueladelagua.com\/wp-content\/uploads\/2024\/03\/suez_296192.jpg","type":"image\/jpeg"}],"twitter_card":"summary_large_image","twitter_misc":{"Temps estimat de lectura":"1 minut"},"schema":{"@context":"https:\/\/schema.org","@graph":[{"@type":"WebPage","@id":"https:\/\/www.laescueladelagua.com\/programa\/programas\/executive-education\/abordo-emergencia-climatica-impacto-ciclo-agua\/","url":"https:\/\/www.laescueladelagua.com\/programa\/programas\/executive-education\/abordo-emergencia-climatica-impacto-ciclo-agua\/","name":"Abordando la Emergencia Clim\u00e1tica y su Impacto en el Ciclo del Agua: Enfoques Pr\u00e1cticos y Soluciones Innovadoras - Escuela del agua","isPartOf":{"@id":"https:\/\/wapwebedapro01.azurewebsites.net\/#website"},"primaryImageOfPage":{"@id":"https:\/\/www.laescueladelagua.com\/programa\/programas\/executive-education\/abordo-emergencia-climatica-impacto-ciclo-agua\/#primaryimage"},"image":{"@id":"https:\/\/www.laescueladelagua.com\/programa\/programas\/executive-education\/abordo-emergencia-climatica-impacto-ciclo-agua\/#primaryimage"},"thumbnailUrl":"\/wp-content\/uploads\/2024\/03\/suez_296192.jpg","datePublished":"2024-03-20T21:44:49+00:00","dateModified":"2025-06-03T10:52:57+00:00","breadcrumb":{"@id":"https:\/\/www.laescueladelagua.com\/programa\/programas\/executive-education\/abordo-emergencia-climatica-impacto-ciclo-agua\/#breadcrumb"},"inLanguage":"ca","potentialAction":[{"@type":"ReadAction","target":["https:\/\/www.laescueladelagua.com\/programa\/programas\/executive-education\/abordo-emergencia-climatica-impacto-ciclo-agua\/"]}]},{"@type":"ImageObject","inLanguage":"ca","@id":"https:\/\/www.laescueladelagua.com\/programa\/programas\/executive-education\/abordo-emergencia-climatica-impacto-ciclo-agua\/#primaryimage","url":"\/wp-content\/uploads\/2024\/03\/suez_296192.jpg","contentUrl":"\/wp-content\/uploads\/2024\/03\/suez_296192.jpg","width":700,"height":467,"caption":"L\u2019iconographie de SUEZ vise \u00e0 mettre en valeur notre engagement : prot\u00e9ger et restaurer le capital naturel. L\u2019environnement sera sublim\u00e9 et sera le premier point de contact avec l\u2019univers visuel du Groupe. Cette iconographie devra \u00eatre notamment en page de couverture et d\u2019ouverture de tous nos m\u00e9dias (interne, externe, m\u00e9tiers). L\u2019humain, en mouvement ou en interaction avec la nature, a aussi sa place au c\u0153ur de l\u2019environnement et de l\u2019iconographie de SUEZ. Visuel .jpg aux dimensions web corporate Sitecore (2000 x 1125) disponible au t\u00e9l\u00e9chargement."},{"@type":"BreadcrumbList","@id":"https:\/\/www.laescueladelagua.com\/programa\/programas\/executive-education\/abordo-emergencia-climatica-impacto-ciclo-agua\/#breadcrumb","itemListElement":[{"@type":"ListItem","position":1,"name":"Home","item":"https:\/\/wapwebedapro01.azurewebsites.net\/"},{"@type":"ListItem","position":2,"name":"Todos los programas","item":"https:\/\/www.laescueladelagua.com\/todos-los-programas\/"},{"@type":"ListItem","position":3,"name":"Abordando la Emergencia Clim\u00e1tica y su Impacto en el Ciclo del Agua: Enfoques Pr\u00e1cticos y Soluciones Innovadoras"}]},{"@type":"WebSite","@id":"https:\/\/wapwebedapro01.azurewebsites.net\/#website","url":"https:\/\/wapwebedapro01.azurewebsites.net\/","name":"Escuela del agua","description":"","publisher":{"@id":"https:\/\/wapwebedapro01.azurewebsites.net\/#organization"},"potentialAction":[{"@type":"SearchAction","target":{"@type":"EntryPoint","urlTemplate":"https:\/\/wapwebedapro01.azurewebsites.net\/?s={search_term_string}"},"query-input":{"@type":"PropertyValueSpecification","valueRequired":true,"valueName":"search_term_string"}}],"inLanguage":"ca"},{"@type":"Organization","@id":"https:\/\/wapwebedapro01.azurewebsites.net\/#organization","name":"Escuela del agua","url":"https:\/\/wapwebedapro01.azurewebsites.net\/","logo":{"@type":"ImageObject","inLanguage":"ca","@id":"https:\/\/wapwebedapro01.azurewebsites.net\/#\/schema\/logo\/image\/","url":"\/wp-content\/uploads\/2023\/08\/logo_EscueladelAgua_mod.1.1_150px.png","contentUrl":"\/wp-content\/uploads\/2023\/08\/logo_EscueladelAgua_mod.1.1_150px.png","width":150,"height":90,"caption":"Escuela del agua"},"image":{"@id":"https:\/\/wapwebedapro01.azurewebsites.net\/#\/schema\/logo\/image\/"}}]}},"meta_box":{"datos-curso-code":"Gener_energ_a_partir_residuos_aguas_resil_2024","datos-curso-register":"no","datos-curso-methodology":"Online","datos-curso-profile":["T\u00e9cnico"],"datos-curso-mode":[],"datos-curso-public":[],"datos-curso-date":"Pr\u00f3ximamente","datos-curso-pdf":[],"datos-curso-logo":[],"related-link":[2742,2741],"tab-presentacion-active":"yes","tab-presentacion-tab-name":"Presentaci\u00f3n","tab-presentacion-intro":"<p>La Escuela del Agua c\u00f3mo participante en el proyecto <a href=\"https:\/\/3-loe.eu\/\">3LoE<\/a>, ha organizado el curso \"<span style=\"font-weight: 400\">Abordando la Emergencia Clim\u00e1tica y su Impacto en el Ciclo del Agua: Enfoques Pr\u00e1cticos y Soluciones Innovadoras<\/span>\" de 75 horas de <b>autoaprendizaje online.<\/b><\/p>\n<p><span style=\"font-weight: 400\">El objetivo principal de este programa es c<\/span><span style=\"font-weight: 400\">omprender la interrelaci\u00f3n entre el agua y el desarrollo sostenible, incluyendo la importancia de la gesti\u00f3n sostenible de los recursos h\u00eddricos para alcanzar los objetivos de desarrollo a nivel local, regional y global.<\/span><\/p>\n<p><span style=\"font-weight: 400\">Desarrollar competencias para abordar la emergencia clim\u00e1tica y su impacto en el ciclo del agua, incluyendo la identificaci\u00f3n de riesgos, la implementaci\u00f3n de medidas de adaptaci\u00f3n y la promoci\u00f3n de pr\u00e1cticas de mitigaci\u00f3n que contribuyan a la resiliencia de los sistemas h\u00eddricos y la sostenibilidad ambiental.<\/span><\/p>\n<p><img class=\"alignnone wp-image-1326\" src=\"\/wp-content\/uploads\/2023\/07\/3loe-e1690443128219-300x216.jpg\" alt=\"\" width=\"188\" height=\"135\" \/><img class=\"alignnone size-medium wp-image-2704\" src=\"\/wp-content\/uploads\/2024\/03\/Erasmus-logo-300x86.jpg\" alt=\"\" width=\"300\" height=\"86\" \/><\/p>\n","tab-presentacion-first-block-active":"yes","tab-presentacion-first-block-title":"DIRIGIDO A:","tab-presentacion-first-block-intro":"<ul>\n<li style=\"font-weight: 400\"><span style=\"font-weight: 400\">Directivos y t\u00e9cnicos de peque\u00f1as y medianas empresas de cualquier \u00e1mbito<\/span><\/li>\n<li style=\"font-weight: 400\"><span style=\"font-weight: 400\">Profesionales del sector<\/span><\/li>\n<li style=\"font-weight: 400\"><span style=\"font-weight: 400\">Consultores<\/span><\/li>\n<li style=\"font-weight: 400\"><span style=\"font-weight: 400\">Estudiantes interesados en adquirir o ampliar conocimientos en el \u00e1mbito del suministro y ahorro de agua<\/span><\/li>\n<\/ul>\n","tab-presentacion-first-block-list":[],"tab-presentacion-second-block-active":"yes","tab-presentacion-second-block-title":"ADQUISICI\u00d3N DE COMPETENCIAS:","tab-presentacion-second-block-intro":"<p><span style=\"font-weight: 400\">Con la realizaci\u00f3n del curso, obtendr\u00e1s las competencias siguientes:<\/span><\/p>\n<ul>\n<li style=\"font-weight: 400\"><span style=\"font-weight: 400\">Ser capaz de definir el concepto de desarrollo sostenible, <\/span><span style=\"font-weight: 400\">de listar las principales categor\u00edas de impacto asociadas a los recursos h\u00eddricos, reconociendo su importancia y efectos en el entorno<\/span><\/li>\n<li style=\"font-weight: 400\"><span style=\"font-weight: 400\">Identificar la situaci\u00f3n pol\u00edtica, econ\u00f3mica y social actual de cada entorno, comprendiendo los efectos que puede tener sobre las empresas responsables de los servicios de agua .<\/span><\/li>\n<li style=\"font-weight: 400\"><span style=\"font-weight: 400\">Seleccionar tecnolog\u00edas y soluciones apropiadas para una gesti\u00f3n responsable de los recursos h\u00eddricos, aplic\u00e1ndolas considerando las condiciones espec\u00edficas del entorno y los requisitos de la red.<\/span><\/li>\n<li style=\"font-weight: 400\"><span style=\"font-weight: 400\">Ser capaz de aplicar la metodolog\u00eda de c\u00e1lculo de la huella h\u00eddrica en el ciclo integral del agua, evaluando y cuantificando el uso y la disponibilidad de agua asociados a actividades humanas.<\/span><\/li>\n<li style=\"font-weight: 400\"><span style=\"font-weight: 400\">Conocer las medidas correctivas y preventivas dirigidas a preservar los recursos h\u00eddricos, demostrando conocimiento de estrategias aplicables para conservar y proteger el agua y poder <\/span><span style=\"font-weight: 400\">asociar la importancia del di\u00e1logo con los grupos de inter\u00e9s vinculados al consumo y gesti\u00f3n de los recursos h\u00eddricos, reconociendo su papel en la toma de decisiones y la sostenibilidad.<\/span><\/li>\n<li style=\"font-weight: 400\"><span style=\"font-weight: 400\">Identificar oportunidades espec\u00edficas para que las empresas de gesti\u00f3n del agua desarrollen modelos de negocio que sean sostenibles ambientalmente, inclusivos socialmente y econ\u00f3micamente viables, demostrando habilidad en la identificaci\u00f3n de estrategias innovadoras.<\/span><\/li>\n<li style=\"font-weight: 400\"><span style=\"font-weight: 400\">Ser capaz de proponer una estrategia general desde la perspectiva de una empresa gestora del agua para contribuir a los Objetivos de Desarrollo Sostenible (ODS), mostrando habilidad en la planificaci\u00f3n estrat\u00e9gica y aplicaci\u00f3n de principios sostenibles e i<\/span><span style=\"font-weight: 400\">dentificar los principales efectos del cambio clim\u00e1tico en el ciclo del agua, incluyendo cambios en los patrones de precipitaci\u00f3n, aumento de eventos clim\u00e1ticos extremos y alteraciones en la disponibilidad y calidad del agua.<\/span><\/li>\n<li style=\"font-weight: 400\"><span style=\"font-weight: 400\">Analizar los riesgos y desaf\u00edos espec\u00edficos que la emergencia clim\u00e1tica plantea para la gesti\u00f3n de recursos h\u00eddricos, incluyendo la escasez de agua, la intrusi\u00f3n salina, la erosi\u00f3n del suelo y la p\u00e9rdida de biodiversidad acu\u00e1tica y a<\/span><span style=\"font-weight: 400\">dquirir conocimientos sobre estrategias y medidas de adaptaci\u00f3n al cambio clim\u00e1tico en el \u00e1mbito del ciclo del agua, incluyendo la gesti\u00f3n integrada de recursos h\u00eddricos, la infraestructura verde, la captaci\u00f3n y almacenamiento de agua de lluvia, y la reutilizaci\u00f3n de aguas residuales tratadas.<\/span><\/li>\n<\/ul>\n","tab-presentacion-second-block-list":[],"tab-presentacion-third-block-active":"no","tab-presentacion-third-block-title":"","tab-presentacion-third-block-text":"","tab-presentacion-third-block-list":[],"tab-presentacion-third-block-media":"empty","tab-presentacion-third-block-image":[],"tab-presentacion-third-block-video":"","tab-programa-active":"yes","tab-programa-tab-name":"Programa","tab-programa-intro-1":"","tab-programa-content":[],"tab-programa-intro-2":"<p><span style=\"font-weight: 400\">La metodolog\u00eda de adquisici\u00f3n de competencias est\u00e1 dise\u00f1ada en modalidad online.<\/span><\/p>\n","tab-programa-first-block-active":"yes","tab-programa-first-block-title":"","tab-programa-first-block-content":[{"dropdown":[{"title":"M\u00f3dulo I: \u00bfC\u00f3mo asimilo agua y desarrollo sostenible?","text":"<ul>\r\n \t<li style=\"font-weight: 400;\" aria-level=\"1\"><span style=\"font-weight: 400;\">Concepto DS<\/span><\/li>\r\n \t<li style=\"font-weight: 400;\" aria-level=\"1\"><span style=\"font-weight: 400;\">Agua y desarrollo sostenible<\/span><\/li>\r\n \t<li aria-level=\"1\"><span style=\"font-weight: 400;\">Soluciones y tecnolog\u00edas sostenibles<\/span><\/li>\r\n \t<li aria-level=\"1\"><span style=\"font-weight: 400;\">Agua y ciudad<\/span><\/li>\r\n \t<li aria-level=\"1\"><span style=\"font-weight: 400;\">Indicadores para la medici\u00f3n de una gesti\u00f3n responsable<\/span><\/li>\r\n<\/ul>"},{"title":"M\u00f3dulo II: \u00bfC\u00f3mo contribuyo a los ODS desde una gestora de agua?","text":"<ul>\r\n \t<li style=\"font-weight: 400;\" aria-level=\"1\"><span style=\"font-weight: 400;\">Los ODS: 17 objetivos para transformar el mundo<\/span><\/li>\r\n \t<li aria-level=\"1\"><span style=\"font-weight: 400;\">El agua: una palanca para la sostenibilidad y la innovaci\u00f3n<\/span><\/li>\r\n \t<li aria-level=\"1\"><span style=\"font-weight: 400;\">Los ocho desaf\u00edos para las gestoras del ciclo integral del agua<\/span><\/li>\r\n<\/ul>"},{"title":"M\u00f3dulo III: \u00bfC\u00f3mo abordar la emergencia clim\u00e1tica y el  impacto en el ciclo del agua?","text":"<ul>\r\n \t<li style=\"font-weight: 400;\" aria-level=\"1\"><span style=\"font-weight: 400;\">Emergencia clim\u00e1tica<\/span><\/li>\r\n \t<li aria-level=\"1\"><span style=\"font-weight: 400;\">Efectos en el ciclo del agua<\/span><\/li>\r\n \t<li aria-level=\"1\"><span style=\"font-weight: 400;\">Contexto legislativo y estrategias globales de cambio clim\u00e1tico<\/span><\/li>\r\n \t<li aria-level=\"1\"><span style=\"font-weight: 400;\">Mitigaci\u00f3n. C\u00e1lculo de Huella de carbono, est\u00e1ndares, emisiones en el ciclo del agua y estrategias de reducci\u00f3n.<\/span><\/li>\r\n \t<li aria-level=\"1\"><span style=\"font-weight: 400;\">Adaptaci\u00f3n al cambio clim\u00e1tico<\/span><\/li>\r\n \t<li aria-level=\"1\"><span style=\"font-weight: 400;\">Reporting clim\u00e1tico<\/span><\/li>\r\n \t<li aria-level=\"1\"><span style=\"font-weight: 400;\">Casos de referencias<\/span><\/li>\r\n<\/ul>"}]}],"tab-programa-second-block-active":"no","tab-programa-second-block-title":"","tab-programa-second-block-text":"","tab-programa-second-block-list":[],"tab-programa-second-block-media":"image","tab-programa-second-block-image":[],"tab-programa-second-block-video":"","tab-equipo-docente-active":"no","tab-equipo-docente-tab-name":"Equipo docente","tab-equipo-docente-intro":"","tab-equipo-docente-first-block-active":"yes","tab-equipo-docente-first-block-title":"EXPERTOS EN LA MATERIA","tab-equipo-docente-first-block-team":[{"name":"\u00c1lvaro Espeso","text":"Ingeniero T\u00e9cnico. <span style=\"font-weight: 400;\">Operacional performance<\/span>"},{"name":"Beatriz Castillo","text":"<span style=\"font-weight: 400;\">\u00a0Adjunta Direcci\u00f3n Residuos,\u00a0 Operation (Plant, Network...)<\/span>"},{"name":"Xema Gonz\u00e1lvez","text":"<span style=\"font-weight: 400;\">\u00a0Responsable de operaciones<\/span>"}],"tab-equipo-docente-second-block-active":"no","tab-equipo-docente-second-block-title":"","tab-equipo-docente-second-block-text":"","tab-equipo-docente-second-block-list":[],"tab-equipo-docente-second-block-media":"image","tab-equipo-docente-second-block-image":[],"tab-equipo-docente-second-block-video":"","tab-admision-active":"yes","tab-admision-tab-name":"Admisi\u00f3n y datos b\u00e1sicos","tab-admision-first-block-active":"yes","tab-admision-first-block-title":"","tab-admision-first-block-info":[{"data":"inicio","text":"Pr\u00f3ximamente "},{"data":"duracion","text":"75 horas"},{"data":"idioma","text":"Espa\u00f1ol"},{"data":"importe","text":"Gratuito"},{"data":"metodologia","text":"Online"}],"tab-admision-first-block-additional-info":[],"tab-admision-second-block-active":"no","tab-custom-active":"no","tab-custom-tab-name":"Presentaci\u00f3n","tab-custom-intro":"","tab-custom-first-block-active":"yes","tab-custom-first-block-title":"","tab-custom-first-block-intro":"","tab-custom-first-block-list":[],"tab-custom-second-block-active":"yes","tab-custom-second-block-title":"","tab-custom-second-block-intro":"","tab-custom-second-block-list":[],"tab-custom-third-block-active":"yes","tab-custom-third-block-title":"","tab-custom-third-block-text":"","tab-custom-third-block-list":[],"tab-custom-third-block-media":"empty","tab-custom-third-block-image":[],"tab-custom-third-block-video":"","tab-campus-online-active":"no","tab-campus-online-tab-name":"Campus Online","tab-ayudas-estudio-active":"no","tab-ayudas-estudio-tab-name":"Ayudas al estudio"},"_links":{"self":[{"href":"https:\/\/www.laescueladelagua.com\/ca\/wp-json\/wp\/v2\/product\/2744","targetHints":{"allow":["GET"]}}],"collection":[{"href":"https:\/\/www.laescueladelagua.com\/ca\/wp-json\/wp\/v2\/product"}],"about":[{"href":"https:\/\/www.laescueladelagua.com\/ca\/wp-json\/wp\/v2\/types\/product"}],"replies":[{"embeddable":true,"href":"https:\/\/www.laescueladelagua.com\/ca\/wp-json\/wp\/v2\/comments?post=2744"}],"version-history":[{"count":1,"href":"https:\/\/www.laescueladelagua.com\/ca\/wp-json\/wp\/v2\/product\/2744\/revisions"}],"predecessor-version":[{"id":2757,"href":"https:\/\/www.laescueladelagua.com\/ca\/wp-json\/wp\/v2\/product\/2744\/revisions\/2757"}],"wp:featuredmedia":[{"embeddable":true,"href":"https:\/\/www.laescueladelagua.com\/ca\/wp-json\/wp\/v2\/media\/2756"}],"wp:attachment":[{"href":"https:\/\/www.laescueladelagua.com\/ca\/wp-json\/wp\/v2\/media?parent=2744"}],"wp:term":[{"taxonomy":"product_cat","embeddable":true,"href":"https:\/\/www.laescueladelagua.com\/ca\/wp-json\/wp\/v2\/product_cat?post=2744"},{"taxonomy":"product_tag","embeddable":true,"href":"https:\/\/www.laescueladelagua.com\/ca\/wp-json\/wp\/v2\/product_tag?post=2744"}],"curies":[{"name":"wp","href":"https:\/\/api.w.org\/{rel}","templated":true}]}}