{"id":3759,"date":"2024-11-29T21:14:46","date_gmt":"2024-11-29T21:14:46","guid":{"rendered":"https:\/\/www.laescueladelagua.com\/?post_type=product&#038;p=3759"},"modified":"2025-06-26T08:35:19","modified_gmt":"2025-06-26T08:35:19","slug":"curso-de-especializacion-en-redes-y-resiliencia","status":"publish","type":"product","link":"https:\/\/www.laescueladelagua.com\/ca\/programa\/programas\/masters\/curso-especializacion\/curso-de-especializacion-en-redes-y-resiliencia\/","title":{"rendered":"Curso de  Especializaci\u00f3n en Redes y Resiliencia"},"content":{"rendered":"","protected":false},"excerpt":{"rendered":"","protected":false},"featured_media":2169,"comment_status":"open","ping_status":"closed","template":"","meta":[],"product_cat":[59],"product_tag":[],"class_list":{"0":"post-3759","1":"product","2":"type-product","3":"status-publish","4":"has-post-thumbnail","6":"product_cat-curso-especializacion","8":"first","9":"instock","10":"shipping-taxable","11":"purchasable","12":"product-type-simple"},"yoast_head":"<!-- This site is optimized with the Yoast SEO plugin v24.5 - https:\/\/yoast.com\/wordpress\/plugins\/seo\/ -->\r\n<title>Curso de Especializaci\u00f3n en Redes y Resiliencia - Escuela del agua<\/title>\r\n<meta name=\"description\" content=\"El Curso de Especializaci\u00f3n en Redes y Resiliencia , es un programa online con per\u00edodos de intensificaci\u00f3n presencial, con el desarrollo de una soluci\u00f3n a un reto de empresa y dise\u00f1ado y desarrollado por la Escuela del Agua.\" \/>\r\n<meta name=\"robots\" content=\"index, follow, max-snippet:-1, max-image-preview:large, max-video-preview:-1\" \/>\r\n<link rel=\"canonical\" href=\"https:\/\/www.laescueladelagua.com\/ca\/programa\/programas\/masters\/curso-especializacion\/curso-de-especializacion-en-redes-y-resiliencia\/\" \/>\r\n<meta property=\"og:locale\" content=\"ca_ES\" \/>\r\n<meta property=\"og:type\" content=\"article\" \/>\r\n<meta property=\"og:title\" content=\"Curso de Especializaci\u00f3n en Redes y Resiliencia - Escuela del agua\" \/>\r\n<meta property=\"og:description\" content=\"El Curso de Especializaci\u00f3n en Redes y Resiliencia , es un programa online con per\u00edodos de intensificaci\u00f3n presencial, con el desarrollo de una soluci\u00f3n a un reto de empresa y dise\u00f1ado y desarrollado por la Escuela del Agua.\" \/>\r\n<meta property=\"og:url\" content=\"https:\/\/www.laescueladelagua.com\/ca\/programa\/programas\/masters\/curso-especializacion\/curso-de-especializacion-en-redes-y-resiliencia\/\" \/>\r\n<meta property=\"og:site_name\" content=\"Escuela del agua\" \/>\r\n<meta property=\"article:modified_time\" content=\"2025-06-26T08:35:19+00:00\" \/>\r\n<meta property=\"og:image\" content=\"https:\/\/www.laescueladelagua.com\/wp-content\/uploads\/2023\/06\/Modulos-Posgrado_redes-distribucion-scaled-e1698071636765.jpg\" \/>\r\n\t<meta property=\"og:image:width\" content=\"800\" \/>\r\n\t<meta property=\"og:image:height\" content=\"630\" \/>\r\n\t<meta property=\"og:image:type\" content=\"image\/jpeg\" \/>\r\n<meta name=\"twitter:card\" content=\"summary_large_image\" \/>\r\n<meta name=\"twitter:label1\" content=\"Temps estimat de lectura\" \/>\n\t<meta name=\"twitter:data1\" content=\"1 minut\" \/>\r\n<script type=\"application\/ld+json\" class=\"yoast-schema-graph\">{\"@context\":\"https:\/\/schema.org\",\"@graph\":[{\"@type\":\"WebPage\",\"@id\":\"https:\/\/www.laescueladelagua.com\/en\/programa\/programas\/masters\/curso-especializacion\/curso-de-especializacion-en-redes-y-resiliencia\/\",\"url\":\"https:\/\/www.laescueladelagua.com\/en\/programa\/programas\/masters\/curso-especializacion\/curso-de-especializacion-en-redes-y-resiliencia\/\",\"name\":\"Curso de Especializaci\u00f3n en Redes y Resiliencia - Escuela del agua\",\"isPartOf\":{\"@id\":\"https:\/\/wapwebedapro01.azurewebsites.net\/#website\"},\"primaryImageOfPage\":{\"@id\":\"https:\/\/www.laescueladelagua.com\/en\/programa\/programas\/masters\/curso-especializacion\/curso-de-especializacion-en-redes-y-resiliencia\/#primaryimage\"},\"image\":{\"@id\":\"https:\/\/www.laescueladelagua.com\/en\/programa\/programas\/masters\/curso-especializacion\/curso-de-especializacion-en-redes-y-resiliencia\/#primaryimage\"},\"thumbnailUrl\":\"\/wp-content\/uploads\/2023\/06\/Modulos-Posgrado_redes-distribucion-scaled-e1698071636765.jpg\",\"datePublished\":\"2024-11-29T21:14:46+00:00\",\"dateModified\":\"2025-06-26T08:35:19+00:00\",\"description\":\"El Curso de Especializaci\u00f3n en Redes y Resiliencia , es un programa online con per\u00edodos de intensificaci\u00f3n presencial, con el desarrollo de una soluci\u00f3n a un reto de empresa y dise\u00f1ado y desarrollado por la Escuela del Agua.\",\"breadcrumb\":{\"@id\":\"https:\/\/www.laescueladelagua.com\/en\/programa\/programas\/masters\/curso-especializacion\/curso-de-especializacion-en-redes-y-resiliencia\/#breadcrumb\"},\"inLanguage\":\"ca\",\"potentialAction\":[{\"@type\":\"ReadAction\",\"target\":[\"https:\/\/www.laescueladelagua.com\/en\/programa\/programas\/masters\/curso-especializacion\/curso-de-especializacion-en-redes-y-resiliencia\/\"]}]},{\"@type\":\"ImageObject\",\"inLanguage\":\"ca\",\"@id\":\"https:\/\/www.laescueladelagua.com\/en\/programa\/programas\/masters\/curso-especializacion\/curso-de-especializacion-en-redes-y-resiliencia\/#primaryimage\",\"url\":\"\/wp-content\/uploads\/2023\/06\/Modulos-Posgrado_redes-distribucion-scaled-e1698071636765.jpg\",\"contentUrl\":\"\/wp-content\/uploads\/2023\/06\/Modulos-Posgrado_redes-distribucion-scaled-e1698071636765.jpg\",\"width\":800,\"height\":630},{\"@type\":\"BreadcrumbList\",\"@id\":\"https:\/\/www.laescueladelagua.com\/en\/programa\/programas\/masters\/curso-especializacion\/curso-de-especializacion-en-redes-y-resiliencia\/#breadcrumb\",\"itemListElement\":[{\"@type\":\"ListItem\",\"position\":1,\"name\":\"Home\",\"item\":\"https:\/\/wapwebedapro01.azurewebsites.net\/\"},{\"@type\":\"ListItem\",\"position\":2,\"name\":\"Todos los programas\",\"item\":\"https:\/\/www.laescueladelagua.com\/todos-los-programas\/\"},{\"@type\":\"ListItem\",\"position\":3,\"name\":\"Curso de Especializaci\u00f3n en Redes y Resiliencia\"}]},{\"@type\":\"WebSite\",\"@id\":\"https:\/\/wapwebedapro01.azurewebsites.net\/#website\",\"url\":\"https:\/\/wapwebedapro01.azurewebsites.net\/\",\"name\":\"Escuela del agua\",\"description\":\"\",\"publisher\":{\"@id\":\"https:\/\/wapwebedapro01.azurewebsites.net\/#organization\"},\"potentialAction\":[{\"@type\":\"SearchAction\",\"target\":{\"@type\":\"EntryPoint\",\"urlTemplate\":\"https:\/\/wapwebedapro01.azurewebsites.net\/?s={search_term_string}\"},\"query-input\":{\"@type\":\"PropertyValueSpecification\",\"valueRequired\":true,\"valueName\":\"search_term_string\"}}],\"inLanguage\":\"ca\"},{\"@type\":\"Organization\",\"@id\":\"https:\/\/wapwebedapro01.azurewebsites.net\/#organization\",\"name\":\"Escuela del agua\",\"url\":\"https:\/\/wapwebedapro01.azurewebsites.net\/\",\"logo\":{\"@type\":\"ImageObject\",\"inLanguage\":\"ca\",\"@id\":\"https:\/\/wapwebedapro01.azurewebsites.net\/#\/schema\/logo\/image\/\",\"url\":\"\/wp-content\/uploads\/2023\/08\/logo_EscueladelAgua_mod.1.1_150px.png\",\"contentUrl\":\"\/wp-content\/uploads\/2023\/08\/logo_EscueladelAgua_mod.1.1_150px.png\",\"width\":150,\"height\":90,\"caption\":\"Escuela del agua\"},\"image\":{\"@id\":\"https:\/\/wapwebedapro01.azurewebsites.net\/#\/schema\/logo\/image\/\"}}]}<\/script>\r\n<!-- \/ Yoast SEO plugin. -->","yoast_head_json":{"title":"Curso de Especializaci\u00f3n en Redes y Resiliencia - Escuela del agua","description":"El Curso de Especializaci\u00f3n en Redes y Resiliencia , es un programa online con per\u00edodos de intensificaci\u00f3n presencial, con el desarrollo de una soluci\u00f3n a un reto de empresa y dise\u00f1ado y desarrollado por la Escuela del Agua.","robots":{"index":"index","follow":"follow","max-snippet":"max-snippet:-1","max-image-preview":"max-image-preview:large","max-video-preview":"max-video-preview:-1"},"canonical":"https:\/\/www.laescueladelagua.com\/ca\/programa\/programas\/masters\/curso-especializacion\/curso-de-especializacion-en-redes-y-resiliencia\/","og_locale":"ca_ES","og_type":"article","og_title":"Curso de Especializaci\u00f3n en Redes y Resiliencia - Escuela del agua","og_description":"El Curso de Especializaci\u00f3n en Redes y Resiliencia , es un programa online con per\u00edodos de intensificaci\u00f3n presencial, con el desarrollo de una soluci\u00f3n a un reto de empresa y dise\u00f1ado y desarrollado por la Escuela del Agua.","og_url":"https:\/\/www.laescueladelagua.com\/ca\/programa\/programas\/masters\/curso-especializacion\/curso-de-especializacion-en-redes-y-resiliencia\/","og_site_name":"Escuela del agua","article_modified_time":"2025-06-26T08:35:19+00:00","og_image":[{"width":800,"height":630,"url":"https:\/\/www.laescueladelagua.com\/wp-content\/uploads\/2023\/06\/Modulos-Posgrado_redes-distribucion-scaled-e1698071636765.jpg","type":"image\/jpeg"}],"twitter_card":"summary_large_image","twitter_misc":{"Temps estimat de lectura":"1 minut"},"schema":{"@context":"https:\/\/schema.org","@graph":[{"@type":"WebPage","@id":"https:\/\/www.laescueladelagua.com\/en\/programa\/programas\/masters\/curso-especializacion\/curso-de-especializacion-en-redes-y-resiliencia\/","url":"https:\/\/www.laescueladelagua.com\/en\/programa\/programas\/masters\/curso-especializacion\/curso-de-especializacion-en-redes-y-resiliencia\/","name":"Curso de Especializaci\u00f3n en Redes y Resiliencia - Escuela del agua","isPartOf":{"@id":"https:\/\/wapwebedapro01.azurewebsites.net\/#website"},"primaryImageOfPage":{"@id":"https:\/\/www.laescueladelagua.com\/en\/programa\/programas\/masters\/curso-especializacion\/curso-de-especializacion-en-redes-y-resiliencia\/#primaryimage"},"image":{"@id":"https:\/\/www.laescueladelagua.com\/en\/programa\/programas\/masters\/curso-especializacion\/curso-de-especializacion-en-redes-y-resiliencia\/#primaryimage"},"thumbnailUrl":"\/wp-content\/uploads\/2023\/06\/Modulos-Posgrado_redes-distribucion-scaled-e1698071636765.jpg","datePublished":"2024-11-29T21:14:46+00:00","dateModified":"2025-06-26T08:35:19+00:00","description":"El Curso de Especializaci\u00f3n en Redes y Resiliencia , es un programa online con per\u00edodos de intensificaci\u00f3n presencial, con el desarrollo de una soluci\u00f3n a un reto de empresa y dise\u00f1ado y desarrollado por la Escuela del Agua.","breadcrumb":{"@id":"https:\/\/www.laescueladelagua.com\/en\/programa\/programas\/masters\/curso-especializacion\/curso-de-especializacion-en-redes-y-resiliencia\/#breadcrumb"},"inLanguage":"ca","potentialAction":[{"@type":"ReadAction","target":["https:\/\/www.laescueladelagua.com\/en\/programa\/programas\/masters\/curso-especializacion\/curso-de-especializacion-en-redes-y-resiliencia\/"]}]},{"@type":"ImageObject","inLanguage":"ca","@id":"https:\/\/www.laescueladelagua.com\/en\/programa\/programas\/masters\/curso-especializacion\/curso-de-especializacion-en-redes-y-resiliencia\/#primaryimage","url":"\/wp-content\/uploads\/2023\/06\/Modulos-Posgrado_redes-distribucion-scaled-e1698071636765.jpg","contentUrl":"\/wp-content\/uploads\/2023\/06\/Modulos-Posgrado_redes-distribucion-scaled-e1698071636765.jpg","width":800,"height":630},{"@type":"BreadcrumbList","@id":"https:\/\/www.laescueladelagua.com\/en\/programa\/programas\/masters\/curso-especializacion\/curso-de-especializacion-en-redes-y-resiliencia\/#breadcrumb","itemListElement":[{"@type":"ListItem","position":1,"name":"Home","item":"https:\/\/wapwebedapro01.azurewebsites.net\/"},{"@type":"ListItem","position":2,"name":"Todos los programas","item":"https:\/\/www.laescueladelagua.com\/todos-los-programas\/"},{"@type":"ListItem","position":3,"name":"Curso de Especializaci\u00f3n en Redes y Resiliencia"}]},{"@type":"WebSite","@id":"https:\/\/wapwebedapro01.azurewebsites.net\/#website","url":"https:\/\/wapwebedapro01.azurewebsites.net\/","name":"Escuela del agua","description":"","publisher":{"@id":"https:\/\/wapwebedapro01.azurewebsites.net\/#organization"},"potentialAction":[{"@type":"SearchAction","target":{"@type":"EntryPoint","urlTemplate":"https:\/\/wapwebedapro01.azurewebsites.net\/?s={search_term_string}"},"query-input":{"@type":"PropertyValueSpecification","valueRequired":true,"valueName":"search_term_string"}}],"inLanguage":"ca"},{"@type":"Organization","@id":"https:\/\/wapwebedapro01.azurewebsites.net\/#organization","name":"Escuela del agua","url":"https:\/\/wapwebedapro01.azurewebsites.net\/","logo":{"@type":"ImageObject","inLanguage":"ca","@id":"https:\/\/wapwebedapro01.azurewebsites.net\/#\/schema\/logo\/image\/","url":"\/wp-content\/uploads\/2023\/08\/logo_EscueladelAgua_mod.1.1_150px.png","contentUrl":"\/wp-content\/uploads\/2023\/08\/logo_EscueladelAgua_mod.1.1_150px.png","width":150,"height":90,"caption":"Escuela del agua"},"image":{"@id":"https:\/\/wapwebedapro01.azurewebsites.net\/#\/schema\/logo\/image\/"}}]}},"meta_box":{"datos-curso-code":"","datos-curso-register":"no","datos-curso-methodology":"Semipresencial","datos-curso-profile":["T\u00e9cnico"],"datos-curso-mode":[],"datos-curso-public":[],"datos-curso-date":"Pr\u00f3ximamente","datos-curso-pdf":[],"datos-curso-logo":[],"related-link":[3762,3746,3644],"tab-presentacion-active":"yes","tab-presentacion-tab-name":"Presentaci\u00f3n","tab-presentacion-intro":"<p>El Curso de Especializaci\u00f3n en Redes y Resiliencia , es un programa online con per\u00edodos de intensificaci\u00f3n presencial<\/p>\n<p>Se trata de un programa corporativo dise\u00f1ado para que los participantes adquieran las competencias necesarias para la gesti\u00f3n de las distintas actividades desarrolladas con el \u00e1rea de Redes y Resiliencia. Abarca desde la planificaci\u00f3n hidrol\u00f3gica hasta el dise\u00f1o, operaci\u00f3n y optimizaci\u00f3n de redes, incorporando tecnolog\u00edas innovadoras para garantizar la eficiencia y seguridad de suministro.<\/p>\n","tab-presentacion-first-block-active":"yes","tab-presentacion-first-block-title":"OBJETIVOS:","tab-presentacion-first-block-intro":"","tab-presentacion-first-block-list":["<p><span style=\"font-weight: 400\">Conocer las tendencias en el \u00e1mbito de la distribuci\u00f3n desde una <\/span><b>perspectiva t\u00e9cnica y empresarial<\/b><span style=\"font-weight: 400\">.<\/span><\/p>\n","<p><span style=\"font-weight: 400\">Enfrentarse a los <\/span><b>principales retos <\/b><span style=\"font-weight: 400\">en el<\/span><span style=\"font-weight: 400\">\u00a0dise\u00f1o, dimensionamiento, operaci\u00f3n, gesti\u00f3n y transformaci\u00f3n de las instalaciones de distribuci\u00f3n.<\/span><\/p>\n","<p><span style=\"font-weight: 400\">Desarrollar <\/span><b>competencias profesionales y personales <\/b><span style=\"font-weight: 400\">que permitan <\/span> <span style=\"font-weight: 400\">mejorar el desempe\u00f1o profesional en cuanto a trabajo en equipo, <\/span> <span style=\"font-weight: 400\">innovaci\u00f3n y de desarrollo del negocio.<\/span><\/p>\n"],"tab-presentacion-second-block-active":"yes","tab-presentacion-second-block-title":"Metodolog\u00eda","tab-presentacion-second-block-intro":"<p>El Curso Curso de Especializaci\u00f3n en Redes y Resiliencia te ofrece la m\u00e1xima flexibilidad para compatibilizarlo con tus responsabilidades profesionales y personales.<\/p>\n<p>La metodolog\u00eda semipresencial del programa combina sesiones en formato s\u00edncrono por videoconferencia, que podr\u00e1s seguir desde cualquier punto geogr\u00e1fico, con el desarrollo aut\u00f3nomo de contenidos online que trabajar\u00e1s de manera individual. El programa finaliza con el desarrollo de un proyecto final grupal.<\/p>\n","tab-presentacion-second-block-list":[],"tab-presentacion-third-block-active":"no","tab-presentacion-third-block-title":"","tab-presentacion-third-block-text":"","tab-presentacion-third-block-list":[],"tab-presentacion-third-block-media":"empty","tab-presentacion-third-block-image":[],"tab-presentacion-third-block-video":"","tab-programa-active":"yes","tab-programa-tab-name":"Contenidos","tab-programa-intro-1":"<p>El curso de especializaci\u00f3n en Redes y Resiliencia est\u00e1 compuesto por dos m\u00f3dulos:<\/p>\n","tab-programa-content":[],"tab-programa-intro-2":"","tab-programa-first-block-active":"yes","tab-programa-first-block-title":"Contenido","tab-programa-first-block-content":[{"dropdown":[{"title":"Recursos H\u00eddricos","text":"<ul>\r\n \t<li>\u00bfC\u00f3mo es la gesti\u00f3n del ciclo del agua?<\/li>\r\n \t<li>\u00bfC\u00f3mo es el marco regulador del ciclo urbano del agua?<\/li>\r\n \t<li>\u00bfC\u00f3mo gestiono los recursos h\u00eddricos?<\/li>\r\n \t<li>\u00bfC\u00f3mo realizo la planificaci\u00f3n hidrol\u00f3gica de una cuenca?<\/li>\r\n<\/ul>"},{"title":"Redes de distribuci\u00f3n","text":"<ul>\r\n \t<li>\u00bfC\u00f3mo pre-dise\u00f1o mi red de abastecimiento?<\/li>\r\n \t<li>\u00bfC\u00f3mo dimensiono los elementos de mi red de abastecimiento?<\/li>\r\n \t<li><span data-sheets-root=\"1\">\u00bfC\u00f3mo garantizo la seguridad de mi red de abastecimiento (Plan de Seguridad del Agua)?<\/span><\/li>\r\n \t<li><span data-sheets-root=\"1\">\u00bfC\u00f3mo opero mi red de abastecimiento?<\/span><\/li>\r\n \t<li><span data-sheets-root=\"1\">\u00bfC\u00f3mo optimizo la vida \u00fatil de los elementos de mi red?<\/span><\/li>\r\n \t<li><span data-sheets-root=\"1\">\u00bfC\u00f3mo garantizo la eficiencia de mi red de abastecimiento?<\/span><\/li>\r\n \t<li><span data-sheets-root=\"1\">\u00bfC\u00f3mo saco partido de las nuevas tecnolog\u00edas y gestiono la informaci\u00f3n de mi red?<\/span><\/li>\r\n<\/ul>"}]}],"tab-programa-second-block-active":"no","tab-programa-second-block-title":"\u00bfTE INTERESA EL PROGRAMA Y TIENES DUDAS?","tab-programa-second-block-text":"<p>TE INTERESA EL PROGRAMA Y TIENES DUDAS?<br \/>\nPonte en contacto con nosotros en el +34 932 479 735, escr\u00edbenos a admisiones@laescueladelagua.com o bien d\u00e9janos tu datos en el formulario de contacto y en breve nos pondremos en contacto contigo.<\/p>\n","tab-programa-second-block-list":[],"tab-programa-second-block-media":"image","tab-programa-second-block-image":[],"tab-programa-second-block-video":"","tab-equipo-docente-active":"yes","tab-equipo-docente-tab-name":"Equipo docente","tab-equipo-docente-intro":"<p>A continuaci\u00f3n destacamos a los principales ponentes y expertos que nos acompa\u00f1ar\u00e1n para cada una de las sesiones.<\/p>\n","tab-equipo-docente-first-block-active":"yes","tab-equipo-docente-first-block-title":"Docentes","tab-equipo-docente-first-block-team":[{"name":"Ramon Ari\u00f1o","text":"<span style=\"font-weight: 400;\">Ingeniero Qu\u00edmico por la Universitat de Barcelona\u00a0<\/span>"},{"name":"Domingo Mart\u00ednez Robledo ","text":"<span style=\"font-weight: 400;\">Ingeniero Industrial en la especialidad de Mec\u00e1nica por la Universidad Polit\u00e9cnica de Valencia <\/span>"},{"name":"Joan Miquel Dom\u00ednguez Reig ","text":"<span style=\"font-weight: 400;\">Ingeniero Qu\u00edmico por la Universidad Polit\u00e9cnica de Catalunya<\/span>\r\n\r\n&nbsp;"},{"name":"Ana Maresca Lasa ","text":"<span style=\"font-weight: 400;\">Licenciada en Derecho por la Universidad Abat Oliva<\/span>\r\n\r\n<span style=\"font-weight: 400;\">Doctora en Derecho por la Facultad de Derecho de la Universidad de Barcelona (2005).\u00a0<\/span>\r\n\r\n&nbsp;"},{"name":"Mar\u00eda Rosa Ruiz Dotras","text":"<span style=\"font-weight: 400;\">Licenciada en Derecho por la Universidad Pompeu Fabra de Barcelona<\/span>\r\n\r\n<span style=\"font-weight: 400;\">M\u00e1ster en \u201cGiurista d\u2019Impresa\u201d en la Universt\u00e0 degli Studi di Roma Tre en Roma (2002-2003).\u00a0<\/span>\r\n\r\n&nbsp;"},{"name":"Manuel Omedas Margel\u00ed","text":"<span style=\"font-weight: 400;\">Ingeniero Civil y Licenciado en Ciencias Pol\u00edticas y Sociolog\u00eda.<\/span>\r\n\r\n&nbsp;"}],"tab-equipo-docente-second-block-active":"no","tab-equipo-docente-second-block-title":"","tab-equipo-docente-second-block-text":"","tab-equipo-docente-second-block-list":[],"tab-equipo-docente-second-block-media":"image","tab-equipo-docente-second-block-image":[],"tab-equipo-docente-second-block-video":"","tab-admision-active":"yes","tab-admision-tab-name":"Datos b\u00e1sicos","tab-admision-first-block-active":"yes","tab-admision-first-block-title":"","tab-admision-first-block-info":[{"data":"inicio","text":"Pr\u00f3ximamente "},{"data":"duracion","text":"8 meses "},{"data":"metodologia","text":"Semipresencial"},{"data":"idioma","text":"Espa\u00f1ol"},{"data":"importe","text":"2.582,5\u20ac"},{"data":"lugar","text":"Ciutat de l'Aigua - Paseo de la zona franca, 48 08038 Barcelona"}],"tab-admision-first-block-additional-info":[{"title":"Jornadas Presenciales:","text":"Pendientes de confirmar."}],"tab-admision-second-block-active":"no","tab-custom-active":"no","tab-custom-tab-name":"Presentaci\u00f3n","tab-custom-intro":"","tab-custom-first-block-active":"yes","tab-custom-first-block-title":"","tab-custom-first-block-intro":"","tab-custom-first-block-list":[],"tab-custom-second-block-active":"yes","tab-custom-second-block-title":"","tab-custom-second-block-intro":"","tab-custom-second-block-list":[],"tab-custom-third-block-active":"yes","tab-custom-third-block-title":"","tab-custom-third-block-text":"","tab-custom-third-block-list":[],"tab-custom-third-block-media":"empty","tab-custom-third-block-image":[],"tab-custom-third-block-video":"","tab-campus-online-active":"no","tab-campus-online-tab-name":"Campus Online","tab-ayudas-estudio-active":"no","tab-ayudas-estudio-tab-name":"Ayudas al estudio"},"_links":{"self":[{"href":"https:\/\/www.laescueladelagua.com\/ca\/wp-json\/wp\/v2\/product\/3759","targetHints":{"allow":["GET"]}}],"collection":[{"href":"https:\/\/www.laescueladelagua.com\/ca\/wp-json\/wp\/v2\/product"}],"about":[{"href":"https:\/\/www.laescueladelagua.com\/ca\/wp-json\/wp\/v2\/types\/product"}],"replies":[{"embeddable":true,"href":"https:\/\/www.laescueladelagua.com\/ca\/wp-json\/wp\/v2\/comments?post=3759"}],"version-history":[{"count":3,"href":"https:\/\/www.laescueladelagua.com\/ca\/wp-json\/wp\/v2\/product\/3759\/revisions"}],"predecessor-version":[{"id":4293,"href":"https:\/\/www.laescueladelagua.com\/ca\/wp-json\/wp\/v2\/product\/3759\/revisions\/4293"}],"wp:featuredmedia":[{"embeddable":true,"href":"https:\/\/www.laescueladelagua.com\/ca\/wp-json\/wp\/v2\/media\/2169"}],"wp:attachment":[{"href":"https:\/\/www.laescueladelagua.com\/ca\/wp-json\/wp\/v2\/media?parent=3759"}],"wp:term":[{"taxonomy":"product_cat","embeddable":true,"href":"https:\/\/www.laescueladelagua.com\/ca\/wp-json\/wp\/v2\/product_cat?post=3759"},{"taxonomy":"product_tag","embeddable":true,"href":"https:\/\/www.laescueladelagua.com\/ca\/wp-json\/wp\/v2\/product_tag?post=3759"}],"curies":[{"name":"wp","href":"https:\/\/api.w.org\/{rel}","templated":true}]}}