{"id":3684,"date":"2024-11-26T07:35:38","date_gmt":"2024-11-26T07:35:38","guid":{"rendered":"https:\/\/www.laescueladelagua.com\/?page_id=3684"},"modified":"2025-04-28T07:25:36","modified_gmt":"2025-04-28T07:25:36","slug":"orientacion-profesional","status":"publish","type":"page","link":"https:\/\/www.laescueladelagua.com\/en\/orientacion-profesional\/","title":{"rendered":"Orientaci\u00f3n profesional"},"content":{"rendered":"<div data-elementor-type=\"wp-page\" data-elementor-id=\"3684\" class=\"elementor elementor-3684\" data-elementor-post-type=\"page\">\n\t\t\t\t\t\t<section class=\"elementor-section elementor-top-section elementor-element elementor-element-370edede elementor-section-boxed elementor-section-height-default elementor-section-height-default\" data-id=\"370edede\" data-element_type=\"section\">\n\t\t\t\t\t\t<div class=\"elementor-container elementor-column-gap-default\">\n\t\t\t\t\t<div class=\"elementor-column elementor-col-100 elementor-top-column elementor-element elementor-element-584d516b\" data-id=\"584d516b\" data-element_type=\"column\">\n\t\t\t<div class=\"elementor-widget-wrap elementor-element-populated\">\n\t\t\t\t\t\t<div class=\"elementor-element elementor-element-66854310 elementor-widget elementor-widget-text-editor\" data-id=\"66854310\" data-element_type=\"widget\" data-widget_type=\"text-editor.default\">\n\t\t\t\t<div class=\"elementor-widget-container\">\n\t\t\t\t\t\t\t<p>La orientaci\u00f3n profesional proporciona recursos y asesoramiento necesario para facilitar una toma de decisiones y elecci\u00f3n de carrera laboral <a href=\"https:\/\/www.laescueladelagua.com\/en\/veolia-ha-reafirmado-su-compromiso-con-la-orientacion-profesional\/\">informada<\/a>.<\/p><p>Desde la Escuela del Agua queremos contribuir a la mejora de la orientaci\u00f3n profesional, dando a conocer las\u00a0<b>oportunidades laborales<\/b>\u00a0que ofrece el\u00a0<a href=\"https:\/\/www.observatoriofp.com\/\"><b>empleo verde<\/b><\/a>.<\/p><p>En Espa\u00f1a se estima una creaci\u00f3n de entre 242.000 y 348.000 puestos de trabajo al a\u00f1o en empleos verdes1. Y cabe destacar que un 80% de las empresas manifiestan tener dificultades para encontrar profesionales cualificados\u00a0\u00a0en el sector.<\/p><p>Por ello creemos necesario impulsar acciones de\u00a0<b>sensibilizaci\u00f3n<\/b>\u00a0y\u00a0<b>visibilizaci\u00f3n<\/b>\u00a0of\u00a0<b>profesiones\u00a0<\/b>relacionadas con un elevado \u00edndice de\u00a0<b>empleabilidad<\/b>, especialmente entre el\u00a0<b>alumnado\u00a0<\/b>of<b>\u00a0secundaria<\/b>.<\/p>\t\t\t\t\t\t<\/div>\n\t\t\t\t<\/div>\n\t\t\t\t<div class=\"elementor-element elementor-element-2b2f3218 elementor-widget elementor-widget-video\" data-id=\"2b2f3218\" data-element_type=\"widget\" data-widget_type=\"video.default\">\n\t\t\t\t<div class=\"elementor-widget-container\">\n\t\t\t<section class=\"section section-video\">\r\n    <div class=\"wrapper-content\">\r\n        <div class=\"content\">\r\n            <iframe data-cookieconsent=\"ignore\" src=\"https:\/\/www.youtube.com\/embed\/viXQPYuuCRE\" title=\"YouTube video player\" frameborder=\"0\" allow=\"accelerometer; autoplay; clipboard-write; encrypted-media; gyroscope; picture-in-picture; web-share\" allowfullscreen><\/iframe>    \r\n        <\/div>\r\n    <\/div>\r\n<\/section>\t\t<\/div>\n\t\t\t\t<\/div>\n\t\t\t\t\t<\/div>\n\t\t<\/div>\n\t\t\t\t\t<\/div>\n\t\t<\/section>\n\t\t\t\t<section class=\"elementor-section elementor-top-section elementor-element elementor-element-cf119f1 elementor-section-boxed elementor-section-height-default elementor-section-height-default\" data-id=\"cf119f1\" data-element_type=\"section\">\n\t\t\t\t\t\t<div class=\"elementor-container elementor-column-gap-default\">\n\t\t\t\t\t<div class=\"elementor-column elementor-col-100 elementor-top-column elementor-element elementor-element-d5e1974\" data-id=\"d5e1974\" data-element_type=\"column\">\n\t\t\t<div class=\"elementor-widget-wrap elementor-element-populated\">\n\t\t\t\t\t\t<div class=\"elementor-element elementor-element-3c9f86c elementor-widget elementor-widget-image_text\" data-id=\"3c9f86c\" data-element_type=\"widget\" data-widget_type=\"image_text.default\">\n\t\t\t\t<div class=\"elementor-widget-container\">\n\t\t\t<section class=\"section section-image-text\"><div class=\"wrapper-content\"><div class=\"background\" style=\"background-color:rgba(190,216,222,0.3);\"><\/div><div class=\"content\"><div class=\"image\"><img decoding=\"async\" src=\"\/wp-content\/uploads\/2024\/12\/1i6a3747_b-e1734600575211.jpg\" alt=\"\u00bfQu\u00e9 aportamos?\" style=\"position:;\"><\/div><div class=\"text\" style=\"color:#262626; background-color: rgba(190,216,222,0.3);\"><h2 style=\"color:#274378;\">\u00bfQu\u00e9 aportamos?<\/h2><p>Colaboramos con centros educativos para apoyar al equipo de orientaci\u00f3n con herramientas y acciones que complementen los programas que desarrollan para su alumnado.<\/p><p>Algunas de las actividades que impulsamos son:<\/p><ul><li>Din\u00e1micas en el aula con referentes del sector que pueden inspirar a los m\u00e1s j\u00f3venes;<\/li><li>Visitas guiadas a empresas de nuestro grupo;<\/li><li>Participaci\u00f3n activa en ferias de educaci\u00f3n y empleo;<\/li><li>Materiales informativos y formativos.<\/li><\/ul><\/div><\/div><\/div><\/section>\t\t<\/div>\n\t\t\t\t<\/div>\n\t\t\t\t<div class=\"elementor-element elementor-element-46f93646 elementor-widget elementor-widget-video\" data-id=\"46f93646\" data-element_type=\"widget\" data-widget_type=\"video.default\">\n\t\t\t\t<div class=\"elementor-widget-container\">\n\t\t\t<section class=\"section section-video\">\r\n    <div class=\"wrapper-content\">\r\n        <div class=\"content\">\r\n            <iframe data-cookieconsent=\"ignore\" src=\"https:\/\/www.youtube.com\/embed\/eTY_th5INII\" title=\"YouTube video player\" frameborder=\"0\" allow=\"accelerometer; autoplay; clipboard-write; encrypted-media; gyroscope; picture-in-picture; web-share\" allowfullscreen><\/iframe>    \r\n        <\/div>\r\n    <\/div>\r\n<\/section>\t\t<\/div>\n\t\t\t\t<\/div>\n\t\t\t\t\t<\/div>\n\t\t<\/div>\n\t\t\t\t\t<\/div>\n\t\t<\/section>\n\t\t\t\t<section class=\"elementor-section elementor-top-section elementor-element elementor-element-b2396cc elementor-section-boxed elementor-section-height-default elementor-section-height-default\" data-id=\"b2396cc\" data-element_type=\"section\">\n\t\t\t\t\t\t<div class=\"elementor-container elementor-column-gap-default\">\n\t\t\t\t\t<div class=\"elementor-column elementor-col-100 elementor-top-column elementor-element elementor-element-b29a3e3\" data-id=\"b29a3e3\" data-element_type=\"column\">\n\t\t\t<div class=\"elementor-widget-wrap elementor-element-populated\">\n\t\t\t\t\t\t<div class=\"elementor-element elementor-element-4abdf88d elementor-widget elementor-widget-text-editor\" data-id=\"4abdf88d\" data-element_type=\"widget\" data-widget_type=\"text-editor.default\">\n\t\t\t\t<div class=\"elementor-widget-container\">\n\t\t\t\t\t\t\t<p>\u00a0<\/p><p><sup>1<\/sup>\u00a0De acuerdo con el Plan Nacional Integrado de Energ\u00eda y Clima 2021-2030. For\u00e9tica, \u201cJobs 2030: Futuro del trabajo. Empleo verde y transici\u00f3n justa en el futuro del trabajo\u201d (2022)<\/p>\t\t\t\t\t\t<\/div>\n\t\t\t\t<\/div>\n\t\t\t\t\t<\/div>\n\t\t<\/div>\n\t\t\t\t\t<\/div>\n\t\t<\/section>\n\t\t\t\t<\/div>","protected":false},"excerpt":{"rendered":"<p>La orientaci\u00f3n profesional proporciona recursos y asesoramiento necesario para facilitar una toma de decisiones y elecci\u00f3n de carrera laboral informada. Desde la Escuela del Agua queremos contribuir a la mejora de la orientaci\u00f3n profesional, dando a conocer las\u00a0oportunidades laborales\u00a0que ofrece el\u00a0empleo verde. En Espa\u00f1a se estima una creaci\u00f3n de entre 242.000 y 348.000 puestos de [&hellip;]<\/p>","protected":false},"author":11,"featured_media":0,"parent":0,"menu_order":0,"comment_status":"closed","ping_status":"closed","template":"template_orientacion_profesional.php","meta":{"footnotes":""},"class_list":["post-3684","page","type-page","status-publish","hentry"],"yoast_head":"<!-- This site is optimized with the Yoast SEO plugin v24.5 - https:\/\/yoast.com\/wordpress\/plugins\/seo\/ -->\r\n<title>Orientaci\u00f3n profesional - Escuela del agua<\/title>\r\n<meta name=\"description\" content=\"Orientaci\u00f3n profesional,\" \/>\r\n<meta name=\"robots\" content=\"index, follow, max-snippet:-1, max-image-preview:large, max-video-preview:-1\" \/>\r\n<link rel=\"canonical\" href=\"https:\/\/www.laescueladelagua.com\/en\/orientacion-profesional\/\" \/>\r\n<meta property=\"og:locale\" content=\"en_US\" \/>\r\n<meta property=\"og:type\" content=\"article\" \/>\r\n<meta property=\"og:title\" content=\"Orientaci\u00f3n profesional - Escuela del agua\" \/>\r\n<meta property=\"og:description\" content=\"Orientaci\u00f3n profesional,\" \/>\r\n<meta property=\"og:url\" content=\"https:\/\/www.laescueladelagua.com\/en\/orientacion-profesional\/\" \/>\r\n<meta property=\"og:site_name\" content=\"Escuela del agua\" \/>\r\n<meta property=\"article:modified_time\" content=\"2025-04-28T07:25:36+00:00\" \/>\r\n<meta property=\"og:image\" content=\"https:\/\/www.laescueladelagua.com\/wp-content\/uploads\/2023\/07\/logo_EscueladelAgua_mod.1.1.png\" \/>\r\n\t<meta property=\"og:image:width\" content=\"1904\" \/>\r\n\t<meta property=\"og:image:height\" content=\"1148\" \/>\r\n\t<meta property=\"og:image:type\" content=\"image\/png\" \/>\r\n<meta name=\"twitter:card\" content=\"summary_large_image\" \/>\r\n<meta name=\"twitter:label1\" content=\"Est. reading time\" \/>\n\t<meta name=\"twitter:data1\" content=\"2 minutes\" \/>\r\n<script type=\"application\/ld+json\" class=\"yoast-schema-graph\">{\"@context\":\"https:\/\/schema.org\",\"@graph\":[{\"@type\":\"WebPage\",\"@id\":\"https:\/\/www.laescueladelagua.com\/en\/orientacion-profesional\/\",\"url\":\"https:\/\/www.laescueladelagua.com\/en\/orientacion-profesional\/\",\"name\":\"Orientaci\u00f3n profesional - Escuela del agua\",\"isPartOf\":{\"@id\":\"https:\/\/www.laescueladelagua.com\/#website\"},\"datePublished\":\"2024-11-26T07:35:38+00:00\",\"dateModified\":\"2025-04-28T07:25:36+00:00\",\"description\":\"Orientaci\u00f3n profesional,\",\"breadcrumb\":{\"@id\":\"https:\/\/www.laescueladelagua.com\/en\/orientacion-profesional\/#breadcrumb\"},\"inLanguage\":\"en-US\",\"potentialAction\":[{\"@type\":\"ReadAction\",\"target\":[\"https:\/\/www.laescueladelagua.com\/en\/orientacion-profesional\/\"]}]},{\"@type\":\"BreadcrumbList\",\"@id\":\"https:\/\/www.laescueladelagua.com\/en\/orientacion-profesional\/#breadcrumb\",\"itemListElement\":[{\"@type\":\"ListItem\",\"position\":1,\"name\":\"Home\",\"item\":\"https:\/\/www.laescueladelagua.com\/\"},{\"@type\":\"ListItem\",\"position\":2,\"name\":\"Orientaci\u00f3n profesional\"}]},{\"@type\":\"WebSite\",\"@id\":\"https:\/\/www.laescueladelagua.com\/#website\",\"url\":\"https:\/\/www.laescueladelagua.com\/\",\"name\":\"Escuela del agua\",\"description\":\"\",\"publisher\":{\"@id\":\"https:\/\/www.laescueladelagua.com\/#organization\"},\"potentialAction\":[{\"@type\":\"SearchAction\",\"target\":{\"@type\":\"EntryPoint\",\"urlTemplate\":\"https:\/\/www.laescueladelagua.com\/?s={search_term_string}\"},\"query-input\":{\"@type\":\"PropertyValueSpecification\",\"valueRequired\":true,\"valueName\":\"search_term_string\"}}],\"inLanguage\":\"en-US\"},{\"@type\":\"Organization\",\"@id\":\"https:\/\/www.laescueladelagua.com\/#organization\",\"name\":\"Escuela del agua\",\"url\":\"https:\/\/www.laescueladelagua.com\/\",\"logo\":{\"@type\":\"ImageObject\",\"inLanguage\":\"en-US\",\"@id\":\"https:\/\/www.laescueladelagua.com\/#\/schema\/logo\/image\/\",\"url\":\"\/wp-content\/uploads\/2023\/08\/logo_EscueladelAgua_mod.1.1_150px.png\",\"contentUrl\":\"\/wp-content\/uploads\/2023\/08\/logo_EscueladelAgua_mod.1.1_150px.png\",\"width\":150,\"height\":90,\"caption\":\"Escuela del agua\"},\"image\":{\"@id\":\"https:\/\/www.laescueladelagua.com\/#\/schema\/logo\/image\/\"}}]}<\/script>\r\n<!-- \/ Yoast SEO plugin. -->","yoast_head_json":{"title":"Orientaci\u00f3n profesional - Escuela del agua","description":"Orientaci\u00f3n profesional,","robots":{"index":"index","follow":"follow","max-snippet":"max-snippet:-1","max-image-preview":"max-image-preview:large","max-video-preview":"max-video-preview:-1"},"canonical":"https:\/\/www.laescueladelagua.com\/en\/orientacion-profesional\/","og_locale":"en_US","og_type":"article","og_title":"Orientaci\u00f3n profesional - Escuela del agua","og_description":"Orientaci\u00f3n profesional,","og_url":"https:\/\/www.laescueladelagua.com\/en\/orientacion-profesional\/","og_site_name":"Escuela del agua","article_modified_time":"2025-04-28T07:25:36+00:00","og_image":[{"width":1904,"height":1148,"url":"https:\/\/www.laescueladelagua.com\/wp-content\/uploads\/2023\/07\/logo_EscueladelAgua_mod.1.1.png","type":"image\/png"}],"twitter_card":"summary_large_image","twitter_misc":{"Est. reading time":"2 minutes"},"schema":{"@context":"https:\/\/schema.org","@graph":[{"@type":"WebPage","@id":"https:\/\/www.laescueladelagua.com\/en\/orientacion-profesional\/","url":"https:\/\/www.laescueladelagua.com\/en\/orientacion-profesional\/","name":"Orientaci\u00f3n profesional - Escuela del agua","isPartOf":{"@id":"https:\/\/www.laescueladelagua.com\/#website"},"datePublished":"2024-11-26T07:35:38+00:00","dateModified":"2025-04-28T07:25:36+00:00","description":"Orientaci\u00f3n profesional,","breadcrumb":{"@id":"https:\/\/www.laescueladelagua.com\/en\/orientacion-profesional\/#breadcrumb"},"inLanguage":"en-US","potentialAction":[{"@type":"ReadAction","target":["https:\/\/www.laescueladelagua.com\/en\/orientacion-profesional\/"]}]},{"@type":"BreadcrumbList","@id":"https:\/\/www.laescueladelagua.com\/en\/orientacion-profesional\/#breadcrumb","itemListElement":[{"@type":"ListItem","position":1,"name":"Home","item":"https:\/\/www.laescueladelagua.com\/"},{"@type":"ListItem","position":2,"name":"Orientaci\u00f3n profesional"}]},{"@type":"WebSite","@id":"https:\/\/www.laescueladelagua.com\/#website","url":"https:\/\/www.laescueladelagua.com\/","name":"Escuela del agua","description":"","publisher":{"@id":"https:\/\/www.laescueladelagua.com\/#organization"},"potentialAction":[{"@type":"SearchAction","target":{"@type":"EntryPoint","urlTemplate":"https:\/\/www.laescueladelagua.com\/?s={search_term_string}"},"query-input":{"@type":"PropertyValueSpecification","valueRequired":true,"valueName":"search_term_string"}}],"inLanguage":"en-US"},{"@type":"Organization","@id":"https:\/\/www.laescueladelagua.com\/#organization","name":"Escuela del agua","url":"https:\/\/www.laescueladelagua.com\/","logo":{"@type":"ImageObject","inLanguage":"en-US","@id":"https:\/\/www.laescueladelagua.com\/#\/schema\/logo\/image\/","url":"\/wp-content\/uploads\/2023\/08\/logo_EscueladelAgua_mod.1.1_150px.png","contentUrl":"\/wp-content\/uploads\/2023\/08\/logo_EscueladelAgua_mod.1.1_150px.png","width":150,"height":90,"caption":"Escuela del agua"},"image":{"@id":"https:\/\/www.laescueladelagua.com\/#\/schema\/logo\/image\/"}}]}},"meta_box":{"category-home-subtitle":"","category-home-header-image":[],"category-home-intro":"","category-home-category":"","category-home-subcategory":"","category-home-carousel":"","category-home-categories-carousel":[],"contacta-title":"","contacta-text":"","contacta-image":[],"fpdual-subtitle":"","fpdual-image":[],"fpdual-text":"","fpdual-first-block-title":"","fpdual-first-block-text":"","fpdual-first-block-list-title":"","fpdual-first-block-list":[],"fpdual-second-block-title":"","fpdual-second-block-text":"","fpdual-second-block-list-title":"","fpdual-second-block-list":[],"fpdual-centers-title":"","fpdual-centers-intro":"","fpdual-centers":[],"fpdual-contact-active":"","fpdual-contact-title":"","fpdual-contact-text":"","fpdual-contact-list":[],"fpdual-contact-media":"","fpdual-contact-image":[],"fpdual-contact-video":"","global-excerpt":"","oprofesional-centers-title":"\u00bfQu\u00e9 hacemos?","oprofesional-centers-intro":"","oprofesional-centers":[{"image":["3875"],"title":"Encuentros con profesionales del sector","text":"&nbsp;\r\n\r\n<b>Objetivo<\/b><span style=\"font-weight: 400;\">Dar a conocer el sector del agua y las oportunidades que ofrece a partir de las experiencias de profesionales.<\/span>\r\n\r\n&nbsp;\r\n\r\n<b>Acciones<\/b>\r\n<ul>\r\n \t<li style=\"font-weight: 400;\" aria-level=\"1\">Charlas para visibilizar las profesiones relacionadas con el sector, con referentes que expliquen su trayectoria formativa y profesional.<\/li>\r\n<\/ul>","location":"ESO, Bachillerato"},{"image":["3880"],"title":"Participaci\u00f3n en ferias de educaci\u00f3n y empleo","text":"&nbsp;\r\n\r\n<b>Objetivo<\/b><span style=\"font-weight: 400;\">Dar a conocer el sector del agua y las oportunidades profesionales que ofrece, en colaboraci\u00f3n con los centros de FP.<\/span>\r\n\r\n&nbsp;\r\n\r\n<b>Acciones<\/b>\r\n<ul>\r\n \t<li style=\"font-weight: 400;\" aria-level=\"1\"><span style=\"font-weight: 400;\">Stand con recursos producidos para dar visibilidad al sector del agua y formaciones relacionadas.<\/span><\/li>\r\n \t<li style=\"font-weight: 400;\" aria-level=\"1\"><span style=\"font-weight: 400;\">Actividades para captar la atenci\u00f3n del alumnado y sus familias.<\/span><\/li>\r\n<\/ul>","location":"Feria de educaci\u00f3n y empleo"},{"image":["3878"],"title":"Soporte a los equipos de orientaci\u00f3n        ","text":"&nbsp;\r\n\r\n<b>Objetivo<\/b><span style=\"font-weight: 400;\">Ofrecer actividades relacionadas con el sector a los equipos de orientaci\u00f3n de centros educativos.<\/span>\r\n\r\n&nbsp;\r\n\r\n<b>Acciones<\/b>\r\n<ul>\r\n \t<li style=\"font-weight: 400;\" aria-level=\"1\"><span style=\"font-weight: 400;\">Visitas a centros productivos.<\/span><\/li>\r\n \t<li style=\"font-weight: 400;\" aria-level=\"1\"><span style=\"font-weight: 400;\">Charlas con profesionales del sector.<\/span><\/li>\r\n \t<li style=\"font-weight: 400;\" aria-level=\"1\"><span style=\"font-weight: 400;\">Producci\u00f3n de materiales informativos para su alumnado.<\/span><\/li>\r\n \t<li style=\"font-weight: 400;\" aria-level=\"1\"><span style=\"font-weight: 400;\">Colaboraci\u00f3n en el proceso de orientaci\u00f3n.<\/span><\/li>\r\n<\/ul>","location":"Equipos de orientaci\u00f3n"},{"image":["3874"],"title":"Visitas a empresas                                                ","text":"&nbsp;\r\n\r\n&nbsp;\r\n\r\n<b>Objetivo<\/b><span style=\"font-weight: 400;\">Dar a conocer el sector del agua y las oportunidades profesionales que ofrece visitando instalaciones de referencia.<\/span>\r\n\r\n&nbsp;\r\n\r\n<b>Acciones<\/b>\r\n<ul>\r\n \t<li style=\"font-weight: 400;\" aria-level=\"1\"><span style=\"font-weight: 400;\">Organizaci\u00f3n de visitas a instalaciones punteras del ciclo urbano del agua con el acompa\u00f1amiento de los responsables y especialistas de cada instalaci\u00f3n en hubs de referencia.<\/span><\/li>\r\n<\/ul>","location":"ESO, Bachillerato, equipos de orientaci\u00f3n"},{"image":["3873"],"title":"Mentor\u00eda                                   ","text":"&nbsp;\r\n\r\n&nbsp;\r\n\r\n<b>Objetivo<\/b><span style=\"font-weight: 400;\">Dar soporte al alumnado que est\u00e1 cursando alg\u00fan ciclo formativo del sector del agua.<\/span>\r\n\r\n&nbsp;\r\n\r\n<b>Acciones<\/b>\r\n<ul>\r\n \t<li style=\"font-weight: 400;\" aria-level=\"1\"><span style=\"font-weight: 400;\">Impulso de la figura del mentor\/a para dar apoyo y acompa\u00f1amiento al alumnado que realiza FP Dual en alguna de las empresas de nuestro grupo.<\/span><\/li>\r\n<\/ul>","location":"FP Dual"},{"image":["3879"],"title":"Coeducaci\u00f3n                                 ","text":"&nbsp;\r\n\r\n&nbsp;\r\n\r\n<b>Objetivo<\/b><span style=\"font-weight: 400;\">Integrar la orientaci\u00f3n profesional en los contenidos acad\u00e9micos que se imparten en el aula.<\/span>\r\n\r\n&nbsp;\r\n\r\n<b>Acciones<\/b>\r\n<ul>\r\n \t<li style=\"font-weight: 400;\" aria-level=\"1\"><span style=\"font-weight: 400;\">Impartici\u00f3n de parte del curr\u00edculum acad\u00e9mico por parte de un profesional de nuestro grupo.<\/span><\/li>\r\n<\/ul>","location":"ESO, FP Dual"},{"image":["3877"],"title":"Job shadowing                                ","text":"&nbsp;\r\n\r\n&nbsp;\r\n\r\n<b>Objetivo<\/b><span style=\"font-weight: 400;\">Dar a conocer el d\u00eda a d\u00eda de una empresa y las funciones que ejercen sus profesionales.<\/span>\r\n\r\n&nbsp;\r\n\r\n<b>Acciones<\/b>\r\n<ul>\r\n \t<li style=\"font-weight: 400;\" aria-level=\"1\"><span style=\"font-weight: 400;\">Estancias educativas de <\/span><span style=\"font-weight: 400;\">dos <\/span><span style=\"font-weight: 400;\">d\u00edas en una de las empresas de nuestro grupo. El\/la joven acompa\u00f1ar\u00e1 a profesionales de distintos departamentos en sus tareas.<\/span><\/li>\r\n<\/ul>","location":"ESO"},{"image":["2158"],"title":"Enterprise Challenge                            ","text":"&nbsp;\r\n\r\n&nbsp;\r\n\r\n<b>Objetivo<\/b><span style=\"font-weight: 400;\">Integrar la orientaci\u00f3n profesional a trav\u00e9s del trabajo en equipo basado en proyectos.<\/span>\r\n\r\n&nbsp;\r\n\r\n<b>Acciones<\/b>\r\n<ul>\r\n \t<li style=\"font-weight: 400;\" aria-level=\"1\">Lanzamiento de un reto relacionado con el sector del agua a alumnado de la ESO.<\/li>\r\n<\/ul>","location":"ESO"}],"paginas-interiores-subtitle":""},"_links":{"self":[{"href":"https:\/\/www.laescueladelagua.com\/en\/wp-json\/wp\/v2\/pages\/3684","targetHints":{"allow":["GET"]}}],"collection":[{"href":"https:\/\/www.laescueladelagua.com\/en\/wp-json\/wp\/v2\/pages"}],"about":[{"href":"https:\/\/www.laescueladelagua.com\/en\/wp-json\/wp\/v2\/types\/page"}],"author":[{"embeddable":true,"href":"https:\/\/www.laescueladelagua.com\/en\/wp-json\/wp\/v2\/users\/11"}],"replies":[{"embeddable":true,"href":"https:\/\/www.laescueladelagua.com\/en\/wp-json\/wp\/v2\/comments?post=3684"}],"version-history":[{"count":19,"href":"https:\/\/www.laescueladelagua.com\/en\/wp-json\/wp\/v2\/pages\/3684\/revisions"}],"predecessor-version":[{"id":4207,"href":"https:\/\/www.laescueladelagua.com\/en\/wp-json\/wp\/v2\/pages\/3684\/revisions\/4207"}],"wp:attachment":[{"href":"https:\/\/www.laescueladelagua.com\/en\/wp-json\/wp\/v2\/media?parent=3684"}],"curies":[{"name":"wp","href":"https:\/\/api.w.org\/{rel}","templated":true}]}}