{"id":825,"date":"2023-07-03T09:22:56","date_gmt":"2023-07-03T09:22:56","guid":{"rendered":"https:\/\/www.laescueladelagua.com\/?page_id=825"},"modified":"2025-05-16T08:13:36","modified_gmt":"2025-05-16T08:13:36","slug":"innovacion-educativa","status":"publish","type":"page","link":"https:\/\/www.laescueladelagua.com\/en\/innovacion-educativa\/","title":{"rendered":"Educational innovation"},"content":{"rendered":"<div data-elementor-type=\"wp-page\" data-elementor-id=\"825\" class=\"elementor elementor-825\" data-elementor-post-type=\"page\">\n\t\t\t\t\t\t<section class=\"elementor-section elementor-top-section elementor-element elementor-element-66cf96f elementor-section-boxed elementor-section-height-default elementor-section-height-default\" data-id=\"66cf96f\" data-element_type=\"section\">\n\t\t\t\t\t\t<div class=\"elementor-container elementor-column-gap-default\">\n\t\t\t\t\t<div class=\"elementor-column elementor-col-100 elementor-top-column elementor-element elementor-element-a89aded\" data-id=\"a89aded\" data-element_type=\"column\">\n\t\t\t<div class=\"elementor-widget-wrap elementor-element-populated\">\n\t\t\t\t\t\t<div class=\"elementor-element elementor-element-ff76cb0 elementor-widget elementor-widget-title_text\" data-id=\"ff76cb0\" data-element_type=\"widget\" data-widget_type=\"title_text.default\">\n\t\t\t\t<div class=\"elementor-widget-container\">\n\t\t\t<section class=\"section section-title-text\" style=\"background-color:;\">\r\n    <div class=\"wrapper-content\">\r\n        <div class=\"content  left\" style=\"color: ;\">\r\n                        <p>In an ever-changing world, the implementation of education and training measures related to the green economy, digitalization and entrepreneurship are essential to have the qualified talent with which to face today's challenges.<\/p><p>Our innovation focuses on the development of sector competencies, personalization and immersion technologies, learning assessment and applicability systems, and the creation of public-private networks for professional training.<\/p><p>We participate in the following European innovation projects:<\/p>                                <\/div>\r\n    <\/div>\r\n<\/section>\t\t<\/div>\n\t\t\t\t<\/div>\n\t\t\t\t\t<\/div>\n\t\t<\/div>\n\t\t\t\t\t<\/div>\n\t\t<\/section>\n\t\t\t\t<section class=\"elementor-section elementor-top-section elementor-element elementor-element-73b883a elementor-section-boxed elementor-section-height-default elementor-section-height-default\" data-id=\"73b883a\" data-element_type=\"section\">\n\t\t\t\t\t\t<div class=\"elementor-container elementor-column-gap-default\">\n\t\t\t\t\t<div class=\"elementor-column elementor-col-100 elementor-top-column elementor-element elementor-element-6a0bdbc\" data-id=\"6a0bdbc\" data-element_type=\"column\">\n\t\t\t<div class=\"elementor-widget-wrap elementor-element-populated\">\n\t\t\t\t\t\t<div class=\"elementor-element elementor-element-34f14ee elementor-widget elementor-widget-image_text\" data-id=\"34f14ee\" data-element_type=\"widget\" data-widget_type=\"image_text.default\">\n\t\t\t\t<div class=\"elementor-widget-container\">\n\t\t\t<section class=\"section section-image-text\"><div class=\"wrapper-content\"><div class=\"background\" style=\"background-color:rgba(133,175,185,0.2);\"><\/div><div class=\"content\"><div class=\"image fit-contain\"><img decoding=\"async\" src=\"\/wp-content\/uploads\/2023\/07\/3loe.jpg\" alt=\"Three-level centers of professional excellence\" style=\"position:;\"><\/div><div class=\"text\" style=\"color:#262626; background-color: rgba(133,175,185,0.2);\"><h2 style=\"color:#274378;\">Three-level centers of professional excellence<\/h2><p><strong>Meeting the challenges in the fields of energy, climate and environmental protection<\/strong> requires innovation and public-private collaboration to address the shortage of skilled workers in the green economy.<\/p><p>To make the sector more attractive and increase VET excellence, 22 partners from 7 countries and 60 associate partners from 13 other countries have joined forces to develop a joint training program for professionals and trainers.<\/p><\/div><\/div><\/div><\/section>\t\t<\/div>\n\t\t\t\t<\/div>\n\t\t\t\t\t<\/div>\n\t\t<\/div>\n\t\t\t\t\t<\/div>\n\t\t<\/section>\n\t\t\t\t<section class=\"elementor-section elementor-top-section elementor-element elementor-element-97b0e0e elementor-section-boxed elementor-section-height-default elementor-section-height-default\" data-id=\"97b0e0e\" data-element_type=\"section\">\n\t\t\t\t\t\t<div class=\"elementor-container elementor-column-gap-default\">\n\t\t\t\t\t<div class=\"elementor-column elementor-col-100 elementor-top-column elementor-element elementor-element-0554a44\" data-id=\"0554a44\" data-element_type=\"column\">\n\t\t\t<div class=\"elementor-widget-wrap elementor-element-populated\">\n\t\t\t\t\t\t<div class=\"elementor-element elementor-element-23a2915 elementor-widget elementor-widget-image_text\" data-id=\"23a2915\" data-element_type=\"widget\" data-widget_type=\"image_text.default\">\n\t\t\t\t<div class=\"elementor-widget-container\">\n\t\t\t<section class=\"section section-image-text reverse\"><div class=\"wrapper-content\"><div class=\"background\" style=\"background-color:rgba(133,175,185,0.2);\"><\/div><div class=\"content\"><div class=\"image fit-contain\"><img decoding=\"async\" src=\"\/wp-content\/uploads\/2023\/07\/eu-water-challenge-vet-labs.jpg\" alt=\"Water Challenge VET Labs\" style=\"position:absolute;\"><\/div><div class=\"text\" style=\"color:#262626; background-color: rgba(133,175,185,0.2);\"><h2 style=\"color:#274378;\">Water Challenge VET Labs<\/h2><p>How to improve water management in European cities through nature-based solutions? This is the challenge posed to three international groups of students from different areas of vocational training.<\/p><p>To achieve this, the teams, made up of students from schools in Denmark, Belgium and Spain, use methodologies such as CBL (challenge-based learning) and other innovative tools applied to an archetypal European city.<\/p><\/div><\/div><\/div><\/section>\t\t<\/div>\n\t\t\t\t<\/div>\n\t\t\t\t\t<\/div>\n\t\t<\/div>\n\t\t\t\t\t<\/div>\n\t\t<\/section>\n\t\t\t\t<section class=\"elementor-section elementor-top-section elementor-element elementor-element-46af0cb elementor-section-boxed elementor-section-height-default elementor-section-height-default\" data-id=\"46af0cb\" data-element_type=\"section\">\n\t\t\t\t\t\t<div class=\"elementor-container elementor-column-gap-default\">\n\t\t\t\t\t<div class=\"elementor-column elementor-col-100 elementor-top-column elementor-element elementor-element-3cce6ad\" data-id=\"3cce6ad\" data-element_type=\"column\">\n\t\t\t<div class=\"elementor-widget-wrap elementor-element-populated\">\n\t\t\t\t\t\t<div class=\"elementor-element elementor-element-7e57de0 elementor-widget elementor-widget-image_text\" data-id=\"7e57de0\" data-element_type=\"widget\" data-widget_type=\"image_text.default\">\n\t\t\t\t<div class=\"elementor-widget-container\">\n\t\t\t<section class=\"section section-image-text\"><div class=\"wrapper-content\"><div class=\"background\" style=\"background-color:rgba(133,175,185,0.2);\"><\/div><div class=\"content\"><div class=\"image fit-contain\"><img decoding=\"async\" src=\"\/wp-content\/uploads\/2023\/07\/green-skills-in-vet.png\" alt=\"Greenskills in VET\" style=\"position:;\"><\/div><div class=\"text\" style=\"color:#262626; background-color: rgba(133,175,185,0.2);\"><h2 style=\"color:#274378;\">Greenskills in VET<\/h2><p>Driven by the European Association of Services of General Interest (SGI Europe) and the European Federation of Education Employers (EFEE), the project focuses on establishing professional competencies in the context of the green economy in three key utilities: water, transport and energy.<\/p><p>The project, developed during the period 2021-2023, has had the participation of companies and training centers from six Member States (Netherlands, Portugal, Belgium, France, Germany and Spain). The Municipal Water Company of Tarragona, EMATSA, has been the reference partner of the projects for the water sector, and has had the educational and professional qualification support of the Water School, which has been recognized as one of the best practices at European level.<\/p><\/div><\/div><\/div><\/section>\t\t<\/div>\n\t\t\t\t<\/div>\n\t\t\t\t\t<\/div>\n\t\t<\/div>\n\t\t\t\t\t<\/div>\n\t\t<\/section>\n\t\t\t\t<section class=\"elementor-section elementor-top-section elementor-element elementor-element-91d8ce4 elementor-section-boxed elementor-section-height-default elementor-section-height-default\" data-id=\"91d8ce4\" data-element_type=\"section\">\n\t\t\t\t\t\t<div class=\"elementor-container elementor-column-gap-default\">\n\t\t\t\t\t<div class=\"elementor-column elementor-col-100 elementor-top-column elementor-element elementor-element-1076108\" data-id=\"1076108\" data-element_type=\"column\">\n\t\t\t<div class=\"elementor-widget-wrap elementor-element-populated\">\n\t\t\t\t\t\t<div class=\"elementor-element elementor-element-4565c78 elementor-widget elementor-widget-image_text\" data-id=\"4565c78\" data-element_type=\"widget\" data-widget_type=\"image_text.default\">\n\t\t\t\t<div class=\"elementor-widget-container\">\n\t\t\t<section class=\"section section-image-text reverse\"><div class=\"wrapper-content\"><div class=\"background\" style=\"background-color:rgba(133,175,185,0.2);\"><\/div><div class=\"content\"><div class=\"image fit-contain\"><img decoding=\"async\" src=\"\/wp-content\/uploads\/2023\/07\/spire-sais.jpg\" alt=\"Spire-sais\" style=\"position:absolute;\"><\/div><div class=\"text\" style=\"color:#262626; background-color: rgba(133,175,185,0.2);\"><h2 style=\"color:#274378;\">Spire-sais<\/h2><p>This project, driven by an alliance of energy-intensive industries, maps the new skills required to meet the needs of these sectors.<\/p><p>The Skills Pact is a shared commitment and approach to skills development. It is firmly anchored in the principles of the European Pillar of Social Rights and supports the objectives of the Green Pact and the digital transformation, as set out by the European Commission.<\/p><\/div><\/div><\/div><\/section>\t\t<\/div>\n\t\t\t\t<\/div>\n\t\t\t\t\t<\/div>\n\t\t<\/div>\n\t\t\t\t\t<\/div>\n\t\t<\/section>\n\t\t\t\t<\/div>","protected":false},"excerpt":{"rendered":"<p>En un mundo en constante cambio, la aplicaci\u00f3n de medidas de educaci\u00f3n y formaci\u00f3n relacionadas con la econom\u00eda verde, la digitalizaci\u00f3n y el esp\u00edritu empresarial son esenciales para tener el talento cualificado con el que enfrentar los desaf\u00edos actuales.Nuestra innovaci\u00f3n se centra en el desarrollo de competencias sectoriales, las tecnolog\u00edas de personalizaci\u00f3n e inmersi\u00f3n educativa, [&hellip;]<\/p>","protected":false},"author":1,"featured_media":2126,"parent":0,"menu_order":0,"comment_status":"closed","ping_status":"closed","template":"","meta":{"footnotes":""},"class_list":["post-825","page","type-page","status-publish","has-post-thumbnail","hentry"],"yoast_head":"<!-- This site is optimized with the Yoast SEO plugin v24.5 - https:\/\/yoast.com\/wordpress\/plugins\/seo\/ -->\r\n<title>Innovaci\u00f3n educativa - Escuela del agua<\/title>\r\n<meta name=\"description\" content=\"Innovaci\u00f3n educativa\" \/>\r\n<meta name=\"robots\" content=\"index, follow, max-snippet:-1, max-image-preview:large, max-video-preview:-1\" \/>\r\n<link rel=\"canonical\" href=\"https:\/\/www.laescueladelagua.com\/en\/innovacion-educativa\/\" \/>\r\n<meta property=\"og:locale\" content=\"en_US\" \/>\r\n<meta property=\"og:type\" content=\"article\" \/>\r\n<meta property=\"og:title\" content=\"Innovaci\u00f3n educativa - Escuela del agua\" \/>\r\n<meta property=\"og:description\" content=\"Innovaci\u00f3n educativa\" \/>\r\n<meta property=\"og:url\" content=\"https:\/\/www.laescueladelagua.com\/en\/innovacion-educativa\/\" \/>\r\n<meta property=\"og:site_name\" content=\"Escuela del agua\" \/>\r\n<meta property=\"article:modified_time\" content=\"2025-05-16T08:13:36+00:00\" \/>\r\n<meta property=\"og:image\" content=\"https:\/\/www.laescueladelagua.com\/wp-content\/uploads\/2023\/09\/Inno_educativa-headerweb-scaled-e1698928318366.jpg\" \/>\r\n\t<meta property=\"og:image:width\" content=\"722\" \/>\r\n\t<meta property=\"og:image:height\" content=\"302\" \/>\r\n\t<meta property=\"og:image:type\" content=\"image\/jpeg\" \/>\r\n<meta name=\"twitter:card\" content=\"summary_large_image\" \/>\r\n<meta name=\"twitter:label1\" content=\"Est. reading time\" \/>\n\t<meta name=\"twitter:data1\" content=\"4 minutes\" \/>\r\n<script type=\"application\/ld+json\" class=\"yoast-schema-graph\">{\"@context\":\"https:\/\/schema.org\",\"@graph\":[{\"@type\":\"WebPage\",\"@id\":\"https:\/\/www.laescueladelagua.com\/en\/innovacion-educativa\/\",\"url\":\"https:\/\/www.laescueladelagua.com\/en\/innovacion-educativa\/\",\"name\":\"Innovaci\u00f3n educativa - Escuela del agua\",\"isPartOf\":{\"@id\":\"https:\/\/wapwebedapro01.azurewebsites.net\/#website\"},\"primaryImageOfPage\":{\"@id\":\"https:\/\/www.laescueladelagua.com\/en\/innovacion-educativa\/#primaryimage\"},\"image\":{\"@id\":\"https:\/\/www.laescueladelagua.com\/en\/innovacion-educativa\/#primaryimage\"},\"thumbnailUrl\":\"\/wp-content\/uploads\/2023\/09\/Inno_educativa-headerweb-scaled-e1698928318366.jpg\",\"datePublished\":\"2023-07-03T09:22:56+00:00\",\"dateModified\":\"2025-05-16T08:13:36+00:00\",\"description\":\"Innovaci\u00f3n educativa\",\"breadcrumb\":{\"@id\":\"https:\/\/www.laescueladelagua.com\/en\/innovacion-educativa\/#breadcrumb\"},\"inLanguage\":\"en-US\",\"potentialAction\":[{\"@type\":\"ReadAction\",\"target\":[\"https:\/\/www.laescueladelagua.com\/en\/innovacion-educativa\/\"]}]},{\"@type\":\"ImageObject\",\"inLanguage\":\"en-US\",\"@id\":\"https:\/\/www.laescueladelagua.com\/en\/innovacion-educativa\/#primaryimage\",\"url\":\"\/wp-content\/uploads\/2023\/09\/Inno_educativa-headerweb-scaled-e1698928318366.jpg\",\"contentUrl\":\"\/wp-content\/uploads\/2023\/09\/Inno_educativa-headerweb-scaled-e1698928318366.jpg\",\"width\":722,\"height\":302},{\"@type\":\"BreadcrumbList\",\"@id\":\"https:\/\/www.laescueladelagua.com\/en\/innovacion-educativa\/#breadcrumb\",\"itemListElement\":[{\"@type\":\"ListItem\",\"position\":1,\"name\":\"Home\",\"item\":\"https:\/\/wapwebedapro01.azurewebsites.net\/\"},{\"@type\":\"ListItem\",\"position\":2,\"name\":\"Innovaci\u00f3n educativa\"}]},{\"@type\":\"WebSite\",\"@id\":\"https:\/\/wapwebedapro01.azurewebsites.net\/#website\",\"url\":\"https:\/\/wapwebedapro01.azurewebsites.net\/\",\"name\":\"Escuela del agua\",\"description\":\"\",\"publisher\":{\"@id\":\"https:\/\/wapwebedapro01.azurewebsites.net\/#organization\"},\"potentialAction\":[{\"@type\":\"SearchAction\",\"target\":{\"@type\":\"EntryPoint\",\"urlTemplate\":\"https:\/\/wapwebedapro01.azurewebsites.net\/?s={search_term_string}\"},\"query-input\":{\"@type\":\"PropertyValueSpecification\",\"valueRequired\":true,\"valueName\":\"search_term_string\"}}],\"inLanguage\":\"en-US\"},{\"@type\":\"Organization\",\"@id\":\"https:\/\/wapwebedapro01.azurewebsites.net\/#organization\",\"name\":\"Escuela del agua\",\"url\":\"https:\/\/wapwebedapro01.azurewebsites.net\/\",\"logo\":{\"@type\":\"ImageObject\",\"inLanguage\":\"en-US\",\"@id\":\"https:\/\/wapwebedapro01.azurewebsites.net\/#\/schema\/logo\/image\/\",\"url\":\"\/wp-content\/uploads\/2023\/08\/logo_EscueladelAgua_mod.1.1_150px.png\",\"contentUrl\":\"\/wp-content\/uploads\/2023\/08\/logo_EscueladelAgua_mod.1.1_150px.png\",\"width\":150,\"height\":90,\"caption\":\"Escuela del agua\"},\"image\":{\"@id\":\"https:\/\/wapwebedapro01.azurewebsites.net\/#\/schema\/logo\/image\/\"}}]}<\/script>\r\n<!-- \/ Yoast SEO plugin. -->","yoast_head_json":{"title":"Innovaci\u00f3n educativa - Escuela del agua","description":"Innovaci\u00f3n educativa","robots":{"index":"index","follow":"follow","max-snippet":"max-snippet:-1","max-image-preview":"max-image-preview:large","max-video-preview":"max-video-preview:-1"},"canonical":"https:\/\/www.laescueladelagua.com\/en\/innovacion-educativa\/","og_locale":"en_US","og_type":"article","og_title":"Innovaci\u00f3n educativa - Escuela del agua","og_description":"Innovaci\u00f3n educativa","og_url":"https:\/\/www.laescueladelagua.com\/en\/innovacion-educativa\/","og_site_name":"Escuela del agua","article_modified_time":"2025-05-16T08:13:36+00:00","og_image":[{"width":722,"height":302,"url":"https:\/\/www.laescueladelagua.com\/wp-content\/uploads\/2023\/09\/Inno_educativa-headerweb-scaled-e1698928318366.jpg","type":"image\/jpeg"}],"twitter_card":"summary_large_image","twitter_misc":{"Est. reading time":"4 minutes"},"schema":{"@context":"https:\/\/schema.org","@graph":[{"@type":"WebPage","@id":"https:\/\/www.laescueladelagua.com\/en\/innovacion-educativa\/","url":"https:\/\/www.laescueladelagua.com\/en\/innovacion-educativa\/","name":"Innovaci\u00f3n educativa - Escuela del agua","isPartOf":{"@id":"https:\/\/wapwebedapro01.azurewebsites.net\/#website"},"primaryImageOfPage":{"@id":"https:\/\/www.laescueladelagua.com\/en\/innovacion-educativa\/#primaryimage"},"image":{"@id":"https:\/\/www.laescueladelagua.com\/en\/innovacion-educativa\/#primaryimage"},"thumbnailUrl":"\/wp-content\/uploads\/2023\/09\/Inno_educativa-headerweb-scaled-e1698928318366.jpg","datePublished":"2023-07-03T09:22:56+00:00","dateModified":"2025-05-16T08:13:36+00:00","description":"Innovaci\u00f3n educativa","breadcrumb":{"@id":"https:\/\/www.laescueladelagua.com\/en\/innovacion-educativa\/#breadcrumb"},"inLanguage":"en-US","potentialAction":[{"@type":"ReadAction","target":["https:\/\/www.laescueladelagua.com\/en\/innovacion-educativa\/"]}]},{"@type":"ImageObject","inLanguage":"en-US","@id":"https:\/\/www.laescueladelagua.com\/en\/innovacion-educativa\/#primaryimage","url":"\/wp-content\/uploads\/2023\/09\/Inno_educativa-headerweb-scaled-e1698928318366.jpg","contentUrl":"\/wp-content\/uploads\/2023\/09\/Inno_educativa-headerweb-scaled-e1698928318366.jpg","width":722,"height":302},{"@type":"BreadcrumbList","@id":"https:\/\/www.laescueladelagua.com\/en\/innovacion-educativa\/#breadcrumb","itemListElement":[{"@type":"ListItem","position":1,"name":"Home","item":"https:\/\/wapwebedapro01.azurewebsites.net\/"},{"@type":"ListItem","position":2,"name":"Innovaci\u00f3n educativa"}]},{"@type":"WebSite","@id":"https:\/\/wapwebedapro01.azurewebsites.net\/#website","url":"https:\/\/wapwebedapro01.azurewebsites.net\/","name":"Escuela del agua","description":"","publisher":{"@id":"https:\/\/wapwebedapro01.azurewebsites.net\/#organization"},"potentialAction":[{"@type":"SearchAction","target":{"@type":"EntryPoint","urlTemplate":"https:\/\/wapwebedapro01.azurewebsites.net\/?s={search_term_string}"},"query-input":{"@type":"PropertyValueSpecification","valueRequired":true,"valueName":"search_term_string"}}],"inLanguage":"en-US"},{"@type":"Organization","@id":"https:\/\/wapwebedapro01.azurewebsites.net\/#organization","name":"Escuela del agua","url":"https:\/\/wapwebedapro01.azurewebsites.net\/","logo":{"@type":"ImageObject","inLanguage":"en-US","@id":"https:\/\/wapwebedapro01.azurewebsites.net\/#\/schema\/logo\/image\/","url":"\/wp-content\/uploads\/2023\/08\/logo_EscueladelAgua_mod.1.1_150px.png","contentUrl":"\/wp-content\/uploads\/2023\/08\/logo_EscueladelAgua_mod.1.1_150px.png","width":150,"height":90,"caption":"Escuela del agua"},"image":{"@id":"https:\/\/wapwebedapro01.azurewebsites.net\/#\/schema\/logo\/image\/"}}]}},"meta_box":{"category-home-subtitle":"","category-home-header-image":[],"category-home-intro":"","category-home-category":"","category-home-subcategory":"","category-home-carousel":"","category-home-categories-carousel":[],"contacta-title":"","contacta-text":"","contacta-image":[],"fpdual-subtitle":"","fpdual-image":[],"fpdual-text":"","fpdual-first-block-title":"","fpdual-first-block-text":"","fpdual-first-block-list-title":"","fpdual-first-block-list":[],"fpdual-second-block-title":"","fpdual-second-block-text":"","fpdual-second-block-list-title":"","fpdual-second-block-list":[],"fpdual-centers-title":"","fpdual-centers-intro":"","fpdual-centers":[],"fpdual-contact-active":"","fpdual-contact-title":"","fpdual-contact-text":"","fpdual-contact-list":[],"fpdual-contact-media":"","fpdual-contact-image":[],"fpdual-contact-video":"","global-excerpt":"","oprofesional-centers-title":"","oprofesional-centers-intro":"","oprofesional-centers":[],"paginas-interiores-subtitle":""},"_links":{"self":[{"href":"https:\/\/www.laescueladelagua.com\/en\/wp-json\/wp\/v2\/pages\/825","targetHints":{"allow":["GET"]}}],"collection":[{"href":"https:\/\/www.laescueladelagua.com\/en\/wp-json\/wp\/v2\/pages"}],"about":[{"href":"https:\/\/www.laescueladelagua.com\/en\/wp-json\/wp\/v2\/types\/page"}],"author":[{"embeddable":true,"href":"https:\/\/www.laescueladelagua.com\/en\/wp-json\/wp\/v2\/users\/1"}],"replies":[{"embeddable":true,"href":"https:\/\/www.laescueladelagua.com\/en\/wp-json\/wp\/v2\/comments?post=825"}],"version-history":[{"count":41,"href":"https:\/\/www.laescueladelagua.com\/en\/wp-json\/wp\/v2\/pages\/825\/revisions"}],"predecessor-version":[{"id":4231,"href":"https:\/\/www.laescueladelagua.com\/en\/wp-json\/wp\/v2\/pages\/825\/revisions\/4231"}],"wp:featuredmedia":[{"embeddable":true,"href":"https:\/\/www.laescueladelagua.com\/en\/wp-json\/wp\/v2\/media\/2126"}],"wp:attachment":[{"href":"https:\/\/www.laescueladelagua.com\/en\/wp-json\/wp\/v2\/media?parent=825"}],"curies":[{"name":"wp","href":"https:\/\/api.w.org\/{rel}","templated":true}]}}