{"id":2688,"date":"2024-03-08T11:52:13","date_gmt":"2024-03-08T11:52:13","guid":{"rendered":"https:\/\/www.laescueladelagua.com\/?post_type=product&#038;p=2688"},"modified":"2025-06-03T10:55:47","modified_gmt":"2025-06-03T10:55:47","slug":"cambio-climatico-y-sostenibilidad","status":"publish","type":"product","link":"https:\/\/www.laescueladelagua.com\/en\/programa\/programas\/executive-education\/cambio-climatico-y-sostenibilidad\/","title":{"rendered":"Resilient strategies for water management in the face of climate change"},"content":{"rendered":"","protected":false},"excerpt":{"rendered":"","protected":false},"featured_media":2689,"comment_status":"open","ping_status":"closed","template":"","meta":[],"product_cat":[20,34],"product_tag":[79,84],"class_list":{"0":"post-2688","1":"product","2":"type-product","3":"status-publish","4":"has-post-thumbnail","6":"product_cat-executive-education","7":"product_cat-aquaseminar","8":"product_tag-gratuito","9":"product_tag-plazas-cerradas","11":"first","12":"instock","13":"shipping-taxable","14":"purchasable","15":"product-type-simple"},"yoast_head":"<!-- This site is optimized with the Yoast SEO plugin v24.5 - https:\/\/yoast.com\/wordpress\/plugins\/seo\/ -->\r\n<title>Estrategias resilientes para la gesti\u00f3n del agua frente al cambio clim\u00e1tico - Escuela del agua<\/title>\r\n<meta name=\"robots\" content=\"index, follow, max-snippet:-1, max-image-preview:large, max-video-preview:-1\" \/>\r\n<link rel=\"canonical\" href=\"https:\/\/www.laescueladelagua.com\/en\/programa\/programas\/executive-education\/cambio-climatico-y-sostenibilidad\/\" \/>\r\n<meta property=\"og:locale\" content=\"en_US\" \/>\r\n<meta property=\"og:type\" content=\"article\" \/>\r\n<meta property=\"og:title\" content=\"Estrategias resilientes para la gesti\u00f3n del agua frente al cambio clim\u00e1tico - Escuela del agua\" \/>\r\n<meta property=\"og:url\" content=\"https:\/\/www.laescueladelagua.com\/en\/programa\/programas\/executive-education\/cambio-climatico-y-sostenibilidad\/\" \/>\r\n<meta property=\"og:site_name\" content=\"Escuela del agua\" \/>\r\n<meta property=\"article:modified_time\" content=\"2025-06-03T10:55:47+00:00\" \/>\r\n<meta property=\"og:image\" content=\"https:\/\/www.laescueladelagua.com\/wp-content\/uploads\/2024\/03\/flood-123203_640.jpg\" \/>\r\n\t<meta property=\"og:image:width\" content=\"640\" \/>\r\n\t<meta property=\"og:image:height\" content=\"480\" \/>\r\n\t<meta property=\"og:image:type\" content=\"image\/jpeg\" \/>\r\n<meta name=\"twitter:card\" content=\"summary_large_image\" \/>\r\n<meta name=\"twitter:label1\" content=\"Est. reading time\" \/>\n\t<meta name=\"twitter:data1\" content=\"1 minute\" \/>\r\n<script type=\"application\/ld+json\" class=\"yoast-schema-graph\">{\"@context\":\"https:\/\/schema.org\",\"@graph\":[{\"@type\":\"WebPage\",\"@id\":\"https:\/\/www.laescueladelagua.com\/programa\/programas\/executive-education\/cambio-climatico-y-sostenibilidad\/\",\"url\":\"https:\/\/www.laescueladelagua.com\/programa\/programas\/executive-education\/cambio-climatico-y-sostenibilidad\/\",\"name\":\"Estrategias resilientes para la gesti\u00f3n del agua frente al cambio clim\u00e1tico - Escuela del agua\",\"isPartOf\":{\"@id\":\"https:\/\/wapwebedapro01.azurewebsites.net\/#website\"},\"primaryImageOfPage\":{\"@id\":\"https:\/\/www.laescueladelagua.com\/programa\/programas\/executive-education\/cambio-climatico-y-sostenibilidad\/#primaryimage\"},\"image\":{\"@id\":\"https:\/\/www.laescueladelagua.com\/programa\/programas\/executive-education\/cambio-climatico-y-sostenibilidad\/#primaryimage\"},\"thumbnailUrl\":\"\/wp-content\/uploads\/2024\/03\/flood-123203_640.jpg\",\"datePublished\":\"2024-03-08T11:52:13+00:00\",\"dateModified\":\"2025-06-03T10:55:47+00:00\",\"breadcrumb\":{\"@id\":\"https:\/\/www.laescueladelagua.com\/programa\/programas\/executive-education\/cambio-climatico-y-sostenibilidad\/#breadcrumb\"},\"inLanguage\":\"en-US\",\"potentialAction\":[{\"@type\":\"ReadAction\",\"target\":[\"https:\/\/www.laescueladelagua.com\/programa\/programas\/executive-education\/cambio-climatico-y-sostenibilidad\/\"]}]},{\"@type\":\"ImageObject\",\"inLanguage\":\"en-US\",\"@id\":\"https:\/\/www.laescueladelagua.com\/programa\/programas\/executive-education\/cambio-climatico-y-sostenibilidad\/#primaryimage\",\"url\":\"\/wp-content\/uploads\/2024\/03\/flood-123203_640.jpg\",\"contentUrl\":\"\/wp-content\/uploads\/2024\/03\/flood-123203_640.jpg\",\"width\":640,\"height\":480},{\"@type\":\"BreadcrumbList\",\"@id\":\"https:\/\/www.laescueladelagua.com\/programa\/programas\/executive-education\/cambio-climatico-y-sostenibilidad\/#breadcrumb\",\"itemListElement\":[{\"@type\":\"ListItem\",\"position\":1,\"name\":\"Home\",\"item\":\"https:\/\/wapwebedapro01.azurewebsites.net\/\"},{\"@type\":\"ListItem\",\"position\":2,\"name\":\"Todos los programas\",\"item\":\"https:\/\/www.laescueladelagua.com\/todos-los-programas\/\"},{\"@type\":\"ListItem\",\"position\":3,\"name\":\"Estrategias resilientes para la gesti\u00f3n del agua frente al cambio clim\u00e1tico\"}]},{\"@type\":\"WebSite\",\"@id\":\"https:\/\/wapwebedapro01.azurewebsites.net\/#website\",\"url\":\"https:\/\/wapwebedapro01.azurewebsites.net\/\",\"name\":\"Escuela del agua\",\"description\":\"\",\"publisher\":{\"@id\":\"https:\/\/wapwebedapro01.azurewebsites.net\/#organization\"},\"potentialAction\":[{\"@type\":\"SearchAction\",\"target\":{\"@type\":\"EntryPoint\",\"urlTemplate\":\"https:\/\/wapwebedapro01.azurewebsites.net\/?s={search_term_string}\"},\"query-input\":{\"@type\":\"PropertyValueSpecification\",\"valueRequired\":true,\"valueName\":\"search_term_string\"}}],\"inLanguage\":\"en-US\"},{\"@type\":\"Organization\",\"@id\":\"https:\/\/wapwebedapro01.azurewebsites.net\/#organization\",\"name\":\"Escuela del agua\",\"url\":\"https:\/\/wapwebedapro01.azurewebsites.net\/\",\"logo\":{\"@type\":\"ImageObject\",\"inLanguage\":\"en-US\",\"@id\":\"https:\/\/wapwebedapro01.azurewebsites.net\/#\/schema\/logo\/image\/\",\"url\":\"\/wp-content\/uploads\/2023\/08\/logo_EscueladelAgua_mod.1.1_150px.png\",\"contentUrl\":\"\/wp-content\/uploads\/2023\/08\/logo_EscueladelAgua_mod.1.1_150px.png\",\"width\":150,\"height\":90,\"caption\":\"Escuela del agua\"},\"image\":{\"@id\":\"https:\/\/wapwebedapro01.azurewebsites.net\/#\/schema\/logo\/image\/\"}}]}<\/script>\r\n<!-- \/ Yoast SEO plugin. -->","yoast_head_json":{"title":"Estrategias resilientes para la gesti\u00f3n del agua frente al cambio clim\u00e1tico - Escuela del agua","robots":{"index":"index","follow":"follow","max-snippet":"max-snippet:-1","max-image-preview":"max-image-preview:large","max-video-preview":"max-video-preview:-1"},"canonical":"https:\/\/www.laescueladelagua.com\/en\/programa\/programas\/executive-education\/cambio-climatico-y-sostenibilidad\/","og_locale":"en_US","og_type":"article","og_title":"Estrategias resilientes para la gesti\u00f3n del agua frente al cambio clim\u00e1tico - Escuela del agua","og_url":"https:\/\/www.laescueladelagua.com\/en\/programa\/programas\/executive-education\/cambio-climatico-y-sostenibilidad\/","og_site_name":"Escuela del agua","article_modified_time":"2025-06-03T10:55:47+00:00","og_image":[{"width":640,"height":480,"url":"https:\/\/www.laescueladelagua.com\/wp-content\/uploads\/2024\/03\/flood-123203_640.jpg","type":"image\/jpeg"}],"twitter_card":"summary_large_image","twitter_misc":{"Est. reading time":"1 minute"},"schema":{"@context":"https:\/\/schema.org","@graph":[{"@type":"WebPage","@id":"https:\/\/www.laescueladelagua.com\/programa\/programas\/executive-education\/cambio-climatico-y-sostenibilidad\/","url":"https:\/\/www.laescueladelagua.com\/programa\/programas\/executive-education\/cambio-climatico-y-sostenibilidad\/","name":"Estrategias resilientes para la gesti\u00f3n del agua frente al cambio clim\u00e1tico - Escuela del agua","isPartOf":{"@id":"https:\/\/wapwebedapro01.azurewebsites.net\/#website"},"primaryImageOfPage":{"@id":"https:\/\/www.laescueladelagua.com\/programa\/programas\/executive-education\/cambio-climatico-y-sostenibilidad\/#primaryimage"},"image":{"@id":"https:\/\/www.laescueladelagua.com\/programa\/programas\/executive-education\/cambio-climatico-y-sostenibilidad\/#primaryimage"},"thumbnailUrl":"\/wp-content\/uploads\/2024\/03\/flood-123203_640.jpg","datePublished":"2024-03-08T11:52:13+00:00","dateModified":"2025-06-03T10:55:47+00:00","breadcrumb":{"@id":"https:\/\/www.laescueladelagua.com\/programa\/programas\/executive-education\/cambio-climatico-y-sostenibilidad\/#breadcrumb"},"inLanguage":"en-US","potentialAction":[{"@type":"ReadAction","target":["https:\/\/www.laescueladelagua.com\/programa\/programas\/executive-education\/cambio-climatico-y-sostenibilidad\/"]}]},{"@type":"ImageObject","inLanguage":"en-US","@id":"https:\/\/www.laescueladelagua.com\/programa\/programas\/executive-education\/cambio-climatico-y-sostenibilidad\/#primaryimage","url":"\/wp-content\/uploads\/2024\/03\/flood-123203_640.jpg","contentUrl":"\/wp-content\/uploads\/2024\/03\/flood-123203_640.jpg","width":640,"height":480},{"@type":"BreadcrumbList","@id":"https:\/\/www.laescueladelagua.com\/programa\/programas\/executive-education\/cambio-climatico-y-sostenibilidad\/#breadcrumb","itemListElement":[{"@type":"ListItem","position":1,"name":"Home","item":"https:\/\/wapwebedapro01.azurewebsites.net\/"},{"@type":"ListItem","position":2,"name":"Todos los programas","item":"https:\/\/www.laescueladelagua.com\/todos-los-programas\/"},{"@type":"ListItem","position":3,"name":"Estrategias resilientes para la gesti\u00f3n del agua frente al cambio clim\u00e1tico"}]},{"@type":"WebSite","@id":"https:\/\/wapwebedapro01.azurewebsites.net\/#website","url":"https:\/\/wapwebedapro01.azurewebsites.net\/","name":"Escuela del agua","description":"","publisher":{"@id":"https:\/\/wapwebedapro01.azurewebsites.net\/#organization"},"potentialAction":[{"@type":"SearchAction","target":{"@type":"EntryPoint","urlTemplate":"https:\/\/wapwebedapro01.azurewebsites.net\/?s={search_term_string}"},"query-input":{"@type":"PropertyValueSpecification","valueRequired":true,"valueName":"search_term_string"}}],"inLanguage":"en-US"},{"@type":"Organization","@id":"https:\/\/wapwebedapro01.azurewebsites.net\/#organization","name":"Escuela del agua","url":"https:\/\/wapwebedapro01.azurewebsites.net\/","logo":{"@type":"ImageObject","inLanguage":"en-US","@id":"https:\/\/wapwebedapro01.azurewebsites.net\/#\/schema\/logo\/image\/","url":"\/wp-content\/uploads\/2023\/08\/logo_EscueladelAgua_mod.1.1_150px.png","contentUrl":"\/wp-content\/uploads\/2023\/08\/logo_EscueladelAgua_mod.1.1_150px.png","width":150,"height":90,"caption":"Escuela del agua"},"image":{"@id":"https:\/\/wapwebedapro01.azurewebsites.net\/#\/schema\/logo\/image\/"}}]}},"meta_box":{"datos-curso-code":"Cambio_Clim\u00e1tico_Sost_Estrat_Innov_Resili_2024","datos-curso-register":"no","datos-curso-methodology":"Semipresencial","datos-curso-profile":["T\u00e9cnico"],"datos-curso-mode":[],"datos-curso-public":[],"datos-curso-date":"Pr\u00f3ximamente","datos-curso-pdf":[],"datos-curso-logo":[],"related-link":[2674,2683],"tab-presentacion-active":"yes","tab-presentacion-tab-name":"Presentaci\u00f3n","tab-presentacion-intro":"<p>La Escuela del Agua c\u00f3mo participante en el proyecto <a href=\"https:\/\/3-loe.eu\/\">3LoE<\/a>, ha organizado el curso \"Estrategias resilientes para la gesti\u00f3n del agua frente al cambio clim\u00e1tico\" de 100 horas de <b>autoaprendizaje,<\/b><span style=\"font-weight: 400\"> mediante realizaci\u00f3n de ejercicios de aplicaci\u00f3n de los conocimientos te\u00f3ricos adquiridos en los m\u00f3dulos sumando una<strong> sesi\u00f3n presencial de un d\u00eda en Barcelona<\/strong>.<\/span><\/p>\n<p><span style=\"font-weight: 400\">El objetivo principal de este programa es adquirir, ampliar y mejorar en competencias t\u00e9cnicas en sostenibilidad. Conocer los objetivos de desarrollo sostenible enfocados en el campo del agua, en el impacto ambiental de los contaminantes y su legislaci\u00f3n, viendo sus retos y buscando soluciones. <\/span><\/p>\n<p><span style=\"font-weight: 400\">Adquirir\u00e1s conocimientos sobre tecnolog\u00edas del tratamiento de aguas residuales, su problem\u00e1tica actual y la tendencia a futuro. Trabajaremos con sus retos y buscaremos soluciones.<\/span><\/p>\n<p><img class=\"alignnone wp-image-1326\" src=\"\/wp-content\/uploads\/2023\/07\/3loe-e1690443128219-300x216.jpg\" alt=\"\" width=\"188\" height=\"135\" \/><img class=\"alignnone size-medium wp-image-2704\" src=\"\/wp-content\/uploads\/2024\/03\/Erasmus-logo-300x86.jpg\" alt=\"\" width=\"300\" height=\"86\" \/><\/p>\n","tab-presentacion-first-block-active":"yes","tab-presentacion-first-block-title":"DIRIGIDO A:","tab-presentacion-first-block-intro":"<ul>\n<li><span style=\"font-weight: 400\">Alumnos que quieren ampliar las competencias adquiridas en sus estudios, respecto a la sostenibilidad ODS y tecnolog\u00eda de tratamiento de aguas residuales.<\/span><\/li>\n<li><span style=\"font-weight: 400\">Profesionales del sector.<\/span><\/li>\n<\/ul>\n","tab-presentacion-first-block-list":[],"tab-presentacion-second-block-active":"yes","tab-presentacion-second-block-title":"ADQUISICI\u00d3N DE COMPETENCIAS:","tab-presentacion-second-block-intro":"<p><span style=\"font-weight: 400\">Con la realizaci\u00f3n del curso, obtendr\u00e1s las competencias siguientes:<\/span><\/p>\n<ul>\n<li style=\"font-weight: 300\"><span style=\"font-weight: 400\">Obtendr\u00e1s una imagen global de la sostenibilidad, y m\u00e1s concretamente, del papel del agua en los ODS<\/span><\/li>\n<li style=\"font-weight: 300\"><span style=\"font-weight: 400\">Conocer\u00e1s la legislaci\u00f3n, las estrategias y los planes de acciones desarrollados por los diferentes organismos relacionados con el tratamiento de aguas residuales, y su aplicaci\u00f3n pr\u00e1ctica en peque\u00f1as empresas.<\/span><\/li>\n<li style=\"font-weight: 400\"><span style=\"font-weight: 400\">Comprender el impacto medioambiental generado por los contaminantes del agua, y pensar en soluciones innovadoras a los retos que presentan los sistemas de tratamiento de aguas residuales<\/span><\/li>\n<li style=\"font-weight: 400\"><span style=\"font-weight: 400\">Conocer los diferentes sistemas de tratamiento de aguas residuales y tecnolog\u00edas aplicadas. Plantear mejoras a las operaciones aplicando el uso de herramientas y t\u00e9cnicas innovadoras<\/span><\/li>\n<\/ul>\n","tab-presentacion-second-block-list":[],"tab-presentacion-third-block-active":"yes","tab-presentacion-third-block-title":"CERTIFICACI\u00d3N:","tab-presentacion-third-block-text":"<p><span style=\"font-weight: 400\">Los participantes que superen el programa recibir\u00e1n un certificado acreditativo de la Escuela del Agua. <\/span><\/p>\n","tab-presentacion-third-block-list":[],"tab-presentacion-third-block-media":"empty","tab-presentacion-third-block-image":[],"tab-presentacion-third-block-video":"","tab-programa-active":"yes","tab-programa-tab-name":"Programa","tab-programa-intro-1":"","tab-programa-content":[],"tab-programa-intro-2":"<p>El programa est\u00e1 dise\u00f1ado para que sea mayoritariamente online, mediante la resoluci\u00f3n de retos. Contempla una jornada presencial durante las \u00faltimas semanas en Barcelona.<\/p>\n<p><strong>Jornada presencial:<\/strong><\/p>\n<p><strong>Dia:<\/strong> Mi\u00e9rcoles 5 de Junio de 2024<br \/>\n<strong>Horario:<\/strong> 10.00 - 13.00h. (Pausa Caf\u00e9 incluida)<br \/>\n<strong>Lugar:<\/strong>\u00a0Col\u00b7legi d'Enginyers Industrials de Catalunya<br \/>\nVia Laietana, 39 Barcelona<\/p>\n<p>&nbsp;<\/p>\n","tab-programa-first-block-active":"yes","tab-programa-first-block-title":"","tab-programa-first-block-content":[{"dropdown":[{"title":"M\u00f3dulo I: Introducci\u00f3n a la sostenibilidad y al agua","text":"<ul>\r\n \t<li style=\"font-weight: 400;\" aria-level=\"1\"><span style=\"font-weight: 400;\">Los recursos h\u00eddricos: situaci\u00f3n actual y perspectivas a futuro<\/span><\/li>\r\n \t<li style=\"font-weight: 400;\" aria-level=\"1\"><span style=\"font-weight: 400;\">Los desaf\u00edos del agua. ONU-Water: pol\u00edticas, datos y acciones<\/span><\/li>\r\n \t<li style=\"font-weight: 400;\" aria-level=\"1\"><span style=\"font-weight: 400;\">Sostenibilidad y econom\u00eda circular<\/span><\/li>\r\n \t<li style=\"font-weight: 400;\" aria-level=\"1\"><span style=\"font-weight: 400;\">Los objetivos de Desarrollo Sostenible (ODS)<\/span><\/li>\r\n \t<li style=\"font-weight: 400;\" aria-level=\"1\"><span style=\"font-weight: 400;\">ODS 6: Agua limpia y saneamiento<\/span><\/li>\r\n \t<li style=\"font-weight: 400;\" aria-level=\"1\"><span style=\"font-weight: 400;\">El ciclo del agua en los ODS<\/span><\/li>\r\n \t<li style=\"font-weight: 400;\" aria-level=\"1\"><span style=\"font-weight: 400;\">El ciclo del agua y el cambio clim\u00e1tico<\/span><\/li>\r\n<\/ul>"},{"title":"M\u00f3dulo II: Estrategias Innovadoras en la gesti\u00f3n del Agua","text":"<ul>\r\n \t<li style=\"font-weight: 400;\" aria-level=\"1\"><span style=\"font-weight: 400;\">Marco jur\u00eddico europeo en materia de aguas.<\/span><\/li>\r\n \t<li style=\"font-weight: 400;\" aria-level=\"1\"><span style=\"font-weight: 400;\">Legislaci\u00f3n y normativa de \u00e1mbito nacional, auton\u00f3mico y municipal en materia de aguas.<\/span><\/li>\r\n \t<li style=\"font-weight: 400;\" aria-level=\"1\"><span style=\"font-weight: 400;\">El Pacto Verd Europeu (Green Deal): objetivos e iniciativas.<\/span><\/li>\r\n \t<li style=\"font-weight: 400;\" aria-level=\"1\"><span style=\"font-weight: 400;\">El tratamiento de aguas residuales urbanas a Europa: Directiva del Consejo 91\/271\/CEE.<\/span><\/li>\r\n \t<li style=\"font-weight: 400;\" aria-level=\"1\"><span style=\"font-weight: 400;\">Gesti\u00f3n de aguas residuales no conectadas a la red de saneamiento.<\/span><\/li>\r\n \t<li style=\"font-weight: 400;\" aria-level=\"1\"><span style=\"font-weight: 400;\">Reutilizaci\u00f3n de agua regenerada: Legislaci\u00f3n. Retos tecnol\u00f3gicos y soluciones.<\/span><\/li>\r\n<\/ul>"},{"title":"M\u00f3dulo III: Trabajo colaborativo","text":"Trabajo pr\u00e1ctico"}]}],"tab-programa-second-block-active":"no","tab-programa-second-block-title":"","tab-programa-second-block-text":"","tab-programa-second-block-list":[],"tab-programa-second-block-media":"image","tab-programa-second-block-image":[],"tab-programa-second-block-video":"","tab-equipo-docente-active":"yes","tab-equipo-docente-tab-name":"Equipo docente","tab-equipo-docente-intro":"","tab-equipo-docente-first-block-active":"yes","tab-equipo-docente-first-block-title":"EXPERTOS EN LA MATERIA","tab-equipo-docente-first-block-team":[{"name":"Desir\u00e9 Mar\u00edn","text":"<span style=\"font-weight: 400;\">Directora de Innovaci\u00f3n Agbar y Responsable de iniciativas estrat\u00e9gicas en Sostenibilidad en Cetaqua, Centro Tecnol\u00f3gico del Agua.<\/span>\r\n\r\n<span style=\"font-weight: 400;\">Ingeniera Qu\u00edmica, Posgrado en Plantas de Tratamiento de <\/span><span style=\"font-weight: 400;\">Aguas y M\u00e1ster in Water Management por la Universitat Polit\u00e9cnica de Catalunya (UPC).\r\nExperta en An\u00e1lisis de Ciclo de vida para la evaluaci\u00f3n de la sostenibilidad,\u00a0 ha aplicado esta metodolog\u00eda a numerosos procesos y productos en el sector del agua. En la actualidad compagina el liderazgo de iniciativas estrat\u00e9gicas y nuevos modelos de negocio en sostenibilidad con la Direcci\u00f3n de Innovaci\u00f3n en Agbar Catalunya y Baleares. Tambi\u00e9n es profesora asociada de la Universitat Polit\u00e9cnica de Catalunya en Econom\u00eda circular y sostenibilidad y docente en Escuela del Agua.<\/span>\r\n\r\n&nbsp;","image":["2690"]},{"name":"Nicol\u00e1s De Arespacochaga","text":"<span style=\"font-weight: 400;\"> I am Chemical Engineer graduated from Polytechnic University of Catalonia (Spain), MSc in Environmental Diagnostics at Cranfield University (UK) and PhD in Chemical Engineering Processes at UPC (Spain) with the thesis named \u201cSewage biogas energy valorization via Solid Oxide Fuel Cells\u201d.\r\nI joined CETAQUA Water Technology Centre in 2008 where I was first Project Manager of R+D+i projects and then Area Manager of the Water &amp; Energy, and the Wastewater &amp; Resource Recovery departments.\r\nIn 2019 I changed Innovation for O&amp;M Operations moving to Agbar Performance Municipal Water as Technical and Performance Manager for Africa-Middle East-India Business Area. In 2022 I was deputy plant manager at two of the largest WasteWater Treatment Plants in Spain (Bes\u00f3s and Baix Llobregat). From 2023 I am Operational Support Manager in Water Treatment Plants in AGBAR.<\/span>","image":["2793"]}],"tab-equipo-docente-second-block-active":"no","tab-equipo-docente-second-block-title":"","tab-equipo-docente-second-block-text":"","tab-equipo-docente-second-block-list":[],"tab-equipo-docente-second-block-media":"image","tab-equipo-docente-second-block-image":[],"tab-equipo-docente-second-block-video":"","tab-admision-active":"yes","tab-admision-tab-name":"Admisi\u00f3n y datos b\u00e1sicos","tab-admision-first-block-active":"yes","tab-admision-first-block-title":"","tab-admision-first-block-info":[{"data":"inicio","text":"Pr\u00f3ximamente "},{"data":"duracion","text":"100 horas"},{"data":"idioma","text":"Espa\u00f1ol"},{"data":"importe","text":"Gratuito"},{"data":"metodologia","text":"Semipresencial"},{"data":"lugar","text":"Barcelona"},{"data":"cierre","text":"Jornada Presencial: Mi\u00e9rcoles 5 de Junio 2024 a la Sede del Col\u00b7legi d'enginyers Industrials de Barcelona"}],"tab-admision-first-block-additional-info":[],"tab-admision-second-block-active":"no","tab-custom-active":"no","tab-custom-tab-name":"Presentaci\u00f3n","tab-custom-intro":"","tab-custom-first-block-active":"yes","tab-custom-first-block-title":"","tab-custom-first-block-intro":"","tab-custom-first-block-list":[],"tab-custom-second-block-active":"yes","tab-custom-second-block-title":"","tab-custom-second-block-intro":"","tab-custom-second-block-list":[],"tab-custom-third-block-active":"yes","tab-custom-third-block-title":"","tab-custom-third-block-text":"","tab-custom-third-block-list":[],"tab-custom-third-block-media":"empty","tab-custom-third-block-image":[],"tab-custom-third-block-video":"","tab-campus-online-active":"no","tab-campus-online-tab-name":"Campus Online","tab-ayudas-estudio-active":"no","tab-ayudas-estudio-tab-name":"Ayudas al estudio"},"_links":{"self":[{"href":"https:\/\/www.laescueladelagua.com\/en\/wp-json\/wp\/v2\/product\/2688","targetHints":{"allow":["GET"]}}],"collection":[{"href":"https:\/\/www.laescueladelagua.com\/en\/wp-json\/wp\/v2\/product"}],"about":[{"href":"https:\/\/www.laescueladelagua.com\/en\/wp-json\/wp\/v2\/types\/product"}],"replies":[{"embeddable":true,"href":"https:\/\/www.laescueladelagua.com\/en\/wp-json\/wp\/v2\/comments?post=2688"}],"version-history":[{"count":5,"href":"https:\/\/www.laescueladelagua.com\/en\/wp-json\/wp\/v2\/product\/2688\/revisions"}],"predecessor-version":[{"id":3566,"href":"https:\/\/www.laescueladelagua.com\/en\/wp-json\/wp\/v2\/product\/2688\/revisions\/3566"}],"wp:featuredmedia":[{"embeddable":true,"href":"https:\/\/www.laescueladelagua.com\/en\/wp-json\/wp\/v2\/media\/2689"}],"wp:attachment":[{"href":"https:\/\/www.laescueladelagua.com\/en\/wp-json\/wp\/v2\/media?parent=2688"}],"wp:term":[{"taxonomy":"product_cat","embeddable":true,"href":"https:\/\/www.laescueladelagua.com\/en\/wp-json\/wp\/v2\/product_cat?post=2688"},{"taxonomy":"product_tag","embeddable":true,"href":"https:\/\/www.laescueladelagua.com\/en\/wp-json\/wp\/v2\/product_tag?post=2688"}],"curies":[{"name":"wp","href":"https:\/\/api.w.org\/{rel}","templated":true}]}}