{"id":2973,"date":"2024-04-23T05:47:10","date_gmt":"2024-04-23T05:47:10","guid":{"rendered":"https:\/\/www.laescueladelagua.com\/?post_type=product&#038;p=2973"},"modified":"2025-07-25T09:00:56","modified_gmt":"2025-07-25T09:00:56","slug":"recursos-hidricos-marco-regulador","status":"publish","type":"product","link":"https:\/\/www.laescueladelagua.com\/en\/programa\/programas\/formacion-continua\/recursos-hidricos-marco-regulador\/","title":{"rendered":"How do I apply the regulatory framework of the urban water cycle?"},"content":{"rendered":"","protected":false},"excerpt":{"rendered":"","protected":false},"featured_media":2974,"comment_status":"open","ping_status":"closed","template":"","meta":[],"product_cat":[88,91],"product_tag":[],"class_list":{"0":"post-2973","1":"product","2":"type-product","3":"status-publish","4":"has-post-thumbnail","6":"product_cat-formacion-continua","7":"product_cat-recursos-hidricos","9":"first","10":"instock","11":"shipping-taxable","12":"purchasable","13":"product-type-simple"},"yoast_head":"<!-- This site is optimized with the Yoast SEO plugin v24.5 - https:\/\/yoast.com\/wordpress\/plugins\/seo\/ -->\r\n<title>\u00bfC\u00f3mo aplico el marco regulador del ciclo urbano del agua? - Escuela del agua<\/title>\r\n<meta name=\"robots\" content=\"index, follow, max-snippet:-1, max-image-preview:large, max-video-preview:-1\" \/>\r\n<link rel=\"canonical\" href=\"https:\/\/www.laescueladelagua.com\/en\/programa\/programas\/formacion-continua\/recursos-hidricos-marco-regulador\/\" \/>\r\n<meta property=\"og:locale\" content=\"en_US\" \/>\r\n<meta property=\"og:type\" content=\"article\" \/>\r\n<meta property=\"og:title\" content=\"\u00bfC\u00f3mo aplico el marco regulador del ciclo urbano del agua? - Escuela del agua\" \/>\r\n<meta property=\"og:url\" content=\"https:\/\/www.laescueladelagua.com\/en\/programa\/programas\/formacion-continua\/recursos-hidricos-marco-regulador\/\" \/>\r\n<meta property=\"og:site_name\" content=\"Escuela del agua\" \/>\r\n<meta property=\"article:modified_time\" content=\"2025-07-25T09:00:56+00:00\" \/>\r\n<meta property=\"og:image\" content=\"https:\/\/www.laescueladelagua.com\/wp-content\/uploads\/2024\/04\/2-scaled.jpg\" \/>\r\n\t<meta property=\"og:image:width\" content=\"2560\" \/>\r\n\t<meta property=\"og:image:height\" content=\"1705\" \/>\r\n\t<meta property=\"og:image:type\" content=\"image\/jpeg\" \/>\r\n<meta name=\"twitter:card\" content=\"summary_large_image\" \/>\r\n<meta name=\"twitter:label1\" content=\"Est. reading time\" \/>\n\t<meta name=\"twitter:data1\" content=\"1 minute\" \/>\r\n<script type=\"application\/ld+json\" class=\"yoast-schema-graph\">{\"@context\":\"https:\/\/schema.org\",\"@graph\":[{\"@type\":\"WebPage\",\"@id\":\"https:\/\/www.laescueladelagua.com\/ca\/programa\/programas\/formacion-continua\/recursos-hidricos-marco-regulador\/\",\"url\":\"https:\/\/www.laescueladelagua.com\/ca\/programa\/programas\/formacion-continua\/recursos-hidricos-marco-regulador\/\",\"name\":\"\u00bfC\u00f3mo aplico el marco regulador del ciclo urbano del agua? - Escuela del agua\",\"isPartOf\":{\"@id\":\"https:\/\/wapwebedapro01.azurewebsites.net\/#website\"},\"primaryImageOfPage\":{\"@id\":\"https:\/\/www.laescueladelagua.com\/ca\/programa\/programas\/formacion-continua\/recursos-hidricos-marco-regulador\/#primaryimage\"},\"image\":{\"@id\":\"https:\/\/www.laescueladelagua.com\/ca\/programa\/programas\/formacion-continua\/recursos-hidricos-marco-regulador\/#primaryimage\"},\"thumbnailUrl\":\"\/wp-content\/uploads\/2024\/04\/2-scaled.jpg\",\"datePublished\":\"2024-04-23T05:47:10+00:00\",\"dateModified\":\"2025-07-25T09:00:56+00:00\",\"breadcrumb\":{\"@id\":\"https:\/\/www.laescueladelagua.com\/ca\/programa\/programas\/formacion-continua\/recursos-hidricos-marco-regulador\/#breadcrumb\"},\"inLanguage\":\"en-US\",\"potentialAction\":[{\"@type\":\"ReadAction\",\"target\":[\"https:\/\/www.laescueladelagua.com\/ca\/programa\/programas\/formacion-continua\/recursos-hidricos-marco-regulador\/\"]}]},{\"@type\":\"ImageObject\",\"inLanguage\":\"en-US\",\"@id\":\"https:\/\/www.laescueladelagua.com\/ca\/programa\/programas\/formacion-continua\/recursos-hidricos-marco-regulador\/#primaryimage\",\"url\":\"\/wp-content\/uploads\/2024\/04\/2-scaled.jpg\",\"contentUrl\":\"\/wp-content\/uploads\/2024\/04\/2-scaled.jpg\",\"width\":2560,\"height\":1705,\"caption\":\"L\u2019iconographie de SUEZ vise \u00e0 mettre en valeur notre engagement : prot\u00e9ger et restaurer le capital naturel. L\u2019environnement sera sublim\u00e9 et sera le premier point de contact avec l\u2019univers visuel du Groupe. Cette iconographie devra \u00eatre notamment en page de couverture et d\u2019ouverture de tous nos m\u00e9dias (interne, externe, m\u00e9tiers). L\u2019humain, en mouvement ou en interaction avec la nature, a aussi sa place au c\u0153ur de l\u2019environnement et de l\u2019iconographie de SUEZ.\"},{\"@type\":\"BreadcrumbList\",\"@id\":\"https:\/\/www.laescueladelagua.com\/ca\/programa\/programas\/formacion-continua\/recursos-hidricos-marco-regulador\/#breadcrumb\",\"itemListElement\":[{\"@type\":\"ListItem\",\"position\":1,\"name\":\"Home\",\"item\":\"https:\/\/wapwebedapro01.azurewebsites.net\/\"},{\"@type\":\"ListItem\",\"position\":2,\"name\":\"Todos los programas\",\"item\":\"https:\/\/www.laescueladelagua.com\/todos-los-programas\/\"},{\"@type\":\"ListItem\",\"position\":3,\"name\":\"\u00bfC\u00f3mo aplico el marco regulador del ciclo urbano del agua?\"}]},{\"@type\":\"WebSite\",\"@id\":\"https:\/\/wapwebedapro01.azurewebsites.net\/#website\",\"url\":\"https:\/\/wapwebedapro01.azurewebsites.net\/\",\"name\":\"Escuela del agua\",\"description\":\"\",\"publisher\":{\"@id\":\"https:\/\/wapwebedapro01.azurewebsites.net\/#organization\"},\"potentialAction\":[{\"@type\":\"SearchAction\",\"target\":{\"@type\":\"EntryPoint\",\"urlTemplate\":\"https:\/\/wapwebedapro01.azurewebsites.net\/?s={search_term_string}\"},\"query-input\":{\"@type\":\"PropertyValueSpecification\",\"valueRequired\":true,\"valueName\":\"search_term_string\"}}],\"inLanguage\":\"en-US\"},{\"@type\":\"Organization\",\"@id\":\"https:\/\/wapwebedapro01.azurewebsites.net\/#organization\",\"name\":\"Escuela del agua\",\"url\":\"https:\/\/wapwebedapro01.azurewebsites.net\/\",\"logo\":{\"@type\":\"ImageObject\",\"inLanguage\":\"en-US\",\"@id\":\"https:\/\/wapwebedapro01.azurewebsites.net\/#\/schema\/logo\/image\/\",\"url\":\"\/wp-content\/uploads\/2023\/08\/logo_EscueladelAgua_mod.1.1_150px.png\",\"contentUrl\":\"\/wp-content\/uploads\/2023\/08\/logo_EscueladelAgua_mod.1.1_150px.png\",\"width\":150,\"height\":90,\"caption\":\"Escuela del agua\"},\"image\":{\"@id\":\"https:\/\/wapwebedapro01.azurewebsites.net\/#\/schema\/logo\/image\/\"}}]}<\/script>\r\n<!-- \/ Yoast SEO plugin. -->","yoast_head_json":{"title":"\u00bfC\u00f3mo aplico el marco regulador del ciclo urbano del agua? - Escuela del agua","robots":{"index":"index","follow":"follow","max-snippet":"max-snippet:-1","max-image-preview":"max-image-preview:large","max-video-preview":"max-video-preview:-1"},"canonical":"https:\/\/www.laescueladelagua.com\/en\/programa\/programas\/formacion-continua\/recursos-hidricos-marco-regulador\/","og_locale":"en_US","og_type":"article","og_title":"\u00bfC\u00f3mo aplico el marco regulador del ciclo urbano del agua? - Escuela del agua","og_url":"https:\/\/www.laescueladelagua.com\/en\/programa\/programas\/formacion-continua\/recursos-hidricos-marco-regulador\/","og_site_name":"Escuela del agua","article_modified_time":"2025-07-25T09:00:56+00:00","og_image":[{"width":2560,"height":1705,"url":"https:\/\/www.laescueladelagua.com\/wp-content\/uploads\/2024\/04\/2-scaled.jpg","type":"image\/jpeg"}],"twitter_card":"summary_large_image","twitter_misc":{"Est. reading time":"1 minute"},"schema":{"@context":"https:\/\/schema.org","@graph":[{"@type":"WebPage","@id":"https:\/\/www.laescueladelagua.com\/ca\/programa\/programas\/formacion-continua\/recursos-hidricos-marco-regulador\/","url":"https:\/\/www.laescueladelagua.com\/ca\/programa\/programas\/formacion-continua\/recursos-hidricos-marco-regulador\/","name":"\u00bfC\u00f3mo aplico el marco regulador del ciclo urbano del agua? - Escuela del agua","isPartOf":{"@id":"https:\/\/wapwebedapro01.azurewebsites.net\/#website"},"primaryImageOfPage":{"@id":"https:\/\/www.laescueladelagua.com\/ca\/programa\/programas\/formacion-continua\/recursos-hidricos-marco-regulador\/#primaryimage"},"image":{"@id":"https:\/\/www.laescueladelagua.com\/ca\/programa\/programas\/formacion-continua\/recursos-hidricos-marco-regulador\/#primaryimage"},"thumbnailUrl":"\/wp-content\/uploads\/2024\/04\/2-scaled.jpg","datePublished":"2024-04-23T05:47:10+00:00","dateModified":"2025-07-25T09:00:56+00:00","breadcrumb":{"@id":"https:\/\/www.laescueladelagua.com\/ca\/programa\/programas\/formacion-continua\/recursos-hidricos-marco-regulador\/#breadcrumb"},"inLanguage":"en-US","potentialAction":[{"@type":"ReadAction","target":["https:\/\/www.laescueladelagua.com\/ca\/programa\/programas\/formacion-continua\/recursos-hidricos-marco-regulador\/"]}]},{"@type":"ImageObject","inLanguage":"en-US","@id":"https:\/\/www.laescueladelagua.com\/ca\/programa\/programas\/formacion-continua\/recursos-hidricos-marco-regulador\/#primaryimage","url":"\/wp-content\/uploads\/2024\/04\/2-scaled.jpg","contentUrl":"\/wp-content\/uploads\/2024\/04\/2-scaled.jpg","width":2560,"height":1705,"caption":"L\u2019iconographie de SUEZ vise \u00e0 mettre en valeur notre engagement : prot\u00e9ger et restaurer le capital naturel. L\u2019environnement sera sublim\u00e9 et sera le premier point de contact avec l\u2019univers visuel du Groupe. Cette iconographie devra \u00eatre notamment en page de couverture et d\u2019ouverture de tous nos m\u00e9dias (interne, externe, m\u00e9tiers). L\u2019humain, en mouvement ou en interaction avec la nature, a aussi sa place au c\u0153ur de l\u2019environnement et de l\u2019iconographie de SUEZ."},{"@type":"BreadcrumbList","@id":"https:\/\/www.laescueladelagua.com\/ca\/programa\/programas\/formacion-continua\/recursos-hidricos-marco-regulador\/#breadcrumb","itemListElement":[{"@type":"ListItem","position":1,"name":"Home","item":"https:\/\/wapwebedapro01.azurewebsites.net\/"},{"@type":"ListItem","position":2,"name":"Todos los programas","item":"https:\/\/www.laescueladelagua.com\/todos-los-programas\/"},{"@type":"ListItem","position":3,"name":"\u00bfC\u00f3mo aplico el marco regulador del ciclo urbano del agua?"}]},{"@type":"WebSite","@id":"https:\/\/wapwebedapro01.azurewebsites.net\/#website","url":"https:\/\/wapwebedapro01.azurewebsites.net\/","name":"Escuela del agua","description":"","publisher":{"@id":"https:\/\/wapwebedapro01.azurewebsites.net\/#organization"},"potentialAction":[{"@type":"SearchAction","target":{"@type":"EntryPoint","urlTemplate":"https:\/\/wapwebedapro01.azurewebsites.net\/?s={search_term_string}"},"query-input":{"@type":"PropertyValueSpecification","valueRequired":true,"valueName":"search_term_string"}}],"inLanguage":"en-US"},{"@type":"Organization","@id":"https:\/\/wapwebedapro01.azurewebsites.net\/#organization","name":"Escuela del agua","url":"https:\/\/wapwebedapro01.azurewebsites.net\/","logo":{"@type":"ImageObject","inLanguage":"en-US","@id":"https:\/\/wapwebedapro01.azurewebsites.net\/#\/schema\/logo\/image\/","url":"\/wp-content\/uploads\/2023\/08\/logo_EscueladelAgua_mod.1.1_150px.png","contentUrl":"\/wp-content\/uploads\/2023\/08\/logo_EscueladelAgua_mod.1.1_150px.png","width":150,"height":90,"caption":"Escuela del agua"},"image":{"@id":"https:\/\/wapwebedapro01.azurewebsites.net\/#\/schema\/logo\/image\/"}}]}},"meta_box":{"datos-curso-code":"AF_RH_MARCO","datos-curso-register":"no","datos-curso-methodology":"Online","datos-curso-profile":["T\u00e9cnico"],"datos-curso-mode":[],"datos-curso-public":[],"datos-curso-date":"mayo, 2026","datos-curso-pdf":[],"datos-curso-logo":[],"related-link":[2979,2965,2983],"tab-presentacion-active":"yes","tab-presentacion-tab-name":"Presentaci\u00f3n","tab-presentacion-intro":"<p>Hemos elaborado una serie de contenidos, los llamamos cursos de autoformaci\u00f3n que constan de diez horas de aprendizaje. Estos cursos son acumulables y suman para poder culminar un programa.<br \/>\nSon cursos integrados en nuestra plataforma NEREXA, con lo cu\u00e1l, cumplen con la flexibilidad que coment\u00e1bamos. Cursos elaborados por nuestros expertos, actualizados y supervisados por nuestro equipo, cumpliendo con la calidad del producto, adem\u00e1s de disponer de un tutor para dudas, preguntas y asesoramiento.<br \/>\nPlanes de formaci\u00f3n continua para perfiles t\u00e9cnicos. Completa este curso para obtener una competencia.<\/p>\n","tab-presentacion-first-block-active":"no","tab-presentacion-first-block-title":"Objetivos","tab-presentacion-first-block-intro":"","tab-presentacion-first-block-list":[],"tab-presentacion-second-block-active":"no","tab-presentacion-second-block-title":"Competencias","tab-presentacion-second-block-intro":"","tab-presentacion-second-block-list":[],"tab-presentacion-third-block-active":"no","tab-presentacion-third-block-title":"","tab-presentacion-third-block-text":"","tab-presentacion-third-block-list":[],"tab-presentacion-third-block-media":"empty","tab-presentacion-third-block-image":[],"tab-presentacion-third-block-video":"","tab-programa-active":"yes","tab-programa-tab-name":"Contenidos","tab-programa-intro-1":"","tab-programa-content":[],"tab-programa-intro-2":"","tab-programa-first-block-active":"yes","tab-programa-first-block-title":"Objetivos","tab-programa-first-block-content":[{"intro":"<ul>\r\n \t<li>Citar los poderes p\u00fablicos con competencias en materia del agua en el contexto analizado. Identificar el principio de subsidiariedad en el m\u00e9todo de gesti\u00f3n del agua en el contexto espec\u00edfico.<\/li>\r\n \t<li>Examinar el marco legal relacionado con la configuraci\u00f3n legal de los servicios o actividades vinculadas a los recursos h\u00eddricos en cada contexto.<\/li>\r\n \t<li>Evaluar la posibilidad de gestionar de forma integrada el agua en el contexto analizado.<\/li>\r\n \t<li>Distinguir diversas modalidades para gestionar los servicios o actividades vinculadas al agua.<\/li>\r\n<\/ul>"}],"tab-programa-second-block-active":"yes","tab-programa-second-block-title":"Competencias","tab-programa-second-block-text":"<ul>\n<li>Ser capaz de enumerar y describir las entidades gubernamentales y autoridades con competencias espec\u00edficas en la gesti\u00f3n del agua dentro de un contexto dado, destacando sus roles y responsabilidades (RA K).<\/li>\n<li>Demostrar la capacidad de reconocer y explicar el principio de subsidiariedad dentro del marco de gesti\u00f3n del agua en un contexto espec\u00edfico, identificando c\u00f3mo se aplica y su importancia en la toma de decisiones (RA K).<\/li>\n<li>Ser capaz de examinar el marco legal que regula los servicios o actividades asociadas a los recursos h\u00eddricos en un contexto determinado, identificando disposiciones legales relevantes y su impacto en la gesti\u00f3n del agua (RA S).<\/li>\n<li>Ser capaz de justificar la viabilidad y beneficios de implementar una gesti\u00f3n integrada del agua en un contexto espec\u00edfico, identificando los desaf\u00edos y oportunidades asociados (RA S).<\/li>\n<li>Ser capaz de explicar diferentes enfoques y m\u00e9todos utilizados para gestionar los servicios o actividades relacionados con el agua, resaltando sus diferencias, ventajas y limitaciones (RA A).<\/li>\n<\/ul>\n","tab-programa-second-block-list":[],"tab-programa-second-block-media":"image","tab-programa-second-block-image":[],"tab-programa-second-block-video":"","tab-equipo-docente-active":"no","tab-equipo-docente-tab-name":"Equipo docente","tab-equipo-docente-intro":"","tab-equipo-docente-first-block-active":"yes","tab-equipo-docente-first-block-title":"","tab-equipo-docente-first-block-team":[],"tab-equipo-docente-second-block-active":"yes","tab-equipo-docente-second-block-title":"","tab-equipo-docente-second-block-text":"","tab-equipo-docente-second-block-list":[],"tab-equipo-docente-second-block-media":"image","tab-equipo-docente-second-block-image":[],"tab-equipo-docente-second-block-video":"","tab-admision-active":"yes","tab-admision-tab-name":"Datos b\u00e1sicos","tab-admision-first-block-active":"yes","tab-admision-first-block-title":"Informaci\u00f3n General","tab-admision-first-block-info":[{"data":"duracion","text":"10 horas"},{"data":"metodologia","text":"Autoformaci\u00f3n"},{"data":"inicio","text":"12 de Mayo de 2026"},{"data":"idioma","text":"Espa\u00f1ol"},{"data":"formas-de-pago","text":"100% bonificable"},{"data":"nivel","text":"B\u00e1sico"}],"tab-admision-first-block-additional-info":[],"tab-admision-second-block-active":"no","tab-custom-active":"no","tab-custom-tab-name":"","tab-custom-intro":"","tab-custom-first-block-active":"yes","tab-custom-first-block-title":"","tab-custom-first-block-intro":"","tab-custom-first-block-list":[],"tab-custom-second-block-active":"yes","tab-custom-second-block-title":"","tab-custom-second-block-intro":"","tab-custom-second-block-list":[],"tab-custom-third-block-active":"yes","tab-custom-third-block-title":"","tab-custom-third-block-text":"","tab-custom-third-block-list":[],"tab-custom-third-block-media":"empty","tab-custom-third-block-image":[],"tab-custom-third-block-video":"","tab-campus-online-active":"no","tab-campus-online-tab-name":"Campus Online","tab-ayudas-estudio-active":"no","tab-ayudas-estudio-tab-name":"Ayudas al estudio"},"_links":{"self":[{"href":"https:\/\/www.laescueladelagua.com\/en\/wp-json\/wp\/v2\/product\/2973","targetHints":{"allow":["GET"]}}],"collection":[{"href":"https:\/\/www.laescueladelagua.com\/en\/wp-json\/wp\/v2\/product"}],"about":[{"href":"https:\/\/www.laescueladelagua.com\/en\/wp-json\/wp\/v2\/types\/product"}],"replies":[{"embeddable":true,"href":"https:\/\/www.laescueladelagua.com\/en\/wp-json\/wp\/v2\/comments?post=2973"}],"version-history":[{"count":8,"href":"https:\/\/www.laescueladelagua.com\/en\/wp-json\/wp\/v2\/product\/2973\/revisions"}],"predecessor-version":[{"id":4402,"href":"https:\/\/www.laescueladelagua.com\/en\/wp-json\/wp\/v2\/product\/2973\/revisions\/4402"}],"wp:featuredmedia":[{"embeddable":true,"href":"https:\/\/www.laescueladelagua.com\/en\/wp-json\/wp\/v2\/media\/2974"}],"wp:attachment":[{"href":"https:\/\/www.laescueladelagua.com\/en\/wp-json\/wp\/v2\/media?parent=2973"}],"wp:term":[{"taxonomy":"product_cat","embeddable":true,"href":"https:\/\/www.laescueladelagua.com\/en\/wp-json\/wp\/v2\/product_cat?post=2973"},{"taxonomy":"product_tag","embeddable":true,"href":"https:\/\/www.laescueladelagua.com\/en\/wp-json\/wp\/v2\/product_tag?post=2973"}],"curies":[{"name":"wp","href":"https:\/\/api.w.org\/{rel}","templated":true}]}}