{"id":3034,"date":"2024-04-25T09:03:46","date_gmt":"2024-04-25T09:03:46","guid":{"rendered":"https:\/\/www.laescueladelagua.com\/?post_type=product&#038;p=3034"},"modified":"2025-07-25T12:14:15","modified_gmt":"2025-07-25T12:14:15","slug":"direccion-tiempoycomunicacion","status":"publish","type":"product","link":"https:\/\/www.laescueladelagua.com\/en\/programa\/programas\/formacion-continua\/direccion-tiempoycomunicacion\/","title":{"rendered":"How do I manage my time? How do we communicate in my company?"},"content":{"rendered":"","protected":false},"excerpt":{"rendered":"","protected":false},"featured_media":3132,"comment_status":"open","ping_status":"closed","template":"","meta":[],"product_cat":[88,98],"product_tag":[],"class_list":{"0":"post-3034","1":"product","2":"type-product","3":"status-publish","4":"has-post-thumbnail","6":"product_cat-formacion-continua","7":"product_cat-direccion-de-empresas-y-gestion-del-talento","9":"first","10":"instock","11":"shipping-taxable","12":"purchasable","13":"product-type-simple"},"yoast_head":"<!-- This site is optimized with the Yoast SEO plugin v24.5 - https:\/\/yoast.com\/wordpress\/plugins\/seo\/ -->\r\n<title>\u00bfC\u00f3mo gestiono mi tiempo? \u00bfC\u00f3mo nos comunicamos en mi empresa? - Escuela del agua<\/title>\r\n<meta name=\"description\" content=\"C\u00f3mo gestiono mi tiempo. Destacar la importancia de la gesti\u00f3n del tiempo para la eficiencia empresarial.Comprender los principios fundamentales de la comunicaci\u00f3n organizacional.Identificar los obst\u00e1culos que afectan el uso efectivo del tiempo.Dominar t\u00e9cnicas de gesti\u00f3n del tiempo para priorizar tareas y maximizar la productividad.Mejorar la comunicaci\u00f3n identificando y superando barreras, y practicando la escucha activa para una interacci\u00f3n m\u00e1s efectiva.\" \/>\r\n<meta name=\"robots\" content=\"index, follow, max-snippet:-1, max-image-preview:large, max-video-preview:-1\" \/>\r\n<link rel=\"canonical\" href=\"https:\/\/www.laescueladelagua.com\/en\/programa\/programas\/formacion-continua\/direccion-tiempoycomunicacion\/\" \/>\r\n<meta property=\"og:locale\" content=\"en_US\" \/>\r\n<meta property=\"og:type\" content=\"article\" \/>\r\n<meta property=\"og:title\" content=\"\u00bfC\u00f3mo gestiono mi tiempo? \u00bfC\u00f3mo nos comunicamos en mi empresa? - Escuela del agua\" \/>\r\n<meta property=\"og:description\" content=\"C\u00f3mo gestiono mi tiempo. Destacar la importancia de la gesti\u00f3n del tiempo para la eficiencia empresarial.Comprender los principios fundamentales de la comunicaci\u00f3n organizacional.Identificar los obst\u00e1culos que afectan el uso efectivo del tiempo.Dominar t\u00e9cnicas de gesti\u00f3n del tiempo para priorizar tareas y maximizar la productividad.Mejorar la comunicaci\u00f3n identificando y superando barreras, y practicando la escucha activa para una interacci\u00f3n m\u00e1s efectiva.\" \/>\r\n<meta property=\"og:url\" content=\"https:\/\/www.laescueladelagua.com\/en\/programa\/programas\/formacion-continua\/direccion-tiempoycomunicacion\/\" \/>\r\n<meta property=\"og:site_name\" content=\"Escuela del agua\" \/>\r\n<meta property=\"article:modified_time\" content=\"2025-07-25T12:14:15+00:00\" \/>\r\n<meta property=\"og:image\" content=\"https:\/\/www.laescueladelagua.com\/wp-content\/uploads\/2024\/04\/business-4051773_1280.jpg\" \/>\r\n\t<meta property=\"og:image:width\" content=\"1280\" \/>\r\n\t<meta property=\"og:image:height\" content=\"849\" \/>\r\n\t<meta property=\"og:image:type\" content=\"image\/jpeg\" \/>\r\n<meta name=\"twitter:card\" content=\"summary_large_image\" \/>\r\n<meta name=\"twitter:label1\" content=\"Est. reading time\" \/>\n\t<meta name=\"twitter:data1\" content=\"1 minute\" \/>\r\n<script type=\"application\/ld+json\" class=\"yoast-schema-graph\">{\"@context\":\"https:\/\/schema.org\",\"@graph\":[{\"@type\":\"WebPage\",\"@id\":\"https:\/\/www.laescueladelagua.com\/en\/programa\/programas\/formacion-continua\/direccion-tiempoycomunicacion\/\",\"url\":\"https:\/\/www.laescueladelagua.com\/en\/programa\/programas\/formacion-continua\/direccion-tiempoycomunicacion\/\",\"name\":\"\u00bfC\u00f3mo gestiono mi tiempo? \u00bfC\u00f3mo nos comunicamos en mi empresa? - Escuela del agua\",\"isPartOf\":{\"@id\":\"https:\/\/wapwebedapro01.azurewebsites.net\/#website\"},\"primaryImageOfPage\":{\"@id\":\"https:\/\/www.laescueladelagua.com\/en\/programa\/programas\/formacion-continua\/direccion-tiempoycomunicacion\/#primaryimage\"},\"image\":{\"@id\":\"https:\/\/www.laescueladelagua.com\/en\/programa\/programas\/formacion-continua\/direccion-tiempoycomunicacion\/#primaryimage\"},\"thumbnailUrl\":\"\/wp-content\/uploads\/2024\/04\/business-4051773_1280.jpg\",\"datePublished\":\"2024-04-25T09:03:46+00:00\",\"dateModified\":\"2025-07-25T12:14:15+00:00\",\"description\":\"C\u00f3mo gestiono mi tiempo. Destacar la importancia de la gesti\u00f3n del tiempo para la eficiencia empresarial.Comprender los principios fundamentales de la comunicaci\u00f3n organizacional.Identificar los obst\u00e1culos que afectan el uso efectivo del tiempo.Dominar t\u00e9cnicas de gesti\u00f3n del tiempo para priorizar tareas y maximizar la productividad.Mejorar la comunicaci\u00f3n identificando y superando barreras, y practicando la escucha activa para una interacci\u00f3n m\u00e1s efectiva.\",\"breadcrumb\":{\"@id\":\"https:\/\/www.laescueladelagua.com\/en\/programa\/programas\/formacion-continua\/direccion-tiempoycomunicacion\/#breadcrumb\"},\"inLanguage\":\"en-US\",\"potentialAction\":[{\"@type\":\"ReadAction\",\"target\":[\"https:\/\/www.laescueladelagua.com\/en\/programa\/programas\/formacion-continua\/direccion-tiempoycomunicacion\/\"]}]},{\"@type\":\"ImageObject\",\"inLanguage\":\"en-US\",\"@id\":\"https:\/\/www.laescueladelagua.com\/en\/programa\/programas\/formacion-continua\/direccion-tiempoycomunicacion\/#primaryimage\",\"url\":\"\/wp-content\/uploads\/2024\/04\/business-4051773_1280.jpg\",\"contentUrl\":\"\/wp-content\/uploads\/2024\/04\/business-4051773_1280.jpg\",\"width\":1280,\"height\":849},{\"@type\":\"BreadcrumbList\",\"@id\":\"https:\/\/www.laescueladelagua.com\/en\/programa\/programas\/formacion-continua\/direccion-tiempoycomunicacion\/#breadcrumb\",\"itemListElement\":[{\"@type\":\"ListItem\",\"position\":1,\"name\":\"Home\",\"item\":\"https:\/\/wapwebedapro01.azurewebsites.net\/\"},{\"@type\":\"ListItem\",\"position\":2,\"name\":\"Todos los programas\",\"item\":\"https:\/\/www.laescueladelagua.com\/todos-los-programas\/\"},{\"@type\":\"ListItem\",\"position\":3,\"name\":\"\u00bfC\u00f3mo gestiono mi tiempo? \u00bfC\u00f3mo nos comunicamos en mi empresa?\"}]},{\"@type\":\"WebSite\",\"@id\":\"https:\/\/wapwebedapro01.azurewebsites.net\/#website\",\"url\":\"https:\/\/wapwebedapro01.azurewebsites.net\/\",\"name\":\"Escuela del agua\",\"description\":\"\",\"publisher\":{\"@id\":\"https:\/\/wapwebedapro01.azurewebsites.net\/#organization\"},\"potentialAction\":[{\"@type\":\"SearchAction\",\"target\":{\"@type\":\"EntryPoint\",\"urlTemplate\":\"https:\/\/wapwebedapro01.azurewebsites.net\/?s={search_term_string}\"},\"query-input\":{\"@type\":\"PropertyValueSpecification\",\"valueRequired\":true,\"valueName\":\"search_term_string\"}}],\"inLanguage\":\"en-US\"},{\"@type\":\"Organization\",\"@id\":\"https:\/\/wapwebedapro01.azurewebsites.net\/#organization\",\"name\":\"Escuela del agua\",\"url\":\"https:\/\/wapwebedapro01.azurewebsites.net\/\",\"logo\":{\"@type\":\"ImageObject\",\"inLanguage\":\"en-US\",\"@id\":\"https:\/\/wapwebedapro01.azurewebsites.net\/#\/schema\/logo\/image\/\",\"url\":\"\/wp-content\/uploads\/2023\/08\/logo_EscueladelAgua_mod.1.1_150px.png\",\"contentUrl\":\"\/wp-content\/uploads\/2023\/08\/logo_EscueladelAgua_mod.1.1_150px.png\",\"width\":150,\"height\":90,\"caption\":\"Escuela del agua\"},\"image\":{\"@id\":\"https:\/\/wapwebedapro01.azurewebsites.net\/#\/schema\/logo\/image\/\"}}]}<\/script>\r\n<!-- \/ Yoast SEO plugin. -->","yoast_head_json":{"title":"\u00bfC\u00f3mo gestiono mi tiempo? \u00bfC\u00f3mo nos comunicamos en mi empresa? - Escuela del agua","description":"C\u00f3mo gestiono mi tiempo. Destacar la importancia de la gesti\u00f3n del tiempo para la eficiencia empresarial.Comprender los principios fundamentales de la comunicaci\u00f3n organizacional.Identificar los obst\u00e1culos que afectan el uso efectivo del tiempo.Dominar t\u00e9cnicas de gesti\u00f3n del tiempo para priorizar tareas y maximizar la productividad.Mejorar la comunicaci\u00f3n identificando y superando barreras, y practicando la escucha activa para una interacci\u00f3n m\u00e1s efectiva.","robots":{"index":"index","follow":"follow","max-snippet":"max-snippet:-1","max-image-preview":"max-image-preview:large","max-video-preview":"max-video-preview:-1"},"canonical":"https:\/\/www.laescueladelagua.com\/en\/programa\/programas\/formacion-continua\/direccion-tiempoycomunicacion\/","og_locale":"en_US","og_type":"article","og_title":"\u00bfC\u00f3mo gestiono mi tiempo? \u00bfC\u00f3mo nos comunicamos en mi empresa? - Escuela del agua","og_description":"C\u00f3mo gestiono mi tiempo. Destacar la importancia de la gesti\u00f3n del tiempo para la eficiencia empresarial.Comprender los principios fundamentales de la comunicaci\u00f3n organizacional.Identificar los obst\u00e1culos que afectan el uso efectivo del tiempo.Dominar t\u00e9cnicas de gesti\u00f3n del tiempo para priorizar tareas y maximizar la productividad.Mejorar la comunicaci\u00f3n identificando y superando barreras, y practicando la escucha activa para una interacci\u00f3n m\u00e1s efectiva.","og_url":"https:\/\/www.laescueladelagua.com\/en\/programa\/programas\/formacion-continua\/direccion-tiempoycomunicacion\/","og_site_name":"Escuela del agua","article_modified_time":"2025-07-25T12:14:15+00:00","og_image":[{"width":1280,"height":849,"url":"https:\/\/www.laescueladelagua.com\/wp-content\/uploads\/2024\/04\/business-4051773_1280.jpg","type":"image\/jpeg"}],"twitter_card":"summary_large_image","twitter_misc":{"Est. reading time":"1 minute"},"schema":{"@context":"https:\/\/schema.org","@graph":[{"@type":"WebPage","@id":"https:\/\/www.laescueladelagua.com\/en\/programa\/programas\/formacion-continua\/direccion-tiempoycomunicacion\/","url":"https:\/\/www.laescueladelagua.com\/en\/programa\/programas\/formacion-continua\/direccion-tiempoycomunicacion\/","name":"\u00bfC\u00f3mo gestiono mi tiempo? \u00bfC\u00f3mo nos comunicamos en mi empresa? - Escuela del agua","isPartOf":{"@id":"https:\/\/wapwebedapro01.azurewebsites.net\/#website"},"primaryImageOfPage":{"@id":"https:\/\/www.laescueladelagua.com\/en\/programa\/programas\/formacion-continua\/direccion-tiempoycomunicacion\/#primaryimage"},"image":{"@id":"https:\/\/www.laescueladelagua.com\/en\/programa\/programas\/formacion-continua\/direccion-tiempoycomunicacion\/#primaryimage"},"thumbnailUrl":"\/wp-content\/uploads\/2024\/04\/business-4051773_1280.jpg","datePublished":"2024-04-25T09:03:46+00:00","dateModified":"2025-07-25T12:14:15+00:00","description":"C\u00f3mo gestiono mi tiempo. Destacar la importancia de la gesti\u00f3n del tiempo para la eficiencia empresarial.Comprender los principios fundamentales de la comunicaci\u00f3n organizacional.Identificar los obst\u00e1culos que afectan el uso efectivo del tiempo.Dominar t\u00e9cnicas de gesti\u00f3n del tiempo para priorizar tareas y maximizar la productividad.Mejorar la comunicaci\u00f3n identificando y superando barreras, y practicando la escucha activa para una interacci\u00f3n m\u00e1s efectiva.","breadcrumb":{"@id":"https:\/\/www.laescueladelagua.com\/en\/programa\/programas\/formacion-continua\/direccion-tiempoycomunicacion\/#breadcrumb"},"inLanguage":"en-US","potentialAction":[{"@type":"ReadAction","target":["https:\/\/www.laescueladelagua.com\/en\/programa\/programas\/formacion-continua\/direccion-tiempoycomunicacion\/"]}]},{"@type":"ImageObject","inLanguage":"en-US","@id":"https:\/\/www.laescueladelagua.com\/en\/programa\/programas\/formacion-continua\/direccion-tiempoycomunicacion\/#primaryimage","url":"\/wp-content\/uploads\/2024\/04\/business-4051773_1280.jpg","contentUrl":"\/wp-content\/uploads\/2024\/04\/business-4051773_1280.jpg","width":1280,"height":849},{"@type":"BreadcrumbList","@id":"https:\/\/www.laescueladelagua.com\/en\/programa\/programas\/formacion-continua\/direccion-tiempoycomunicacion\/#breadcrumb","itemListElement":[{"@type":"ListItem","position":1,"name":"Home","item":"https:\/\/wapwebedapro01.azurewebsites.net\/"},{"@type":"ListItem","position":2,"name":"Todos los programas","item":"https:\/\/www.laescueladelagua.com\/todos-los-programas\/"},{"@type":"ListItem","position":3,"name":"\u00bfC\u00f3mo gestiono mi tiempo? \u00bfC\u00f3mo nos comunicamos en mi empresa?"}]},{"@type":"WebSite","@id":"https:\/\/wapwebedapro01.azurewebsites.net\/#website","url":"https:\/\/wapwebedapro01.azurewebsites.net\/","name":"Escuela del agua","description":"","publisher":{"@id":"https:\/\/wapwebedapro01.azurewebsites.net\/#organization"},"potentialAction":[{"@type":"SearchAction","target":{"@type":"EntryPoint","urlTemplate":"https:\/\/wapwebedapro01.azurewebsites.net\/?s={search_term_string}"},"query-input":{"@type":"PropertyValueSpecification","valueRequired":true,"valueName":"search_term_string"}}],"inLanguage":"en-US"},{"@type":"Organization","@id":"https:\/\/wapwebedapro01.azurewebsites.net\/#organization","name":"Escuela del agua","url":"https:\/\/wapwebedapro01.azurewebsites.net\/","logo":{"@type":"ImageObject","inLanguage":"en-US","@id":"https:\/\/wapwebedapro01.azurewebsites.net\/#\/schema\/logo\/image\/","url":"\/wp-content\/uploads\/2023\/08\/logo_EscueladelAgua_mod.1.1_150px.png","contentUrl":"\/wp-content\/uploads\/2023\/08\/logo_EscueladelAgua_mod.1.1_150px.png","width":150,"height":90,"caption":"Escuela del agua"},"image":{"@id":"https:\/\/wapwebedapro01.azurewebsites.net\/#\/schema\/logo\/image\/"}}]}},"meta_box":{"datos-curso-code":"AF_DIREC_TIEMPO","datos-curso-register":"no","datos-curso-methodology":"Online","datos-curso-profile":["T\u00e9cnico"],"datos-curso-mode":[],"datos-curso-public":[],"datos-curso-date":"mayo, 2026","datos-curso-pdf":[],"datos-curso-logo":[],"related-link":[3030,3026,3041],"tab-presentacion-active":"yes","tab-presentacion-tab-name":"Presentaci\u00f3n","tab-presentacion-intro":"<p>Hemos elaborado una serie de contenidos, los llamamos cursos de autoformaci\u00f3n que constan de diez horas de aprendizaje. Estos cursos son acumulables y suman para poder culminar un programa.<br \/>\nSon cursos integrados en nuestra plataforma NEREXA, con lo cu\u00e1l, cumplen con la flexibilidad que coment\u00e1bamos. Cursos elaborados por nuestros expertos, actualizados y supervisados por nuestro equipo, cumpliendo con la calidad del producto, adem\u00e1s de disponer de un tutor para dudas, preguntas y asesoramiento.<br \/>\nPlanes de formaci\u00f3n continua para perfiles t\u00e9cnicos. Completa este curso para obtener una competencia.<\/p>\n","tab-presentacion-first-block-active":"no","tab-presentacion-first-block-title":"Objetivos","tab-presentacion-first-block-intro":"<ul>\n<li>Destacar la importancia de la gesti\u00f3n del tiempo para la eficiencia empresarial.<\/li>\n<li>Comprender los principios fundamentales de la comunicaci\u00f3n organizacional.<\/li>\n<li>Identificar los obst\u00e1culos que afectan el uso efectivo del tiempo.<\/li>\n<li>Dominar t\u00e9cnicas de gesti\u00f3n del tiempo para priorizar tareas y maximizar la productividad.<\/li>\n<li>Mejorar la comunicaci\u00f3n identificando y superando barreras, y practicando la escucha activa para una interacci\u00f3n m\u00e1s efectiva.<\/li>\n<\/ul>\n","tab-presentacion-first-block-list":[],"tab-presentacion-second-block-active":"no","tab-presentacion-second-block-title":"","tab-presentacion-second-block-intro":"","tab-presentacion-second-block-list":[],"tab-presentacion-third-block-active":"no","tab-presentacion-third-block-title":"","tab-presentacion-third-block-text":"","tab-presentacion-third-block-list":[],"tab-presentacion-third-block-media":"empty","tab-presentacion-third-block-image":[],"tab-presentacion-third-block-video":"","tab-programa-active":"yes","tab-programa-tab-name":"Contenidos","tab-programa-intro-1":"","tab-programa-content":[],"tab-programa-intro-2":"","tab-programa-first-block-active":"yes","tab-programa-first-block-title":"Objetivos","tab-programa-first-block-content":[{"intro":"<ul>\r\n \t<li>Destacar la importancia de la gesti\u00f3n del tiempo para la eficiencia empresarial.<\/li>\r\n \t<li>Comprender los principios fundamentales de la comunicaci\u00f3n organizacional.<\/li>\r\n \t<li>Identificar los obst\u00e1culos que afectan el uso efectivo del tiempo.<\/li>\r\n \t<li>Dominar t\u00e9cnicas de gesti\u00f3n del tiempo para priorizar tareas y maximizar la productividad.<\/li>\r\n \t<li>Mejorar la comunicaci\u00f3n identificando y superando barreras, y practicando la escucha activa para una interacci\u00f3n m\u00e1s efectiva.<\/li>\r\n<\/ul>"}],"tab-programa-second-block-active":"yes","tab-programa-second-block-title":"Competencias","tab-programa-second-block-text":"<ul>\n<li>Identificar y diferenciar entre un grupo de trabajo y un equipo de trabajo, comprendiendo las cualidades y comportamientos que distinguen a un equipo de alto rendimiento.<\/li>\n<li>Implementar estrategias avanzadas de comunicaci\u00f3n, liderazgo y resoluci\u00f3n de conflictos para promover la cohesi\u00f3n y el rendimiento \u00f3ptimo del equipo.<\/li>\n<li>Analizar de forma cr\u00edtica y ajustar las din\u00e1micas y objetivos del equipo en funci\u00f3n de factores externos, como cambios en el entorno empresarial o expectativas de los stakeholders.<\/li>\n<li>Evaluar de forma integral la evoluci\u00f3n de un equipo a lo largo de su desarrollo, justificando la importancia de cada etapa en el proceso de formaci\u00f3n y madurez del equipo.<\/li>\n<\/ul>\n","tab-programa-second-block-list":[],"tab-programa-second-block-media":"image","tab-programa-second-block-image":[],"tab-programa-second-block-video":"","tab-equipo-docente-active":"no","tab-equipo-docente-tab-name":"Equipo docente","tab-equipo-docente-intro":"","tab-equipo-docente-first-block-active":"yes","tab-equipo-docente-first-block-title":"","tab-equipo-docente-first-block-team":[],"tab-equipo-docente-second-block-active":"yes","tab-equipo-docente-second-block-title":"","tab-equipo-docente-second-block-text":"","tab-equipo-docente-second-block-list":[],"tab-equipo-docente-second-block-media":"image","tab-equipo-docente-second-block-image":[],"tab-equipo-docente-second-block-video":"","tab-admision-active":"yes","tab-admision-tab-name":"Datos b\u00e1sicos","tab-admision-first-block-active":"yes","tab-admision-first-block-title":"","tab-admision-first-block-info":[{"data":"duracion","text":"10 horas"},{"data":"metodologia","text":"Autoformaci\u00f3n"},{"data":"inicio","text":"12 de Mayo de 2026"},{"data":"idioma","text":"Espa\u00f1ol"},{"data":"formas-de-pago","text":"100% Bonificable"},{"data":"nivel","text":"Intermedio"}],"tab-admision-first-block-additional-info":[],"tab-admision-second-block-active":"no","tab-custom-active":"no","tab-custom-tab-name":"","tab-custom-intro":"","tab-custom-first-block-active":"yes","tab-custom-first-block-title":"","tab-custom-first-block-intro":"","tab-custom-first-block-list":[],"tab-custom-second-block-active":"yes","tab-custom-second-block-title":"","tab-custom-second-block-intro":"","tab-custom-second-block-list":[],"tab-custom-third-block-active":"yes","tab-custom-third-block-title":"","tab-custom-third-block-text":"","tab-custom-third-block-list":[],"tab-custom-third-block-media":"empty","tab-custom-third-block-image":[],"tab-custom-third-block-video":"","tab-campus-online-active":"no","tab-campus-online-tab-name":"Campus Online","tab-ayudas-estudio-active":"no","tab-ayudas-estudio-tab-name":"Ayudas al estudio"},"_links":{"self":[{"href":"https:\/\/www.laescueladelagua.com\/en\/wp-json\/wp\/v2\/product\/3034","targetHints":{"allow":["GET"]}}],"collection":[{"href":"https:\/\/www.laescueladelagua.com\/en\/wp-json\/wp\/v2\/product"}],"about":[{"href":"https:\/\/www.laescueladelagua.com\/en\/wp-json\/wp\/v2\/types\/product"}],"replies":[{"embeddable":true,"href":"https:\/\/www.laescueladelagua.com\/en\/wp-json\/wp\/v2\/comments?post=3034"}],"version-history":[{"count":5,"href":"https:\/\/www.laescueladelagua.com\/en\/wp-json\/wp\/v2\/product\/3034\/revisions"}],"predecessor-version":[{"id":3274,"href":"https:\/\/www.laescueladelagua.com\/en\/wp-json\/wp\/v2\/product\/3034\/revisions\/3274"}],"wp:featuredmedia":[{"embeddable":true,"href":"https:\/\/www.laescueladelagua.com\/en\/wp-json\/wp\/v2\/media\/3132"}],"wp:attachment":[{"href":"https:\/\/www.laescueladelagua.com\/en\/wp-json\/wp\/v2\/media?parent=3034"}],"wp:term":[{"taxonomy":"product_cat","embeddable":true,"href":"https:\/\/www.laescueladelagua.com\/en\/wp-json\/wp\/v2\/product_cat?post=3034"},{"taxonomy":"product_tag","embeddable":true,"href":"https:\/\/www.laescueladelagua.com\/en\/wp-json\/wp\/v2\/product_tag?post=3034"}],"curies":[{"name":"wp","href":"https:\/\/api.w.org\/{rel}","templated":true}]}}