{"id":3746,"date":"2024-11-28T12:45:37","date_gmt":"2024-11-28T12:45:37","guid":{"rendered":"https:\/\/www.laescueladelagua.com\/?post_type=product&#038;p=3746"},"modified":"2025-06-26T08:35:07","modified_gmt":"2025-06-26T08:35:07","slug":"curso-de-especializacion-en-control-ambiental-y-gestion-de-laboratorios","status":"publish","type":"product","link":"https:\/\/www.laescueladelagua.com\/en\/programa\/programas\/masters\/curso-especializacion\/curso-de-especializacion-en-control-ambiental-y-gestion-de-laboratorios\/","title":{"rendered":"Curso de Especializaci\u00f3n en Control Ambiental y Gesti\u00f3n de Laboratorios"},"content":{"rendered":"","protected":false},"excerpt":{"rendered":"","protected":false},"featured_media":3489,"comment_status":"open","ping_status":"closed","template":"","meta":[],"product_cat":[59],"product_tag":[],"class_list":{"0":"post-3746","1":"product","2":"type-product","3":"status-publish","4":"has-post-thumbnail","6":"product_cat-curso-especializacion","8":"first","9":"instock","10":"shipping-taxable","11":"purchasable","12":"product-type-simple"},"yoast_head":"<!-- This site is optimized with the Yoast SEO plugin v24.5 - https:\/\/yoast.com\/wordpress\/plugins\/seo\/ -->\r\n<title>Curso de Especializaci\u00f3n en Control Ambiental y Gesti\u00f3n de Laboratorios - Escuela del agua<\/title>\r\n<meta name=\"robots\" content=\"index, follow, max-snippet:-1, max-image-preview:large, max-video-preview:-1\" \/>\r\n<link rel=\"canonical\" href=\"https:\/\/www.laescueladelagua.com\/en\/programa\/programas\/masters\/curso-especializacion\/curso-de-especializacion-en-control-ambiental-y-gestion-de-laboratorios\/\" \/>\r\n<meta property=\"og:locale\" content=\"en_US\" \/>\r\n<meta property=\"og:type\" content=\"article\" \/>\r\n<meta property=\"og:title\" content=\"Curso de Especializaci\u00f3n en Control Ambiental y Gesti\u00f3n de Laboratorios - Escuela del agua\" \/>\r\n<meta property=\"og:url\" content=\"https:\/\/www.laescueladelagua.com\/en\/programa\/programas\/masters\/curso-especializacion\/curso-de-especializacion-en-control-ambiental-y-gestion-de-laboratorios\/\" \/>\r\n<meta property=\"og:site_name\" content=\"Escuela del agua\" \/>\r\n<meta property=\"article:modified_time\" content=\"2025-06-26T08:35:07+00:00\" \/>\r\n<meta property=\"og:image\" content=\"https:\/\/www.laescueladelagua.com\/wp-content\/uploads\/2024\/07\/8.jpg\" \/>\r\n\t<meta property=\"og:image:width\" content=\"1280\" \/>\r\n\t<meta property=\"og:image:height\" content=\"960\" \/>\r\n\t<meta property=\"og:image:type\" content=\"image\/jpeg\" \/>\r\n<meta name=\"twitter:card\" content=\"summary_large_image\" \/>\r\n<meta name=\"twitter:label1\" content=\"Est. reading time\" \/>\n\t<meta name=\"twitter:data1\" content=\"1 minute\" \/>\r\n<script type=\"application\/ld+json\" class=\"yoast-schema-graph\">{\"@context\":\"https:\/\/schema.org\",\"@graph\":[{\"@type\":\"WebPage\",\"@id\":\"https:\/\/www.laescueladelagua.com\/programa\/programas\/masters\/curso-especializacion\/curso-de-especializacion-en-control-ambiental-y-gestion-de-laboratorios\/\",\"url\":\"https:\/\/www.laescueladelagua.com\/programa\/programas\/masters\/curso-especializacion\/curso-de-especializacion-en-control-ambiental-y-gestion-de-laboratorios\/\",\"name\":\"Curso de Especializaci\u00f3n en Control Ambiental y Gesti\u00f3n de Laboratorios - Escuela del agua\",\"isPartOf\":{\"@id\":\"https:\/\/wapwebedapro01.azurewebsites.net\/#website\"},\"primaryImageOfPage\":{\"@id\":\"https:\/\/www.laescueladelagua.com\/programa\/programas\/masters\/curso-especializacion\/curso-de-especializacion-en-control-ambiental-y-gestion-de-laboratorios\/#primaryimage\"},\"image\":{\"@id\":\"https:\/\/www.laescueladelagua.com\/programa\/programas\/masters\/curso-especializacion\/curso-de-especializacion-en-control-ambiental-y-gestion-de-laboratorios\/#primaryimage\"},\"thumbnailUrl\":\"\/wp-content\/uploads\/2024\/07\/8.jpg\",\"datePublished\":\"2024-11-28T12:45:37+00:00\",\"dateModified\":\"2025-06-26T08:35:07+00:00\",\"breadcrumb\":{\"@id\":\"https:\/\/www.laescueladelagua.com\/programa\/programas\/masters\/curso-especializacion\/curso-de-especializacion-en-control-ambiental-y-gestion-de-laboratorios\/#breadcrumb\"},\"inLanguage\":\"en-US\",\"potentialAction\":[{\"@type\":\"ReadAction\",\"target\":[\"https:\/\/www.laescueladelagua.com\/programa\/programas\/masters\/curso-especializacion\/curso-de-especializacion-en-control-ambiental-y-gestion-de-laboratorios\/\"]}]},{\"@type\":\"ImageObject\",\"inLanguage\":\"en-US\",\"@id\":\"https:\/\/www.laescueladelagua.com\/programa\/programas\/masters\/curso-especializacion\/curso-de-especializacion-en-control-ambiental-y-gestion-de-laboratorios\/#primaryimage\",\"url\":\"\/wp-content\/uploads\/2024\/07\/8.jpg\",\"contentUrl\":\"\/wp-content\/uploads\/2024\/07\/8.jpg\",\"width\":1280,\"height\":960},{\"@type\":\"BreadcrumbList\",\"@id\":\"https:\/\/www.laescueladelagua.com\/programa\/programas\/masters\/curso-especializacion\/curso-de-especializacion-en-control-ambiental-y-gestion-de-laboratorios\/#breadcrumb\",\"itemListElement\":[{\"@type\":\"ListItem\",\"position\":1,\"name\":\"Home\",\"item\":\"https:\/\/wapwebedapro01.azurewebsites.net\/\"},{\"@type\":\"ListItem\",\"position\":2,\"name\":\"Todos los programas\",\"item\":\"https:\/\/www.laescueladelagua.com\/todos-los-programas\/\"},{\"@type\":\"ListItem\",\"position\":3,\"name\":\"Curso de Especializaci\u00f3n en Control Ambiental y Gesti\u00f3n de Laboratorios\"}]},{\"@type\":\"WebSite\",\"@id\":\"https:\/\/wapwebedapro01.azurewebsites.net\/#website\",\"url\":\"https:\/\/wapwebedapro01.azurewebsites.net\/\",\"name\":\"Escuela del agua\",\"description\":\"\",\"publisher\":{\"@id\":\"https:\/\/wapwebedapro01.azurewebsites.net\/#organization\"},\"potentialAction\":[{\"@type\":\"SearchAction\",\"target\":{\"@type\":\"EntryPoint\",\"urlTemplate\":\"https:\/\/wapwebedapro01.azurewebsites.net\/?s={search_term_string}\"},\"query-input\":{\"@type\":\"PropertyValueSpecification\",\"valueRequired\":true,\"valueName\":\"search_term_string\"}}],\"inLanguage\":\"en-US\"},{\"@type\":\"Organization\",\"@id\":\"https:\/\/wapwebedapro01.azurewebsites.net\/#organization\",\"name\":\"Escuela del agua\",\"url\":\"https:\/\/wapwebedapro01.azurewebsites.net\/\",\"logo\":{\"@type\":\"ImageObject\",\"inLanguage\":\"en-US\",\"@id\":\"https:\/\/wapwebedapro01.azurewebsites.net\/#\/schema\/logo\/image\/\",\"url\":\"\/wp-content\/uploads\/2023\/08\/logo_EscueladelAgua_mod.1.1_150px.png\",\"contentUrl\":\"\/wp-content\/uploads\/2023\/08\/logo_EscueladelAgua_mod.1.1_150px.png\",\"width\":150,\"height\":90,\"caption\":\"Escuela del agua\"},\"image\":{\"@id\":\"https:\/\/wapwebedapro01.azurewebsites.net\/#\/schema\/logo\/image\/\"}}]}<\/script>\r\n<!-- \/ Yoast SEO plugin. -->","yoast_head_json":{"title":"Curso de Especializaci\u00f3n en Control Ambiental y Gesti\u00f3n de Laboratorios - Escuela del agua","robots":{"index":"index","follow":"follow","max-snippet":"max-snippet:-1","max-image-preview":"max-image-preview:large","max-video-preview":"max-video-preview:-1"},"canonical":"https:\/\/www.laescueladelagua.com\/en\/programa\/programas\/masters\/curso-especializacion\/curso-de-especializacion-en-control-ambiental-y-gestion-de-laboratorios\/","og_locale":"en_US","og_type":"article","og_title":"Curso de Especializaci\u00f3n en Control Ambiental y Gesti\u00f3n de Laboratorios - Escuela del agua","og_url":"https:\/\/www.laescueladelagua.com\/en\/programa\/programas\/masters\/curso-especializacion\/curso-de-especializacion-en-control-ambiental-y-gestion-de-laboratorios\/","og_site_name":"Escuela del agua","article_modified_time":"2025-06-26T08:35:07+00:00","og_image":[{"width":1280,"height":960,"url":"https:\/\/www.laescueladelagua.com\/wp-content\/uploads\/2024\/07\/8.jpg","type":"image\/jpeg"}],"twitter_card":"summary_large_image","twitter_misc":{"Est. reading time":"1 minute"},"schema":{"@context":"https:\/\/schema.org","@graph":[{"@type":"WebPage","@id":"https:\/\/www.laescueladelagua.com\/programa\/programas\/masters\/curso-especializacion\/curso-de-especializacion-en-control-ambiental-y-gestion-de-laboratorios\/","url":"https:\/\/www.laescueladelagua.com\/programa\/programas\/masters\/curso-especializacion\/curso-de-especializacion-en-control-ambiental-y-gestion-de-laboratorios\/","name":"Curso de Especializaci\u00f3n en Control Ambiental y Gesti\u00f3n de Laboratorios - Escuela del agua","isPartOf":{"@id":"https:\/\/wapwebedapro01.azurewebsites.net\/#website"},"primaryImageOfPage":{"@id":"https:\/\/www.laescueladelagua.com\/programa\/programas\/masters\/curso-especializacion\/curso-de-especializacion-en-control-ambiental-y-gestion-de-laboratorios\/#primaryimage"},"image":{"@id":"https:\/\/www.laescueladelagua.com\/programa\/programas\/masters\/curso-especializacion\/curso-de-especializacion-en-control-ambiental-y-gestion-de-laboratorios\/#primaryimage"},"thumbnailUrl":"\/wp-content\/uploads\/2024\/07\/8.jpg","datePublished":"2024-11-28T12:45:37+00:00","dateModified":"2025-06-26T08:35:07+00:00","breadcrumb":{"@id":"https:\/\/www.laescueladelagua.com\/programa\/programas\/masters\/curso-especializacion\/curso-de-especializacion-en-control-ambiental-y-gestion-de-laboratorios\/#breadcrumb"},"inLanguage":"en-US","potentialAction":[{"@type":"ReadAction","target":["https:\/\/www.laescueladelagua.com\/programa\/programas\/masters\/curso-especializacion\/curso-de-especializacion-en-control-ambiental-y-gestion-de-laboratorios\/"]}]},{"@type":"ImageObject","inLanguage":"en-US","@id":"https:\/\/www.laescueladelagua.com\/programa\/programas\/masters\/curso-especializacion\/curso-de-especializacion-en-control-ambiental-y-gestion-de-laboratorios\/#primaryimage","url":"\/wp-content\/uploads\/2024\/07\/8.jpg","contentUrl":"\/wp-content\/uploads\/2024\/07\/8.jpg","width":1280,"height":960},{"@type":"BreadcrumbList","@id":"https:\/\/www.laescueladelagua.com\/programa\/programas\/masters\/curso-especializacion\/curso-de-especializacion-en-control-ambiental-y-gestion-de-laboratorios\/#breadcrumb","itemListElement":[{"@type":"ListItem","position":1,"name":"Home","item":"https:\/\/wapwebedapro01.azurewebsites.net\/"},{"@type":"ListItem","position":2,"name":"Todos los programas","item":"https:\/\/www.laescueladelagua.com\/todos-los-programas\/"},{"@type":"ListItem","position":3,"name":"Curso de Especializaci\u00f3n en Control Ambiental y Gesti\u00f3n de Laboratorios"}]},{"@type":"WebSite","@id":"https:\/\/wapwebedapro01.azurewebsites.net\/#website","url":"https:\/\/wapwebedapro01.azurewebsites.net\/","name":"Escuela del agua","description":"","publisher":{"@id":"https:\/\/wapwebedapro01.azurewebsites.net\/#organization"},"potentialAction":[{"@type":"SearchAction","target":{"@type":"EntryPoint","urlTemplate":"https:\/\/wapwebedapro01.azurewebsites.net\/?s={search_term_string}"},"query-input":{"@type":"PropertyValueSpecification","valueRequired":true,"valueName":"search_term_string"}}],"inLanguage":"en-US"},{"@type":"Organization","@id":"https:\/\/wapwebedapro01.azurewebsites.net\/#organization","name":"Escuela del agua","url":"https:\/\/wapwebedapro01.azurewebsites.net\/","logo":{"@type":"ImageObject","inLanguage":"en-US","@id":"https:\/\/wapwebedapro01.azurewebsites.net\/#\/schema\/logo\/image\/","url":"\/wp-content\/uploads\/2023\/08\/logo_EscueladelAgua_mod.1.1_150px.png","contentUrl":"\/wp-content\/uploads\/2023\/08\/logo_EscueladelAgua_mod.1.1_150px.png","width":150,"height":90,"caption":"Escuela del agua"},"image":{"@id":"https:\/\/wapwebedapro01.azurewebsites.net\/#\/schema\/logo\/image\/"}}]}},"meta_box":{"datos-curso-code":"CE_ECOFACTORIAS","datos-curso-register":"no","datos-curso-methodology":"Semipresencial","datos-curso-profile":["T\u00e9cnico"],"datos-curso-mode":[],"datos-curso-public":[],"datos-curso-date":"Pr\u00f3ximamente","datos-curso-pdf":[],"datos-curso-logo":[],"related-link":[3764,3762,3644],"tab-presentacion-active":"yes","tab-presentacion-tab-name":"Presentaci\u00f3n","tab-presentacion-intro":"<p><span style=\"font-weight: 400\">El <\/span><b>Curso de Especializaci\u00f3n en Control Ambiental y Gesti\u00f3n Laboratorios<\/b><span style=\"font-weight: 400\">, es un programa online con per\u00edodos de intensificaci\u00f3n presencial, con el desarrollo de una soluci\u00f3n a un reto de <\/span><span style=\"font-weight: 400\">empresa y dise\u00f1ado y desarrollado por la Escuela del Agua.\u00a0<\/span><\/p>\n<p><span style=\"font-weight: 400\">Se trata <\/span><span style=\"font-weight: 400\">de un <\/span><span style=\"font-weight: 400\">programa corporativo dise\u00f1ado para que los participantes adquieran las <\/span><span style=\"font-weight: 400\">competencias necesarias para la gesti\u00f3n de las distintas actividades desarrolladas con el \u00e1rea de control ambiental <\/span><i><span style=\"font-weight: 400\">y <\/span><\/i><span style=\"font-weight: 400\">laboratorios<\/span><span style=\"font-weight: 400\">, <\/span><span style=\"font-weight: 400\">mejorando el desempe\u00f1o en los \u00e1mbitos del trabajo en equipo y de liderazgo.\u00a0<\/span><\/p>\n<p>&nbsp;<\/p>\n<p>Esta formaci\u00f3n incluye formaciones presenciales en Alicante y Barcelona<\/p>\n","tab-presentacion-first-block-active":"yes","tab-presentacion-first-block-title":"OBJETIVOS:","tab-presentacion-first-block-intro":"<p>&nbsp;<\/p>\n<p>&nbsp;<\/p>\n","tab-presentacion-first-block-list":["<p><span style=\"font-weight: 400\">Adquirir las competencias necesarias competencias t\u00e9cnicas necesarias para la coordinaci\u00f3n y gesti\u00f3n de las actividades profesionales desarrolladas dentro del \u00e1mbito de laboratorios de calidad del agua y de la calidad ambiental.\u00a0<\/span><\/p>\n<p>&nbsp;<\/p>\n","<p><span style=\"font-weight: 400\">Desarrollar competencias profesionales y personales para mejorar el desempe\u00f1o en los \u00e1mbitos del trabajo en equipo y de liderazgo.<\/span><\/p>\n<p>&nbsp;<\/p>\n"],"tab-presentacion-second-block-active":"yes","tab-presentacion-second-block-title":"Metodolog\u00eda","tab-presentacion-second-block-intro":"<p>El Curso de Especializaci\u00f3n en Control Ambiental y Gesti\u00f3n de Laboratorios te ofrece la m\u00e1xima flexibilidad para compatibilizarlo con tus responsabilidades profesionales y personales.<\/p>\n<p>La metodolog\u00eda semipresencial del programa combina sesiones en formato s\u00edncrono por videoconferencia, que podr\u00e1s seguir desde cualquier punto geogr\u00e1fico, con el desarrollo aut\u00f3nomo de contenidos online que trabajar\u00e1s de manera individual. El programa finaliza con el desarrollo de un proyecto final grupal<\/p>\n<p>&nbsp;<\/p>\n","tab-presentacion-second-block-list":[],"tab-presentacion-third-block-active":"no","tab-presentacion-third-block-title":"","tab-presentacion-third-block-text":"","tab-presentacion-third-block-list":[],"tab-presentacion-third-block-media":"empty","tab-presentacion-third-block-image":[],"tab-presentacion-third-block-video":"","tab-programa-active":"yes","tab-programa-tab-name":"Contenidos","tab-programa-intro-1":"<p>El curso de especializaci\u00f3n en Control Ambiental y Gesti\u00f3n de Laboratorios est\u00e1 compuesto por cuatro m\u00f3dulos:<\/p>\n","tab-programa-content":[],"tab-programa-intro-2":"","tab-programa-first-block-active":"yes","tab-programa-first-block-title":"Contenidos","tab-programa-first-block-content":[{"dropdown":[{"title":"Gesti\u00f3n de Laboratorios","text":"<div id=\"docs-editor-container\" dir=\"ltr\">\r\n<div id=\"docs-editor\" class=\" companion-enabled\">\r\n<ul>\r\n \t<li role=\"navigation\" aria-label=\"Barra de pesta\u00f1as de la hoja\">\u00bfC\u00f3mo garantizo la calidad del agua de consumo?<\/li>\r\n \t<li role=\"navigation\" aria-label=\"Barra de pesta\u00f1as de la hoja\">\u00bfC\u00f3mo elaboro un plan de seguridad del agua?<\/li>\r\n \t<li role=\"navigation\" aria-label=\"Barra de pesta\u00f1as de la hoja\">\u00bfC\u00f3mo gestiono mi laboratorio?<\/li>\r\n<\/ul>\r\n<\/div>\r\n<\/div>\r\n<div><\/div>"},{"title":"Ciclo Integral del Agua","text":"<ul>\r\n \t<li>\u00bfC\u00f3mo controlo y gestiono los vertidos a mi red de alcantarillado?<\/li>\r\n \t<li>\u00bfC\u00f3mo reciclo el agua de mi depuradora?<\/li>\r\n<\/ul>"},{"title":"Globalizacion y Estrategia","text":"<span data-sheets-root=\"1\">\u00bfC\u00f3mo planifico y estructuro mi organizaci\u00f3n?<\/span>\r\n<ul>\r\n \t<li><span data-sheets-root=\"1\">\u00bfC\u00f3mo gestiono mis proyectos?<\/span><\/li>\r\n \t<li><span data-sheets-root=\"1\">\u00bfC\u00f3mo resuelvo problemas y tomo decisiones?<\/span><\/li>\r\n \t<li>\u00bfC\u00f3mo llevo a cabo un cambio organizativo?<\/li>\r\n<\/ul>"},{"title":"Innovaci\u00f3n y Marketing","text":"<ul>\r\n \t<li>\u00bfC\u00f3mo gestiono la innovaci\u00f3n?<\/li>\r\n \t<li>\u00bfQu\u00e9 es el marketing?<\/li>\r\n<\/ul>"}]}],"tab-programa-second-block-active":"no","tab-programa-second-block-title":"","tab-programa-second-block-text":"","tab-programa-second-block-list":[],"tab-programa-second-block-media":"image","tab-programa-second-block-image":[],"tab-programa-second-block-video":"","tab-equipo-docente-active":"yes","tab-equipo-docente-tab-name":"Equipo docente","tab-equipo-docente-intro":"<p>A continuaci\u00f3n destacamos a los principales ponentes y expertos que nos acompa\u00f1ar\u00e1n para cada una de las sesiones.<\/p>\n","tab-equipo-docente-first-block-active":"yes","tab-equipo-docente-first-block-title":"Docentes","tab-equipo-docente-first-block-team":[{"name":"B. Mar\u00eda Garc\u00eda Rogado","text":"<span style=\"font-weight: 400;\">Gerente Territorial en Aquona de la zona de Ciudad Real.<\/span>"},{"name":"Francisco P\u00e9rez Mart\u00edn","text":"<span style=\"font-weight: 400;\">Responsable del Proceso de ANR, Fraudes y Telelectura de las DR Centro y Norte y Jefe de Distribuci\u00f3n de la Zona Este de Castilla y Le\u00f3n.\u00a0\u00a0<\/span>\r\n\r\n<span style=\"font-weight: 400;\">\u00a0\u00a0<\/span>"},{"name":"Miguel Angel Navarro Garc\u00eda","text":"<span style=\"font-weight: 400;\">Responsable de Operaciones de la empresa de capital mixto Aig\u00fces de Paterna y coordinador de operaciones de distintas explotaciones de la zona norte de Valencia.<\/span>"},{"name":"Mar\u00eda Guadalupe Barajas L\u00f3pez","text":"<span style=\"font-weight: 400;\">Consultora docente de la UOC, gestora de proyectos e-learning de medio ambiente en la C\u00e1tedra Unesco de Sostenibilidad de la UPC y experta docente en la Escuela del Agua (Grupo Agbar).<\/span>"}],"tab-equipo-docente-second-block-active":"yes","tab-equipo-docente-second-block-title":"","tab-equipo-docente-second-block-text":"","tab-equipo-docente-second-block-list":[],"tab-equipo-docente-second-block-media":"image","tab-equipo-docente-second-block-image":[],"tab-equipo-docente-second-block-video":"","tab-admision-active":"yes","tab-admision-tab-name":"Datos b\u00e1sicos","tab-admision-first-block-active":"yes","tab-admision-first-block-title":"","tab-admision-first-block-info":[{"data":"inicio","text":"Pr\u00f3ximamente"},{"data":"duracion","text":"8 meses "},{"data":"metodologia","text":"Semipresencial"},{"data":"idioma","text":"Castellano"},{"data":"importe","text":"2.822\u20ac"},{"data":"lugar","text":"Ciutat de l'Aigua - Paseo de la zona franca, 48 08038 Barcelona"}],"tab-admision-first-block-additional-info":[{"title":"Jornadas Presenciales:","text":"Pendientes de confirmar."}],"tab-admision-second-block-active":"no","tab-custom-active":"no","tab-custom-tab-name":"Metodolog\u00eda","tab-custom-intro":"<p>Curso de Especializaci\u00f3n en Ecofactor\u00edas te ofrece la m\u00e1xima flexibilidad para compatibilizarlo con tus responsabilidades profesionales y personales.<\/p>\n<p>La metodolog\u00eda semipresencial del programa combina sesiones en formato s\u00edncrono por videoconferencia, que podr\u00e1s seguir desde cualquier punto geogr\u00e1fico, con el desarrollo aut\u00f3nomo de contenidos online que trabajar\u00e1s de manera individual. El programa finaliza con el desarrollo de un proyecto final grupal.<\/p>\n","tab-custom-first-block-active":"yes","tab-custom-first-block-title":"UNA EXPERIENCIA \u00daNICA!","tab-custom-first-block-intro":"<ul>\n<li>Materiales did\u00e1cticos interactivos<\/li>\n<li>Aprendizaje activo y colaborativo<\/li>\n<li>Sesiones en streaming en directo con expertos<\/li>\n<\/ul>\n","tab-custom-first-block-list":[],"tab-custom-second-block-active":"yes","tab-custom-second-block-title":"","tab-custom-second-block-intro":"","tab-custom-second-block-list":[],"tab-custom-third-block-active":"yes","tab-custom-third-block-title":"","tab-custom-third-block-text":"","tab-custom-third-block-list":[],"tab-custom-third-block-media":"empty","tab-custom-third-block-image":[],"tab-custom-third-block-video":"","tab-campus-online-active":"no","tab-campus-online-tab-name":"Campus Online","tab-ayudas-estudio-active":"no","tab-ayudas-estudio-tab-name":"Ayudas al estudio"},"_links":{"self":[{"href":"https:\/\/www.laescueladelagua.com\/en\/wp-json\/wp\/v2\/product\/3746","targetHints":{"allow":["GET"]}}],"collection":[{"href":"https:\/\/www.laescueladelagua.com\/en\/wp-json\/wp\/v2\/product"}],"about":[{"href":"https:\/\/www.laescueladelagua.com\/en\/wp-json\/wp\/v2\/types\/product"}],"replies":[{"embeddable":true,"href":"https:\/\/www.laescueladelagua.com\/en\/wp-json\/wp\/v2\/comments?post=3746"}],"version-history":[{"count":4,"href":"https:\/\/www.laescueladelagua.com\/en\/wp-json\/wp\/v2\/product\/3746\/revisions"}],"predecessor-version":[{"id":3750,"href":"https:\/\/www.laescueladelagua.com\/en\/wp-json\/wp\/v2\/product\/3746\/revisions\/3750"}],"wp:featuredmedia":[{"embeddable":true,"href":"https:\/\/www.laescueladelagua.com\/en\/wp-json\/wp\/v2\/media\/3489"}],"wp:attachment":[{"href":"https:\/\/www.laescueladelagua.com\/en\/wp-json\/wp\/v2\/media?parent=3746"}],"wp:term":[{"taxonomy":"product_cat","embeddable":true,"href":"https:\/\/www.laescueladelagua.com\/en\/wp-json\/wp\/v2\/product_cat?post=3746"},{"taxonomy":"product_tag","embeddable":true,"href":"https:\/\/www.laescueladelagua.com\/en\/wp-json\/wp\/v2\/product_tag?post=3746"}],"curies":[{"name":"wp","href":"https:\/\/api.w.org\/{rel}","templated":true}]}}