{"id":4135,"date":"2025-04-02T13:19:30","date_gmt":"2025-04-02T13:19:30","guid":{"rendered":"https:\/\/www.laescueladelagua.com\/?post_type=product&#038;p=4135"},"modified":"2025-06-25T13:10:59","modified_gmt":"2025-06-25T13:10:59","slug":"galicia","status":"publish","type":"product","link":"https:\/\/www.laescueladelagua.com\/en\/programa\/programas\/aquatours\/galicia\/","title":{"rendered":"Visitas T\u00e9cnicas Galicia"},"content":{"rendered":"","protected":false},"excerpt":{"rendered":"","protected":false},"featured_media":4139,"comment_status":"open","ping_status":"closed","template":"","meta":[],"product_cat":[25],"product_tag":[],"class_list":{"0":"post-4135","1":"product","2":"type-product","3":"status-publish","4":"has-post-thumbnail","6":"product_cat-aquatours","8":"first","9":"instock","10":"shipping-taxable","11":"purchasable","12":"product-type-simple"},"yoast_head":"<!-- This site is optimized with the Yoast SEO plugin v24.5 - https:\/\/yoast.com\/wordpress\/plugins\/seo\/ -->\r\n<title>Visitas T\u00e9cnicas Galicia - Escuela del agua<\/title>\r\n<meta name=\"description\" content=\"Visitas t\u00e9cnicas a instalaciones de agua de referencia de la mano de sus responsables\" \/>\r\n<meta name=\"robots\" content=\"index, follow, max-snippet:-1, max-image-preview:large, max-video-preview:-1\" \/>\r\n<link rel=\"canonical\" href=\"https:\/\/www.laescueladelagua.com\/en\/programa\/programas\/aquatours\/galicia\/\" \/>\r\n<meta property=\"og:locale\" content=\"en_US\" \/>\r\n<meta property=\"og:type\" content=\"article\" \/>\r\n<meta property=\"og:title\" content=\"Visitas T\u00e9cnicas Galicia - Escuela del agua\" \/>\r\n<meta property=\"og:description\" content=\"Visitas t\u00e9cnicas a instalaciones de agua de referencia de la mano de sus responsables\" \/>\r\n<meta property=\"og:url\" content=\"https:\/\/www.laescueladelagua.com\/en\/programa\/programas\/aquatours\/galicia\/\" \/>\r\n<meta property=\"og:site_name\" content=\"Escuela del agua\" \/>\r\n<meta property=\"article:modified_time\" content=\"2025-06-25T13:10:59+00:00\" \/>\r\n<meta property=\"og:image\" content=\"https:\/\/www.laescueladelagua.com\/wp-content\/uploads\/2025\/04\/eda-ourense-01.jpg\" \/>\r\n\t<meta property=\"og:image:width\" content=\"1689\" \/>\r\n\t<meta property=\"og:image:height\" content=\"1136\" \/>\r\n\t<meta property=\"og:image:type\" content=\"image\/jpeg\" \/>\r\n<meta name=\"twitter:card\" content=\"summary_large_image\" \/>\r\n<meta name=\"twitter:label1\" content=\"Est. reading time\" \/>\n\t<meta name=\"twitter:data1\" content=\"1 minute\" \/>\r\n<script type=\"application\/ld+json\" class=\"yoast-schema-graph\">{\"@context\":\"https:\/\/schema.org\",\"@graph\":[{\"@type\":\"WebPage\",\"@id\":\"https:\/\/www.laescueladelagua.com\/programa\/programas\/aquatours\/galicia\/\",\"url\":\"https:\/\/www.laescueladelagua.com\/programa\/programas\/aquatours\/galicia\/\",\"name\":\"Visitas T\u00e9cnicas Galicia - Escuela del agua\",\"isPartOf\":{\"@id\":\"https:\/\/wapwebedapro01.azurewebsites.net\/#website\"},\"primaryImageOfPage\":{\"@id\":\"https:\/\/www.laescueladelagua.com\/programa\/programas\/aquatours\/galicia\/#primaryimage\"},\"image\":{\"@id\":\"https:\/\/www.laescueladelagua.com\/programa\/programas\/aquatours\/galicia\/#primaryimage\"},\"thumbnailUrl\":\"\/wp-content\/uploads\/2025\/04\/eda-ourense-01.jpg\",\"datePublished\":\"2025-04-02T13:19:30+00:00\",\"dateModified\":\"2025-06-25T13:10:59+00:00\",\"description\":\"Visitas t\u00e9cnicas a instalaciones de agua de referencia de la mano de sus responsables\",\"breadcrumb\":{\"@id\":\"https:\/\/www.laescueladelagua.com\/programa\/programas\/aquatours\/galicia\/#breadcrumb\"},\"inLanguage\":\"en-US\",\"potentialAction\":[{\"@type\":\"ReadAction\",\"target\":[\"https:\/\/www.laescueladelagua.com\/programa\/programas\/aquatours\/galicia\/\"]}]},{\"@type\":\"ImageObject\",\"inLanguage\":\"en-US\",\"@id\":\"https:\/\/www.laescueladelagua.com\/programa\/programas\/aquatours\/galicia\/#primaryimage\",\"url\":\"\/wp-content\/uploads\/2025\/04\/eda-ourense-01.jpg\",\"contentUrl\":\"\/wp-content\/uploads\/2025\/04\/eda-ourense-01.jpg\",\"width\":1689,\"height\":1136,\"caption\":\"MEJORA SANEAMIENTO DE OURENSE. EDAR DE OURENSE\"},{\"@type\":\"BreadcrumbList\",\"@id\":\"https:\/\/www.laescueladelagua.com\/programa\/programas\/aquatours\/galicia\/#breadcrumb\",\"itemListElement\":[{\"@type\":\"ListItem\",\"position\":1,\"name\":\"Home\",\"item\":\"https:\/\/wapwebedapro01.azurewebsites.net\/\"},{\"@type\":\"ListItem\",\"position\":2,\"name\":\"Todos los programas\",\"item\":\"https:\/\/www.laescueladelagua.com\/todos-los-programas\/\"},{\"@type\":\"ListItem\",\"position\":3,\"name\":\"Visitas T\u00e9cnicas Galicia\"}]},{\"@type\":\"WebSite\",\"@id\":\"https:\/\/wapwebedapro01.azurewebsites.net\/#website\",\"url\":\"https:\/\/wapwebedapro01.azurewebsites.net\/\",\"name\":\"Escuela del agua\",\"description\":\"\",\"publisher\":{\"@id\":\"https:\/\/wapwebedapro01.azurewebsites.net\/#organization\"},\"potentialAction\":[{\"@type\":\"SearchAction\",\"target\":{\"@type\":\"EntryPoint\",\"urlTemplate\":\"https:\/\/wapwebedapro01.azurewebsites.net\/?s={search_term_string}\"},\"query-input\":{\"@type\":\"PropertyValueSpecification\",\"valueRequired\":true,\"valueName\":\"search_term_string\"}}],\"inLanguage\":\"en-US\"},{\"@type\":\"Organization\",\"@id\":\"https:\/\/wapwebedapro01.azurewebsites.net\/#organization\",\"name\":\"Escuela del agua\",\"url\":\"https:\/\/wapwebedapro01.azurewebsites.net\/\",\"logo\":{\"@type\":\"ImageObject\",\"inLanguage\":\"en-US\",\"@id\":\"https:\/\/wapwebedapro01.azurewebsites.net\/#\/schema\/logo\/image\/\",\"url\":\"\/wp-content\/uploads\/2023\/08\/logo_EscueladelAgua_mod.1.1_150px.png\",\"contentUrl\":\"\/wp-content\/uploads\/2023\/08\/logo_EscueladelAgua_mod.1.1_150px.png\",\"width\":150,\"height\":90,\"caption\":\"Escuela del agua\"},\"image\":{\"@id\":\"https:\/\/wapwebedapro01.azurewebsites.net\/#\/schema\/logo\/image\/\"}}]}<\/script>\r\n<!-- \/ Yoast SEO plugin. -->","yoast_head_json":{"title":"Visitas T\u00e9cnicas Galicia - Escuela del agua","description":"Visitas t\u00e9cnicas a instalaciones de agua de referencia de la mano de sus responsables","robots":{"index":"index","follow":"follow","max-snippet":"max-snippet:-1","max-image-preview":"max-image-preview:large","max-video-preview":"max-video-preview:-1"},"canonical":"https:\/\/www.laescueladelagua.com\/en\/programa\/programas\/aquatours\/galicia\/","og_locale":"en_US","og_type":"article","og_title":"Visitas T\u00e9cnicas Galicia - Escuela del agua","og_description":"Visitas t\u00e9cnicas a instalaciones de agua de referencia de la mano de sus responsables","og_url":"https:\/\/www.laescueladelagua.com\/en\/programa\/programas\/aquatours\/galicia\/","og_site_name":"Escuela del agua","article_modified_time":"2025-06-25T13:10:59+00:00","og_image":[{"width":1689,"height":1136,"url":"https:\/\/www.laescueladelagua.com\/wp-content\/uploads\/2025\/04\/eda-ourense-01.jpg","type":"image\/jpeg"}],"twitter_card":"summary_large_image","twitter_misc":{"Est. reading time":"1 minute"},"schema":{"@context":"https:\/\/schema.org","@graph":[{"@type":"WebPage","@id":"https:\/\/www.laescueladelagua.com\/programa\/programas\/aquatours\/galicia\/","url":"https:\/\/www.laescueladelagua.com\/programa\/programas\/aquatours\/galicia\/","name":"Visitas T\u00e9cnicas Galicia - Escuela del agua","isPartOf":{"@id":"https:\/\/wapwebedapro01.azurewebsites.net\/#website"},"primaryImageOfPage":{"@id":"https:\/\/www.laescueladelagua.com\/programa\/programas\/aquatours\/galicia\/#primaryimage"},"image":{"@id":"https:\/\/www.laescueladelagua.com\/programa\/programas\/aquatours\/galicia\/#primaryimage"},"thumbnailUrl":"\/wp-content\/uploads\/2025\/04\/eda-ourense-01.jpg","datePublished":"2025-04-02T13:19:30+00:00","dateModified":"2025-06-25T13:10:59+00:00","description":"Visitas t\u00e9cnicas a instalaciones de agua de referencia de la mano de sus responsables","breadcrumb":{"@id":"https:\/\/www.laescueladelagua.com\/programa\/programas\/aquatours\/galicia\/#breadcrumb"},"inLanguage":"en-US","potentialAction":[{"@type":"ReadAction","target":["https:\/\/www.laescueladelagua.com\/programa\/programas\/aquatours\/galicia\/"]}]},{"@type":"ImageObject","inLanguage":"en-US","@id":"https:\/\/www.laescueladelagua.com\/programa\/programas\/aquatours\/galicia\/#primaryimage","url":"\/wp-content\/uploads\/2025\/04\/eda-ourense-01.jpg","contentUrl":"\/wp-content\/uploads\/2025\/04\/eda-ourense-01.jpg","width":1689,"height":1136,"caption":"MEJORA SANEAMIENTO DE OURENSE. EDAR DE OURENSE"},{"@type":"BreadcrumbList","@id":"https:\/\/www.laescueladelagua.com\/programa\/programas\/aquatours\/galicia\/#breadcrumb","itemListElement":[{"@type":"ListItem","position":1,"name":"Home","item":"https:\/\/wapwebedapro01.azurewebsites.net\/"},{"@type":"ListItem","position":2,"name":"Todos los programas","item":"https:\/\/www.laescueladelagua.com\/todos-los-programas\/"},{"@type":"ListItem","position":3,"name":"Visitas T\u00e9cnicas Galicia"}]},{"@type":"WebSite","@id":"https:\/\/wapwebedapro01.azurewebsites.net\/#website","url":"https:\/\/wapwebedapro01.azurewebsites.net\/","name":"Escuela del agua","description":"","publisher":{"@id":"https:\/\/wapwebedapro01.azurewebsites.net\/#organization"},"potentialAction":[{"@type":"SearchAction","target":{"@type":"EntryPoint","urlTemplate":"https:\/\/wapwebedapro01.azurewebsites.net\/?s={search_term_string}"},"query-input":{"@type":"PropertyValueSpecification","valueRequired":true,"valueName":"search_term_string"}}],"inLanguage":"en-US"},{"@type":"Organization","@id":"https:\/\/wapwebedapro01.azurewebsites.net\/#organization","name":"Escuela del agua","url":"https:\/\/wapwebedapro01.azurewebsites.net\/","logo":{"@type":"ImageObject","inLanguage":"en-US","@id":"https:\/\/wapwebedapro01.azurewebsites.net\/#\/schema\/logo\/image\/","url":"\/wp-content\/uploads\/2023\/08\/logo_EscueladelAgua_mod.1.1_150px.png","contentUrl":"\/wp-content\/uploads\/2023\/08\/logo_EscueladelAgua_mod.1.1_150px.png","width":150,"height":90,"caption":"Escuela del agua"},"image":{"@id":"https:\/\/wapwebedapro01.azurewebsites.net\/#\/schema\/logo\/image\/"}}]}},"meta_box":{"datos-curso-code":"Aquatour_DRNorte","datos-curso-register":"no","datos-curso-methodology":"Presencial","datos-curso-profile":["T\u00e9cnico"],"datos-curso-mode":[],"datos-curso-public":[],"datos-curso-date":"Pr\u00f3ximamente","datos-curso-pdf":[],"datos-curso-logo":[],"related-link":[],"tab-presentacion-active":"yes","tab-presentacion-tab-name":"Presentaci\u00f3n","tab-presentacion-intro":"<p><span style=\"font-weight: 400\">Las visitas a las diferentes instalaciones previstas (ETAP, EDAR) pondr\u00e1n de relieve las caracter\u00edsticas t\u00e9cnicas que las hacen atractivas a ojos de los profesionales por sus dise\u00f1os y modelos de funcionamiento modernos, eficientes y respetuosos a nivel medioambiental.<\/span><\/p>\n<p>&nbsp;<\/p>\n<p><span style=\"font-weight: 400\">El programa supone, tambi\u00e9n, un punto de encuentro para los profesionales del sector interesados en compartir buenas pr\u00e1cticas basadas en la experiencia profesional.<\/span><\/p>\n","tab-presentacion-first-block-active":"yes","tab-presentacion-first-block-title":"VISITAR\u00c1S:","tab-presentacion-first-block-intro":"","tab-presentacion-first-block-list":["<p>ETAP L\u00e9rez (Pontevedra)<\/p>\n","<p>EDAR Praceres (Pontevedra)<\/p>\n","<p>EDAR Ourense<\/p>\n"],"tab-presentacion-second-block-active":"yes","tab-presentacion-second-block-title":"DIRIGIDO A:","tab-presentacion-second-block-intro":"","tab-presentacion-second-block-list":["<p><span style=\"font-weight: 400\">Personas con titulaciones en ingenier\u00edas, ingenier\u00edas t\u00e9cnicas y licenciaturas en carreras cient\u00edfico-t\u00e9cnicas (biolog\u00eda, qu\u00edmica, ciencias ambientales, geolog\u00eda).<\/span><\/p>\n","<p><span style=\"font-weight: 400\">Profesionales del \u00e1mbito del agua con experiencia en los \u00e1mbitos t\u00e9cnicos del ciclo integral del agua.<\/span><\/p>\n","<p><span style=\"font-weight: 400\">Profesionales responsables de la gesti\u00f3n del agua en empresas del sector, industrias u organismos operadores y reguladores.<\/span><\/p>\n","<p><span style=\"font-weight: 400\">Profesionales con experiencia en el \u00e1mbito de la gesti\u00f3n empresarial.<\/span><\/p>\n","<p><span style=\"font-weight: 400\">T\u00e9cnicos\/as y profesionales con conocimientos espec\u00edficos en alguna de las etapas del ciclo urbano del agua.<\/span><\/p>\n"],"tab-presentacion-third-block-active":"no","tab-presentacion-third-block-title":"","tab-presentacion-third-block-text":"","tab-presentacion-third-block-list":[],"tab-presentacion-third-block-media":"empty","tab-presentacion-third-block-image":[],"tab-presentacion-third-block-video":"","tab-programa-active":"yes","tab-programa-tab-name":"Contenidos","tab-programa-intro-1":"<p>Instalaciones punteras.<\/p>\n","tab-programa-content":[{"text":"ETAP L\u00e9rez","image":["4137"]},{"text":"EDAR Praceres","image":["4138"]},{"text":"EDAR Ourense","image":["4139"]}],"tab-programa-intro-2":"<p><strong>ETAP L\u00e9rez:<\/strong><\/p>\n<p><span style=\"font-weight: 400\">Planta potabilizadora con capacidad de 86.400 m3\/d\u00eda que incluye tratamiento f\u00edsico-qu\u00edmico con floculaci\u00f3n y dosificaci\u00f3n de reactivos, flotaci\u00f3n por aire disuelto, filtraci\u00f3n con arena y desinfecci\u00f3n mediante cloraci\u00f3n. Cuenta con 12 km de nuevas conducciones y 4 nuevos dep\u00f3sitos.<\/span><\/p>\n<p><strong>EDAR Praceres:<\/strong><\/p>\n<p><span style=\"font-weight: 400\">Instalaci\u00f3n que destaca por su innovador sistema de tratamiento mediante biorreactores de lecho m\u00f3vil AnoxKaldnes\u2122 MBBR y proceso Actiflo\u00ae Turbo. La planta puede tratar hasta 900 l\/s y da servicio a 259.200 habitantes equivalentes.<\/span><\/p>\n<p><strong>EDAR Ourense:<\/strong><\/p>\n<p><span style=\"font-weight: 400\">Instalaci\u00f3n que trata m\u00e1s de 600 litros de aguas residuales por segundo, con capacidad para 350.000 habitantes equivalentes. Destaca por sus procesos cubiertos para control de olores y su contribuci\u00f3n a la conservaci\u00f3n del r\u00edo Mi\u00f1o. La EDAR opera 24\/7 con personal especializado en diferentes \u00e1reas t\u00e9cnicas.<\/span><\/p>\n","tab-programa-first-block-active":"yes","tab-programa-first-block-title":"Agenda","tab-programa-first-block-content":[{"intro":"<h3>D\u00cdA 1<\/h3>\r\nVisita a ETAP L\u00e9rez\r\n\r\nVisita a <span style=\"font-weight: 400;\">EDAR Praceres<\/span>"},{"intro":"<h3>D\u00cdA 2<\/h3>\r\nVisita a <span style=\"font-weight: 400;\">EDAR Ourense<\/span>\r\n\r\nVisita a <span style=\"font-weight: 400;\">A Vila da Auga<\/span>"}],"tab-programa-second-block-active":"yes","tab-programa-second-block-title":"\u00bfTE INTERESA EL PROGRAMA Y TIENES DUDAS?","tab-programa-second-block-text":"<p>Ponte en contacto con nosotros en el <strong>+34 932 479 735, escr\u00edbenos un WhatsApp al +34 616 778 523 o bien d\u00e9janos tu datos en el <a href=\"\/contacto\">formulario de contacto<\/a><\/strong> y en breve nos pondremos en contacto contigo.<\/p>\n","tab-programa-second-block-list":[],"tab-programa-second-block-media":"image","tab-programa-second-block-image":[],"tab-programa-second-block-video":"","tab-equipo-docente-active":"no","tab-equipo-docente-tab-name":"Equipo docente","tab-equipo-docente-intro":"","tab-equipo-docente-first-block-active":"yes","tab-equipo-docente-first-block-title":"","tab-equipo-docente-first-block-team":[],"tab-equipo-docente-second-block-active":"yes","tab-equipo-docente-second-block-title":"","tab-equipo-docente-second-block-text":"","tab-equipo-docente-second-block-list":[],"tab-equipo-docente-second-block-media":"image","tab-equipo-docente-second-block-image":[],"tab-equipo-docente-second-block-video":"","tab-admision-active":"yes","tab-admision-tab-name":"Admisi\u00f3n y datos b\u00e1sicos","tab-admision-first-block-active":"yes","tab-admision-first-block-title":"Datos b\u00e1sicos","tab-admision-first-block-info":[{"data":"inicio","text":"Pr\u00f3ximamente "},{"data":"duracion","text":"2 d\u00edas"},{"data":"idioma","text":"Espa\u00f1ol"},{"data":"importe","text":"169\u20ac"},{"data":"metodologia","text":"Presencial"},{"data":"lugar","text":"Galicia"}],"tab-admision-first-block-additional-info":[],"tab-admision-second-block-active":"no","tab-custom-active":"no","tab-custom-tab-name":"Presentaci\u00f3n","tab-custom-intro":"","tab-custom-first-block-active":"yes","tab-custom-first-block-title":"","tab-custom-first-block-intro":"","tab-custom-first-block-list":[],"tab-custom-second-block-active":"yes","tab-custom-second-block-title":"","tab-custom-second-block-intro":"","tab-custom-second-block-list":[],"tab-custom-third-block-active":"yes","tab-custom-third-block-title":"","tab-custom-third-block-text":"","tab-custom-third-block-list":[],"tab-custom-third-block-media":"empty","tab-custom-third-block-image":[],"tab-custom-third-block-video":"","tab-campus-online-active":"no","tab-campus-online-tab-name":"Campus Online","tab-ayudas-estudio-active":"no","tab-ayudas-estudio-tab-name":"Ayudas al estudio"},"_links":{"self":[{"href":"https:\/\/www.laescueladelagua.com\/en\/wp-json\/wp\/v2\/product\/4135","targetHints":{"allow":["GET"]}}],"collection":[{"href":"https:\/\/www.laescueladelagua.com\/en\/wp-json\/wp\/v2\/product"}],"about":[{"href":"https:\/\/www.laescueladelagua.com\/en\/wp-json\/wp\/v2\/types\/product"}],"replies":[{"embeddable":true,"href":"https:\/\/www.laescueladelagua.com\/en\/wp-json\/wp\/v2\/comments?post=4135"}],"version-history":[{"count":3,"href":"https:\/\/www.laescueladelagua.com\/en\/wp-json\/wp\/v2\/product\/4135\/revisions"}],"predecessor-version":[{"id":4178,"href":"https:\/\/www.laescueladelagua.com\/en\/wp-json\/wp\/v2\/product\/4135\/revisions\/4178"}],"wp:featuredmedia":[{"embeddable":true,"href":"https:\/\/www.laescueladelagua.com\/en\/wp-json\/wp\/v2\/media\/4139"}],"wp:attachment":[{"href":"https:\/\/www.laescueladelagua.com\/en\/wp-json\/wp\/v2\/media?parent=4135"}],"wp:term":[{"taxonomy":"product_cat","embeddable":true,"href":"https:\/\/www.laescueladelagua.com\/en\/wp-json\/wp\/v2\/product_cat?post=4135"},{"taxonomy":"product_tag","embeddable":true,"href":"https:\/\/www.laescueladelagua.com\/en\/wp-json\/wp\/v2\/product_tag?post=4135"}],"curies":[{"name":"wp","href":"https:\/\/api.w.org\/{rel}","templated":true}]}}