{"id":914,"date":"2023-07-03T12:04:42","date_gmt":"2023-07-03T12:04:42","guid":{"rendered":"https:\/\/www.laescueladelagua.com\/?post_type=product&#038;p=914"},"modified":"2024-08-12T18:00:26","modified_gmt":"2024-08-12T18:00:26","slug":"aquaseminar-transformacion-digital","status":"publish","type":"product","link":"https:\/\/www.laescueladelagua.com\/en\/programa\/programas\/executive-education\/aquaseminar-transformacion-digital\/","title":{"rendered":"AQUASeminar Digital Transformation"},"content":{"rendered":"","protected":false},"excerpt":{"rendered":"","protected":false},"featured_media":901,"comment_status":"open","ping_status":"closed","template":"","meta":[],"product_cat":[20,34],"product_tag":[],"class_list":{"0":"post-914","1":"product","2":"type-product","3":"status-publish","4":"has-post-thumbnail","6":"product_cat-executive-education","7":"product_cat-aquaseminar","9":"first","10":"instock","11":"virtual","12":"product-type-simple"},"yoast_head":"<!-- This site is optimized with the Yoast SEO plugin v24.5 - https:\/\/yoast.com\/wordpress\/plugins\/seo\/ -->\r\n<title>AQUASeminar Transformaci\u00f3n Digital - Escuela del agua<\/title>\r\n<meta name=\"robots\" content=\"index, follow, max-snippet:-1, max-image-preview:large, max-video-preview:-1\" \/>\r\n<link rel=\"canonical\" href=\"https:\/\/www.laescueladelagua.com\/en\/programa\/programas\/executive-education\/aquaseminar-transformacion-digital\/\" \/>\r\n<meta property=\"og:locale\" content=\"en_US\" \/>\r\n<meta property=\"og:type\" content=\"article\" \/>\r\n<meta property=\"og:title\" content=\"AQUASeminar Transformaci\u00f3n Digital - Escuela del agua\" \/>\r\n<meta property=\"og:url\" content=\"https:\/\/www.laescueladelagua.com\/en\/programa\/programas\/executive-education\/aquaseminar-transformacion-digital\/\" \/>\r\n<meta property=\"og:site_name\" content=\"Escuela del agua\" \/>\r\n<meta property=\"article:modified_time\" content=\"2024-08-12T18:00:26+00:00\" \/>\r\n<meta property=\"og:image\" content=\"https:\/\/www.laescueladelagua.com\/wp-content\/uploads\/2023\/07\/Copia-de-Dia-1-e1698068426374.jpg\" \/>\r\n\t<meta property=\"og:image:width\" content=\"800\" \/>\r\n\t<meta property=\"og:image:height\" content=\"450\" \/>\r\n\t<meta property=\"og:image:type\" content=\"image\/jpeg\" \/>\r\n<meta name=\"twitter:card\" content=\"summary_large_image\" \/>\r\n<script type=\"application\/ld+json\" class=\"yoast-schema-graph\">{\"@context\":\"https:\/\/schema.org\",\"@graph\":[{\"@type\":\"WebPage\",\"@id\":\"https:\/\/www.laescueladelagua.com\/programa\/programas\/executive-education\/aquaseminar-transformacion-digital\/\",\"url\":\"https:\/\/www.laescueladelagua.com\/programa\/programas\/executive-education\/aquaseminar-transformacion-digital\/\",\"name\":\"AQUASeminar Transformaci\u00f3n Digital - Escuela del agua\",\"isPartOf\":{\"@id\":\"https:\/\/wapwebedapro01.azurewebsites.net\/#website\"},\"primaryImageOfPage\":{\"@id\":\"https:\/\/www.laescueladelagua.com\/programa\/programas\/executive-education\/aquaseminar-transformacion-digital\/#primaryimage\"},\"image\":{\"@id\":\"https:\/\/www.laescueladelagua.com\/programa\/programas\/executive-education\/aquaseminar-transformacion-digital\/#primaryimage\"},\"thumbnailUrl\":\"\/wp-content\/uploads\/2023\/07\/Copia-de-Dia-1-e1698068426374.jpg\",\"datePublished\":\"2023-07-03T12:04:42+00:00\",\"dateModified\":\"2024-08-12T18:00:26+00:00\",\"breadcrumb\":{\"@id\":\"https:\/\/www.laescueladelagua.com\/programa\/programas\/executive-education\/aquaseminar-transformacion-digital\/#breadcrumb\"},\"inLanguage\":\"en-US\",\"potentialAction\":[{\"@type\":\"ReadAction\",\"target\":[\"https:\/\/www.laescueladelagua.com\/programa\/programas\/executive-education\/aquaseminar-transformacion-digital\/\"]}]},{\"@type\":\"ImageObject\",\"inLanguage\":\"en-US\",\"@id\":\"https:\/\/www.laescueladelagua.com\/programa\/programas\/executive-education\/aquaseminar-transformacion-digital\/#primaryimage\",\"url\":\"\/wp-content\/uploads\/2023\/07\/Copia-de-Dia-1-e1698068426374.jpg\",\"contentUrl\":\"\/wp-content\/uploads\/2023\/07\/Copia-de-Dia-1-e1698068426374.jpg\",\"width\":800,\"height\":450},{\"@type\":\"BreadcrumbList\",\"@id\":\"https:\/\/www.laescueladelagua.com\/programa\/programas\/executive-education\/aquaseminar-transformacion-digital\/#breadcrumb\",\"itemListElement\":[{\"@type\":\"ListItem\",\"position\":1,\"name\":\"Home\",\"item\":\"https:\/\/wapwebedapro01.azurewebsites.net\/\"},{\"@type\":\"ListItem\",\"position\":2,\"name\":\"Todos los programas\",\"item\":\"https:\/\/www.laescueladelagua.com\/todos-los-programas\/\"},{\"@type\":\"ListItem\",\"position\":3,\"name\":\"AQUASeminar Transformaci\u00f3n Digital\"}]},{\"@type\":\"WebSite\",\"@id\":\"https:\/\/wapwebedapro01.azurewebsites.net\/#website\",\"url\":\"https:\/\/wapwebedapro01.azurewebsites.net\/\",\"name\":\"Escuela del agua\",\"description\":\"\",\"publisher\":{\"@id\":\"https:\/\/wapwebedapro01.azurewebsites.net\/#organization\"},\"potentialAction\":[{\"@type\":\"SearchAction\",\"target\":{\"@type\":\"EntryPoint\",\"urlTemplate\":\"https:\/\/wapwebedapro01.azurewebsites.net\/?s={search_term_string}\"},\"query-input\":{\"@type\":\"PropertyValueSpecification\",\"valueRequired\":true,\"valueName\":\"search_term_string\"}}],\"inLanguage\":\"en-US\"},{\"@type\":\"Organization\",\"@id\":\"https:\/\/wapwebedapro01.azurewebsites.net\/#organization\",\"name\":\"Escuela del agua\",\"url\":\"https:\/\/wapwebedapro01.azurewebsites.net\/\",\"logo\":{\"@type\":\"ImageObject\",\"inLanguage\":\"en-US\",\"@id\":\"https:\/\/wapwebedapro01.azurewebsites.net\/#\/schema\/logo\/image\/\",\"url\":\"\/wp-content\/uploads\/2023\/08\/logo_EscueladelAgua_mod.1.1_150px.png\",\"contentUrl\":\"\/wp-content\/uploads\/2023\/08\/logo_EscueladelAgua_mod.1.1_150px.png\",\"width\":150,\"height\":90,\"caption\":\"Escuela del agua\"},\"image\":{\"@id\":\"https:\/\/wapwebedapro01.azurewebsites.net\/#\/schema\/logo\/image\/\"}}]}<\/script>\r\n<!-- \/ Yoast SEO plugin. -->","yoast_head_json":{"title":"AQUASeminar Transformaci\u00f3n Digital - Escuela del agua","robots":{"index":"index","follow":"follow","max-snippet":"max-snippet:-1","max-image-preview":"max-image-preview:large","max-video-preview":"max-video-preview:-1"},"canonical":"https:\/\/www.laescueladelagua.com\/en\/programa\/programas\/executive-education\/aquaseminar-transformacion-digital\/","og_locale":"en_US","og_type":"article","og_title":"AQUASeminar Transformaci\u00f3n Digital - Escuela del agua","og_url":"https:\/\/www.laescueladelagua.com\/en\/programa\/programas\/executive-education\/aquaseminar-transformacion-digital\/","og_site_name":"Escuela del agua","article_modified_time":"2024-08-12T18:00:26+00:00","og_image":[{"width":800,"height":450,"url":"https:\/\/www.laescueladelagua.com\/wp-content\/uploads\/2023\/07\/Copia-de-Dia-1-e1698068426374.jpg","type":"image\/jpeg"}],"twitter_card":"summary_large_image","schema":{"@context":"https:\/\/schema.org","@graph":[{"@type":"WebPage","@id":"https:\/\/www.laescueladelagua.com\/programa\/programas\/executive-education\/aquaseminar-transformacion-digital\/","url":"https:\/\/www.laescueladelagua.com\/programa\/programas\/executive-education\/aquaseminar-transformacion-digital\/","name":"AQUASeminar Transformaci\u00f3n Digital - Escuela del agua","isPartOf":{"@id":"https:\/\/wapwebedapro01.azurewebsites.net\/#website"},"primaryImageOfPage":{"@id":"https:\/\/www.laescueladelagua.com\/programa\/programas\/executive-education\/aquaseminar-transformacion-digital\/#primaryimage"},"image":{"@id":"https:\/\/www.laescueladelagua.com\/programa\/programas\/executive-education\/aquaseminar-transformacion-digital\/#primaryimage"},"thumbnailUrl":"\/wp-content\/uploads\/2023\/07\/Copia-de-Dia-1-e1698068426374.jpg","datePublished":"2023-07-03T12:04:42+00:00","dateModified":"2024-08-12T18:00:26+00:00","breadcrumb":{"@id":"https:\/\/www.laescueladelagua.com\/programa\/programas\/executive-education\/aquaseminar-transformacion-digital\/#breadcrumb"},"inLanguage":"en-US","potentialAction":[{"@type":"ReadAction","target":["https:\/\/www.laescueladelagua.com\/programa\/programas\/executive-education\/aquaseminar-transformacion-digital\/"]}]},{"@type":"ImageObject","inLanguage":"en-US","@id":"https:\/\/www.laescueladelagua.com\/programa\/programas\/executive-education\/aquaseminar-transformacion-digital\/#primaryimage","url":"\/wp-content\/uploads\/2023\/07\/Copia-de-Dia-1-e1698068426374.jpg","contentUrl":"\/wp-content\/uploads\/2023\/07\/Copia-de-Dia-1-e1698068426374.jpg","width":800,"height":450},{"@type":"BreadcrumbList","@id":"https:\/\/www.laescueladelagua.com\/programa\/programas\/executive-education\/aquaseminar-transformacion-digital\/#breadcrumb","itemListElement":[{"@type":"ListItem","position":1,"name":"Home","item":"https:\/\/wapwebedapro01.azurewebsites.net\/"},{"@type":"ListItem","position":2,"name":"Todos los programas","item":"https:\/\/www.laescueladelagua.com\/todos-los-programas\/"},{"@type":"ListItem","position":3,"name":"AQUASeminar Transformaci\u00f3n Digital"}]},{"@type":"WebSite","@id":"https:\/\/wapwebedapro01.azurewebsites.net\/#website","url":"https:\/\/wapwebedapro01.azurewebsites.net\/","name":"Escuela del agua","description":"","publisher":{"@id":"https:\/\/wapwebedapro01.azurewebsites.net\/#organization"},"potentialAction":[{"@type":"SearchAction","target":{"@type":"EntryPoint","urlTemplate":"https:\/\/wapwebedapro01.azurewebsites.net\/?s={search_term_string}"},"query-input":{"@type":"PropertyValueSpecification","valueRequired":true,"valueName":"search_term_string"}}],"inLanguage":"en-US"},{"@type":"Organization","@id":"https:\/\/wapwebedapro01.azurewebsites.net\/#organization","name":"Escuela del agua","url":"https:\/\/wapwebedapro01.azurewebsites.net\/","logo":{"@type":"ImageObject","inLanguage":"en-US","@id":"https:\/\/wapwebedapro01.azurewebsites.net\/#\/schema\/logo\/image\/","url":"\/wp-content\/uploads\/2023\/08\/logo_EscueladelAgua_mod.1.1_150px.png","contentUrl":"\/wp-content\/uploads\/2023\/08\/logo_EscueladelAgua_mod.1.1_150px.png","width":150,"height":90,"caption":"Escuela del agua"},"image":{"@id":"https:\/\/wapwebedapro01.azurewebsites.net\/#\/schema\/logo\/image\/"}}]}},"meta_box":{"datos-curso-code":"AQUASeminar_Ed2_2022_23_bl2","datos-curso-register":"no","datos-curso-methodology":"Presencial","datos-curso-profile":["Gerencial"],"datos-curso-mode":[],"datos-curso-public":[],"datos-curso-date":"Pr\u00f3ximamente","datos-curso-pdf":[],"datos-curso-logo":[],"related-link":[900,933,947],"tab-presentacion-active":"yes","tab-presentacion-tab-name":"Presentaci\u00f3n","tab-presentacion-intro":"<p>Ciclo de ponencias y talleres para <strong>abordar de manera monogr\u00e1fica aspectos cr\u00edticos en la gesti\u00f3n h\u00eddrica y ambiental que proporciona una visi\u00f3n de alto nivel ante la emergencia clim\u00e1tica<\/strong>. Centra su atenci\u00f3n en el agua y su gesti\u00f3n ante episodios extremos, pero tambi\u00e9n aporta aproximaciones diversas, como las que ofrece la supercomputaci\u00f3n o la ordenaci\u00f3n territorial y la evaluaci\u00f3n continua con los indicadores y las jerarqu\u00edas administrativas.<\/p>\n","tab-presentacion-first-block-active":"yes","tab-presentacion-first-block-title":"DIRIGIDO A:","tab-presentacion-first-block-intro":"","tab-presentacion-first-block-list":["<p>Personas con titulaciones en ingenier\u00edas, ingenier\u00edas t\u00e9cnicas y licenciaturas en carreras cient\u00edfico-t\u00e9cnicas (biolog\u00eda, qu\u00edmica, ciencias ambientales, geolog\u00eda, etc.).<\/p>\n","<p>Profesionales del \u00e1mbito del agua y el medio ambiente.<\/p>\n","<p>Profesionales responsables de la gesti\u00f3n del agua en empresas del sector, industrias u organismos operadores y reguladores.<\/p>\n","<p>Profesionales con inter\u00e9s en materias de gesti\u00f3n del agua y el medio ambiente.<\/p>\n"],"tab-presentacion-second-block-active":"no","tab-presentacion-second-block-title":"","tab-presentacion-second-block-intro":"","tab-presentacion-second-block-list":[],"tab-presentacion-third-block-active":"no","tab-presentacion-third-block-title":"","tab-presentacion-third-block-text":"","tab-presentacion-third-block-list":[],"tab-presentacion-third-block-media":"video","tab-presentacion-third-block-image":[],"tab-presentacion-third-block-video":"","tab-programa-active":"yes","tab-programa-tab-name":"Contenidos","tab-programa-intro-1":"<p>En este AQUASeminar se tratar\u00e1n los siguientes temas:<\/p>\n<ul>\n<li>Estado actual, retos y reflexi\u00f3n en torno al metaverso y su impacto.<\/li>\n<li>Inteligencia artificial.<\/li>\n<li>Estrategia empresarial.<\/li>\n<li>Liderazgo en un entorno tecnol\u00f3gico cambiante.<\/li>\n<\/ul>\n","tab-programa-content":[],"tab-programa-intro-2":"","tab-programa-first-block-active":"yes","tab-programa-first-block-title":"Agenda","tab-programa-first-block-content":[{"intro":"<h3>D\u00cdA 1<\/h3>\r\n&nbsp;\r\n\r\n<strong>9.00-9.30 h:<\/strong> Bienvenida y presentaci\u00f3n del Aquaseminar, Lluc Pej\u00f3, director de la Escuela del Agua\r\n\r\n<strong>9.30-11.30 h<\/strong>: Estado actual, retos y reflexi\u00f3n en torno al metaverso y su impacto. Aleix Valls\r\n\r\n<strong>11.30-12.00 h<\/strong>: Pausa\r\n\r\n<strong>12.00-14.00 h<\/strong>: Inteligencia artificial, Brian Subirana\r\n\r\n<strong>14.00-15.00 h<\/strong>: Comida\r\n\r\n<strong>15.00-18.30 h<\/strong>: Taller sobre cultura VEOLIA, Lidia Velascoain y Carlos Villanueva\r\n\r\n<a href=\"\/wp-content\/uploads\/2023\/07\/Programa-Aquaseminar-Liderazgo-y-Transformacion-Digital-Quotes-Dia-1.pdf\" target=\"_blank\" rel=\"noopener\">Aqu\u00ed<\/a> puedes descargar el <strong>programa completo del d\u00eda 1<\/strong>."},{"intro":"<h3>D\u00cdA 2<\/h3>\r\n&nbsp;\r\n\r\n<strong>9.00-11.00 h<\/strong>: Estrategia empresarial, Manuel Cermer\u00f3n, CEO de Agbar\r\n\r\n<strong>11.00-11.30 h<\/strong>: Pausa, desayuno\r\n\r\n<strong>11.30-13.30 h<\/strong>: Liderazgo en un entorno tecnol\u00f3gico cambiante. Ana de Andr\u00e9s\r\n\r\n<strong>13.30-14.30 h<\/strong>: Comida\r\n\r\n<strong>14.30-17.30 h<\/strong>: Relato persuasivo, Gabriel Garc\u00eda de Oro\r\n\r\n<a href=\"\/wp-content\/uploads\/2023\/07\/Programa-Aquaseminar-Liderazgo-y-Transformacion-Digital-Quotes-Dia-2.pdf\" target=\"_blank\" rel=\"noopener\">Aqu\u00ed<\/a> puedes descargar el <strong>programa completo del d\u00eda 2<\/strong>."}],"tab-programa-second-block-active":"yes","tab-programa-second-block-title":"\u00bfTE INTERESA EL PROGRAMA Y TIENES DUDAS?","tab-programa-second-block-text":"<p>Ponte en contacto con nosotros en el <strong>+34 932 479 735, escr\u00edbenos un WhatsApp al +34 616 778 523 o bien d\u00e9janos tu datos en el <a href=\"\/contacto\">formulario de contacto<\/a><\/strong> y en breve nos pondremos en contacto contigo.<\/p>\n","tab-programa-second-block-list":[],"tab-programa-second-block-media":"image","tab-programa-second-block-image":[{"width":150,"height":150,"file":"2023\/06\/Enmascarar-grupo-10@2x-e1698067773237.png","filesize":1422813,"sizes":{"medium":{"file":"Enmascarar-grupo-10@2x-300x143.png","width":300,"height":143,"mime-type":"image\/png","filesize":75714,"url":"\/wp-content\/uploads\/2023\/06\/Enmascarar-grupo-10@2x-300x143.png"},"large":{"file":"Enmascarar-grupo-10@2x-1024x489.png","width":1024,"height":489,"mime-type":"image\/png","filesize":742952,"url":"\/wp-content\/uploads\/2023\/06\/Enmascarar-grupo-10@2x-1024x489.png"},"thumbnail":{"file":"Enmascarar-grupo-10@2x-150x150.png","width":150,"height":150,"mime-type":"image\/png","filesize":42319,"url":"\/wp-content\/uploads\/2023\/06\/Enmascarar-grupo-10@2x-150x150.png"},"medium_large":{"file":"Enmascarar-grupo-10@2x-768x367.png","width":768,"height":367,"mime-type":"image\/png","filesize":447082,"url":"\/wp-content\/uploads\/2023\/06\/Enmascarar-grupo-10@2x-768x367.png"},"trp-custom-language-flag":{"file":"Enmascarar-grupo-10@2x-18x9.png","width":18,"height":9,"mime-type":"image\/png","filesize":579,"url":"\/wp-content\/uploads\/2023\/06\/Enmascarar-grupo-10@2x-18x9.png"},"woocommerce_thumbnail":{"file":"Enmascarar-grupo-10@2x-300x300.png","width":300,"height":300,"mime-type":"image\/png","filesize":174138,"uncropped":false,"url":"\/wp-content\/uploads\/2023\/06\/Enmascarar-grupo-10@2x-300x300.png"},"woocommerce_single":{"file":"Enmascarar-grupo-10@2x-600x286.png","width":600,"height":286,"mime-type":"image\/png","filesize":284362,"url":"\/wp-content\/uploads\/2023\/06\/Enmascarar-grupo-10@2x-600x286.png"},"woocommerce_gallery_thumbnail":{"file":"Enmascarar-grupo-10@2x-100x100.png","width":100,"height":100,"mime-type":"image\/png","filesize":19876,"url":"\/wp-content\/uploads\/2023\/06\/Enmascarar-grupo-10@2x-100x100.png"}},"image_meta":{"aperture":"0","credit":"","camera":"","caption":"","created_timestamp":"0","copyright":"","focal_length":"0","iso":"0","shutter_speed":"0","title":"","orientation":"0","keywords":[]},"ID":"486","name":"Enmascarar-grupo-10@2x-e1698067773237.png","path":"C:\\home\\site\\wwwroot\/wp-content\/uploads\/2023\/06\/Enmascarar-grupo-10@2x-e1698067773237.png","url":"\/wp-content\/uploads\/2023\/06\/Enmascarar-grupo-10@2x-150x150.png","full_url":"\/wp-content\/uploads\/2023\/06\/Enmascarar-grupo-10@2x-e1698067773237.png","title":"Enmascarar grupo 10@2x","caption":"","description":"","alt":"","srcset":"\/wp-content\/uploads\/2023\/06\/Enmascarar-grupo-10@2x-150x150.png 150w, \/wp-content\/uploads\/2023\/06\/Enmascarar-grupo-10@2x-300x300.png 300w, \/wp-content\/uploads\/2023\/06\/Enmascarar-grupo-10@2x-100x100.png 100w"}],"tab-programa-second-block-video":"","tab-equipo-docente-active":"yes","tab-equipo-docente-tab-name":"Equipo docente","tab-equipo-docente-intro":"<p>A continuaci\u00f3n destacamos a los principales ponentes y expertos que nos acompa\u00f1ar\u00e1n para cada una de las sesiones.<\/p>\n","tab-equipo-docente-first-block-active":"yes","tab-equipo-docente-first-block-title":"Ponentes","tab-equipo-docente-first-block-team":[{"name":"D. ALEIX VALLS","text":"<strong>Matem\u00e1tico, ingeniero de caminos y doctorado en mec\u00e1nica computacional de fluidos<\/strong>. Inici\u00f3 su trayectoria profesional en el campo de la investigaci\u00f3n en el Centro Internacional de M\u00e9todos Num\u00e9ricos en la Ingenier\u00eda (CIMNE) de la Universidad Polit\u00e9cnica de Catalu\u00f1a (UPC), tarea que llev\u00f3 a cabo entre los a\u00f1os 2000 y 2004.","image":["1603"]},{"name":"D. BIRAN SUBIRANA","text":"<strong>Catedr\u00e1tico de Inteligencia Artificial en la EADA Business School<\/strong>.\r\n\r\nEl Dr. Brian Subirana es catedr\u00e1tico de Inteligencia Artificial en la EADA Business School. Ha sido docente durante 20 a\u00f1os en la MIT Sloan, la Escuela de Ingenier\u00eda del MIT, y en la Universidad de Harvard, a la vez que director del Auto-ID Laboratory y director fundador de la iniciativa del MIT y Accenture para la convergencia de la industria y la tecnolog\u00eda.","image":["1605"]},{"name":"D. MANUEL CERMER\u00d3N","text":"<strong>CEO de Agbar y Vicepresidente del Consejo de Administraci\u00f3n de Aig\u00fces de Barcelona<\/strong>.\r\n\r\nNacido en Barcelona en 1970, es ingeniero industrial por la Universidad Polit\u00e9cnica de Catalu\u00f1a y tiene un postgrado en Nuevas Tecnolog\u00edas de la Informaci\u00f3n, tambi\u00e9n por la UPC, adem\u00e1s de un diploma en Desarrollo de Directivos por la ESADE.\r\n\r\nCEO de Agbar. Es patr\u00f3n de la Fundaci\u00f3n Cotec, de la Fundaci\u00f3n CyD y secretario del Colegio Oficial de Ingenieros Industriales de Catalu\u00f1a (COEIC).","image":["1606"]},{"name":"D\u00d1A. ANA DE ANDR\u00c9S","text":"<strong>Macroeconomista y experta en desarrollo organizacional y Desarrollo directivo<\/strong>. Lleva ma\u0301s de 25 an\u0303os trabajando en la interseccio\u0301n entre el liderazgo y el desarrollo econo\u0301mico y social a nivel global.\r\n\r\nTrabaja como asesora, executive coach y analista organizacional con actores clave en entornos complejos y en contextos de desaf\u00edos geopol\u00edticos y estrat\u00e9gicos y transformaciones organizativas.","image":["1604"]}],"tab-equipo-docente-second-block-active":"no","tab-equipo-docente-second-block-title":"","tab-equipo-docente-second-block-text":"","tab-equipo-docente-second-block-list":[],"tab-equipo-docente-second-block-media":"video","tab-equipo-docente-second-block-image":[],"tab-equipo-docente-second-block-video":"","tab-admision-active":"yes","tab-admision-tab-name":"Admisi\u00f3n y datos b\u00e1sicos","tab-admision-first-block-active":"yes","tab-admision-first-block-title":"Datos b\u00e1sicos","tab-admision-first-block-info":[{"data":"inicio","text":"Pr\u00f3ximamente"},{"data":"duracion","text":"2 d\u00edas"},{"data":"idioma","text":"Espa\u00f1ol"},{"data":"lugar","text":"Barcelona"},{"data":"metodologia","text":"Presencial"}],"tab-admision-first-block-additional-info":[{"title":"Ubicaci\u00f3n","text":"Recinto Museu Agbar de les Aig\u00fces, Cornell\u00e0, Barcelona."}],"tab-admision-second-block-active":"no","tab-custom-active":"no","tab-custom-tab-name":"","tab-custom-intro":"","tab-custom-first-block-active":"no","tab-custom-first-block-title":"","tab-custom-first-block-intro":"","tab-custom-first-block-list":[],"tab-custom-second-block-active":"no","tab-custom-second-block-title":"","tab-custom-second-block-intro":"","tab-custom-second-block-list":[],"tab-custom-third-block-active":"no","tab-custom-third-block-title":"","tab-custom-third-block-text":"","tab-custom-third-block-list":[],"tab-custom-third-block-media":"image","tab-custom-third-block-image":[],"tab-custom-third-block-video":"","tab-campus-online-active":"no","tab-campus-online-tab-name":"Campus Online","tab-ayudas-estudio-active":"no","tab-ayudas-estudio-tab-name":"Ayudas al estudio"},"_links":{"self":[{"href":"https:\/\/www.laescueladelagua.com\/en\/wp-json\/wp\/v2\/product\/914","targetHints":{"allow":["GET"]}}],"collection":[{"href":"https:\/\/www.laescueladelagua.com\/en\/wp-json\/wp\/v2\/product"}],"about":[{"href":"https:\/\/www.laescueladelagua.com\/en\/wp-json\/wp\/v2\/types\/product"}],"replies":[{"embeddable":true,"href":"https:\/\/www.laescueladelagua.com\/en\/wp-json\/wp\/v2\/comments?post=914"}],"version-history":[{"count":1,"href":"https:\/\/www.laescueladelagua.com\/en\/wp-json\/wp\/v2\/product\/914\/revisions"}],"predecessor-version":[{"id":922,"href":"https:\/\/www.laescueladelagua.com\/en\/wp-json\/wp\/v2\/product\/914\/revisions\/922"}],"wp:featuredmedia":[{"embeddable":true,"href":"https:\/\/www.laescueladelagua.com\/en\/wp-json\/wp\/v2\/media\/901"}],"wp:attachment":[{"href":"https:\/\/www.laescueladelagua.com\/en\/wp-json\/wp\/v2\/media?parent=914"}],"wp:term":[{"taxonomy":"product_cat","embeddable":true,"href":"https:\/\/www.laescueladelagua.com\/en\/wp-json\/wp\/v2\/product_cat?post=914"},{"taxonomy":"product_tag","embeddable":true,"href":"https:\/\/www.laescueladelagua.com\/en\/wp-json\/wp\/v2\/product_tag?post=914"}],"curies":[{"name":"wp","href":"https:\/\/api.w.org\/{rel}","templated":true}]}}