{"id":933,"date":"2023-07-04T07:14:56","date_gmt":"2023-07-04T07:14:56","guid":{"rendered":"https:\/\/www.laescueladelagua.com\/?post_type=product&#038;p=933"},"modified":"2025-06-03T10:59:50","modified_gmt":"2025-06-03T10:59:50","slug":"aquaseminar-emergencia-climatica","status":"publish","type":"product","link":"https:\/\/www.laescueladelagua.com\/en\/programa\/programas\/executive-education\/aquaseminar-emergencia-climatica\/","title":{"rendered":"AQUASeminar Climate Emergency"},"content":{"rendered":"","protected":false},"excerpt":{"rendered":"","protected":false},"featured_media":934,"comment_status":"open","ping_status":"closed","template":"","meta":[],"product_cat":[20,34],"product_tag":[],"class_list":{"0":"post-933","1":"product","2":"type-product","3":"status-publish","4":"has-post-thumbnail","6":"product_cat-executive-education","7":"product_cat-aquaseminar","9":"first","10":"instock","11":"virtual","12":"product-type-simple"},"yoast_head":"<!-- This site is optimized with the Yoast SEO plugin v24.5 - https:\/\/yoast.com\/wordpress\/plugins\/seo\/ -->\r\n<title>AQUASeminar Emergencia Clim\u00e1tica - Escuela del agua<\/title>\r\n<meta name=\"robots\" content=\"index, follow, max-snippet:-1, max-image-preview:large, max-video-preview:-1\" \/>\r\n<link rel=\"canonical\" href=\"https:\/\/www.laescueladelagua.com\/en\/programa\/programas\/executive-education\/aquaseminar-emergencia-climatica\/\" \/>\r\n<meta property=\"og:locale\" content=\"en_US\" \/>\r\n<meta property=\"og:type\" content=\"article\" \/>\r\n<meta property=\"og:title\" content=\"AQUASeminar Emergencia Clim\u00e1tica - Escuela del agua\" \/>\r\n<meta property=\"og:url\" content=\"https:\/\/www.laescueladelagua.com\/en\/programa\/programas\/executive-education\/aquaseminar-emergencia-climatica\/\" \/>\r\n<meta property=\"og:site_name\" content=\"Escuela del agua\" \/>\r\n<meta property=\"article:modified_time\" content=\"2025-06-03T10:59:50+00:00\" \/>\r\n<meta property=\"og:image\" content=\"https:\/\/www.laescueladelagua.com\/wp-content\/uploads\/2023\/07\/dunes-3580666_1920-e1698069010177.jpg\" \/>\r\n\t<meta property=\"og:image:width\" content=\"800\" \/>\r\n\t<meta property=\"og:image:height\" content=\"450\" \/>\r\n\t<meta property=\"og:image:type\" content=\"image\/jpeg\" \/>\r\n<meta name=\"twitter:card\" content=\"summary_large_image\" \/>\r\n<meta name=\"twitter:label1\" content=\"Est. reading time\" \/>\n\t<meta name=\"twitter:data1\" content=\"1 minute\" \/>\r\n<script type=\"application\/ld+json\" class=\"yoast-schema-graph\">{\"@context\":\"https:\/\/schema.org\",\"@graph\":[{\"@type\":\"WebPage\",\"@id\":\"https:\/\/www.laescueladelagua.com\/en\/programa\/programas\/executive-education\/aquaseminar-emergencia-climatica\/\",\"url\":\"https:\/\/www.laescueladelagua.com\/en\/programa\/programas\/executive-education\/aquaseminar-emergencia-climatica\/\",\"name\":\"AQUASeminar Emergencia Clim\u00e1tica - Escuela del agua\",\"isPartOf\":{\"@id\":\"https:\/\/wapwebedapro01.azurewebsites.net\/#website\"},\"primaryImageOfPage\":{\"@id\":\"https:\/\/www.laescueladelagua.com\/en\/programa\/programas\/executive-education\/aquaseminar-emergencia-climatica\/#primaryimage\"},\"image\":{\"@id\":\"https:\/\/www.laescueladelagua.com\/en\/programa\/programas\/executive-education\/aquaseminar-emergencia-climatica\/#primaryimage\"},\"thumbnailUrl\":\"\/wp-content\/uploads\/2023\/07\/dunes-3580666_1920-e1698069010177.jpg\",\"datePublished\":\"2023-07-04T07:14:56+00:00\",\"dateModified\":\"2025-06-03T10:59:50+00:00\",\"breadcrumb\":{\"@id\":\"https:\/\/www.laescueladelagua.com\/en\/programa\/programas\/executive-education\/aquaseminar-emergencia-climatica\/#breadcrumb\"},\"inLanguage\":\"en-US\",\"potentialAction\":[{\"@type\":\"ReadAction\",\"target\":[\"https:\/\/www.laescueladelagua.com\/en\/programa\/programas\/executive-education\/aquaseminar-emergencia-climatica\/\"]}]},{\"@type\":\"ImageObject\",\"inLanguage\":\"en-US\",\"@id\":\"https:\/\/www.laescueladelagua.com\/en\/programa\/programas\/executive-education\/aquaseminar-emergencia-climatica\/#primaryimage\",\"url\":\"\/wp-content\/uploads\/2023\/07\/dunes-3580666_1920-e1698069010177.jpg\",\"contentUrl\":\"\/wp-content\/uploads\/2023\/07\/dunes-3580666_1920-e1698069010177.jpg\",\"width\":800,\"height\":450},{\"@type\":\"BreadcrumbList\",\"@id\":\"https:\/\/www.laescueladelagua.com\/en\/programa\/programas\/executive-education\/aquaseminar-emergencia-climatica\/#breadcrumb\",\"itemListElement\":[{\"@type\":\"ListItem\",\"position\":1,\"name\":\"Home\",\"item\":\"https:\/\/wapwebedapro01.azurewebsites.net\/\"},{\"@type\":\"ListItem\",\"position\":2,\"name\":\"Todos los programas\",\"item\":\"https:\/\/www.laescueladelagua.com\/todos-los-programas\/\"},{\"@type\":\"ListItem\",\"position\":3,\"name\":\"AQUASeminar Emergencia Clim\u00e1tica\"}]},{\"@type\":\"WebSite\",\"@id\":\"https:\/\/wapwebedapro01.azurewebsites.net\/#website\",\"url\":\"https:\/\/wapwebedapro01.azurewebsites.net\/\",\"name\":\"Escuela del agua\",\"description\":\"\",\"publisher\":{\"@id\":\"https:\/\/wapwebedapro01.azurewebsites.net\/#organization\"},\"potentialAction\":[{\"@type\":\"SearchAction\",\"target\":{\"@type\":\"EntryPoint\",\"urlTemplate\":\"https:\/\/wapwebedapro01.azurewebsites.net\/?s={search_term_string}\"},\"query-input\":{\"@type\":\"PropertyValueSpecification\",\"valueRequired\":true,\"valueName\":\"search_term_string\"}}],\"inLanguage\":\"en-US\"},{\"@type\":\"Organization\",\"@id\":\"https:\/\/wapwebedapro01.azurewebsites.net\/#organization\",\"name\":\"Escuela del agua\",\"url\":\"https:\/\/wapwebedapro01.azurewebsites.net\/\",\"logo\":{\"@type\":\"ImageObject\",\"inLanguage\":\"en-US\",\"@id\":\"https:\/\/wapwebedapro01.azurewebsites.net\/#\/schema\/logo\/image\/\",\"url\":\"\/wp-content\/uploads\/2023\/08\/logo_EscueladelAgua_mod.1.1_150px.png\",\"contentUrl\":\"\/wp-content\/uploads\/2023\/08\/logo_EscueladelAgua_mod.1.1_150px.png\",\"width\":150,\"height\":90,\"caption\":\"Escuela del agua\"},\"image\":{\"@id\":\"https:\/\/wapwebedapro01.azurewebsites.net\/#\/schema\/logo\/image\/\"}}]}<\/script>\r\n<!-- \/ Yoast SEO plugin. -->","yoast_head_json":{"title":"AQUASeminar Emergencia Clim\u00e1tica - Escuela del agua","robots":{"index":"index","follow":"follow","max-snippet":"max-snippet:-1","max-image-preview":"max-image-preview:large","max-video-preview":"max-video-preview:-1"},"canonical":"https:\/\/www.laescueladelagua.com\/en\/programa\/programas\/executive-education\/aquaseminar-emergencia-climatica\/","og_locale":"en_US","og_type":"article","og_title":"AQUASeminar Emergencia Clim\u00e1tica - Escuela del agua","og_url":"https:\/\/www.laescueladelagua.com\/en\/programa\/programas\/executive-education\/aquaseminar-emergencia-climatica\/","og_site_name":"Escuela del agua","article_modified_time":"2025-06-03T10:59:50+00:00","og_image":[{"width":800,"height":450,"url":"https:\/\/www.laescueladelagua.com\/wp-content\/uploads\/2023\/07\/dunes-3580666_1920-e1698069010177.jpg","type":"image\/jpeg"}],"twitter_card":"summary_large_image","twitter_misc":{"Est. reading time":"1 minute"},"schema":{"@context":"https:\/\/schema.org","@graph":[{"@type":"WebPage","@id":"https:\/\/www.laescueladelagua.com\/en\/programa\/programas\/executive-education\/aquaseminar-emergencia-climatica\/","url":"https:\/\/www.laescueladelagua.com\/en\/programa\/programas\/executive-education\/aquaseminar-emergencia-climatica\/","name":"AQUASeminar Emergencia Clim\u00e1tica - Escuela del agua","isPartOf":{"@id":"https:\/\/wapwebedapro01.azurewebsites.net\/#website"},"primaryImageOfPage":{"@id":"https:\/\/www.laescueladelagua.com\/en\/programa\/programas\/executive-education\/aquaseminar-emergencia-climatica\/#primaryimage"},"image":{"@id":"https:\/\/www.laescueladelagua.com\/en\/programa\/programas\/executive-education\/aquaseminar-emergencia-climatica\/#primaryimage"},"thumbnailUrl":"\/wp-content\/uploads\/2023\/07\/dunes-3580666_1920-e1698069010177.jpg","datePublished":"2023-07-04T07:14:56+00:00","dateModified":"2025-06-03T10:59:50+00:00","breadcrumb":{"@id":"https:\/\/www.laescueladelagua.com\/en\/programa\/programas\/executive-education\/aquaseminar-emergencia-climatica\/#breadcrumb"},"inLanguage":"en-US","potentialAction":[{"@type":"ReadAction","target":["https:\/\/www.laescueladelagua.com\/en\/programa\/programas\/executive-education\/aquaseminar-emergencia-climatica\/"]}]},{"@type":"ImageObject","inLanguage":"en-US","@id":"https:\/\/www.laescueladelagua.com\/en\/programa\/programas\/executive-education\/aquaseminar-emergencia-climatica\/#primaryimage","url":"\/wp-content\/uploads\/2023\/07\/dunes-3580666_1920-e1698069010177.jpg","contentUrl":"\/wp-content\/uploads\/2023\/07\/dunes-3580666_1920-e1698069010177.jpg","width":800,"height":450},{"@type":"BreadcrumbList","@id":"https:\/\/www.laescueladelagua.com\/en\/programa\/programas\/executive-education\/aquaseminar-emergencia-climatica\/#breadcrumb","itemListElement":[{"@type":"ListItem","position":1,"name":"Home","item":"https:\/\/wapwebedapro01.azurewebsites.net\/"},{"@type":"ListItem","position":2,"name":"Todos los programas","item":"https:\/\/www.laescueladelagua.com\/todos-los-programas\/"},{"@type":"ListItem","position":3,"name":"AQUASeminar Emergencia Clim\u00e1tica"}]},{"@type":"WebSite","@id":"https:\/\/wapwebedapro01.azurewebsites.net\/#website","url":"https:\/\/wapwebedapro01.azurewebsites.net\/","name":"Escuela del agua","description":"","publisher":{"@id":"https:\/\/wapwebedapro01.azurewebsites.net\/#organization"},"potentialAction":[{"@type":"SearchAction","target":{"@type":"EntryPoint","urlTemplate":"https:\/\/wapwebedapro01.azurewebsites.net\/?s={search_term_string}"},"query-input":{"@type":"PropertyValueSpecification","valueRequired":true,"valueName":"search_term_string"}}],"inLanguage":"en-US"},{"@type":"Organization","@id":"https:\/\/wapwebedapro01.azurewebsites.net\/#organization","name":"Escuela del agua","url":"https:\/\/wapwebedapro01.azurewebsites.net\/","logo":{"@type":"ImageObject","inLanguage":"en-US","@id":"https:\/\/wapwebedapro01.azurewebsites.net\/#\/schema\/logo\/image\/","url":"\/wp-content\/uploads\/2023\/08\/logo_EscueladelAgua_mod.1.1_150px.png","contentUrl":"\/wp-content\/uploads\/2023\/08\/logo_EscueladelAgua_mod.1.1_150px.png","width":150,"height":90,"caption":"Escuela del agua"},"image":{"@id":"https:\/\/wapwebedapro01.azurewebsites.net\/#\/schema\/logo\/image\/"}}]}},"meta_box":{"datos-curso-code":"AQUASeminar Ed3 2023_23_bl2","datos-curso-register":"no","datos-curso-methodology":"Presencial","datos-curso-profile":["Gerencial"],"datos-curso-mode":[],"datos-curso-public":[],"datos-curso-date":"Pr\u00f3ximamente","datos-curso-pdf":[{"filesize":33498759,"ID":"936","name":"AQUASEMINAR_2022_PROGRAMAyDOCENTES.pdf","path":"C:\\home\\site\\wwwroot\/wp-content\/uploads\/2023\/07\/AQUASEMINAR_2022_PROGRAMAyDOCENTES.pdf","url":"\/wp-content\/uploads\/2023\/07\/AQUASEMINAR_2022_PROGRAMAyDOCENTES.pdf","title":"AQUASEMINAR_2022_PROGRAMAyDOCENTES"}],"datos-curso-logo":[],"related-link":[900,914,947],"tab-presentacion-active":"yes","tab-presentacion-tab-name":"Presentaci\u00f3n","tab-presentacion-intro":"<p>Ciclo de ponencias y talleres para abordar de manera monogr\u00e1fica <strong>aspectos cr\u00edticos en la gesti\u00f3n h\u00eddrica y ambiental que proporciona una visi\u00f3n de alto nivel ante la emergencia clim\u00e1tica<\/strong>. Centra su <strong>atenci\u00f3n en el agua y su gesti\u00f3n<\/strong> ante episodios extremos, pero tambi\u00e9n aporta aproximaciones diversas, como las que ofrece la supercomputaci\u00f3n o la ordenaci\u00f3n territorial y la evaluaci\u00f3n continua con los indicadores y las jerarqu\u00edas administrativas.<\/p>\n","tab-presentacion-first-block-active":"yes","tab-presentacion-first-block-title":"DIRIGIDO A:","tab-presentacion-first-block-intro":"","tab-presentacion-first-block-list":["<p>Personas con titulaciones en ingenier\u00edas, ingenier\u00edas t\u00e9cnicas y licenciaturas en carreras cient\u00edfico-t\u00e9cnicas (biolog\u00eda, qu\u00edmica, ciencias ambientales, geolog\u00eda, etc.).<\/p>\n","<p>Profesionales del \u00e1mbito del agua y el medio ambiente.<\/p>\n","<p>Profesionales responsables de la gesti\u00f3n del agua en empresas del sector, industrias u organismos operadores y reguladores.<\/p>\n","<p>Profesionales con inter\u00e9s en materias de gesti\u00f3n del agua y el medio ambiente<\/p>\n"],"tab-presentacion-second-block-active":"no","tab-presentacion-second-block-title":"","tab-presentacion-second-block-intro":"","tab-presentacion-second-block-list":[],"tab-presentacion-third-block-active":"no","tab-presentacion-third-block-title":"","tab-presentacion-third-block-text":"","tab-presentacion-third-block-list":[],"tab-presentacion-third-block-media":"video","tab-presentacion-third-block-image":[],"tab-presentacion-third-block-video":"","tab-programa-active":"yes","tab-programa-tab-name":"Contenidos","tab-programa-intro-1":"<p>En este AQUASeminar se tratar\u00e1n los siguientes temas:<\/p>\n<ul>\n<li>Emergencia clim\u00e1tica y gesti\u00f3n de los recursos h\u00eddricos en la pen\u00ednsula ib\u00e9rica.<\/li>\n<li>COP27 de Egipto 2022: datos clave de la cita clim\u00e1tica.<\/li>\n<li>Experiencias de adaptaci\u00f3n de las ciudades frente al cambio clim\u00e1tico.<\/li>\n<li>Meteorolog\u00eda y cambio clim\u00e1tico.<\/li>\n<\/ul>\n","tab-programa-content":[],"tab-programa-intro-2":"","tab-programa-first-block-active":"yes","tab-programa-first-block-title":"Agenda","tab-programa-first-block-content":[{"intro":"<h3>D\u00cdA 1<\/h3>\r\n&nbsp;\r\n\r\nEmergencia clim\u00e1tica y gesti\u00f3n de los recursos h\u00eddricos en la pen\u00ednsula ib\u00e9rica.\r\nJavier Mart\u00edn Vide, catedr\u00e1tico de Geograf\u00eda F\u00edsica de la Universidad de Barcelona\r\n\r\nCOP27 de Egipto 2022: datos clave de la cita clim\u00e1tica. Elvira Carles, directora de la Fundaci\u00f3n Empresa y Clima\r\n\r\nModelizaci\u00f3n clim\u00e1tica: C\u00f3mo el superordenador Marenostrum4 nos ayuda a entender el cambio clim\u00e1tico. Roberto Bilbao, climat\u00f3logo y experto en el Barcelona Supercomputing Center\r\n\r\nNuestro planeta, nuestra salud. Dulcinea Meijide, directora de Desarrollo Sostenible y Equidad en Agbar Espa\u00f1a\r\n\r\nTaller sobre cambio clim\u00e1tico. Vincent Giroud y Clemente Vergara, responsables de Proyectos de Desarrollo Sostenible en Agbar Espa\u00f1a"},{"intro":"<h3>D\u00cdA 2<\/h3>\r\n&nbsp;\r\n\r\nConsecuencias de la emergencia clim\u00e1tica: gesti\u00f3n de sequ\u00edas en Agbar. Rub\u00e9n Ruiz Arriazu, director general de Aig\u00fces de Barcelona\r\n\r\nExperiencias de adaptaci\u00f3n de las ciudades frente al cambio clim\u00e1tico. Jorge Olcina Cantos, catedr\u00e1tico de An\u00e1lisis Geogr\u00e1fico Regional en la Universidad de Alicante\r\n\r\nPlanes de gesti\u00f3n del riesgo de inundaci\u00f3n. Juan Francisco Arrazola Herreros, jefe de servicio. MITECO, Ministerio para la Transici\u00f3n Ecol\u00f3gica y el Reto Demogr\u00e1fico\r\n\r\n\u00bfQu\u00e9 es el IPCC y por qu\u00e9 deben importarnos sus informes? Jofre Carnicer Cols, profesor de Ecolog\u00eda de la Universidad de Barcelona e investigador del CREAF\r\n\r\nMeteorolog\u00eda y cambio clim\u00e1tico. Tom\u00e0s Molina Bosch, embajador del Pacto Europeo por el Clima\r\n\r\nTaller Fresco, transformaci\u00f3n ecol\u00f3gica. Eire Ruiz, educadora ambiental de la Escuela del Agua"}],"tab-programa-second-block-active":"yes","tab-programa-second-block-title":"\u00bfTE INTERESA EL PROGRAMA Y TIENES DUDAS?","tab-programa-second-block-text":"<p>Ponte en contacto con nosotros en el <strong>+34 932 479 735, escr\u00edbenos un WhatsApp al +34 616 778 523 o bien d\u00e9janos tu datos en el <a href=\"\/contacto\">formulario de contacto<\/a><\/strong> y en breve nos pondremos en contacto contigo.<\/p>\n","tab-programa-second-block-list":[],"tab-programa-second-block-media":"image","tab-programa-second-block-image":[{"width":150,"height":150,"file":"2023\/09\/CTA_te-interesa-e1698071749521.jpg","filesize":587076,"sizes":{"medium":{"file":"CTA_te-interesa-300x200.jpg","width":300,"height":200,"mime-type":"image\/jpeg","filesize":31750,"url":"\/wp-content\/uploads\/2023\/09\/CTA_te-interesa-300x200.jpg"},"large":{"file":"CTA_te-interesa-1024x682.jpg","width":1024,"height":682,"mime-type":"image\/jpeg","filesize":116906,"url":"\/wp-content\/uploads\/2023\/09\/CTA_te-interesa-1024x682.jpg"},"thumbnail":{"file":"CTA_te-interesa-150x150.jpg","width":150,"height":150,"mime-type":"image\/jpeg","filesize":24055,"url":"\/wp-content\/uploads\/2023\/09\/CTA_te-interesa-150x150.jpg"},"medium_large":{"file":"CTA_te-interesa-768x512.jpg","width":768,"height":512,"mime-type":"image\/jpeg","filesize":78847,"url":"\/wp-content\/uploads\/2023\/09\/CTA_te-interesa-768x512.jpg"},"1536x1536":{"file":"CTA_te-interesa-1536x1024.jpg","width":1536,"height":1024,"mime-type":"image\/jpeg","filesize":215215,"url":"\/wp-content\/uploads\/2023\/09\/CTA_te-interesa-1536x1024.jpg"},"trp-custom-language-flag":{"file":"CTA_te-interesa-18x12.jpg","width":18,"height":12,"mime-type":"image\/jpeg","filesize":18575,"url":"\/wp-content\/uploads\/2023\/09\/CTA_te-interesa-18x12.jpg"},"woocommerce_thumbnail":{"file":"CTA_te-interesa-300x300.jpg","width":300,"height":300,"mime-type":"image\/jpeg","filesize":35336,"uncropped":false,"url":"\/wp-content\/uploads\/2023\/09\/CTA_te-interesa-300x300.jpg"},"woocommerce_single":{"file":"CTA_te-interesa-600x400.jpg","width":600,"height":400,"mime-type":"image\/jpeg","filesize":58629,"url":"\/wp-content\/uploads\/2023\/09\/CTA_te-interesa-600x400.jpg"},"woocommerce_gallery_thumbnail":{"file":"CTA_te-interesa-100x100.jpg","width":100,"height":100,"mime-type":"image\/jpeg","filesize":21495,"url":"\/wp-content\/uploads\/2023\/09\/CTA_te-interesa-100x100.jpg"}},"image_meta":{"aperture":"3.5","credit":"","camera":"Canon EOS 5D Mark IV","caption":"","created_timestamp":"1688636541","copyright":"","focal_length":"123","iso":"1250","shutter_speed":"0.005","title":"","orientation":"1","keywords":[]},"ID":"2128","name":"CTA_te-interesa-e1698071749521.jpg","path":"C:\\home\\site\\wwwroot\/wp-content\/uploads\/2023\/09\/CTA_te-interesa-e1698071749521.jpg","url":"\/wp-content\/uploads\/2023\/09\/CTA_te-interesa-150x150.jpg","full_url":"\/wp-content\/uploads\/2023\/09\/CTA_te-interesa-e1698071749521.jpg","title":"CTA_te interesa","caption":"","description":"","alt":"","srcset":"\/wp-content\/uploads\/2023\/09\/CTA_te-interesa-150x150.jpg 150w, \/wp-content\/uploads\/2023\/09\/CTA_te-interesa-300x300.jpg 300w, \/wp-content\/uploads\/2023\/09\/CTA_te-interesa-100x100.jpg 100w"}],"tab-programa-second-block-video":"","tab-equipo-docente-active":"yes","tab-equipo-docente-tab-name":"Equipo docente","tab-equipo-docente-intro":"<p>A continuaci\u00f3n destacamos a los principales ponentes y expertos que nos acompa\u00f1ar\u00e1n para cada una de las sesiones.<\/p>\n","tab-equipo-docente-first-block-active":"yes","tab-equipo-docente-first-block-title":"Ponentes","tab-equipo-docente-first-block-team":[{"name":"D. JAVIER MART\u00cdN VIDE","text":"<strong>Licenciado en Ciencias Matem\u00e1ticas y doctor en Geograf\u00eda e Historia por la misma universidad, con premio extraordinario.<\/strong>\r\n\r\nCatedr\u00e1tico de Geograf\u00eda F\u00edsica de la Universidad de Barcelona Especialista en climatolog\u00eda, acad\u00e9mico de la Real Academia de Ciencias y Artes de Barcelona y miembro correspondiente de la Acad\u00e9mie Royale des Sciences d\u2019Outre-Mer (B\u00e9lgica) y de la Academia Malague\u00f1a de Ciencias.\r\n\r\nHa centrado su actividad investigadora en an\u00e1lisis probabil\u00edsticos de la precipitaci\u00f3n, riesgos clim\u00e1ticos, an\u00e1lisis sin\u00f3ptico, clima urbano y variabilidad y cambio clim\u00e1tico.","image":["1943"]},{"name":"D. ROBERTO BILBAO","text":"<strong>Climat\u00f3logo y experto en el Barcelona Supercomputing Center.<\/strong>\r\n\r\nDespu\u00e9s de graduarse en el m\u00e1ster de Meteorolog\u00eda y Oceanograf\u00eda en la Universidad de East Anglia (Norwich, Reino Unido) en 2011, obtuvo una beca de doctorado (NERC-CASE) en la Universidad de Reading (Reino Unido) donde present\u00f3 una tesis doctoral sobre los efectos del cambio clim\u00e1tico en el contenido de calor del oc\u00e9ano y el cambio del nivel del mar en las d\u00e9cadas recientes y el siglo XXI.","image":["1945"]},{"name":"D\u00d1A. ELVIRA CARLES BRESCOL\u00cd","text":"<strong>Directora de la Fundaci\u00f3n Empresa y Clima.<\/strong>\r\n\r\nLicenciada en Farmacia por la Universidad de Barcelona, m\u00e1ster en Ingenier\u00eda del Agua (UPC) y m\u00e1ster en Prevenci\u00f3n de Riesgos Laborales (UPC). Su incorporaci\u00f3n a la Fundaci\u00f3n Empresa y Clima responde a la necesidad de cubrir la demanda latente de las empresas ante las necesidades, dudas y preguntas originadas por toda la normativa ambiental y el cambio clim\u00e1tico.\r\n\r\nResponsable del \u00e1rea de Medio Ambiente y Sostenibilidad de la C\u00e1mara Oficial de Comercio, Industria, Servicios y Navegaci\u00f3n de Barcelona.","image":["1942"]},{"name":"D. JORGE OLCINA CANTOS","text":"<strong>Catedr\u00e1tico de An\u00e1lisis Geogr\u00e1fico Regional en la Universidad de Alicante.<\/strong>\r\n\r\nProfesor en la Universidad de Alicante de Ordenaci\u00f3n del Territorio, Climatolog\u00eda y Riesgos Naturales. Ha centrado sus investigaciones en diversas tem\u00e1ticas geogr\u00e1ficas. Es autor o coautor de numerosas publicaciones (art\u00edculos, cap\u00edtulos de libro y monograf\u00edas). Ponente en el A\u00f1o Internacional del Planeta Tierra (2008), declarado por la UNESCO.\r\n\r\nFue decano de la Facultad de Filosof\u00eda y Letras de la Universidad de Alicante entre 2009 y 2013. Coordinador acad\u00e9mico del Programa de Doctorado de la Facultad de Filosof\u00eda y Letras (2014-2016). Presidente de la Asociaci\u00f3n Espa\u00f1ola de Geograf\u00eda (AGE) desde noviembre de 2017.","image":["1944"]},{"name":"D. TOM\u00c0S MOLINA BOSCH ","text":"<strong>Embajador del Pacto Europeo por el Clima.<\/strong>\r\n\r\nLicenciado en F\u00edsica y periodista colegiado, es el jefe de meteorolog\u00eda de TV3, director del programa televisivo Espai Terra, profesor asociado de la UB, miembro del consejo administrativo del Servicio Meteorol\u00f3gico de Catalu\u00f1a y vicepresidente de la International Association of Broadcast Meteorology, entre otras instituciones. Conocido a nivel auton\u00f3mico por trabajar en televisi\u00f3n desde 1987, ha ganado varios premios por su labor divulgativa: el Micr\u00f3fono de Plata (2002), el premio Zapping a mejor presentador espa\u00f1ol de televisi\u00f3n (2012) y el premio de la Academia de Televisi\u00f3n espa\u00f1ola al mejor programa de actualidad en una televisi\u00f3n auton\u00f3mica por Espai Terra.","image":["1947"]}],"tab-equipo-docente-second-block-active":"no","tab-equipo-docente-second-block-title":"","tab-equipo-docente-second-block-text":"","tab-equipo-docente-second-block-list":[],"tab-equipo-docente-second-block-media":"video","tab-equipo-docente-second-block-image":[],"tab-equipo-docente-second-block-video":"","tab-admision-active":"yes","tab-admision-tab-name":"Admisi\u00f3n y datos b\u00e1sicos","tab-admision-first-block-active":"yes","tab-admision-first-block-title":"Datos b\u00e1sicos","tab-admision-first-block-info":[{"data":"inicio","text":"Pr\u00f3ximamente"},{"data":"duracion","text":"2 d\u00edas"},{"data":"idioma","text":"Espa\u00f1ol"},{"data":"lugar","text":"Barcelona"},{"data":"metodologia","text":"Presencial"}],"tab-admision-first-block-additional-info":[{"title":"Ubicaci\u00f3n","text":"Recinto Museu Agbar de les Aig\u00fces, Cornell\u00e0, Barcelona."}],"tab-admision-second-block-active":"no","tab-custom-active":"no","tab-custom-tab-name":"","tab-custom-intro":"","tab-custom-first-block-active":"no","tab-custom-first-block-title":"","tab-custom-first-block-intro":"","tab-custom-first-block-list":[],"tab-custom-second-block-active":"no","tab-custom-second-block-title":"","tab-custom-second-block-intro":"","tab-custom-second-block-list":[],"tab-custom-third-block-active":"no","tab-custom-third-block-title":"","tab-custom-third-block-text":"","tab-custom-third-block-list":[],"tab-custom-third-block-media":"image","tab-custom-third-block-image":[],"tab-custom-third-block-video":"","tab-campus-online-active":"no","tab-campus-online-tab-name":"Campus Online","tab-ayudas-estudio-active":"no","tab-ayudas-estudio-tab-name":"Ayudas al estudio"},"_links":{"self":[{"href":"https:\/\/www.laescueladelagua.com\/en\/wp-json\/wp\/v2\/product\/933","targetHints":{"allow":["GET"]}}],"collection":[{"href":"https:\/\/www.laescueladelagua.com\/en\/wp-json\/wp\/v2\/product"}],"about":[{"href":"https:\/\/www.laescueladelagua.com\/en\/wp-json\/wp\/v2\/types\/product"}],"replies":[{"embeddable":true,"href":"https:\/\/www.laescueladelagua.com\/en\/wp-json\/wp\/v2\/comments?post=933"}],"version-history":[{"count":3,"href":"https:\/\/www.laescueladelagua.com\/en\/wp-json\/wp\/v2\/product\/933\/revisions"}],"predecessor-version":[{"id":4266,"href":"https:\/\/www.laescueladelagua.com\/en\/wp-json\/wp\/v2\/product\/933\/revisions\/4266"}],"wp:featuredmedia":[{"embeddable":true,"href":"https:\/\/www.laescueladelagua.com\/en\/wp-json\/wp\/v2\/media\/934"}],"wp:attachment":[{"href":"https:\/\/www.laescueladelagua.com\/en\/wp-json\/wp\/v2\/media?parent=933"}],"wp:term":[{"taxonomy":"product_cat","embeddable":true,"href":"https:\/\/www.laescueladelagua.com\/en\/wp-json\/wp\/v2\/product_cat?post=933"},{"taxonomy":"product_tag","embeddable":true,"href":"https:\/\/www.laescueladelagua.com\/en\/wp-json\/wp\/v2\/product_tag?post=933"}],"curies":[{"name":"wp","href":"https:\/\/api.w.org\/{rel}","templated":true}]}}