{"id":939,"date":"2023-07-04T07:36:55","date_gmt":"2023-07-04T07:36:55","guid":{"rendered":"https:\/\/www.laescueladelagua.com\/?post_type=product&#038;p=939"},"modified":"2025-06-03T10:58:30","modified_gmt":"2025-06-03T10:58:30","slug":"seminario-produccion-de-energia-y-gestion-de-residuos-y-aguas-residuales","status":"publish","type":"product","link":"https:\/\/www.laescueladelagua.com\/en\/programa\/programas\/executive-education\/seminario-produccion-de-energia-y-gestion-de-residuos-y-aguas-residuales\/","title":{"rendered":"Seminar on Energy Production and Waste and Wastewater Management"},"content":{"rendered":"","protected":false},"excerpt":{"rendered":"","protected":false},"featured_media":940,"comment_status":"open","ping_status":"closed","template":"","meta":[],"product_cat":[20,34],"product_tag":[],"class_list":{"0":"post-939","1":"product","2":"type-product","3":"status-publish","4":"has-post-thumbnail","6":"product_cat-executive-education","7":"product_cat-aquaseminar","9":"first","10":"instock","11":"virtual","12":"purchasable","13":"product-type-simple"},"yoast_head":"<!-- This site is optimized with the Yoast SEO plugin v24.5 - https:\/\/yoast.com\/wordpress\/plugins\/seo\/ -->\r\n<title>Seminario Producci\u00f3n de Energ\u00eda y Gesti\u00f3n de Residuos y Aguas Residuales - Escuela del agua<\/title>\r\n<meta name=\"robots\" content=\"index, follow, max-snippet:-1, max-image-preview:large, max-video-preview:-1\" \/>\r\n<link rel=\"canonical\" href=\"https:\/\/www.laescueladelagua.com\/en\/programa\/programas\/executive-education\/seminario-produccion-de-energia-y-gestion-de-residuos-y-aguas-residuales\/\" \/>\r\n<meta property=\"og:locale\" content=\"en_US\" \/>\r\n<meta property=\"og:type\" content=\"article\" \/>\r\n<meta property=\"og:title\" content=\"Seminario Producci\u00f3n de Energ\u00eda y Gesti\u00f3n de Residuos y Aguas Residuales - Escuela del agua\" \/>\r\n<meta property=\"og:url\" content=\"https:\/\/www.laescueladelagua.com\/en\/programa\/programas\/executive-education\/seminario-produccion-de-energia-y-gestion-de-residuos-y-aguas-residuales\/\" \/>\r\n<meta property=\"og:site_name\" content=\"Escuela del agua\" \/>\r\n<meta property=\"article:modified_time\" content=\"2025-06-03T10:58:30+00:00\" \/>\r\n<meta property=\"og:image\" content=\"https:\/\/www.laescueladelagua.com\/wp-content\/uploads\/2023\/07\/IMG-20230320-WA0002-e1698069026399.jpg\" \/>\r\n\t<meta property=\"og:image:width\" content=\"800\" \/>\r\n\t<meta property=\"og:image:height\" content=\"533\" \/>\r\n\t<meta property=\"og:image:type\" content=\"image\/jpeg\" \/>\r\n<meta name=\"twitter:card\" content=\"summary_large_image\" \/>\r\n<meta name=\"twitter:label1\" content=\"Est. reading time\" \/>\n\t<meta name=\"twitter:data1\" content=\"1 minute\" \/>\r\n<script type=\"application\/ld+json\" class=\"yoast-schema-graph\">{\"@context\":\"https:\/\/schema.org\",\"@graph\":[{\"@type\":\"WebPage\",\"@id\":\"https:\/\/www.laescueladelagua.com\/programa\/programas\/executive-education\/seminario-produccion-de-energia-y-gestion-de-residuos-y-aguas-residuales\/\",\"url\":\"https:\/\/www.laescueladelagua.com\/programa\/programas\/executive-education\/seminario-produccion-de-energia-y-gestion-de-residuos-y-aguas-residuales\/\",\"name\":\"Seminario Producci\u00f3n de Energ\u00eda y Gesti\u00f3n de Residuos y Aguas Residuales - Escuela del agua\",\"isPartOf\":{\"@id\":\"https:\/\/wapwebedapro01.azurewebsites.net\/#website\"},\"primaryImageOfPage\":{\"@id\":\"https:\/\/www.laescueladelagua.com\/programa\/programas\/executive-education\/seminario-produccion-de-energia-y-gestion-de-residuos-y-aguas-residuales\/#primaryimage\"},\"image\":{\"@id\":\"https:\/\/www.laescueladelagua.com\/programa\/programas\/executive-education\/seminario-produccion-de-energia-y-gestion-de-residuos-y-aguas-residuales\/#primaryimage\"},\"thumbnailUrl\":\"\/wp-content\/uploads\/2023\/07\/IMG-20230320-WA0002-e1698069026399.jpg\",\"datePublished\":\"2023-07-04T07:36:55+00:00\",\"dateModified\":\"2025-06-03T10:58:30+00:00\",\"breadcrumb\":{\"@id\":\"https:\/\/www.laescueladelagua.com\/programa\/programas\/executive-education\/seminario-produccion-de-energia-y-gestion-de-residuos-y-aguas-residuales\/#breadcrumb\"},\"inLanguage\":\"en-US\",\"potentialAction\":[{\"@type\":\"ReadAction\",\"target\":[\"https:\/\/www.laescueladelagua.com\/programa\/programas\/executive-education\/seminario-produccion-de-energia-y-gestion-de-residuos-y-aguas-residuales\/\"]}]},{\"@type\":\"ImageObject\",\"inLanguage\":\"en-US\",\"@id\":\"https:\/\/www.laescueladelagua.com\/programa\/programas\/executive-education\/seminario-produccion-de-energia-y-gestion-de-residuos-y-aguas-residuales\/#primaryimage\",\"url\":\"\/wp-content\/uploads\/2023\/07\/IMG-20230320-WA0002-e1698069026399.jpg\",\"contentUrl\":\"\/wp-content\/uploads\/2023\/07\/IMG-20230320-WA0002-e1698069026399.jpg\",\"width\":800,\"height\":533},{\"@type\":\"BreadcrumbList\",\"@id\":\"https:\/\/www.laescueladelagua.com\/programa\/programas\/executive-education\/seminario-produccion-de-energia-y-gestion-de-residuos-y-aguas-residuales\/#breadcrumb\",\"itemListElement\":[{\"@type\":\"ListItem\",\"position\":1,\"name\":\"Home\",\"item\":\"https:\/\/wapwebedapro01.azurewebsites.net\/\"},{\"@type\":\"ListItem\",\"position\":2,\"name\":\"Todos los programas\",\"item\":\"https:\/\/www.laescueladelagua.com\/todos-los-programas\/\"},{\"@type\":\"ListItem\",\"position\":3,\"name\":\"Seminario Producci\u00f3n de Energ\u00eda y Gesti\u00f3n de Residuos y Aguas Residuales\"}]},{\"@type\":\"WebSite\",\"@id\":\"https:\/\/wapwebedapro01.azurewebsites.net\/#website\",\"url\":\"https:\/\/wapwebedapro01.azurewebsites.net\/\",\"name\":\"Escuela del agua\",\"description\":\"\",\"publisher\":{\"@id\":\"https:\/\/wapwebedapro01.azurewebsites.net\/#organization\"},\"potentialAction\":[{\"@type\":\"SearchAction\",\"target\":{\"@type\":\"EntryPoint\",\"urlTemplate\":\"https:\/\/wapwebedapro01.azurewebsites.net\/?s={search_term_string}\"},\"query-input\":{\"@type\":\"PropertyValueSpecification\",\"valueRequired\":true,\"valueName\":\"search_term_string\"}}],\"inLanguage\":\"en-US\"},{\"@type\":\"Organization\",\"@id\":\"https:\/\/wapwebedapro01.azurewebsites.net\/#organization\",\"name\":\"Escuela del agua\",\"url\":\"https:\/\/wapwebedapro01.azurewebsites.net\/\",\"logo\":{\"@type\":\"ImageObject\",\"inLanguage\":\"en-US\",\"@id\":\"https:\/\/wapwebedapro01.azurewebsites.net\/#\/schema\/logo\/image\/\",\"url\":\"\/wp-content\/uploads\/2023\/08\/logo_EscueladelAgua_mod.1.1_150px.png\",\"contentUrl\":\"\/wp-content\/uploads\/2023\/08\/logo_EscueladelAgua_mod.1.1_150px.png\",\"width\":150,\"height\":90,\"caption\":\"Escuela del agua\"},\"image\":{\"@id\":\"https:\/\/wapwebedapro01.azurewebsites.net\/#\/schema\/logo\/image\/\"}}]}<\/script>\r\n<!-- \/ Yoast SEO plugin. -->","yoast_head_json":{"title":"Seminario Producci\u00f3n de Energ\u00eda y Gesti\u00f3n de Residuos y Aguas Residuales - Escuela del agua","robots":{"index":"index","follow":"follow","max-snippet":"max-snippet:-1","max-image-preview":"max-image-preview:large","max-video-preview":"max-video-preview:-1"},"canonical":"https:\/\/www.laescueladelagua.com\/en\/programa\/programas\/executive-education\/seminario-produccion-de-energia-y-gestion-de-residuos-y-aguas-residuales\/","og_locale":"en_US","og_type":"article","og_title":"Seminario Producci\u00f3n de Energ\u00eda y Gesti\u00f3n de Residuos y Aguas Residuales - Escuela del agua","og_url":"https:\/\/www.laescueladelagua.com\/en\/programa\/programas\/executive-education\/seminario-produccion-de-energia-y-gestion-de-residuos-y-aguas-residuales\/","og_site_name":"Escuela del agua","article_modified_time":"2025-06-03T10:58:30+00:00","og_image":[{"width":800,"height":533,"url":"https:\/\/www.laescueladelagua.com\/wp-content\/uploads\/2023\/07\/IMG-20230320-WA0002-e1698069026399.jpg","type":"image\/jpeg"}],"twitter_card":"summary_large_image","twitter_misc":{"Est. reading time":"1 minute"},"schema":{"@context":"https:\/\/schema.org","@graph":[{"@type":"WebPage","@id":"https:\/\/www.laescueladelagua.com\/programa\/programas\/executive-education\/seminario-produccion-de-energia-y-gestion-de-residuos-y-aguas-residuales\/","url":"https:\/\/www.laescueladelagua.com\/programa\/programas\/executive-education\/seminario-produccion-de-energia-y-gestion-de-residuos-y-aguas-residuales\/","name":"Seminario Producci\u00f3n de Energ\u00eda y Gesti\u00f3n de Residuos y Aguas Residuales - Escuela del agua","isPartOf":{"@id":"https:\/\/wapwebedapro01.azurewebsites.net\/#website"},"primaryImageOfPage":{"@id":"https:\/\/www.laescueladelagua.com\/programa\/programas\/executive-education\/seminario-produccion-de-energia-y-gestion-de-residuos-y-aguas-residuales\/#primaryimage"},"image":{"@id":"https:\/\/www.laescueladelagua.com\/programa\/programas\/executive-education\/seminario-produccion-de-energia-y-gestion-de-residuos-y-aguas-residuales\/#primaryimage"},"thumbnailUrl":"\/wp-content\/uploads\/2023\/07\/IMG-20230320-WA0002-e1698069026399.jpg","datePublished":"2023-07-04T07:36:55+00:00","dateModified":"2025-06-03T10:58:30+00:00","breadcrumb":{"@id":"https:\/\/www.laescueladelagua.com\/programa\/programas\/executive-education\/seminario-produccion-de-energia-y-gestion-de-residuos-y-aguas-residuales\/#breadcrumb"},"inLanguage":"en-US","potentialAction":[{"@type":"ReadAction","target":["https:\/\/www.laescueladelagua.com\/programa\/programas\/executive-education\/seminario-produccion-de-energia-y-gestion-de-residuos-y-aguas-residuales\/"]}]},{"@type":"ImageObject","inLanguage":"en-US","@id":"https:\/\/www.laescueladelagua.com\/programa\/programas\/executive-education\/seminario-produccion-de-energia-y-gestion-de-residuos-y-aguas-residuales\/#primaryimage","url":"\/wp-content\/uploads\/2023\/07\/IMG-20230320-WA0002-e1698069026399.jpg","contentUrl":"\/wp-content\/uploads\/2023\/07\/IMG-20230320-WA0002-e1698069026399.jpg","width":800,"height":533},{"@type":"BreadcrumbList","@id":"https:\/\/www.laescueladelagua.com\/programa\/programas\/executive-education\/seminario-produccion-de-energia-y-gestion-de-residuos-y-aguas-residuales\/#breadcrumb","itemListElement":[{"@type":"ListItem","position":1,"name":"Home","item":"https:\/\/wapwebedapro01.azurewebsites.net\/"},{"@type":"ListItem","position":2,"name":"Todos los programas","item":"https:\/\/www.laescueladelagua.com\/todos-los-programas\/"},{"@type":"ListItem","position":3,"name":"Seminario Producci\u00f3n de Energ\u00eda y Gesti\u00f3n de Residuos y Aguas Residuales"}]},{"@type":"WebSite","@id":"https:\/\/wapwebedapro01.azurewebsites.net\/#website","url":"https:\/\/wapwebedapro01.azurewebsites.net\/","name":"Escuela del agua","description":"","publisher":{"@id":"https:\/\/wapwebedapro01.azurewebsites.net\/#organization"},"potentialAction":[{"@type":"SearchAction","target":{"@type":"EntryPoint","urlTemplate":"https:\/\/wapwebedapro01.azurewebsites.net\/?s={search_term_string}"},"query-input":{"@type":"PropertyValueSpecification","valueRequired":true,"valueName":"search_term_string"}}],"inLanguage":"en-US"},{"@type":"Organization","@id":"https:\/\/wapwebedapro01.azurewebsites.net\/#organization","name":"Escuela del agua","url":"https:\/\/wapwebedapro01.azurewebsites.net\/","logo":{"@type":"ImageObject","inLanguage":"en-US","@id":"https:\/\/wapwebedapro01.azurewebsites.net\/#\/schema\/logo\/image\/","url":"\/wp-content\/uploads\/2023\/08\/logo_EscueladelAgua_mod.1.1_150px.png","contentUrl":"\/wp-content\/uploads\/2023\/08\/logo_EscueladelAgua_mod.1.1_150px.png","width":150,"height":90,"caption":"Escuela del agua"},"image":{"@id":"https:\/\/wapwebedapro01.azurewebsites.net\/#\/schema\/logo\/image\/"}}]}},"meta_box":{"datos-curso-code":"3LOE_Jornadas_Prod_Energ_2023","datos-curso-register":"no","datos-curso-methodology":"Presencial","datos-curso-profile":["Gerencial"],"datos-curso-mode":[],"datos-curso-public":[],"datos-curso-date":"Pr\u00f3ximamente","datos-curso-pdf":[],"datos-curso-logo":[],"related-link":[900,914,933],"tab-presentacion-active":"yes","tab-presentacion-tab-name":"Presentaci\u00f3n","tab-presentacion-intro":"<p>El objetivo del seminario es que el participante conozca las <strong>tecnolog\u00edas de gesti\u00f3n de residuos y aguas residuales y las posibilidades de producci\u00f3n de energ\u00eda a partir de estos<\/strong>, y que pueda estimar la potencial implementaci\u00f3n en su empresa. Tambi\u00e9n se obtendr\u00e1 una visi\u00f3n de las <strong>posibles nuevas \u00e1reas de negocio<\/strong> en que puedan desarrollar su actividad las peque\u00f1as y medianas empresas.<\/p>\n<p>Organizan:<\/p>\n<p><img class=\"alignnone wp-image-944\" src=\"\/wp-content\/uploads\/2023\/07\/Logo_Enginyers_industrials_catalunya-300x107.png\" alt=\"\" width=\"194\" height=\"69\" \/>\u00a0 \u00a0 <img class=\"alignnone wp-image-942\" src=\"\/wp-content\/uploads\/2023\/07\/logo_EscueladelAgua_mod.1.1-300x181.png\" alt=\"\" width=\"132\" height=\"80\" \/><\/p>\n<p>Colabora:<\/p>\n<p><img class=\"alignnone wp-image-943\" src=\"\/wp-content\/uploads\/2023\/07\/Logo_cecot_reimpulsem_alta-300x115.jpg\" alt=\"\" width=\"201\" height=\"77\" \/><\/p>\n<p>En el marco de:<\/p>\n<p><img class=\"alignnone wp-image-945\" src=\"\/wp-content\/uploads\/2023\/07\/Logo_3loe-projectes-300x199.png\" alt=\"\" width=\"191\" height=\"127\" \/><\/p>\n","tab-presentacion-first-block-active":"yes","tab-presentacion-first-block-title":"DIRIGIDO A:","tab-presentacion-first-block-intro":"","tab-presentacion-first-block-list":["<p>Directivos y responsables de peque\u00f1as y medianas empresas de cualquier \u00e1mbito que quieran obtener una visi\u00f3n global de la gesti\u00f3n y generaci\u00f3n energ\u00e9tica en el \u00e1mbito de los residuos y las aguas residuales.<\/p>\n"],"tab-presentacion-second-block-active":"yes","tab-presentacion-second-block-title":"ADQUISICI\u00d3N DE COMPETENCIAS:","tab-presentacion-second-block-intro":"","tab-presentacion-second-block-list":["<p>Se conseguir\u00e1 mediante clases magistrales presenciales impartidas por especialistas, para adquirir los conocimientos te\u00f3ricos fundamentales en gesti\u00f3n y generaci\u00f3n de energ\u00eda a partir de residuos y aguas residuales.<\/p>\n","<p>Se trabajar\u00e1 en equipo y se celebrar\u00e1n debates.<\/p>\n"],"tab-presentacion-third-block-active":"no","tab-presentacion-third-block-title":"","tab-presentacion-third-block-text":"","tab-presentacion-third-block-list":[],"tab-presentacion-third-block-media":"video","tab-presentacion-third-block-image":[],"tab-presentacion-third-block-video":"","tab-programa-active":"yes","tab-programa-tab-name":"Contenidos","tab-programa-intro-1":"<p>A continuaci\u00f3n la descripci\u00f3n de los principales contenidos de la jornada.<\/p>\n","tab-programa-content":[],"tab-programa-intro-2":"","tab-programa-first-block-active":"yes","tab-programa-first-block-title":"Agenda","tab-programa-first-block-content":[{"intro":"<h3>D\u00cdA 1<\/h3>\r\n&nbsp;\r\n\r\n<strong>9.00 h<\/strong>: Llegada y acreditaciones\r\n\r\n<strong>M\u00f3dulo 1. Preguntas generales del desarrollo econ\u00f3mico internacional<\/strong>\r\n<ul>\r\n \t<li>\u00c1reas de crecimiento en el \u00e1mbito de la energ\u00eda y el medio ambiente.<\/li>\r\n \t<li>Tendencias de desarrollo internacional.<\/li>\r\n \t<li>Requisitos para la cooperaci\u00f3n.<\/li>\r\n<\/ul>\r\n<strong>M\u00f3dulo 2. Gesti\u00f3n del reciclaje. <em>Cradle to cradle<\/em><\/strong>\r\n<ul>\r\n \t<li>Requisitos relacionados con la reducci\u00f3n del consumo de materias primas.<\/li>\r\n \t<li>Reciclaje.<\/li>\r\n \t<li>El principio cradle to cradle.<\/li>\r\n \t<li>Ciclo ecol\u00f3gico.<\/li>\r\n \t<li>Ciclo t\u00e9cnico.<\/li>\r\n \t<li>Ejemplos de buenas pr\u00e1cticas y dise\u00f1o de productos.<\/li>\r\n<\/ul>\r\n<strong>11.00-11.20 h<\/strong>: Pausa para el caf\u00e9\r\n\r\n<strong>M\u00f3dulo 3. Tecnolog\u00edas y desarrollos en la gesti\u00f3n de residuos a partir del ejemplo de la limpieza urbana<\/strong>\r\n<ul>\r\n \t<li>Visi\u00f3n general de las tareas, soluciones y desarrollos.<\/li>\r\n \t<li>Ejemplos de buenas pr\u00e1cticas.<\/li>\r\n \t<li>Generaci\u00f3n de energ\u00eda a partir de los residuos.<\/li>\r\n<\/ul>\r\n<strong>M\u00f3dulo 4. Utilizaci\u00f3n de residuos para la generaci\u00f3n de biog\u00e1s y electricidad<\/strong>\r\n<ul>\r\n \t<li>Ejemplo de buenas pr\u00e1cticas en una empresa.<\/li>\r\n \t<li>Instalaciones de biog\u00e1s.<\/li>\r\n \t<li>Sustratos y rendimiento energ\u00e9tico.<\/li>\r\n<\/ul>"},{"intro":"<h3>D\u00cdA 2<\/h3>\r\n&nbsp;\r\n\r\n<strong>9.00 h<\/strong>: Llegada y acreditaciones\r\n\r\n<strong>M\u00f3dulo 5. Tecnolog\u00edas y desarrollos de ingenier\u00eda en aguas residuales<\/strong>\r\n<ul>\r\n \t<li>Desarrollos de volumen, procedimientos de tratamiento y resultados.<\/li>\r\n \t<li>Separaci\u00f3n de aguas residuales.<\/li>\r\n \t<li>Mejores pr\u00e1cticas: energ\u00eda verde obtenida de las aguas negras.<\/li>\r\n<\/ul>\r\n<strong>10.30-10.50 h<\/strong>: Pausa para el caf\u00e9\r\n\r\n<strong>M\u00f3dulo 6. Tratamiento descentralizado de aguas residuales<\/strong>\r\n<ul>\r\n \t<li>Proceso de tratamiento subterr\u00e1neo.<\/li>\r\n \t<li>Ejemplos de buenas pr\u00e1cticas.<\/li>\r\n<\/ul>\r\n<strong>M\u00f3dulo 7. Descubrir nuevas \u00e1reas de mercado para las peque\u00f1as y medianas empresas<\/strong>\r\n<ul>\r\n \t<li>Presentaci\u00f3n y debate de casos pr\u00e1cticos.<\/li>\r\n \t<li>Desarrollo de estrategias.<\/li>\r\n<\/ul>"}],"tab-programa-second-block-active":"yes","tab-programa-second-block-title":"\u00bfTE INTERESA EL PROGRAMA Y TIENES DUDAS?","tab-programa-second-block-text":"<p>Ponte en contacto con nosotros en el <strong>+34 932 479 735, escr\u00edbenos un WhatsApp al +34 616 778 523 o bien d\u00e9janos tu datos en el <a href=\"\/contacto\">formulario de contacto<\/a><\/strong> y en breve nos pondremos en contacto contigo.<\/p>\n","tab-programa-second-block-list":[],"tab-programa-second-block-media":"image","tab-programa-second-block-image":[{"width":150,"height":150,"file":"2023\/06\/Enmascarar-grupo-10@2x-e1698067773237.png","filesize":1422813,"sizes":{"medium":{"file":"Enmascarar-grupo-10@2x-300x143.png","width":300,"height":143,"mime-type":"image\/png","filesize":75714,"url":"\/wp-content\/uploads\/2023\/06\/Enmascarar-grupo-10@2x-300x143.png"},"large":{"file":"Enmascarar-grupo-10@2x-1024x489.png","width":1024,"height":489,"mime-type":"image\/png","filesize":742952,"url":"\/wp-content\/uploads\/2023\/06\/Enmascarar-grupo-10@2x-1024x489.png"},"thumbnail":{"file":"Enmascarar-grupo-10@2x-150x150.png","width":150,"height":150,"mime-type":"image\/png","filesize":42319,"url":"\/wp-content\/uploads\/2023\/06\/Enmascarar-grupo-10@2x-150x150.png"},"medium_large":{"file":"Enmascarar-grupo-10@2x-768x367.png","width":768,"height":367,"mime-type":"image\/png","filesize":447082,"url":"\/wp-content\/uploads\/2023\/06\/Enmascarar-grupo-10@2x-768x367.png"},"trp-custom-language-flag":{"file":"Enmascarar-grupo-10@2x-18x9.png","width":18,"height":9,"mime-type":"image\/png","filesize":579,"url":"\/wp-content\/uploads\/2023\/06\/Enmascarar-grupo-10@2x-18x9.png"},"woocommerce_thumbnail":{"file":"Enmascarar-grupo-10@2x-300x300.png","width":300,"height":300,"mime-type":"image\/png","filesize":174138,"uncropped":false,"url":"\/wp-content\/uploads\/2023\/06\/Enmascarar-grupo-10@2x-300x300.png"},"woocommerce_single":{"file":"Enmascarar-grupo-10@2x-600x286.png","width":600,"height":286,"mime-type":"image\/png","filesize":284362,"url":"\/wp-content\/uploads\/2023\/06\/Enmascarar-grupo-10@2x-600x286.png"},"woocommerce_gallery_thumbnail":{"file":"Enmascarar-grupo-10@2x-100x100.png","width":100,"height":100,"mime-type":"image\/png","filesize":19876,"url":"\/wp-content\/uploads\/2023\/06\/Enmascarar-grupo-10@2x-100x100.png"}},"image_meta":{"aperture":"0","credit":"","camera":"","caption":"","created_timestamp":"0","copyright":"","focal_length":"0","iso":"0","shutter_speed":"0","title":"","orientation":"0","keywords":[]},"ID":"486","name":"Enmascarar-grupo-10@2x-e1698067773237.png","path":"C:\\home\\site\\wwwroot\/wp-content\/uploads\/2023\/06\/Enmascarar-grupo-10@2x-e1698067773237.png","url":"\/wp-content\/uploads\/2023\/06\/Enmascarar-grupo-10@2x-150x150.png","full_url":"\/wp-content\/uploads\/2023\/06\/Enmascarar-grupo-10@2x-e1698067773237.png","title":"Enmascarar grupo 10@2x","caption":"","description":"","alt":"","srcset":"\/wp-content\/uploads\/2023\/06\/Enmascarar-grupo-10@2x-150x150.png 150w, \/wp-content\/uploads\/2023\/06\/Enmascarar-grupo-10@2x-300x300.png 300w, \/wp-content\/uploads\/2023\/06\/Enmascarar-grupo-10@2x-100x100.png 100w"}],"tab-programa-second-block-video":"","tab-equipo-docente-active":"yes","tab-equipo-docente-tab-name":"Equipo docente","tab-equipo-docente-intro":"<p>A continuaci\u00f3n destacamos a los principales ponentes y expertos que nos acompa\u00f1ar\u00e1n para cada una de las sesiones.<\/p>\n","tab-equipo-docente-first-block-active":"yes","tab-equipo-docente-first-block-title":"Ponentes","tab-equipo-docente-first-block-team":[{"name":"D. ORIOL VILASECA","text":"<strong>Ingeniero qu\u00edmico, doctor en Ciencia y Tecnolog\u00eda de Materiales<\/strong>. Director general de Vilaseca Consultors SLP.","image":["1611"]},{"name":"D. JUAN CARLOS RUIZ","text":"<strong>Ingeniero qu\u00edmico<\/strong>. Responsable de proyectos de Aig\u00fces de Barcelona. Profesor y colaborador de la Escuela del Agua.","image":["1610"]},{"name":"D. XAVIER EL\u00cdAS","text":"<strong>Doctor ingeniero industrial<\/strong>. Director del posgrado en Econom\u00eda Circular. Econotermia.","image":["1612"]}],"tab-equipo-docente-second-block-active":"no","tab-equipo-docente-second-block-title":"","tab-equipo-docente-second-block-text":"","tab-equipo-docente-second-block-list":[],"tab-equipo-docente-second-block-media":"video","tab-equipo-docente-second-block-image":[],"tab-equipo-docente-second-block-video":"","tab-admision-active":"yes","tab-admision-tab-name":"Admisi\u00f3n y datos b\u00e1sicos","tab-admision-first-block-active":"yes","tab-admision-first-block-title":"Datos b\u00e1sicos","tab-admision-first-block-info":[{"data":"inicio","text":"Pr\u00f3ximamente "},{"data":"duracion","text":"2 d\u00edas"},{"data":"idioma","text":"Espa\u00f1ol"},{"data":"importe","text":"50\u20ac"},{"data":"lugar","text":"Sabadell"},{"data":"metodologia","text":"Presencial"}],"tab-admision-first-block-additional-info":[{"title":"Ubicaci\u00f3n","text":"Colegio de Ingenieros Industriales de Catalu\u00f1a, delegaci\u00f3n del Vall\u00e8s, c\/ Ind\u00fastria, 18, 08201, Sabadell."},{"title":"Bonificaciones","text":"Programa bonificable por la FUNDAE (Fundaci\u00f3n Tripartita)."},{"title":"Matr\u00edcula","text":"Las inscripciones se realizan a trav\u00e9s del Colegio de Ingenieros Industriales de Catalu\u00f1a, clicando <a href=\"https:\/\/formacio.eic.cat\/cursos\/1128602\" target=\"_blank\" rel=\"noopener\">aqu\u00ed<\/a>."}],"tab-admision-second-block-active":"no","tab-custom-active":"no","tab-custom-tab-name":"","tab-custom-intro":"","tab-custom-first-block-active":"no","tab-custom-first-block-title":"","tab-custom-first-block-intro":"","tab-custom-first-block-list":[],"tab-custom-second-block-active":"no","tab-custom-second-block-title":"","tab-custom-second-block-intro":"","tab-custom-second-block-list":[],"tab-custom-third-block-active":"no","tab-custom-third-block-title":"","tab-custom-third-block-text":"","tab-custom-third-block-list":[],"tab-custom-third-block-media":"image","tab-custom-third-block-image":[],"tab-custom-third-block-video":"","tab-campus-online-active":"no","tab-campus-online-tab-name":"Campus Online","tab-ayudas-estudio-active":"no","tab-ayudas-estudio-tab-name":"Ayudas al estudio"},"_links":{"self":[{"href":"https:\/\/www.laescueladelagua.com\/en\/wp-json\/wp\/v2\/product\/939","targetHints":{"allow":["GET"]}}],"collection":[{"href":"https:\/\/www.laescueladelagua.com\/en\/wp-json\/wp\/v2\/product"}],"about":[{"href":"https:\/\/www.laescueladelagua.com\/en\/wp-json\/wp\/v2\/types\/product"}],"replies":[{"embeddable":true,"href":"https:\/\/www.laescueladelagua.com\/en\/wp-json\/wp\/v2\/comments?post=939"}],"version-history":[{"count":1,"href":"https:\/\/www.laescueladelagua.com\/en\/wp-json\/wp\/v2\/product\/939\/revisions"}],"predecessor-version":[{"id":941,"href":"https:\/\/www.laescueladelagua.com\/en\/wp-json\/wp\/v2\/product\/939\/revisions\/941"}],"wp:featuredmedia":[{"embeddable":true,"href":"https:\/\/www.laescueladelagua.com\/en\/wp-json\/wp\/v2\/media\/940"}],"wp:attachment":[{"href":"https:\/\/www.laescueladelagua.com\/en\/wp-json\/wp\/v2\/media?parent=939"}],"wp:term":[{"taxonomy":"product_cat","embeddable":true,"href":"https:\/\/www.laescueladelagua.com\/en\/wp-json\/wp\/v2\/product_cat?post=939"},{"taxonomy":"product_tag","embeddable":true,"href":"https:\/\/www.laescueladelagua.com\/en\/wp-json\/wp\/v2\/product_tag?post=939"}],"curies":[{"name":"wp","href":"https:\/\/api.w.org\/{rel}","templated":true}]}}